{"id":78,"date":"2013-11-23T14:49:50","date_gmt":"2013-11-23T13:49:50","guid":{"rendered":"http:\/\/kbinka.vipserv.org\/?page_id=78"},"modified":"2018-10-21T09:05:01","modified_gmt":"2018-10-21T07:05:01","slug":"notowania-nazwiska-bienko-z-szerszej-okolicy","status":"publish","type":"page","link":"https:\/\/k.binka.pl\/?page_id=78","title":{"rendered":"Bie\u0144ko w innych mazowieckich parafiach"},"content":{"rendered":"<p><span style=\"font-family: Arial,sans-serif;\">Nazwisko Bie\u0144ko pojawia si\u0119 w okolicy ju\u017c w XVII wieku. Ich \u017ar\u00f3d\u0142em w Iwowem mog\u0105 by\u0107 dwa skupiska z bardzo leciwymi datami. S\u0105 to <strong>Stojad\u0142a <\/strong>k. Mi\u0144ska Mazowieckiego (odleg\u0142e 33 km).<br \/>\nW <strong>Stojad\u0142ach <\/strong>urz\u0119dowa\u0142a rodzina Bie\u0144ko w 1653 roku. P\u00f3\u017aniej, ale po d\u0142ugiej przerwie pojawia si\u0119 ponownie &#8211; czy wynika to z kompletno\u015bci akt i stopnia ich zbadania?.<br \/>\n<strong>Stojad\u0142a <\/strong>jak podaje S\u0142ownik Geograficzny by\u0142a uwa\u017cana za dawn\u0105 wie\u015b budnik\u00f3w \u2013 czyli czynszowych osiedle\u0144c\u00f3w w lasach \u2013 w\u0142o\u015bcian i drobnej szlachty \u2013 tak ich nazywano. Zapewne Ci poni\u017cej maj\u0105 zwi\u0105zek z Bie\u0144kami ze Stojad\u0142a jako zst\u0119pni, gdy\u017c to pobliskie miejscowo\u015bci \u2013 chyba \u017ce to migranci z Iwowego.<br \/>\n<\/span><br \/>\n<span style=\"font-family: Arial,sans-serif;\"><b>Jakub Bie\u0144ko i Dorota<\/b><\/span><br \/>\n<span style=\"font-family: Arial,sans-serif;\">&#8230;..Pawe\u0142 Bie\u0144ko, ur 1653, Stojad\u0142a k. Mi\u0144ska Mazowieckiego. Syn.<\/span><br \/>\n<span style=\"font-family: Arial,sans-serif;\">Z Mi\u0144ska Mazowieckiego podawana jest te\u017c 1688, akt ur 61, <b>Jadwiga Bie\u0144kowska<\/b>.<\/span><\/p>\n<p><span style=\"font-family: Arial,sans-serif;\">Poni\u017cej kolejne daty \u2013 ju\u017c m\u0142odsze (pewnie zst\u0119pnych) w pobliskim Stojad\u0142om Brz\u00f3ze.<\/span><br \/>\n<span style=\"font-family: Arial,sans-serif;\"><b>Jan Bie\u0144ko i Marianna Zawadzka<\/b><\/span><br \/>\n<span style=\"font-family: Arial,sans-serif;\">&#8230;..Franciszek Bie\u0144ko, akt ur 39, 1814, Mi\u0144sk. Maz., Brz\u00f3ze.<\/span><br \/>\n<span style=\"font-family: Arial,sans-serif;\">&#8230;..Roch i Micha\u0142 Bie\u0144ko, akt ur. 38, 1817, bli\u017ani\u0119ta, Mi\u0144sk Maz., Brz\u00f3ze, synowie Jana i Marianny Zawadzionka. Roch Bie\u0144kowski zg. 1817.<\/span><br \/>\n<span style=\"font-family: Arial,sans-serif;\"><b>Franciszek Bie\u0144ko + Marianna Ksi\u0105\u017cek<\/b>, akt \u015bl. 41, 1835, Mi\u0144sk Maz.<\/span><br \/>\n<span style=\"font-family: Arial,sans-serif;\">&#8230;..J\u00f3zef Bie\u0144ko, 1838, akt ur 214, Mi\u0144sk. Maz., Brz\u00f3ze.<\/span><br \/>\n<span style=\"font-family: Arial,sans-serif;\"><b>Franciszek Bie\u0144ko<\/b> + <b>Katarzyna Szuba<\/b>, akt \u015bl. 19, Mi\u0144sk Maz.<\/span><br \/>\n<span style=\"font-family: Arial,sans-serif;\"><b>Mateusz Bie\u0144ko i J\u00f3zefa Kowalczyk<\/b>, akt \u015bl 19, 1833, Mi\u0144sk Mazowiecki.<\/span><br \/>\n<span style=\"font-family: Arial,sans-serif;\">&#8230;..Katarzyna Bie\u0144ko, akt ur 255, 1838, Mi\u0144sk Maz., Brz\u00f3ze, rodzice Mateusz Bie\u0144ko i J\u00f3zefa Kowalska.<\/span><br \/>\n<span style=\"font-family: Arial,sans-serif;\"><b>Jan Bie\u0144ko<\/b>, 1811, akt ur 225, Mi\u0144sk. Maz., Brz\u00f3ze k. Stojad\u0142a. <\/span><br \/>\n<span style=\"font-family: Arial,sans-serif;\"><b>Roch Bie\u0144kowski<\/b>, 1817, akt zg 87, Mi\u0144sk Maz., Brz\u00f3ze.<\/span><br \/>\n<span style=\"font-family: Arial,sans-serif;\"><b>Maryanna Bie\u0144koska<\/b>, 1823, akt zg 94, Mi\u0144sk Maz., Brz\u00f3ze.<\/span><br \/>\n<span style=\"font-family: Arial,sans-serif;\"><b>Maryanna Bie\u0144kowska<\/b>, 1826, akt zg 98, Mi\u0144sk Maz., Brz\u00f3ze.<\/span><br \/>\n<span style=\"font-family: Arial,sans-serif;\"><b>Maryanna Bie\u0144kowska<\/b>,1832, akt zg 134, Mi\u0144sk Maz., Brz\u00f3ze.<\/span><br \/>\n<span style=\"font-family: Arial,sans-serif;\"><b>Marianna Bie\u0144kowska<\/b>, 1834, akt ur 232, c\u00f3rka Mateusza i J\u00f3zefy Kowalczyk. Mi\u0144sk Maz., Brz\u00f3ze.<\/span><br \/>\n<span style=\"font-family: Arial,sans-serif;\"><b>Maryanna Bie\u0144kowska<\/b>,1838, akt zg 152, Mi\u0144sk Maz., Brz\u00f3ze.<\/span><br \/>\n<span style=\"font-family: Arial,sans-serif;\"><b>Jan Bie\u0144ko<\/b>, 1840, akt zg 81, Mi\u0144sk Maz., Brz\u00f3ze.<\/span><br \/>\n<span style=\"font-family: Arial,sans-serif;\"><b>J\u00f3zef Bie\u0144ko<\/b>, 1840, akt zg 45, Mi\u0144sk Maz., Brz\u00f3ze.<\/span><br \/>\n<span style=\"font-family: Arial,sans-serif;\"><b>Ma\u0142gorzata Bie\u0144kowska<\/b>, 1845, akt zg 124, Mi\u0144sk Maz., Brz\u00f3ze.<\/span><br \/>\n<span style=\"font-family: Arial,sans-serif;\"><b>Franciszek Bie\u0144kowski<\/b>,1847, akt zg 84, Mi\u0144sk Maz., Brz\u00f3ze.<\/span><br \/>\n<span style=\"font-family: Arial,sans-serif;\"><b>Wojciech Bie\u0144ko<\/b>,1854, akt zg 154, Mi\u0144sk Maz., Brz\u00f3ze.<\/span><br \/>\n<span style=\"font-family: Arial,sans-serif;\"><b>Krystyna Bie\u0144kowska<\/b>, 1854, akt zg 385, Mi\u0144sk Maz., Brz\u00f3ze.<\/span><br \/>\n<span style=\"font-family: Arial,sans-serif;\">Daty z s\u0105siedniej wsi &#8211; Cyganka.<\/span><br \/>\n<span style=\"font-family: Arial,sans-serif;\"><b>Ignacy Bie\u0144kowski <\/b>+ <b>Agata Jurk\u00f3wna<\/b><\/span><br \/>\n<span style=\"font-family: Arial,sans-serif;\">&#8230;..Julianna, (ur 1813).<\/span><br \/>\n<span style=\"font-family: Arial,sans-serif;\">&#8230;..Magdalena, (ur 1815).<\/span><br \/>\n<span style=\"font-family: Arial,sans-serif;\">&#8230;..Antonina, (ur 1817).<\/span><br \/>\n<span style=\"font-family: Arial,sans-serif;\">&#8230;..Katarzyna, (ur 1819, zg 1920?).<\/span><br \/>\n<span style=\"font-family: Arial,sans-serif;\">&#8230;..Maciej, (ur 1921).<\/span><br \/>\n<span style=\"font-family: Arial,sans-serif;\">&#8230;..Jan, (ur 1823).<\/span><br \/>\n<span style=\"font-family: Arial,sans-serif;\">&#8230;..Katarzyna, (ur 1825).<\/span><br \/>\n<span style=\"font-family: Arial,sans-serif;\">&#8230;..Julianna, (ur 1828).<\/span><br \/>\n<span style=\"font-family: Arial,sans-serif;\"><b>Tomasz Bie\u0144kowski<\/b> i <b>Marianna Siwak<\/b><\/span><br \/>\n<span style=\"font-family: Arial,sans-serif;\">&#8230;..Miko\u0142aj Bie\u0144kowski, (ur 1830).<\/span><br \/>\n<span style=\"font-family: Arial,sans-serif;\"><b>Tomasz Bie\u0144kowski<\/b>, 1809, akt ur 14, Mi\u0144sk Maz., Cyganka.<\/span><br \/>\n<span style=\"font-family: Arial,sans-serif;\"><b>Szymon Bie\u0144kowski<\/b>, 1811, akt zg 72, Mi\u0144sk Maz., Cyganka.<\/span><br \/>\n<span style=\"font-family: Arial,sans-serif;\"><b>Kazimierz Bie\u0144kowski<\/b>, 1812, akt ur 12, Mi\u0144sk Maz., Cyganka.<\/span><br \/>\n<span style=\"font-family: Arial,sans-serif;\"><b>Julianna Bie\u0144kowska<\/b>, 1813, akt ur 66, Mi\u0144sk Maz., Cyganka. C. Ignacego i Agaty Jurk\u00f3wny.<\/span><br \/>\n<span style=\"font-family: Arial,sans-serif;\"><b>Magdalena Bie\u0144kowska<\/b>, 1815, akt ur 48, Mi\u0144sk Maz., Cyganka. C. Ignacego i Agaty Jank\u00f3wny.<\/span><br \/>\n<span style=\"font-family: Arial,sans-serif;\"><b>Antonina Bie\u0144kowska<\/b>, 1817, akt ur 3, Mi\u0144sk Maz., Cyganka. C. Ignacego i Agaty Jurk\u00f3wny. <\/span><br \/>\n<span style=\"font-family: Arial,sans-serif;\"><b>Katarzyna Bie\u0144kowska<\/b>, 1819, akt ur 66, Mi\u0144sk Maz., Cyganka. C. Ignacego i Agaty Jurk\u00f3wny.<\/span><br \/>\n<span style=\"font-family: Arial,sans-serif;\"><b>Katarzyna Bie\u0144kowska, <\/b>1820, akt zg 111, Mi\u0144sk Maz., Cyganka.<\/span><br \/>\n<span style=\"font-family: Arial,sans-serif;\"><b>Maciej Bie\u0144kowski<\/b>, 1821, akt ur 42, Mi\u0144sk Maz., Cyganka. Syn Ignacego i Agaty Jurk\u00f3wny.<\/span><br \/>\n<span style=\"font-family: Arial,sans-serif;\"><b>Jan Bie\u0144kowski<\/b>, 1823, akt ur 136, Mi\u0144sk Maz., Cyganka. C\u00f3rka Ignacego i Agaty Jurk\u00f3wny.<\/span><br \/>\n<span style=\"font-family: Arial,sans-serif;\"><b>Katarzyna Bie\u0144kowska<\/b>, 1825, akt ur 239, Mi\u0144sk Maz., Cyganka. C. Ignacego i Agaty Jurk\u00f3wny.<\/span><br \/>\n<span style=\"font-family: Arial,sans-serif;\"><b>Julianna Bie\u0144kowska<\/b>, 1828, akt ur 43, Mi\u0144sk Maz., Cyganka. C. Ignacego i Agaty Jurk\u00f3wny.<\/span><br \/>\n<span style=\"font-family: Arial,sans-serif;\"><b>Miko\u0142aj Bie\u0144kowski<\/b>, 1830, akt ur 293, Mi\u0144sk Maz., Cyganka. S. Tomasza i Marianny Siwak.<\/span><br \/>\n<span style=\"font-family: Arial,sans-serif;\"><b>Agata Bie\u0144kowska<\/b>, 1848, akt zg 53, Mi\u0144sk Maz., Cyganka.<\/span><br \/>\n<span style=\"font-family: Arial,sans-serif;\"><b>Ignacy Bie\u0144kowski<\/b>, 1850, akt zg 92, Mi\u0144sk Maz., Cyganka.<\/span><br \/>\n<span style=\"font-family: Arial,sans-serif;\"><b>Marjanna Bie\u0144kowska<\/b>, 1854, akt zg 9, Mi\u0144sk Maz., Cyganka.<\/span><br \/>\n<span style=\"font-family: Arial,sans-serif;\"><b>Anna Bie\u0144kowska<\/b>, 1861, akt zg 66, Mi\u0144sk Maz., Cyganka.<\/span><br \/>\n<span style=\"font-family: Arial,sans-serif;\"><b>J\u00f3zefa Bie\u0144kowska<\/b>, 1871, akt zg 107, Mi\u0144sk Maz., Cyganka.<\/span><br \/>\n<span style=\"font-family: Arial,sans-serif;\"><b>Jan Bie\u0144kowski<\/b>, 1872, akt zg. 125, Mi\u0144sk Maz., Cyganka.<\/span><br \/>\n<span style=\"font-family: Arial,sans-serif;\"><b>Jan Bie\u0144kowski<\/b>, 1873, akt zg. 99, Mi\u0144sk Maz., Cyganka.<\/span><br \/>\n<span style=\"font-family: Arial,sans-serif;\"><b>Wojciech Bie\u0144kowski<\/b>, 1873, akt zg. 69, Mi\u0144sk Maz., Cyganka.<\/span><br \/>\n<span style=\"font-family: Arial,sans-serif;\"><b>Katarzyna Bie\u0144kowska<\/b>, 1875, akt zg. 117, Mi\u0144sk Maz., Cyganka.<\/span><br \/>\n<span style=\"font-family: Arial,sans-serif;\"><b>Rozalia<\/b> lub <b>J\u00f3zefa Bie\u0144kowska<\/b>, 1882, akt zg. 214, Mi\u0144sk Maz., Cyganka, z domu Rogala.<\/span><br \/>\n<span style=\"font-family: Arial,sans-serif;\"><b>Stanis\u0142aw Bie\u0144kowski<\/b>, 1882, akt zg. 199, Mi\u0144sk Maz., Cyganka.<\/span><br \/>\n<span style=\"font-family: Arial,sans-serif;\"><b>J\u00f3zefa Bie\u0144kowska<\/b>, 1884, akt zg. 77, Mi\u0144sk Maz., Cyganka.<\/span><br \/>\n<span style=\"font-family: Arial,sans-serif;\"><b>Katarzyna Bie\u0144kowska, <\/b>1885, akt zg. 115, Mi\u0144sk Maz., Cyganka.<\/span><br \/>\n<span style=\"font-family: Arial,sans-serif;\"><b>Stanis\u0142aw Bie\u0144kowski<\/b>, 1925, akt zg. 372, Mi\u0144sk Maz., Cyganka.<\/span><br \/>\n<span style=\"font-family: Arial,sans-serif;\"><b>Jan Bie\u0144kowski<\/b>, 1928, akt zg. 263, Mi\u0144sk Maz., Cyganka<\/span><br \/>\n<span style=\"font-family: Arial,sans-serif;\"><b>Dominik Bie\u0144kowski<\/b>, 1939, akt zg. 146, Mi\u0144sk Maz., Cyganka.<\/span><br \/>\n<span style=\"font-family: Arial,sans-serif;\">Wyj\u015bciowa data ze Stojad\u0142a &#8211; Bie\u0144ko, by\u0107 mo\u017ce zmienia si\u0119 w pobliskim Brz\u00f3ze na Bie\u0144kowski. Zreszt\u0105 w tej ostatniej miejscowo\u015bci w XIX wieku funkcjonuj\u0105 obydwa nazwiska.\u00a0 <\/span><span style=\"font-family: Arial,sans-serif;\"><span style=\"font-size: medium;\">Co wi\u0119cej Roch, zapisany jako Bie\u0144ko w 1817 roku umiera w tym samym roku jako Bie\u0144kowski. Bie\u0144kowscy z s\u0105siaduj\u0105cej z Brz\u00f3ze wsi Cyganka s\u0105 najprawdopodobniej spowinowaceni. Jest to liczna populacja, ale wy\u0142\u0105cznie z nazwiskiem Bie\u0144kowski.<\/span><\/span><\/p>\n<p><span style=\"font-family: Arial,sans-serif;\">Inne stare daty w pobli\u017cu<\/span><br \/>\n<span style=\"font-family: Arial,sans-serif;\"><strong>Andrzej i Helena<\/strong><\/span><br \/>\n<span style=\"font-family: Arial,sans-serif;\">Bienko Ignacy, ur 1691, akt 890, T\u0142uszcz, Podsoliska. <\/span><br \/>\n<span style=\"font-family: Arial,sans-serif;\"><b>Barbara Bie\u0144ko<\/b>, ur 1707, par. D\u0105br\u00f3wka k. T\u0142uszcza, powiat wo\u0142omi\u0144ski.<\/span><br \/>\n<span style=\"font-family: Arial,sans-serif;\">Anastazja Bie\u0144kowa, zg 1784, D\u0105br\u00f3wka.<\/span><br \/>\n<span style=\"font-family: Arial,sans-serif;\"><b>Maciej Bienk<\/b>, 1704, akt ur 316, D\u0105br\u00f3wka, k. T\u0142uszcza.<\/span><br \/>\n<span style=\"font-family: Arial,sans-serif;\"><b>Marianna Bienk<\/b>, 1693, akt ur 48, D\u0105br\u00f3wka, k. T\u0142uszcza.<\/span><br \/>\n<span style=\"font-family: Arial,sans-serif;\"><b>Kazimierz Bie\u0144ko i Agnieszka<\/b><\/span><br \/>\n<span style=\"font-family: Arial,sans-serif;\">Wojciech Bienko, Klemb\u00f3w, Zamo\u015bcie, ur 1690.<\/span><br \/>\n<span style=\"font-family: Arial,sans-serif;\"><b>Konstancja Bienias<\/b>, 1675, akt ur 551, par. Klemb\u00f3w, Raszt\u00f3w, Wawrzyniec i Jadwiga.<\/span><br \/>\n<span style=\"font-family: Arial,sans-serif;\"><b>Magdalena Bienias<\/b>,1698, akt ur 1653, par. Klemb\u00f3w, Wola Rasztowska, Wojciech, Maryna.<\/span><br \/>\n<span style=\"font-family: Arial,sans-serif;\"><b>Piotr Bienias<\/b>, 1679, akt ur 698, par. Klemb\u00f3w, Raszt\u00f3w, \u0141ukasz i Jadwiga.<\/span><br \/>\n<span style=\"font-family: Arial,sans-serif;\"><b>Grzegorz i Jadwiga<\/b><\/span><br \/>\n<span style=\"font-family: Arial,sans-serif;\">Klara Bieniasek, 1661, akt ur 70, par. Klemb\u00f3w, Raszt\u00f3w.<\/span><br \/>\n<span style=\"font-family: Arial,sans-serif;\">Krystyna Bieniasek, 1664, akt ur 163, Klemb\u00f3w, Raszt\u00f3w.<\/span><\/p>\n<p><span style=\"font-family: Arial,sans-serif;\">Te trzy rekordy &#8211; ze Stojad\u0142a, Klembowa, Podsoliska i D\u0105br\u00f3wki, Rasztowa s\u0105 ciekawe gdy\u017c mog\u0105 by\u0107 \u0142\u0105cznikiem z p\u00f3\u0142nocnym Mazowszem. Jest do\u015b\u0107 prawdopodobne, \u017ce s\u0105 to notowania jaki\u015b <strong>Bie\u0144k\u00f3w<\/strong>, kt\u00f3rzy by\u0107 mo\u017ce migrowali z p\u00f3\u0142nocnego Mazowsza. Zapisy tych nazwisk maj\u0105 formy dowolne &#8211; od <strong>Bie\u0144ko<\/strong>, <strong>Bienias<\/strong>, <strong>Bieniasek<\/strong> (dzi\u015b martwe). Ciekawe jest te\u017c, \u017ce Jan Bie\u0144ko z \u017con\u0105 migruj\u0105 z Iwowego do bliskiej Cygance i Stojad\u0142om Woli Wybranieckiej \u2013 w roku 1863. Tak jakby migrowa\u0142 na obszar ju\u017c rodzinie znany. <\/span><\/p>\n<p><span style=\"font-family: Arial,sans-serif;\"><strong>Inne daty na obszarze rozleglejszym<\/strong><\/span><br \/>\n<span style=\"font-family: Arial,sans-serif;\"><b>Marianna Bieniek<\/b>, 1786, akt ur 22, (Kamie\u0144czyk Nadkole), Stanis\u0142aw i Cecylia.<\/span><br \/>\n<span style=\"font-family: Arial,sans-serif;\"><b>Marianna Bieniek<\/b>, 1755, akt ur 13, (Kamie\u0144czyk Strach\u00f3w), Szymon i Marianna (org. Bionk\u00f3w).<\/span><br \/>\n<span style=\"font-family: Arial,sans-serif;\"><b>Miko\u0142aj Bieniek<\/b>, 1753, akt ur 28, (Kamie\u0144czyk Strachowo), Miko\u0142aj i Marianna.<\/span><br \/>\n<span style=\"font-family: Arial,sans-serif;\"><b>Marianna Bie\u0144koska<\/b>, 1766, akt zg 83, Mi\u0144sk Mazowiecki, D\u0119be.<\/span><br \/>\n<span style=\"font-family: Arial,sans-serif;\"><b>Magdalena Bie\u0144ko<\/b> (<b>Bie\u0144kowa<\/b>), 1769, akt zg, Pniewnik k. Liwa, Dobrego i W\u0119growa.<\/span><\/p>\n<p><span style=\"font-family: Arial,sans-serif;\"><b>Micha\u0142 Bie\u0144ko<\/b> Pniewnik, 1825, akt zg, m\u0105\u017c Ma\u0142gorzaty z Niewiadomskich. <\/span><br \/>\n<span style=\"font-family: Arial,sans-serif;\"><b>Benedykt <\/b>i <b>Jadwiga Werdaczka<\/b><\/span><\/p>\n<p><span style=\"font-family: Arial,sans-serif;\">&#8230;..Benedykt Bienias, ?1721, akt \u015bl, par. Jazgarzew, Jadwiga. <\/span><br \/>\n<span style=\"font-family: Arial,sans-serif;\">&#8230;..El\u017cbieta Bienias, 1724, akt ur, par. Jazgarzew, Benedykt, Jadwiga.<\/span><br \/>\n<span style=\"font-family: Arial,sans-serif;\">&#8230;..Izydor Bienias, 1736, akt ur, Jazgarzew, Benedykt, Jadwiga Werdaczka.<\/span><br \/>\n<span style=\"font-family: Arial,sans-serif;\">&#8230;..Kazimierz Bienias, 1745, akt ur, par. Jazgarzew, Benedykt, Jadwiga.<\/span><br \/>\n<span style=\"font-family: Arial,sans-serif;\">&#8230;..Anna Bienias, 1749, akt ur, par. Jazgarzew, Benedykt, Jadwiga.<\/span><br \/>\n<span style=\"font-family: Arial,sans-serif;\"><b>Marianna, Jadwiga Bieniakowna<\/b>? 1714, akt ur, par Jazgarzew.<\/span><br \/>\n<span style=\"font-family: Arial,sans-serif;\"><b>Marianna Bie\u0144<\/b>, 1763, akt ur, Jazgarzew ,Walenty, Marianna.<\/span><br \/>\n<span style=\"font-family: Arial,sans-serif;\"><b>Benedykt Bienias<\/b>, 1753, akt zg, Jazgarzew. <\/span><br \/>\n<span style=\"font-family: Arial,sans-serif;\"><b>Szymon Bienias, <\/b>1731, akt zg, Jazgarzew. <\/span><br \/>\n<span style=\"font-family: Arial,sans-serif;\"><b>Anna Bieniowa<\/b>, 1705, akt zg, Jazgarzew. <\/span><br \/>\n<span style=\"font-family: Arial,sans-serif;\"><b>Jan Bie\u0144ko<\/b>, 1794, akt ur, Okuniew k. Sulej\u00f3wka.<\/span><br \/>\n<span style=\"font-family: Arial,sans-serif;\"><b>Pawe\u0142 Bie\u0144ko<\/b>, 1810, akt zg, 122, Okuniew (Honestus \u2013 pracowity &#8211; rzemie\u015blnik wiejski lub mieszczanin z ma\u0142ego miasteczka \u017cyj\u0105cy po cz\u0119\u015bci z rolnictwa). Lat 64. Urodzony ok . 1746.<\/span><br \/>\n<span style=\"font-family: Arial,sans-serif;\"><b>Marianna Bie\u0144kowa<\/b>, 1819, akt zg 22, Okuniew, lat 75.<\/span><br \/>\n<span style=\"font-family: Arial,sans-serif;\"><b>Ludwika Bie\u0144koska<\/b>, 1827, akt zg 16, Okuniew, Grzybowa Wola, 50 lat.<\/span><br \/>\n<span style=\"font-family: Arial,sans-serif;\">Poni\u017csze daty z Karczewa s\u0105 m\u0142odsze \u2013 to pewnie migranci.<\/span><br \/>\n<span style=\"font-family: Arial,sans-serif;\"><b>Marcin Bie\u0144ko<\/b>, 1828, akt ur 96, Karczew . <\/span><br \/>\n<span style=\"font-family: Arial,sans-serif;\"><b>Ewa Bie\u0144ko<\/b>, 1829, akt ur 109, Karczew.<\/span><br \/>\n<span style=\"font-family: Arial,sans-serif;\"><b>Petronela Bie\u0144ko<\/b>, 1840, akt ur 146, Karczew. <\/span><br \/>\n<span style=\"font-family: Arial,sans-serif;\"><b>Piotr Bie\u0144ko<\/b>, 1849, akt ur 9, Karczew.<\/span><br \/>\n<span style=\"font-family: Arial,sans-serif;\"><b>Wojciech Bie\u0144ko<\/b> v. <b>Bie\u0144kowski<\/b>, 1836, akt ur 28, Karczew. \u015alub, akt \u015bl 32, 1858 Bie\u0144ko vel. <b>Bie\u0144kowski<\/b> + <b>J\u00f3zefa Hajdak<\/b>, Karczew.<\/span><br \/>\n<span style=\"font-family: Arial,sans-serif;\">&#8230;..Maciej Bie\u0144ko, 1827, akt zg 63, Karczew.<\/span><br \/>\n<span style=\"font-family: Arial,sans-serif;\"><b>Wojciech Bie\u0144czak<\/b>, 1832, akt zg 74, l. 2, matka Jadwiga Bie\u0144kowna, Karczew.<\/span><br \/>\n<span style=\"font-family: Arial,sans-serif;\"><b>Marianna Bie\u0144ko<\/b>, 1829, akt zg. 55, wdowa, Karczew.<\/span><br \/>\n<span style=\"font-family: Arial,sans-serif;\"><b>Antoni Bie\u0144ko<\/b> + <b>Marianna Kwiatkowska<\/b>, 1858, akt \u015bl 5, Karczew.<\/span><br \/>\n<span style=\"font-family: Arial,sans-serif;\"><b>J\u00f3zefa Weso\u0142owska<\/b>, 1841, akt zg 5, c\u00f3rka Macieja i Jadwigi, lat 24, dd <b>Bie\u0144ko<\/b>, \u017cona J\u00f3zefa.<\/span><br \/>\n<span style=\"font-family: Arial,sans-serif;\"><b>Petronella Bie\u0144ko<\/b>, vel Bie\u0144kowska, 1896, akt zg 78, Karczew.<\/span><br \/>\n<span style=\"font-family: Arial,sans-serif;\">W Karczewie liczni Bie\u0144kowscy, ale daty s\u0105 m\u0142odsze. I tu r\u00f3wnie\u017c nazwisko nie wydaje si\u0119 ustabilizowane. Starsze daty maj\u0105 form\u0119 Bie\u0144ko \u2013 Petronela urodzona jako Bie\u0144ko, umiera zapewne jako Bie\u0144kowska. Matk\u0105 Wojciecha Bie\u0144czaka jest Bie\u0144k\u00f3wna, a Wojciech Bie\u0144ko \u2013 vel Bie\u0144kowski.<\/span><\/p>\n<p><span style=\"font-family: Arial,sans-serif;\">Parafia s\u0142omczy\u0144ska \u2013 migranci z Pra\u017cmowa?<\/span><br \/>\n<span style=\"font-family: Arial,sans-serif;\"><b>Szymon Bie\u0144ko<\/b> i <b>Kunegunda<\/b><\/span><br \/>\n<span style=\"font-family: Arial,sans-serif;\">&#8230;..Fabian Bie\u0144ko, (ur ok 1777) i Marianna Sikorska (c\u00f3rka Adama i Julianny, 1810, akt zg 51, \u017cona Fabiana, w\u0142o\u015bcianina, lat 33, c\u00f3rka w\u00f3jta Kaw\u0119czyna).<\/span><br \/>\n<span style=\"font-family: Arial,sans-serif;\">&#8230;&#8230;&#8230;.<em>Antonina Bie\u0144ko<\/em>, 1810, akt zg 46, Kaw\u0119czyn. Fabian (32, w\u0142o\u015bcianin).<\/span><br \/>\n<span style=\"font-family: Arial,sans-serif;\">&#8230;..Fabian Bie\u0144ko (ur ok 1777) i Marianna G\u0142owacka (akt zg 138, 1811, Kaw\u0119czyn, pewnie przy porodzie).<\/span><br \/>\n<span style=\"font-family: Arial,sans-serif;\">&#8230;&#8230;&#8230;.<em>Katarzyna Bie\u0144ko<\/em>, 1811, akt ur, S\u0142omczyn. Fabian, w\u0142o\u015bcianin z Kaw\u0119czyna 9, lat 34. Marianna, lat 30. Katarzyna Bie\u0144ko, 1811, akt zg 137, S\u0142omczyn, Kaw\u0119czyn, 1 rok.<\/span><br \/>\n<span style=\"font-family: Arial,sans-serif;\">&#8230;..Fabian Bie\u0144ko, 1816 akt \u015bl 28, (ur ok 1777) i Marianna Gajewska, S\u0142omczyn. Syn Szymona i Kunegundy, Gajewska, dawniej Ga\u0142adys, wdowiec, wdowa. On lat 39, z Kaw\u0119czyna, rodzice obydwoje zmarli. 1845, akt zg. 6, S\u0142omczyn, lat 80. Wie\u015b Kaw\u0119czyn. Z ja\u0142mu\u017cny utrzymuj\u0105cy si\u0119 o rodzicach stawiaj\u0105cym nieznanych. <\/span><br \/>\n<span style=\"font-family: Arial,sans-serif;\">&#8230;..Agnieszka Chrostek, 1811, akt zg. 120, (ur ok 1779), c\u00f3rka Szymona Bie\u0144ko i Katarzyny \u2013 powinno by\u0107 Kunegundy, S\u0142omczyn, Kaw\u0119czyn, lat 32, \u017cona Adama. Fabian by\u0142 jej bratem.<\/span><br \/>\n<span style=\"font-family: Arial,sans-serif;\">&#8230;..Magdalena Bie\u0144ko, 1808, akt zg. 11, (ur ok. 1786), S\u0142omczyn, Kaw\u0119czyn, lat 22. C\u00f3rka Szymona i Kunegundy z Goliszewskich.<\/span><br \/>\n<span style=\"font-family: Arial,sans-serif;\"><b>Anastazja Bie\u0144ko<\/b>, 1813, akt zg 80, S\u0142omczyn. Wie\u015b Kaw\u0119czyn, wdowa po Szymonie Bie\u0144ko, lat 80. Urodzona w Baniosze.<\/span><br \/>\n<span style=\"font-family: Arial,sans-serif;\"><b>Anna Bie\u0144ko, <\/b>1813, akt zg 139, S\u0142omczyn, Baniocha. 1 rok. Matka El\u017cbieta Bie\u0144ko, w\u0142o\u015bcianka.<\/span><br \/>\n<span style=\"font-family: Arial,sans-serif;\"><b>Sebastian Bie\u0144ko i Marianna<\/b> (Seb by\u0107 mo\u017ce ten z Pra\u017cmowa ur tam w 1762).<\/span><br \/>\n<span style=\"font-family: Arial,sans-serif;\">&#8230;..Pawe\u0142 Bieniek v Bie\u0144ko, (ur ok. 1796) i Julianna Milewska, \u015bl 1840. S\u0142omczyn, Konstancin Papiernia. Pawe\u0142 str\u00f3\u017c w papierni. Lat 44. Urodzony w Borku nad Jeziork\u0105 k. Opaczy.<\/span><br \/>\n<span style=\"font-family: Arial,sans-serif;\">&#8230;..Rozalia Bie\u0144ko, lat 20 (ur ok 1791, c\u00f3rka Sebastyana i Maryanny Pomianowskiej, ojciec nie \u017cyje), 1811, akt \u015bl. 1, S\u0142omczyn, Brze\u015bce + Tomasz Zaron.<\/span><br \/>\n<span style=\"font-family: Arial,sans-serif;\">&#8230;&#8230;&#8230;.<em>Maryanna Zaron<\/em>, 1811, akt ur 7, S\u0142omczyn Brze\u015bce, akt zg 6, 1811, Brze\u015bce.<\/span><br \/>\n<span style=\"font-family: Arial,sans-serif;\">&#8230;&#8230;&#8230;.Mayanna Zaron, 1812, akt ur 16, S\u0142omczyn Brze\u015bce.<\/span><br \/>\n<span style=\"font-family: Arial,sans-serif;\"><b>Marianna Bie\u0144kowska, <\/b>1818, akt zg 1, (rodzice \u2013 Jan i Marianna Pomianowscy), (S\u0142omczyn, Borek), lat 50, wdowa. \u017bona zmar\u0142ego,<b> Sebastyana Bie\u0144kowskiego.<\/b><\/span><br \/>\n<span style=\"font-family: Arial,sans-serif;\"><b>Kazimierz Bie\u0144ko<\/b> (P), 1886, akt zg 37, S\u0142omczyn, Baniocha l. 80, robotnik, \u017cona <b>Agnieszka<\/b>, robotnica z Baniochy.<\/span><br \/>\n<span style=\"font-family: Arial,sans-serif;\"><b>Pawe\u0142 i Julianna S\u0142abik<\/b><\/span><br \/>\n<span style=\"font-family: Arial,sans-serif;\">&#8230;..J\u00f3zefa, Franciszka Bie\u0144kowska, 1844, akt ur 38, c\u00f3rka Paw\u0142a i Anny, S\u0142omczyn, Papiernia.<\/span><br \/>\n<span style=\"font-family: Arial,sans-serif;\">&#8230;..J\u00f3zefa Bie\u0144kowska, 1847, akt zg 28, S\u0142omczyn, papiernia, lat 2. <\/span><br \/>\n<span style=\"font-family: Arial,sans-serif;\">&#8230;..Jakub, Leopold Bie\u0144kowski, 1838, akt ur 100, S\u0142omczyn, Papiernia.<\/span><br \/>\n<span style=\"font-family: Arial,sans-serif;\">&#8230;..J\u00f3zefa, Franciszka Bie\u0144kowska, 1844, akt ur 38, S\u0142omczyn, Papiernia.<\/span><br \/>\n<span style=\"font-family: Arial,sans-serif;\">&#8230;..Micha\u0142 Bie\u0144kowski, 1859, akt \u015bl 8, i <b>Marianna, Magdalena Danielewska<\/b>. Syn Paw\u0142a i Julianny S\u0142abik, S\u0142omczyn, Papiernia.<\/span><br \/>\n<span style=\"font-family: Arial,sans-serif;\"><b>Pawe\u0142 Bie\u0144kowski, <\/b>1844, akt zg 78, S\u0142omczyn, Papiernia. L. 48. M\u0105\u017c <b>Julianny Milewskiej.<\/b><\/span><br \/>\n<span style=\"font-family: Arial,sans-serif;\"><b>Julianna Bie\u0144kowska<\/b>, 1873, akt zg 87, S\u0142omczyn, lat 70, wdowa.<\/span><br \/>\n<span style=\"font-family: Arial,sans-serif;\"><b>Adam<\/b> i <b>Agnieszka Bie\u0144ko<\/b><\/span><br \/>\n<span style=\"font-family: Arial,sans-serif;\">&#8230;..Magdalena Chrostowski, 1809, akt zg 70, c\u00f3rka Adama i Agnieszki Bie\u0144ko, 3,6 lat. S\u0142omczyn, Kaw\u0119czyn.<\/span><br \/>\n<span style=\"font-family: Arial,sans-serif;\">&#8230;..Augustyn Chrostek, 1810, akt ur 49, Adam i Agnieszka Bie\u0144ko (lat 34), S\u0142omczyn, Kaw\u0119czyn.<\/span><br \/>\n<span style=\"font-family: Arial,sans-serif;\"><b>Adam Cinak<\/b>, 1818, akt ur 84, syn <b>Jana<\/b> i <b>Marianny Bie\u0144ko<\/b> (lat 40), S\u0142omczyn, Go\u017adzie.<\/span><br \/>\n<span style=\"font-family: Arial,sans-serif;\"><b>Bart\u0142omiej<\/b> i <b>Katarzyna Bie\u0144kowska (Bie\u0144ko)<\/b><\/span><br \/>\n<span style=\"font-family: Arial,sans-serif;\">&#8230;..Jan Dominiczek, 1821, akt ur 132, Bart\u0142omiej i Katarzyna Bie\u0144kowska, S\u0142omczyn, Habdzin.<\/span><br \/>\n<span style=\"font-family: Arial,sans-serif;\">&#8230;..Pawe\u0142 Dominiczek, 1823, akt ur 3, Bart\u0142omiej i Katarzyna Bie\u0144kowska, S\u0142omczyn, Habdzin.<\/span><br \/>\n<span style=\"font-family: Arial,sans-serif;\">&#8230;..Agata Dominiczek, 1825, akt ur 7, Bart\u0142omiej i Katarzyna Bie\u0144kowska, S\u0142omczyn, Habdzin.<\/span><br \/>\n<span style=\"font-family: Arial,sans-serif;\">&#8230;..Marianna Dominiczek, 1826, akt ur 141, Bart\u0142omiej i Katarzyna Bie\u0144kowska,S\u0142omczyn, Habdzin.<\/span><br \/>\n<span style=\"font-family: Arial,sans-serif;\">&#8230;..Walenty Dominiczek, 1829, akt ur 4, Bart\u0142omiej i Katarzyna Bie\u0144ko, S\u0142omczyn, Habdzin.<\/span><br \/>\n<span style=\"font-family: Arial,sans-serif;\">&#8230;..Walenty Dominiczek, 1833, akt ur 22, Bart\u0142omiej i Katarzyna Bie\u0144ko, S\u0142omczyn, Habdzin.<\/span><br \/>\n<span style=\"font-family: Arial,sans-serif;\">&#8230;..Ma\u0142gorzata Dominiczek, 1835, akt ur 73, Bart\u0142omiej i Katarzyna Bie\u0144kowska,S\u0142omczyn, Habdzin.<\/span>.<\/p>\n<p><span style=\"font-family: Arial,sans-serif;\">Z akt ko\u015bcio\u0142a s\u0142omczy\u0144skiego wynika, \u017ce nazwisko Bie\u0144ko mia\u0142o czasem r\u00f3\u017cn\u0105 pisowni\u0119. Katarzyna Bie\u0144kowska w dw\u00f3ch aktach narodzin nosi nazwisko Bie\u0144ko. Syn Sebastiana &#8211; Pawe\u0142 okre\u015blany jest jako Bieniek vel Bie\u0144ko, a zmar\u0142a \u017cona Sebastiana Bie\u0144ko nazwana zosta\u0142a w akcie zgonu jako Bie\u0144kowska. Wynika\u0107 to mo\u017ce po cz\u0119\u015bci z obecno\u015bci w parafii nazwiska Bie\u0144kowski (np. migrant\u00f3w z Woli) i mylenia tych nazwisk. Nie jest wykluczone, \u017ce \u017ar\u00f3d\u0142em Bie\u0144k\u00f3w w parafii s\u0142omczy\u0144skiej s\u0105 Bie\u0144kowie z Pra\u017cmowa. <\/span><br \/>\n<span style=\"font-family: Arial,sans-serif;\">Inni urodzeni \u2013 ciekawe daty z Pra\u017cmowa \u2013 r\u00f3wnie stare jak te z Iwowego. Ale na obszarze Pra\u017cmowskim wsp\u00f3\u0142cze\u015bnie Bie\u0144k\u00f3w praktycznie nie ma. By\u0107 mo\u017ce migrowali w okolice Warszawy, gdy\u017c jest chyba niemo\u017cliwe, aby si\u0119 wyrodzili. Najprawdopodobniej daty powy\u017cej, ze S\u0142omczyna to bliscy krewni (w tym dzieci) tych z Pra\u017cmowa. R\u00f3wnie\u017c w jednej z metryk \u015blubnych z parafii Jazgarzew z 1823 jest wspomniana Zofia z Bie\u0144k\u00f3w Gajewska z Ustanowa (blisko Pra\u017cmowa), dot\u0105d \u017cyj\u0105ca i jej c\u00f3rka, wdowa Maryanna, 38 lat, \u015blub bior\u0105ca. Akta w Pra\u017cmowie prowadzone s\u0105 od 1703 roku (mo\u017cna sprawdzi\u0107 starsze daty ni\u017c 1733 &#8211; rodzaj akt &#8211; patrz &#8211; Rejestry Metryk powiatu gr\u00f3jeckiego zeszyt 8 Pra\u017cm\u00f3w. Kalisz 1937).<\/span><br \/>\n<span style=\"font-family: Arial,sans-serif;\"><b>Stanis\u0142aw<\/b> i <b>Franciszka Kowalczonka<\/b><\/span><br \/>\n<span style=\"font-family: Arial,sans-serif;\">&#8230;..Dorota Bienko, 1748, akt ur 404, Pra\u017cm\u00f3w.<\/span><br \/>\n<span style=\"font-family: Arial,sans-serif;\"><b>Stanis\u0142aw Bienko<\/b> i <b>Krystyna N<\/b><\/span><br \/>\n<span style=\"font-family: Arial,sans-serif;\">&#8230;..Micha\u0142 Bienko, 1749, akt ur 477, Pra\u017cm\u00f3w. <\/span><br \/>\n<span style=\"font-family: Arial,sans-serif;\">&#8230;..Grzegorz Bienko, 1751, akt ur 568, Pra\u017cm\u00f3w. <\/span><br \/>\n<span style=\"font-family: Arial,sans-serif;\">&#8230;..Wojciech Bienko, 1754, akt ur 697, Pra\u017cm\u00f3w. <\/span><br \/>\n<span style=\"font-family: Arial,sans-serif;\">&#8230;..Zofia Bieniak, 1757, akt ur 847, Pra\u017cm\u00f3w. <\/span><br \/>\n<span style=\"font-family: Arial,sans-serif;\">&#8230;..Helena Bie\u0144ko, 1761, akt ur 54, Pra\u017cm\u00f3w. <\/span><br \/>\n<span style=\"font-family: Arial,sans-serif;\"><b>Tomasz<\/b> i <b>Anastazya Borowszczanka<\/b><\/span><br \/>\n<span style=\"font-family: Arial,sans-serif;\">&#8230;..Andrzej Bienko, 1750, akt ur 491, Pra\u017cm\u00f3w. <\/span><br \/>\n<span style=\"font-family: Arial,sans-serif;\">&#8230;..Marianna Bienko, 1751, akt ur 595, Pra\u017cm\u00f3w. <\/span><br \/>\n<span style=\"font-family: Arial,sans-serif;\"><b>Tomasz<\/b> i <b>Anastazya Woytowna<\/b><\/span><br \/>\n<span style=\"font-family: Arial,sans-serif;\">&#8230;..Ewa Bienko, 1756, akt ur 798, Pra\u017cm\u00f3w, Tomasz i Anastazya N.<\/span><br \/>\n<span style=\"font-family: Arial,sans-serif;\">&#8230;..Sebastian Bienko, 1762, akt ur 116, Pra\u017cm\u00f3w, Tomasz i Anastazya Woytowna.<\/span><br \/>\n<span style=\"font-family: Arial,sans-serif;\">&#8230;..Magdalena Bienko, ?1764, akt ur 221, Pra\u017cm\u00f3w, Tomasz i Anna W?towna.<\/span><br \/>\n<span style=\"font-family: Arial,sans-serif;\"><span style=\"font-size: medium;\"><b>Salomea Bienkowska<\/b> 1777, akt ur 887, Pra\u017cm\u00f3w, Walenty Rozalia N.<\/span><\/span><\/p>\n<p><span style=\"font-family: Arial,sans-serif;\"><span style=\"font-size: medium;\"><b>Zofia Bienkowska<\/b> 1797, akt ur 1008, Pra\u017cm\u00f3w, Fabian i Rozalia N.<\/span><\/span><\/p>\n<p><span style=\"font-family: Arial,sans-serif;\"><span style=\"font-size: medium;\">By\u0107 mo\u017ce, \u017ce mieszka\u0144cy Pra\u017cmowa w cz\u0119\u015bci przenie\u015bli si\u0119 do D\u0105br\u00f3wki k. Mysiad\u0142a w parafii Piaseczno.Daty parafialne:<\/span><\/span><\/p>\n<p><span style=\"font-family: Arial,sans-serif;\"><b>Antonii Bie\u0144ko<\/b> i <b>Apolonia Dudzik<\/b><\/span><br \/>\n<span style=\"font-family: Arial,sans-serif;\">&#8230;..J\u0119drzej Bie\u0144ko + Ewa Bie\u0144ko (ur ok 1781, zg 1811)<\/span><br \/>\n<span style=\"font-family: Arial,sans-serif;\">&#8230;..Ewa Bie\u0144ko, 1811, akt zg 15, lat 30, Piaseczno ASC, D\u0105br\u00f3wka 11, \u017cona gospodarza J\u0119drzeja Bie\u0144ko.<\/span><br \/>\n<span style=\"font-family: Arial,sans-serif;\">&#8230;..Szymon Bie\u0144ko (ur ok 1769, zg 1819) + Ma\u0142gorzata Kotowicz<\/span><br \/>\n<span style=\"font-family: Arial,sans-serif;\">&#8230;&#8230;&#8230;.<em>J\u00f3zef, Wojciech<\/em>, (ur 1809).<\/span><br \/>\n<span style=\"font-family: Arial,sans-serif;\">&#8230;&#8230;&#8230;.<em>Franciszek<\/em>, (ur 1813).<\/span><br \/>\n<span style=\"font-family: Arial,sans-serif;\">&#8230;..Szymon Bie\u0144ko, 1819, akt zg 9, Piaseczno ASC, D\u0105br\u00f3wka 11, lat 50, gospodarz, m\u0105\u017c .Ma\u0142gorzaty z Kotowicz\u00f3w.<\/span>.<br \/>\n<span style=\"font-family: Arial,sans-serif;\">&#8230;..Szymon Bie\u0144ko .(ur ok 1769, zg 1819) + Ma\u0142gorzata Buzak.<\/span>.<br \/>\n<span style=\"font-family: Arial,sans-serif;\">&#8230;&#8230;&#8230;.<em>Kazimierz<\/em>, (ur 1818).<\/span><br \/>\n<span style=\"font-family: Arial,sans-serif;\">&#8230;&#8230;&#8230;.<em>Andrzej + Rozalia Cio\u0142kiewicz<\/em>.<\/span><br \/>\n<span style=\"font-family: Arial,sans-serif;\">&#8230;..Wawrzyniec (zg przed 1810).<\/span><br \/>\n<span style=\"font-family: Arial,sans-serif;\">&#8230;&#8230;&#8230;.<em>Pawe\u0142 <\/em>(ur ok 1805, zg 1810).<\/span><br \/>\n<span style=\"font-family: Arial,sans-serif;\">&#8230;&#8230;&#8230;.<em>Pawe\u0142 Bie\u0144ko<\/em>,1810, akt zg 35, syn Wawrzy\u0144ca i Tekli Wysockiej, Piaseczno ASC, D\u0105br\u00f3wka, lat 4. Stawi\u0142 si\u0119 Jedrzej Bienko, stryj zmar\u0142ego, syn Wawrzy\u0144ca Bie\u0144ka, nie \u017cyj\u0105cego.<\/span><br \/>\n<span style=\"font-family: Arial,sans-serif;\">&#8230;..Kazimierz Bie\u0144ko (ur ok 1775, zg 1810) + Agnieszka Izydor<\/span><br \/>\n<span style=\"font-family: Arial,sans-serif;\">&#8230;&#8230;&#8230;.<em>Katarzyna<\/em>, (ur ok 1799, zg 1819).<\/span><br \/>\n<span style=\"font-family: Arial,sans-serif;\">&#8230;&#8230;&#8230;.<em>Zofia<\/em>, (ur 1809, zg 1811).akt ur 79, akt zg 25<\/span><br \/>\n<span style=\"font-family: Arial,sans-serif;\">&#8230;..Kazimierz Bie\u0144ko,1810, akt zg 26, syn Antoniego i Apolonii Dudzik, Piaseczno ASC, D\u0105br\u00f3wka, lat 35. Stawili si\u0119 J\u0119drzej Bienko i Szymon Bienko, na gospodarstwie zamieszkali, bracia zmar\u0142ego. Zmar\u0142y &#8211; m\u0105\u017c wdowy Agnieszki z Izydor\u00f3w, pierwszego \u015blubu Zimiankow\u0105? Bie\u0144kow\u0105, Antoniego Bie\u0144ka i Apolonii z Dudzik\u00f3w syn, na komornem zamieszka\u0142y w domu D\u0105br\u00f3wka 8.<\/span><br \/>\n<span style=\"font-family: Arial,sans-serif;\"><b>Andrzej Bie\u0144ko<\/b>, 1866, akt \u015bl. 28, i Rozalia Cio\u0142kiewicz, Jazgarzew, rodzice M. Szymon i Ma\u0142gorzata Bazuk.<\/span><br \/>\n<span style=\"font-family: Arial,sans-serif;\"><b>Katarzyna Bie\u0144ko<\/b>, 1819, akt zg 12, c\u00f3rka <b>Kazimierza<\/b> i <b>Katarzyny<\/b>???, Piaseczno ASC, lat 20, D\u0105br\u00f3wka, w s\u0142u\u017cbie. <\/span><br \/>\n<span style=\"font-family: Arial,sans-serif;\"><b>Szymon<\/b> i <b>Ma\u0142gorzata Kotowicz<\/b><\/span><br \/>\n<span style=\"font-family: Arial,sans-serif;\">&#8230;..Franciszek Bie\u0144ko, 1813, akt ur 3, Piaseczno, D\u0105br\u00f3wka. Ojciec lat 40.<\/span><br \/>\n<span style=\"font-family: Arial,sans-serif;\">&#8230;..J\u00f3zef, Wojciech Bie\u0144ko, 1809, akt ur 89, syn Szymona i Ma\u0142gorzaty raczej Kotowicz, Piaseczno, D\u0105br\u00f3wka 13. Szymon lat 40, gospodarz, <\/span><br \/>\n<span style=\"font-family: Arial,sans-serif;\">&#8230;..Kazimierz Bie\u0144ko, 1818, akt ur 32, syn Szymona i Ma\u0142gorzaty Buzak, Piaseczno, D\u0105br\u00f3wka 6. Szymon lat 50. ?<\/span><br \/>\n<span style=\"font-family: Arial,sans-serif;\"><b>Walenty<\/b> i <b>Marianna Bie\u0144ko<\/b><\/span>.<br \/>\n<span style=\"font-family: Arial,sans-serif;\">&#8230;..Bonifacy Dy\u0142ka, 1811, akt ur 57, Piaseczno, D\u0105br\u00f3wka.<\/span>.<br \/>\n<span style=\"font-family: Arial,sans-serif;\">&#8230;..Julianna Dy\u0142ka., 1814, akt ur 34, Piaseczno, D\u0105br\u00f3wka. Mar &#8211; lat 36.<\/span>.<br \/>\n<span style=\"font-family: Arial,sans-serif;\">&#8230;..Zofia Dy\u0142ka, 1816, akt ur 111, Piaseczno, D\u0105br\u00f3wka. Mar &#8211; lat 30.<\/span>.<br \/>\n<span style=\"font-family: Arial,sans-serif;\">&#8230;..Apolonia Dy\u0142ka., 1819, akt ur 18, Piaseczno, D\u0105br\u00f3wka.<\/span>.<br \/>\n<span style=\"font-family: Arial,sans-serif;\">&#8230;..Tekla Dy\u0142ka, 1820, akt ur 104, Piaseczno, D\u0105br\u00f3wka. Lat &#8211; 40.<\/span>.<br \/>\n<span style=\"font-family: Arial,sans-serif;\"><b>Agnieszka Bie\u0144ko<\/b>, 1911, akt \u015bl 17 + <b>Wit Turobi\u0144ski<\/b> (wdowiec, 40 lat na gosp w D\u0105br\u00f3wce). Ona w\u0142o\u015bcianka, wdowa po Bie\u0144ku, lat 4, c\u00f3rka Izydora i Anastazji Majewskich. <\/span><br \/>\n<span style=\"font-family: Arial,sans-serif;\"><b>Mateusz Bie\u0144ko<\/b> i <b>Rozalia Zieli\u0144ska<\/b><\/span><br \/>\n<span style=\"font-family: Arial,sans-serif;\">&#8230;..Andrzej Bie\u0144ko(ur ok 1839 Piotrkow, akt zg 421, 1905, \u017byrard\u00f3w, Teklin\u00f3w, pozostawi\u0142 Mariann\u0119) + Marianna Sicinska<\/span><br \/>\n<span style=\"font-family: Arial,sans-serif;\">&#8230;&#8230;&#8230;.<em>Franciszek Bie\u0144ko<\/em>, 25 l, ur Pietrokow + Kazimiera Komorowska (akt \u015bl 81, 1896, \u017byrard\u00f3w, Teklin\u00f3w)<\/span><br \/>\n<span style=\"font-family: Arial,sans-serif;\"><span style=\"font-size: small;\">&#8230;&#8230;&#8230;&#8230;&#8230;..W\u0142adys\u0142aw Bie\u0144ko, akt ur 503, 1902, (30 l i 28 l).<\/span><\/span><\/p>\n<p><span style=\"font-family: Arial,sans-serif;\">Kontakt \u2013 k.binka@uw.edu.pl<\/span><\/p>\n<p><span style=\"font-family: Arial,sans-serif;\">Szanowni Pa\u0144stwo \u2013 Je\u015bli Pa\u0144stwo posiadaj\u0105 jakie\u015b stare fotografie i byliby w stanie je udost\u0119pni\u0107 (w formie cyfrowej) by\u0142bym bardzo wdzi\u0119czny. Podobie\u0144stwo niekt\u00f3rych, nieraz bardzo odleg\u0142ych cz\u0142onk\u00f3w rodziny, jest niezwyk\u0142e. R\u00f3wnie\u017c &#8211; je\u015bli znane s\u0105 Pa\u0144stwu jakie\u015b fakty z historii rodziny \u2013 prosi\u0142bym o sprostowania lub uzupe\u0142nienia.<\/span><\/p>\n<p><span style=\"font-family: Arial,sans-serif;\"><b>Z wyrazami szacunku<\/b><\/span><\/p>\n<p><span style=\"font-family: Arial,sans-serif;\"><b>Krzysztof Bi\u0144ka<\/b><\/span><\/p>\n<p lang=\"pl-PL\">Te\u017c &#8211; nazwisko DERESZEWSKI\u00a0\u00a0\u00a0 i\u00a0\u00a0 nazwisko\u00a0 STEFA\u0143SKI &#8211; dereszewski.waw.pl<\/p>\n<p>&nbsp;<\/p>\n","protected":false},"excerpt":{"rendered":"<p>Nazwisko Bie\u0144ko pojawia si\u0119 w okolicy ju\u017c w XVII wieku. Ich \u017ar\u00f3d\u0142em w Iwowem mog\u0105 by\u0107 dwa skupiska z bardzo leciwymi datami. S\u0105 to Stojad\u0142a k. Mi\u0144ska Mazowieckiego (odleg\u0142e 33 km). W Stojad\u0142ach urz\u0119dowa\u0142a rodzina Bie\u0144ko w 1653 roku. P\u00f3\u017aniej, ale po d\u0142ugiej przerwie pojawia si\u0119 ponownie &#8211; czy wynika to z kompletno\u015bci akt i &hellip; <a href=\"https:\/\/k.binka.pl\/?page_id=78\" class=\"more-link\">Czytaj dalej <span class=\"screen-reader-text\">Bie\u0144ko w innych mazowieckich parafiach<\/span> <span class=\"meta-nav\">&rarr;<\/span><\/a><\/p>\n","protected":false},"author":1,"featured_media":0,"parent":0,"menu_order":0,"comment_status":"open","ping_status":"open","template":"","meta":{"footnotes":""},"class_list":["post-78","page","type-page","status-publish","hentry"],"_links":{"self":[{"href":"https:\/\/k.binka.pl\/index.php?rest_route=\/wp\/v2\/pages\/78","targetHints":{"allow":["GET"]}}],"collection":[{"href":"https:\/\/k.binka.pl\/index.php?rest_route=\/wp\/v2\/pages"}],"about":[{"href":"https:\/\/k.binka.pl\/index.php?rest_route=\/wp\/v2\/types\/page"}],"author":[{"embeddable":true,"href":"https:\/\/k.binka.pl\/index.php?rest_route=\/wp\/v2\/users\/1"}],"replies":[{"embeddable":true,"href":"https:\/\/k.binka.pl\/index.php?rest_route=%2Fwp%2Fv2%2Fcomments&post=78"}],"version-history":[{"count":51,"href":"https:\/\/k.binka.pl\/index.php?rest_route=\/wp\/v2\/pages\/78\/revisions"}],"predecessor-version":[{"id":1041,"href":"https:\/\/k.binka.pl\/index.php?rest_route=\/wp\/v2\/pages\/78\/revisions\/1041"}],"wp:attachment":[{"href":"https:\/\/k.binka.pl\/index.php?rest_route=%2Fwp%2Fv2%2Fmedia&parent=78"}],"curies":[{"name":"wp","href":"https:\/\/api.w.org\/{rel}","templated":true}]}}