{"id":70,"date":"2013-11-21T23:31:20","date_gmt":"2013-11-21T22:31:20","guid":{"rendered":"http:\/\/kbinka.vipserv.org\/?page_id=70"},"modified":"2025-06-04T21:05:16","modified_gmt":"2025-06-04T19:05:16","slug":"bienki-w-iwowem-parafii-latowickiej-i-okolicach","status":"publish","type":"page","link":"https:\/\/k.binka.pl\/?page_id=70","title":{"rendered":"Bie\u0144ki w Iwowem w parafii latowickiej i w s\u0105siedztwie."},"content":{"rendered":"<p><span style=\"font-family: Arial,sans-serif;\">Jak wspomniano, nazwisko <b>Bie\u0144ko, <\/b>b\u0119d\u0105ce wyj\u015bciow\u0105 form\u0105 dla wyst\u0119puj\u0105cych w Warszawie nazwisk <b>Bie\u0144ka, Bi\u0144ka, Binka, Bi\u0144ke, Binke<\/b> ma dwa wyra\u017ane centra wsp\u00f3\u0142czesnego wyst\u0119powania. Jedno, w okolicach Latowicza i Garwolina drugie, w okolicach Niska i Stalowej Woli nad Sanem. Warszawa, r\u00f3wnie\u017c \u2013 ale dla wszystkich nazwisk jest miastem migracyjnym. Trudno jest stwierdzi\u0107, kt\u00f3re miejsce z tych dw\u00f3ch jest pierwotne. Obszar Niska, o ubogich glebach i gospodarce le\u015bnej by\u0142 w wiekach ubieg\u0142ych obszarem migracyjnym. Ale r\u00f3wnie\u017c by\u0142 terenem, gdzie migrowa\u0142a ludno\u015b\u0107 do Puszczy Niskowskiej z obszaru Mazowsza. Sama forma nazwiska chyba wskazuje na obszar p\u0142d wschodu, gdzie ko\u0144c\u00f3wka \u2013 ko jest rozpowszechniona. Np nasze mazowieckie nazwisko <strong>Ba\u0144ka<\/strong> tam przybiera posta\u0107 <strong>Ba\u0144ko<\/strong>. <\/span><\/p>\n<p><span style=\"font-family: Arial,sans-serif;\">\u0179r\u00f3d\u0142em <strong>Bie\u0144k\u00f3w<\/strong>\/<strong>Bi\u0144k\u00f3w<\/strong> w Warszawie i okolicach s\u0105 przede wszystkim okolice Latowicza (Iwowe) &#8211; w nik\u0142ym tylko stopniu s\u0105 tu notowani migranci z regionu Niska.<\/span><\/p>\n<p><span style=\"font-family: Arial,sans-serif;\">Latowicz, b\u0119d\u0105cy siedzib\u0105 parafii po\u0142o\u017cony jest na po\u0142udniowo wschodnim Mazowszu nad \u015awidrem, w pobli\u017cu Parysowa. Jest osad\u0105, kt\u00f3rej historia si\u0119ga XIII wieku. W \u015bredniowieczu jest na Mazowszu istotnym o\u015brodkiem miejskim, otrzymuj\u0105c w 1420 roku prawa miejskie. Rozkwit Latowicza przypada na XVI i pierwsz\u0105 po\u0142ow\u0119 XVII wieku.Utraci\u0142 je w okresie zabor\u00f3w w 1869 roku. Spowodowane to by\u0142o tak\u017ce du\u017cymi zniszczeniami w okresie potopu szwedzkiego, z\u0142ym zarz\u0105dzaniem oraz uczestnictwem mieszka\u0144c\u00f3w w powstaniu styczniowym. Dzi\u015b jest urokliwym ale sennym miasteczkiem.<\/span><\/p>\n<p><span style=\"font-family: Arial,sans-serif;\"><a href=\"http:\/\/kbinka.vipserv.org\/wp-content\/uploads\/2019\/09\/DSCN2704.jpg\"><img loading=\"lazy\" decoding=\"async\" class=\"alignnone wp-image-1185 size-full\" src=\"http:\/\/kbinka.vipserv.org\/wp-content\/uploads\/2019\/09\/DSCN2704.jpg\" alt=\"\" width=\"2272\" height=\"1704\" srcset=\"https:\/\/k.binka.pl\/wp-content\/uploads\/2019\/09\/DSCN2704.jpg 2272w, https:\/\/k.binka.pl\/wp-content\/uploads\/2019\/09\/DSCN2704-300x225.jpg 300w, https:\/\/k.binka.pl\/wp-content\/uploads\/2019\/09\/DSCN2704-768x576.jpg 768w, https:\/\/k.binka.pl\/wp-content\/uploads\/2019\/09\/DSCN2704-1024x768.jpg 1024w\" sizes=\"auto, (max-width: 2272px) 100vw, 2272px\" \/><\/a>\u00a0\u00a0 <\/span><\/p>\n<p><span style=\"font-family: Arial,sans-serif;\">Dzieci z Latowicza, 2019 rok.. <\/span><\/p>\n<p><span style=\"font-family: Arial,sans-serif;\">Nazwisko <b>Bie\u0144ko<\/b> w parafii latowickiej przybiera nieraz r\u00f3\u017cn\u0105 form\u0119 zapisu. Forma <b>Bieniak<\/b> w zasadzie jest rzadka w parafii Latowicz \u2013 przyk\u0142ad &#8211; \u015bwiadek Walenty <b>Bieniak<\/b> 1775 i Katarzyna <b>Bieniak<\/b> ur 1869. Ten pierwszy to zapewne Walenty Bie\u0144ko &#8211; cz\u0119sto \u015bwiadkuj\u0105cy, Katarzyna powinna po ojcu te\u017c przyj\u0105\u0107 nazwisko Bie\u0144ko niew\u0105tpliwie. Inny przyk\u0142ad z Budzisk k. Latowicza &#8211; matka zmar\u0142ej Franciszki Mu\u0107ko (zg 1859), c\u00f3rki Franciszka i Marianny <b>Bieniak<\/b>. Z powodu obecno\u015bci w tej wsi nazwisk <b>Bieniewski<\/b>\\<b>Bieniawski <\/b> nie jest wykluczone, \u017ce jest to jaka\u015b forma zapisu metrykalnego. Forma <b>Bieniak<\/b> by\u0142a znana, s\u0105dz\u0105c z nazwisk wsp\u00f3\u0142czesnych, przede wszystkim w okolicach Mi\u0144ska Mazowieckiego, W\u0119growa i Soko\u0142owa (dzi\u015b 550 os\u00f3b) i by\u0107 mo\u017ce na tamtym obszarze pochodzi ono tak\u017ce od nazwiska Bie\u0144ko. R\u00f3wnie\u017c w danych z Pra\u017cmowa wykazanych poni\u017cej jedno z dzieci rodzic\u00f3w Bie\u0144ko zosta\u0142o zapisane jako <b>Bieniak<\/b>. Inne przyk\u0142ady wariacji zapisu metrykalnego. Nazwisko c\u00f3rki rodzic\u00f3w Bie\u0144ko z Iwowego zapisane jest jako Ewa <b>Ba\u0144ka<\/b> (1819). R\u00f3wnie\u017c w Iwowem nazwisko Bie\u0144ko bywa\u0142o zapisywane jako <b>Bieniek\/Bieniak<\/b> w aktach urodzin (Katarzyna <b>Bieniak<\/b>, 1869, Helena <b>Bieniek<\/b>, 1783, Janusz <b>Bieniek<\/b> 1809, Janusz <b>Bieniek<\/b>&gt;, Marianna <b>Bieniek<\/b> 1809, Rozalia <b>Bieniek<\/b> 1845, R\u00f3\u017ca <b>Bieniek<\/b> 1784) i licznie (15 razy) w aktach \u015blub\u00f3w. Praktycznie wszystkie te daty (<b>Bieniek<\/b>) wywodz\u0105 si\u0119 niew\u0105tpliwie z nazwiska Bie\u0144ko z Iwowego, sk\u0105d zreszt\u0105 s\u0105 podawane. Niew\u0105tpliwy Bie\u0144ko z Iwowego zapisany jest jako Piotr <b>Bienicki<\/b> (1872). Inne formy obecne w parafii Latowicz &#8211; w zasadzie w dw\u00f3ch pobliskich Iwowemu wsiach &#8211; D\u0119be i Budziska, moim zdaniem formuj\u0105ce jedn\u0105 grup\u0119 rodzinn\u0105 &#8211; najprawdopodobniej wywodz\u0105c\u0105 si\u0119 z nazwiska Bie\u0144ko, tak\u017ce s\u0105dz\u0105c z nast\u0119pstwa dat w por\u00f3wnaniu z Iwowem. S\u0105 to nazwiska <b>Bieniewski<\/b>, <b>Bieniawski<\/b>, <b>Bieniarski<\/b> i jedyne notowania <b>Bien\u015bawski<\/b> i <b>Bienioski<\/b>. Dwa pierwsze s\u0105 wcze\u015bniej notowane ni\u017c nazwisko &gt;<b>Bieniarski<\/b> i przeplataj\u0105 si\u0119 w ci\u0105gach. <b>Bieniarski<\/b> jest zapisem m\u0142odszym i zapewne pochodnym &#8211; zreszt\u0105 te\u017c wyst\u0119puj\u0105cym w ci\u0105gach <b>Bieniewski<\/b>\/<b>Bieniawski<\/b>. Nazwisko<b> Bieniawski &#8211;<\/b> wsp\u00f3\u0142czesne centrum k. Mi\u0144ska Mazowieckiego. Ale daty, z dost\u0119pnych na razie, najstarsze z D\u0119bego k. Latowicza \u2013 Miko\u0142aj, 1798. I te\u017c z parafii latowickiej s\u0105 to starsze daty XIX &#8211; wieczne ni\u017c te, do\u015b\u0107 liczne, r\u00f3wnie\u017c XIX &#8211; wieczne z parafii Kuflew k. Mi\u0144ska (migracja na ten obszar?). Nazwisko <b>Bieniewski<\/b>, dzi\u015b rozrzucone (te\u017c ko\u0142o Mi\u0144ska) w ca\u0142ej Polsce, notowane w parafii latowickiej jest najwcze\u015bniej w 1794 roku. Nazwisk z D\u0119b\u0119go i Budzisk nie uda\u0142o mi si\u0119 jeszcze zakotwiczy\u0107 w tych z Iwowego. Kandydatem \u0142\u0105cznikowym jest 18-o letni Jan Bie\u0144ko z Iwowego urodzony w 1776 z Wojciecha i Marianny.<\/span><\/p>\n<p><span style=\"font-family: Arial,sans-serif;\">Przyk\u0142ady tych ciag\u00f3w:<\/span><br \/>\n<span style=\"font-family: Arial,sans-serif;\"><b>Grzegorz <\/b>i <b>Karolina Wielgopolanin<\/b> <\/span>&lt;<br \/>\n<span style=\"font-family: Arial,sans-serif;\">&#8230;.Franciszek Bieniarski i Ewa Piekarz (Mroczek), (akt \u015bl 29, 1858, D\u0119be)<\/span><br \/>\n<span style=\"font-family: Arial,sans-serif;\"><i>&#8230;&#8230;&#8230;.Stanis\u0142aw Bieniarski<\/i>, 1860, akt ur 91, Latowicz, Budziska.<\/span><br \/>\n<span style=\"font-family: Arial,sans-serif;\"><i>&#8230;&#8230;&#8230;.J\u00f3zefa Bieniarski<\/i>,1864, akt ur 163, Latowicz, Budziska k. Redzy\u0144skiego, zm Ewa Piekarz.<\/span><br \/>\n<span style=\"font-family: Arial,sans-serif;\"><i>&#8230;&#8230;&#8230;.Marianna Bieniarski<\/i>, 1864 akt ur 162, Latowicz, Budziska, zm Ewa Piekarz. <\/span><br \/>\n<span style=\"font-family: Arial,sans-serif;\"><b>Mateusz<\/b> (-1838?, akt zg 56, D\u0119be, lat 27) i <b>Marianna Paw\u0142owska<\/b><\/span><br \/>\n<span style=\"font-family: Arial,sans-serif;\">&#8230;.J\u00f3zef Bieniarski, 1846, akt zg 143, Latowicz, D\u0119be, lat 9.<\/span><br \/>\n<span style=\"font-family: Arial,sans-serif;\">&#8230;.Franciszka Bieniarska, 1854, akt zg 284, Latowicz, D\u0119be, lat 18.<\/span><br \/>\n<span style=\"font-family: Arial,sans-serif;\"><b>Grzegorz<\/b> i <b>Karolina Zaw\u0142ocka<\/b> (-1831, akt zg 246, Latowicz, D\u0119be)<\/span><br \/>\n<span style=\"font-family: Arial,sans-serif;\">&#8230;.Franciszek Bieniawski, 1825, akt ur 149,Latowicz, D\u0119be, G (24) i K (30) + Scholastyka Wielgopolanin (1852, akt \u015bl., 29 lat., D\u0119be, matka Karolina Zaw\u0142udka). <\/span><br \/>\n<span style=\"font-family: Arial,sans-serif;\"><i>&#8230;&#8230;&#8230;.Marianna Bieniarska<\/i>, 1856, akt zg 149, Latowicz, D\u0119be, lat 2 (Fr \u2013 k, Scholastyka Polan).<\/span><br \/>\n<span style=\"font-family: Arial,sans-serif;\">&#8230;.Marianna Bieniawski, 1829, akt ur 24,Latowicz, D\u0119be, G (24) i K Zaborska (30). <\/span><br \/>\n<span style=\"font-family: Arial,sans-serif;\"><b>Scholastyka Bieniarska<\/b> v. <b>Polanin<\/b>, 1856, akt zg 130, Latowicz, D\u0119be, lat 20, \u017cona Franciszka. C\u00f3rka Szymona i Franciszki.<\/span><br \/>\n<span style=\"font-family: Arial,sans-serif;\"><b>Mateusz<\/b> i <b>Marianna Dekarczyk<\/b><\/span><br \/>\n<span style=\"font-family: Arial,sans-serif;\">&#8230;.Franciszka Bieniawski, 1834, akt ur 154, Latowicz, D\u0119be, M(27) i M (20).<\/span><br \/>\n<span style=\"font-family: Arial,sans-serif;\">&#8230;.J\u00f3zef Bieniawski, 1837, akt ur 51, Latowicz, D\u0119be, M (28) i Mar (24).<\/span><br \/>\n<span style=\"font-family: Arial,sans-serif;\"><b>Jan<\/b> i <b>Justyna Jesie\u0144<\/b><\/span><br \/>\n<span style=\"font-family: Arial,sans-serif;\">&#8230;.Stefan Bieniewski, 19.12.1794, akt ur 5989, Latowicz, Budziska. <\/span><br \/>\n<span style=\"font-family: Arial,sans-serif;\">&#8230;.Marcella Bienioski, 12.11.1797, akt ur 6499, Latowicz, D\u0119be.<\/span><br \/>\n<span style=\"font-family: Arial,sans-serif;\"><b>Jan Bieniawski <\/b>i <b>Tekla Cubkowa<\/b>, Latowicz, D\u0119be, 26.11.1797, akt \u015bl 1489, wdowa, wdowiec.<\/span><br \/>\n<span style=\"font-family: Arial,sans-serif;\">(<b>Jan<\/b> i <b>Tekla Mucha<\/b>)<\/span><br \/>\n<span style=\"font-family: Arial,sans-serif;\">&#8230;.Miko\u0142aj Bieniawski,1798 akt ur 6625, Latowicz, D\u0119be.<\/span><br \/>\n<span style=\"font-family: Arial,sans-serif;\">&#8230;.Tomasz Bieniewski, 1799 akt ur 6845, Latowicz, D\u0119be.<\/span><br \/>\n<span style=\"font-family: Arial,sans-serif;\"><b>Mateusz Bieniewski<\/b> i <b>Marianna Dekarczyk<\/b>, Latowicz, D\u0119be (1832, akt \u015bl 49).<\/span><br \/>\n<span style=\"font-family: Arial,sans-serif;\"><b>Grzegorz Bieniawski<\/b> + <b>Jadwiga Mucha<\/b>(akt \u015bl 33, 1835, Latowicz, Budziska).<\/span><br \/>\n<span style=\"font-family: Arial,sans-serif;\"><b>Grzegorz Bieniawski<\/b> + <b>Anastazja U\u015bcie\u0144ska<\/b>&lt; (<b>Belka<\/b>\u2013 1838), Latowicz, Budzisk, (akt \u015bl 35, 1840).<\/span><br \/>\n<span style=\"font-family: Arial,sans-serif;\">&#8230;.Piotr Bieniawski, 1835, akt ur 103, Latowicz, D\u0119be, G (36) i A (35). 1836, akt zg 150, Latowicz, D\u0119be, lat 1.<\/span><br \/>\n<span style=\"font-family: Arial,sans-serif;\">&#8230;.Anna Bieniawski, 1837 akt ur 160, Latowicz, Waliska, G(36) i A (35). Anna Bieniarska,.akt zg 121, 1848, Latowicz, Budziska, lat 12, (Julianna Belkowska).<\/span><br \/>\n<span style=\"font-family: Arial,sans-serif;\"><b>Grzegorz Bien\u015bawski<\/b>, 1854, akt zg, Latowicz, D\u0119be, lat 49. Wdowiec. <\/span><br \/>\n<span style=\"font-family: Arial,sans-serif;\"><strong>Antoni<\/strong> i<strong> Franciszka Bacha\u0144ska<\/strong><\/span><br \/>\n<span style=\"font-family: Arial,sans-serif;\">&#8230;Jan Bieniawski i Weronika Dziubacka, 1860, akt \u015bl 53,\u00a0 Latowicz.<\/span><\/p>\n<p><span style=\"font-family: Arial,sans-serif;\">Najstarsze \u015blady <strong>Bie\u0144k\u00f3w<\/strong> w Iwowem, parafii latowickiej zanotowane zosta\u0142y w metrykach parafii Parys\u00f3w (metryki z Latowicza si\u0119gaj\u0105 tylko polowy XVIII w.). Odnotowany jest tam w 1686 roku \u015blub <strong>Jakuba<\/strong> <strong>Bie\u0144ko<\/strong> z Iwowego i <strong>Zofii<\/strong> <strong>\u0141ubian<\/strong> z Choin k. Parysowa. W Choinach zanotowano od 1666 roku liczn\u0105 populacj\u0119 cz\u0142onk\u00f3w rodziny \u0141ubian i tam jest niew\u0105tpliwie centrum wyst\u0119powania nazwiska. Nazwisko prawdopodobnie pochodzi od s\u0142owa \u0141ub. Jak pisze L. Herz (2022) \u0142ubem okre\u015blano \u0142yko pozyskiwane z drzew s\u0142u\u017c\u0105ce do wyrobu domowych przedmiot\u00f3w. Co ciekawe \u2013 wi\u0119kszo\u015b\u0107\u00a0 zanotowanych to kobiety. \u00a0Jednak <strong>Zofia<\/strong> urodzi\u0142a si\u0119 raczej na pewno przed t\u0105 dat\u0105 \u2013 aktu nie znalaz\u0142em. Prawdopodobnie rodzina <strong>\u0141ubian<\/strong> pojawia si\u0119 w Choinach tu\u017c przed 1665 rokiem (\u015bwiadek <strong>Piotr<\/strong> <strong>\u0141ubian<\/strong>), gdy\u017c przed t\u0105 dat\u0105 nazwisko nie jest w parafii notowane. \u00a0 <strong>Jakub<\/strong> prawdopodobnie zainteresowa\u0142 si\u0119 <strong>Zofi\u0105<\/strong> nieprzypadkowo. Najstarsze notowania <strong>Bie\u0144k\u00f3w<\/strong> w tym rejonie (ok 8 \u2013 12 km na SWW od Parysowa, chocia\u017c w innej parafii) zanotowano w\u00a0 Mi\u0119tne i R\u0119bkowie (Woli R\u0119bkowskiej k. Garwolina). W Mi\u0119tnem\u00a0 w 1611 r. zanotowano narodziny <strong>Walentego<\/strong> <strong>Bie\u0144ko<\/strong> (syna <strong>Franciszka<\/strong> i <strong>Ma\u0142gorzaty<\/strong>) oraz w 1612 r. w odleg\u0142ym o 1 km R\u0119bkowie (lub Woli R\u0119bowskiej &#8211; 4 km) <strong>Anny<\/strong> <strong>Bie\u0144ko<\/strong>, c\u00f3rki <strong>Stanis\u0142awa<\/strong> i <strong>Ewy<\/strong>. Potem nazwisko to do ko\u0144ca XVIII wieku nie jest w tych wsiach (jak te\u017c parafii Garwolin) notowane \u2013 rodziny pewnie si\u0119 gdzie\u015b przenosz\u0105 &#8211; najprawdopodobniej bli\u017cej Parysowa. By\u0107 mo\u017ce tu nale\u017cy szuka\u0107 pocz\u0105tk\u00f3w rodziny <strong>Bie\u0144ko<\/strong>. W parafii Parys\u00f3w i w nim funkcjonuj\u0105 r\u00f3wnie\u017c od lat 60 \u2013 tych XVII w. do pocz\u0105tkowych lat XVIII w. liczne rodziny <strong>Bie\u0144k\u00f3w<\/strong>. Najstarsza w latach 60 \u2013 tych i 70 &#8211; tych zanotowana jest w Kalonce (<strong>Micha\u0142<\/strong> i <strong>Marianna<\/strong>). Rodziny funkcjonuj\u0105 tam te\u017c p\u00f3\u017aniej w latach 80 \u2013 tych (<strong>Stanis\u0142aw<\/strong> i <strong>Katarzyna<\/strong>, <strong>Jan<\/strong> i <strong>Marianna<\/strong>, <strong>Bart\u0142omiej<\/strong> i <strong>Marianna<\/strong> (ci te\u017c w latach 90 \u2013 tych) i <strong>Walenty<\/strong> i <strong>Katarzyna<\/strong> (pocz\u0105tek XVIII w.). Co wi\u0119cej od lat 60 \u2013 tych do ko\u0144ca wieku nazwisko <strong>Bie\u0144ko<\/strong> notowane te\u017c jest w pobliskich \u2013 Woli Sufczy\u0144skiej (6 km \u2013 najstarsza data), Ko\u0142bieli, Lubicach, Goc\u0142awie i Gadce (s\u0105siednia parafia). S\u0105 oni niew\u0105tpliwie powi\u0105zani z tymi z Kalonki, czy te\u017c generalnie tymi z parafii Parys\u00f3w, ale znikaj\u0105 z metryk w XVIII w ((od 1667 do 1804 nie ma tam innych urodze\u0144 w parafii \u2013 zgony nie by\u0142y indeksowane. Pojawiaj\u0105 si\u0119 ponownie w 1804 roku). Przyk\u0142ady tych ci\u0105g\u00f3w rodzinnych s\u0105 podane na dole strony. Z rozk\u0142adu dat urodzin wynika, \u017ce z Kalonki (by\u0107 mo\u017ce te\u017c z okolic Ko\u0142bieli, Mi\u0119tnego i R\u0119bkowa) rodziny <strong>Bie\u0144ko<\/strong> rozesz\u0142y si\u0119 g\u0142\u00f3wnie do Parysowa (<strong>J\u00f3zef<\/strong> i <strong>Krystyna<\/strong> \u2013 od 80 \u2013 tych do pocz\u0105tku XVIII w, <strong>Andrzej<\/strong> i <strong>Ma\u0142gorzata<\/strong> \u2013 90 \u2013 te, i pozosta\u0142e notowane s\u0105 na pocz\u0105tku XVIII w \u2013 <strong>J\u00f3zef<\/strong> i <strong>Marianna<\/strong>, <strong>J\u00f3zef<\/strong> i <strong>Agnieszka<\/strong>, <strong>J\u00f3zef<\/strong> i <strong>Marcjanna<\/strong>, <strong>Jan<\/strong> i <strong>Krystyna<\/strong>. W Grzebowilku trwa te\u017c rodzina <strong>Bie\u0144ko<\/strong> w latach 80 \u2013 tych (<strong>Stanis\u0142aw<\/strong> i <strong>Marianna<\/strong>), W Woli Starogrodzkiej \u2013 <strong>Walenty<\/strong> i <strong>Marianna<\/strong> \u2013 lata 90 \u2013 te, <strong>Walenty<\/strong> i <strong>Zofia<\/strong> \u2013 prze\u0142om wieku, <strong>Walenty<\/strong> i <strong>Marianna<\/strong> \u2013 prze\u0142om wieku i pocz\u0105tek XVIII w. i <strong>Wojciech<\/strong> i <strong>Marianna<\/strong> \u2013 pocz\u0105tek XVIII w. W innych miejscowo\u015bciach notowane s\u0105 z kolei \u015bluby Pa\u0144 <strong>Bie\u0144ko<\/strong>. St\u0105d uwa\u017cam, \u017ce \u015blub <strong>Jakuba<\/strong> <strong>Bie\u0144ko<\/strong> z Iwowego w 1686 roku by\u0142 wynikiem niejako odwiedzin rodziny i zapoznania tam panny. Tym bardziej, \u017ce Iwowe by\u0142o odleg\u0142e od Parysowa zaledwie 12 km.<br \/>\nZapewne potomkami dzieci <strong>Jakuba<\/strong> i <strong>Zofii<\/strong> w Iwowem (\u015blub 1686) s\u0105 notowani w Iwowem, w parafii latowickiej &#8211; <strong>Andrzej<\/strong> (1699 &#8211; 1769), <strong>Walenty<\/strong> (1713 &#8211; 1773), <strong>J\u00f3zef<\/strong> (1707 \u2013 1773). Daty urodzin tych <strong>Bie\u0144k\u00f3w<\/strong> s\u0105 przybli\u017cone i wynikaj\u0105 z wieku podanego do aktu zgonu przez osoby trzecie. Nieraz mog\u0105 odbiega\u0107 od rzeczywisto\u015bci nawet o 10 lat. S\u0105 one mo\u017cliwe do zaakceptowania. C\u00f3rk\u0105 <b>J\u00f3zefa <\/b>(zosta\u0142by ojcem w wieku 49 lat) mog\u0142a by\u0107 <b>Agnieszka <\/b>(p\u00f3\u0142 roku), zmar\u0142a w 1756 roku, gdy\u017c innych J\u00f3zef\u00f3w do 1809 (akty zgonu) w tym czasie w Iwowem nie by\u0142o. Inna <b>Agnieszka<\/b> zm. w 1825 jako Tomaska w wieku 76 lat (zatem ur. ok. 1749 roku) jest \u017con\u0105 nieznanego Nidka i ma z nim syna \u0141ukasza, ur. ok 1783 roku. <b>Wit<\/b> (1739 &#8211; 1789), <b>Piotr<\/b> (ok 1741 &#8211; raczej 1796, chocia\u017c wiek podawany przy zgonie \u2013 50 lat \u2013 lekko k\u0142\u00f3ci si\u0119 z jego dat\u0105 \u015blubu &#8211; jednak \u015bwiadkowie przy pisaniu aktu podaj\u0105 bardzo orientacyjny wiek) i <b>Magdalena<\/b> s\u0105 najprawdopodobniej nast\u0119pnym pokoleniem. Chocia\u017c teoretycznie jest mo\u017cliwe, \u017ce oni, jak te\u017c inni (ci troch\u0119 bardziej prawdopodobnie) z akt\u00f3w \u015blubnych poni\u017cej s\u0105 ju\u017c drugim po tej tr\u00f3jce pokoleniem. W 1773 jako \u015bwiadek w jednym z akt\u00f3w pojawia si\u0119 te\u017c <strong>Adam<\/strong> <strong>Bie\u0144ko<\/strong>, pewnie brat <strong>Piotra<\/strong> i <strong>Wita<\/strong> i pozosta\u0142ych zst\u0119pnych <strong>Andrzeja<\/strong>, <strong>Walentego<\/strong> i <strong>J\u00f3zefa<\/strong>. Przedstawiciele rodziny mieli swoje gospodarstwa, a po podziale Iwowego i Lalin w XIX w na kolonie zostali kolonistami. Dwie rodziny do dzi\u015b mieszkaj\u0105 w Iwowem. <\/span><\/p>\n<p class=\"western\" lang=\"pl-PL\" align=\"JUSTIFY\"><a href=\"http:\/\/kbinka.vipserv.org\/wp-content\/uploads\/2014\/11\/iwowe-czwarty-z-lewej-za-ca-naczelnika-Jakub-Bie\u0144ko.jpg\"><img loading=\"lazy\" decoding=\"async\" class=\"alignnone size-full wp-image-374\" src=\"http:\/\/kbinka.vipserv.org\/wp-content\/uploads\/2014\/11\/iwowe-czwarty-z-lewej-za-ca-naczelnika-Jakub-Bie\u0144ko.jpg\" alt=\"iwowe czwarty z lewej za-ca naczelnika Jakub Bie\u0144ko\" width=\"800\" height=\"600\" srcset=\"https:\/\/k.binka.pl\/wp-content\/uploads\/2014\/11\/iwowe-czwarty-z-lewej-za-ca-naczelnika-Jakub-Bie\u0144ko.jpg 800w, https:\/\/k.binka.pl\/wp-content\/uploads\/2014\/11\/iwowe-czwarty-z-lewej-za-ca-naczelnika-Jakub-Bie\u0144ko-300x225.jpg 300w\" sizes=\"auto, (max-width: 800px) 100vw, 800px\" \/><\/a><\/p>\n<p><span style=\"font-family: Arial,sans-serif;\">Jakub Bie\u0144ko, syn Piotra, wnuk Stanis\u0142awa, mieszkaniec Iwowego, drugi od prawej.<\/span><\/p>\n<p align=\"JUSTIFY\"><a href=\"http:\/\/kbinka.vipserv.org\/wp-content\/uploads\/2014\/11\/Joanna-Bie\u0144ko-Iwowe-21-lat-w-2012-szkola-podst-Iwowe-kl-1997-2003.jpeg\"><img loading=\"lazy\" decoding=\"async\" class=\"alignnone size-full wp-image-378\" src=\"http:\/\/kbinka.vipserv.org\/wp-content\/uploads\/2014\/11\/Joanna-Bie\u0144ko-Iwowe-21-lat-w-2012-szkola-podst-Iwowe-kl-1997-2003.jpeg\" alt=\"Joanna Bie\u0144ko Iwowe 21 lat w 2012 szkola podst Iwowe kl 1997 - 2003\" width=\"329\" height=\"495\" srcset=\"https:\/\/k.binka.pl\/wp-content\/uploads\/2014\/11\/Joanna-Bie\u0144ko-Iwowe-21-lat-w-2012-szkola-podst-Iwowe-kl-1997-2003.jpeg 665w, https:\/\/k.binka.pl\/wp-content\/uploads\/2014\/11\/Joanna-Bie\u0144ko-Iwowe-21-lat-w-2012-szkola-podst-Iwowe-kl-1997-2003-199x300.jpeg 199w\" sizes=\"auto, (max-width: 329px) 100vw, 329px\" \/><\/a><\/p>\n<p><span style=\"font-family: Arial,sans-serif;\">Joanna Bie\u0144ko, urodzona w Iwowem.<\/span><\/p>\n<p><span style=\"font-family: Arial,sans-serif;\">Starsze daty wkraczaj\u0105ce w pierwsz\u0105 po\u0142ow\u0119 XVIII wieku \u2013 <b>Marianna<\/b> (1717 \u2013 1767) \u2013 pewnie siostra lub \u017cona AWJ oraz <b>Laurenty<\/b> Bie\u0144ko \u2013 1741 \u2013 1767, pewnie pierwsze pokolenie po AWJ. Inna leciwa data &#8211; <b>Marianna<\/b> Bie\u0144kowa \u2013 ok 1705 \u2013 1775, Iwowe i <b>Marianna<\/b> \u2013 ur ok. 1723 &#8211; zg 1789, 66 lat, Oleksianka.<\/span><\/p>\n<p class=\"western\" align=\"JUSTIFY\"><a href=\"http:\/\/kbinka.vipserv.org\/wp-content\/uploads\/2016\/04\/Stanis\u0142aw-Bie\u0144ko-syn-Franciszka-wnuk-Paw\u0142a.jpg\"><img loading=\"lazy\" decoding=\"async\" class=\"alignnone size-full wp-image-448\" src=\"http:\/\/kbinka.vipserv.org\/wp-content\/uploads\/2016\/04\/Stanis\u0142aw-Bie\u0144ko-syn-Franciszka-wnuk-Paw\u0142a.jpg\" alt=\"Stanis\u0142aw Bie\u0144ko, syn Franciszka, wnuk Paw\u0142a\" width=\"216\" height=\"281\" srcset=\"https:\/\/k.binka.pl\/wp-content\/uploads\/2016\/04\/Stanis\u0142aw-Bie\u0144ko-syn-Franciszka-wnuk-Paw\u0142a.jpg 448w, https:\/\/k.binka.pl\/wp-content\/uploads\/2016\/04\/Stanis\u0142aw-Bie\u0144ko-syn-Franciszka-wnuk-Paw\u0142a-230x300.jpg 230w\" sizes=\"auto, (max-width: 216px) 100vw, 216px\" \/><\/a><\/p>\n<p><span style=\"font-family: Arial,sans-serif;\">Stanis\u0142aw Bie\u0144ko, syn Franciszka, wnuk Paw\u0142a, mieszkaniec Iwowego.<\/span><\/p>\n<p class=\"western\" align=\"JUSTIFY\"><a href=\"http:\/\/kbinka.vipserv.org\/wp-content\/uploads\/2016\/11\/domy.jpg\"><img loading=\"lazy\" decoding=\"async\" class=\"alignnone wp-image-494\" src=\"http:\/\/kbinka.vipserv.org\/wp-content\/uploads\/2016\/11\/domy.jpg\" alt=\"domy\" width=\"974\" height=\"359\" srcset=\"https:\/\/k.binka.pl\/wp-content\/uploads\/2016\/11\/domy.jpg 1511w, https:\/\/k.binka.pl\/wp-content\/uploads\/2016\/11\/domy-300x110.jpg 300w, https:\/\/k.binka.pl\/wp-content\/uploads\/2016\/11\/domy-1024x378.jpg 1024w\" sizes=\"auto, (max-width: 974px) 100vw, 974px\" \/><\/a><\/p>\n<p class=\"western\" align=\"JUSTIFY\"><a href=\"http:\/\/kbinka.vipserv.org\/wp-content\/uploads\/2016\/04\/DSCN1879-Iwowe-dom-po-Michale-Stanis\u0142awie-Zygmuncie-Bie\u0144ko-.jpg\"><img loading=\"lazy\" decoding=\"async\" class=\"alignnone size-full wp-image-453\" src=\"http:\/\/kbinka.vipserv.org\/wp-content\/uploads\/2016\/04\/DSCN1879-Iwowe-dom-po-Michale-Stanis\u0142awie-Zygmuncie-Bie\u0144ko-.jpg\" alt=\"DSCN1879 Iwowe dom po Michale Stanis\u0142awie Zygmuncie Bie\u0144ko\" width=\"467\" height=\"350\" srcset=\"https:\/\/k.binka.pl\/wp-content\/uploads\/2016\/04\/DSCN1879-Iwowe-dom-po-Michale-Stanis\u0142awie-Zygmuncie-Bie\u0144ko-.jpg 2272w, https:\/\/k.binka.pl\/wp-content\/uploads\/2016\/04\/DSCN1879-Iwowe-dom-po-Michale-Stanis\u0142awie-Zygmuncie-Bie\u0144ko--300x224.jpg 300w, https:\/\/k.binka.pl\/wp-content\/uploads\/2016\/04\/DSCN1879-Iwowe-dom-po-Michale-Stanis\u0142awie-Zygmuncie-Bie\u0144ko--1024x768.jpg 1024w\" sizes=\"auto, (max-width: 467px) 100vw, 467px\" \/><\/a><\/p>\n<p><span style=\"font-family: Arial,sans-serif;\">Iwowe &#8211; dwa, niezamieszka\u0142e domy Bie\u0144k\u00f3w z dw\u00f3ch ga\u0142\u0119zi rodzinnych do dzi\u015b zamieszkuj\u0105cych Iwowe (zst\u0119pnych po Franciszku Bie\u0144ko &#8211; ur. 1881 i zst\u0119pnych po Michale Bie\u0144ko ur. 1884). Zdj\u0119cie 2016 rok. Jeden z nich rozebrany w 2017 roku.<\/span><\/p>\n<p><a href=\"http:\/\/kbinka.vipserv.org\/wp-content\/uploads\/2022\/05\/Iwow.jpg\"><img loading=\"lazy\" decoding=\"async\" class=\"alignnone size-full wp-image-1479\" src=\"http:\/\/kbinka.vipserv.org\/wp-content\/uploads\/2022\/05\/Iwow.jpg\" alt=\"\" width=\"588\" height=\"320\" srcset=\"https:\/\/k.binka.pl\/wp-content\/uploads\/2022\/05\/Iwow.jpg 588w, https:\/\/k.binka.pl\/wp-content\/uploads\/2022\/05\/Iwow-300x163.jpg 300w\" sizes=\"auto, (max-width: 588px) 100vw, 588px\" \/><\/a><\/p>\n<p>Potomkowie Piotra Bie\u0144ko i Doroty Duchnio oraz Zygmunta Bie\u0144ko i Teresy Luty &#8211; dzisiejsi mieszka\u0144cy Iwowego 2014 rok.<\/p>\n<p><span style=\"font-family: Arial,sans-serif;\">Jedna ze starszych dat, co wymaga wyja\u015bnienia, dotyczy <strong>Katarzyny Bie\u0144ko<\/strong> zmar\u0142ej w Iwowem w 1757, 1758, akt 15, 25, podany jest wiek 100, pewnie orientacyjny, ale pewnie musia\u0142a to by\u0107 osoba leciwa.<\/span><br \/>\n<span style=\"font-family: Arial,sans-serif;\">Drzewo genealogiczne <strong>Wita Bie\u0144ko<\/strong> skonstruowane przez Pana <\/span><span style=\"font-family: Arial,sans-serif;\"><b>Kazimierza Sabaka<\/b> zamieszczone jest w internecie \u2013 ale nie jest to ga\u0142\u0105\u017a warszawska. Wnios\u0142em jedynie do niego niewielkie uzupe\u0142nienia.<\/span><\/p>\n<p><span style=\"font-family: Arial,sans-serif;\">Walenty wyst\u0119puje cz\u0119sto jako \u015bwiadek w innych aktach z parafi Latowicz:<\/span><br \/>\n<span style=\"font-family: Arial,sans-serif;\">1755,<strong> Leszek Marczak<\/strong> i <strong>Katarzyna \u015awieczonka<\/strong>, (Latowicz, Strachomin), \u015bwiadek <strong><span style=\"text-decoration: underline;\">Bieniak Walenty<\/span><\/strong> i <strong>Midek Jan<\/strong>.<\/span><span style=\"font-family: Arial,sans-serif;\"><span style=\"font-size: small;\"><i>.<\/i><\/span><\/span><br \/>\n<span style=\"font-family: Arial,sans-serif;\">1760, <strong>Szymon \u015awieczka<\/strong> i <strong>Antonina Wiechete<\/strong>k, Redzy\u0144skie, Strachomin, \u015bwiadek <strong><span style=\"text-decoration: underline;\">Walenty Bie\u0144ko<\/span><\/strong> (Iwowe) i <strong>Dzi\u0119cio\u0142 Marcin<\/strong> (Strachomin).<\/span><br \/>\n<span style=\"font-family: Arial,sans-serif;\">1760, <strong>Piotr Reda<\/strong> i <strong>Dorota \u015awieczszczanka<\/strong>, (Strachomin, Latowicz), \u015bwiadek <strong><span style=\"text-decoration: underline;\">Walenty Bie\u0144ko<\/span><\/strong> (Iwowe) i <strong>Dzi\u0119cio\u0142 Jakub<\/strong> (Latowicz).<\/span><br \/>\n<span style=\"font-family: Arial,sans-serif;\">1763, <strong>Jakub Okrzeja<\/strong> i <strong>Antonina P\u0119sk\u00f3wna<\/strong>, (Laliny, Iwowe), \u015bwiadek <strong><span style=\"text-decoration: underline;\">Walenty Bie\u0144ko<\/span><\/strong> (Iwowe), inni \u015bwiadkowie z Iwowego.<\/span><br \/>\n<span style=\"font-family: Arial,sans-serif;\">1764, <strong>Maciej Kosu<\/strong>t i <strong>Agata Nalewayczanka<\/strong> (Iwowe, Strachocin), \u015bwiadek <strong><span style=\"text-decoration: underline;\">Walenty Bie\u0144ko <\/span><\/strong>i trzej inni \u015bwiadkowie.<\/span><br \/>\n<span style=\"font-family: Arial,sans-serif;\">1765, <strong>Marcin Bie\u0144ko<\/strong> i <strong>Ma\u0142gorzata Skorupianka<\/strong>, (Iwowe), \u015bwiadek <span style=\"text-decoration: underline;\"><strong>Walenty Bie\u0144ko<\/strong>.<\/span><br \/>\n<span style=\"font-family: Arial,sans-serif;\">1768, <strong>Grzegorz Rogala<\/strong> i <strong>Katarzyna Sztynczanka<\/strong>, (Iwowe), <span style=\"text-decoration: underline;\"><strong>Walenty Bie\u0144k<\/strong>o.<\/span><br \/>\n<span style=\"font-family: Arial,sans-serif;\">1768, <strong>Piotr Sabak<\/strong> i <strong>Magdalena Bie\u0144k\u00f3wna<\/strong>, (Laliny, Iwowe), \u015bwiadek <span style=\"text-decoration: underline;\"><strong>Walenty<\/strong> <strong>Bie\u0144ko<\/strong>.<\/span><\/span><br \/>\n<span style=\"font-family: Arial,sans-serif;\">1769, <strong>Kazimierz Markosik<\/strong> (?) i <strong>Krystyna Skorupianka<\/strong>, (Iwowe), \u015bwiadek <span style=\"text-decoration: underline;\"><strong>Walenty<\/strong> <strong>Bie\u0144ko<\/strong>.<\/span><\/span><br \/>\n<span style=\"font-family: Arial,sans-serif;\">Jako \u015bwiadek, ale na \u015blubach <strong>Bie\u0144k\u00f3w<\/strong> pojawia si\u0119 <strong>Walenty Bie\u0144ko<\/strong> w 1768 i 1765.<\/span><\/span><\/span><\/p>\n<p class=\"western\" lang=\"pl-PL\"><a href=\"http:\/\/kbinka.vipserv.org\/wp-content\/uploads\/2015\/06\/016.jpg\"><img loading=\"lazy\" decoding=\"async\" class=\"alignnone size-full wp-image-404\" src=\"http:\/\/kbinka.vipserv.org\/wp-content\/uploads\/2015\/06\/016.jpg\" alt=\"016\" width=\"1133\" height=\"208\" srcset=\"https:\/\/k.binka.pl\/wp-content\/uploads\/2015\/06\/016.jpg 1133w, https:\/\/k.binka.pl\/wp-content\/uploads\/2015\/06\/016-300x55.jpg 300w, https:\/\/k.binka.pl\/wp-content\/uploads\/2015\/06\/016-1024x187.jpg 1024w\" sizes=\"auto, (max-width: 1133px) 100vw, 1133px\" \/><\/a><\/p>\n<p><span style=\"font-family: Arial,sans-serif;\">Zapis metrykalny \u015blubu <strong>Piotra Bie\u0144ko<\/strong> z Iwowego i <strong>Salomei Cygan<\/strong> z Transboru.\u00a0 11.2.1759 rok. \u015awiadkowie &#8211; <strong>Tomasz \u015awieczka<\/strong> i <strong>Piotr Kosut.<\/strong><\/span><\/p>\n<p><span style=\"font-family: Arial,sans-serif;\">Najstarsi przedstawiciele <strong>Bie\u0144k\u00f3w<\/strong> z Iwowego <strong>Jakub Bie\u0144ko<\/strong> oraz <strong>Andrzej<\/strong>, <strong>Walenty <\/strong>i <strong>J\u00f3zef <\/strong>&#8211; dali pocz\u0105tek kilku liniom genealogicznym \u2013 bezpo\u015brednio \u2013 lub by\u0107 mo\u017ce jeszcze przez nieznane z imienia dzieci. Te linie niew\u0105tpliwie mo\u017cna powi\u0105za\u0107 z nimi, ale na razie ich nast\u0119pstwo nie zosta\u0142o ustalone.. Pierwsza linia genealogiczna \u2013 <strong>Piotra <\/strong>i <strong>Salomei <\/strong>\u2013 ich syn <strong>Karol <\/strong>\u2013 migruje oko\u0142o 1809 roku do W-wy i daje pocz\u0105tek Bie\u0144kom warszawskim. Skr\u00f3t KS \u2013 <b>Kazimierz Sabak<\/b>.<\/span><\/p>\n<p><span style=\"font-family: Arial,sans-serif;\"><strong>Pierwsza linia genealogiczna<\/strong><\/span><br \/>\n<span style=\"font-family: Arial,sans-serif;\"><b>PIOTR BIE\u0143KO <\/b>(ur 1741, zm 28.3.1796, KS) i <b>SALOMEA CYGAN\u00d3WNA <\/b>(ur 1743, zm 3.1.1798. KS), 1759, akt \u015bl 94, (Latowicz, Iwowe, Transb\u00f3r)<\/span><br \/>\n<span style=\"font-family: Arial,sans-serif;\">Ich dzieci:<\/span><br \/>\n<span style=\"font-family: Arial,sans-serif;\"><b>Ewa Bie\u0144ko<\/b>, akt ur 505, 1759, Latowicz, Iwowe.<\/span><br \/>\n<span style=\"font-family: Arial,sans-serif;\"><b>Marianna Bie\u0144ko<\/b>, akt ur 865, 1762, Latowicz, Iwowe. <\/span><br \/>\n<span style=\"font-family: Arial,sans-serif;\"><b>Benedykt Bie\u0144ko<\/b>, akt ur 1263, 1765, Latowicz, Iwowe + 1792, akt \u015bl 1224, Teresa Woytasik\u00f3wna, (Latow., Iwowe) + 1796.5.21, akt \u015bl. 1412, <b>Katarzyna Sztynczyna<\/b> (Pazura), (Latow., Iwowe). Wdowa, wdowiec, \u015bwiadek Skorupa Micha\u0142.<\/span><br \/>\n<span style=\"font-family: Arial,sans-serif;\">&#8230;..Brygida Bie\u0144ko, akt ur 5658, 17.3.1793, Latowicz, Iwowe, (po Teresie).<\/span><br \/>\n<span style=\"font-family: Arial,sans-serif;\">&#8230;..Apolinary Bie\u0144ko, akt ur 6439, 22.7.1797, Latowicz, Iwowe.<\/span><br \/>\n<span style=\"font-family: Arial,sans-serif;\">&#8230;..Walenty Bie\u0144ko, akt ur 7059,1800, akt zg 256, 1831, Latowicz, Iwowe, lat 34 + Julianna? Pazura (KS).<\/span><br \/>\n<span style=\"font-family: Arial,sans-serif;\">&#8230;&#8230;&#8230;.<em> Pawe\u0142 Bie\u0144ko<\/em> akt ur 65, 3.4.1826, Latowicz, Iwowe (W27 J25) (akt zg 159, 1826, Latowicz, Iwowe, lat 4).<\/span><br \/>\n<span style=\"font-family: Arial,sans-serif;\">&#8230;&#8230;&#8230;.<em>Marianna Bie\u0144ko<\/em> akt ur 102, 30.6.1829, Latowicz, Iwowe, (W31, J28), (akt zg 241, 1831, lat 2,5 Latowicz, Iwowe.<\/span><br \/>\n<span style=\"font-family: Arial,sans-serif;\">&#8230;..Gertruda Bie\u0144ko,\u00a0akt ur 0, 15.11.1802, Latowicz, Iwowe.<\/span><br \/>\n<span style=\"font-family: Arial,sans-serif;\"><b>Fryderyk Bie\u0144ko<\/b>, akt ur 1691,1768, Latowicz, Iwowe.<\/span><br \/>\n<span style=\"font-family: Arial,sans-serif;\"><b>Benedykt Bie\u0144ko ?, <\/b>ok 1768, zg 1775,\u00a0Latowicz, Iwowe, ojciec Piotr.<\/span><br \/>\n<span style=\"font-family: Arial,sans-serif;\"><b>Agnieszka Bie\u0144ko<\/b>, akt ur 2114,1771,Latowicz,\u00a0 Iwowe.<\/span><br \/>\n<span style=\"font-family: Arial,sans-serif;\"><b>Scholastyka Bie\u0144ko<\/b>, akt ur 2501,1774,\u00a0Latowicz, Iwowe, akt zg 76, 23.8.1825,\u00a0 Latowicz, Iwowe + (akt \u015bl 1328?, 1795) <b>W\u0142adys\u0142aw K\u0119pkowicz<\/b>, Latowicz, Iwowe. Podobno 4-ch syn\u00f3w, 4 c\u00f3rki?<\/span><br \/>\n<span style=\"font-family: Arial,sans-serif;\"><b>Wincenty Bie\u0144ko<\/b><\/span><span style=\"font-family: Arial,sans-serif;\">, akt ur 2914, 1777, Latowicz, Iwowe, <\/span><span style=\"font-family: Times New Roman,serif;\"><span style=\"font-family: Arial,sans-serif;\"><span style=\"font-weight: normal;\"><span style=\"background: transparent;\">1777 Latowicz, Iwowe.<\/span><\/span><\/span><\/span><br \/>\n<span style=\"font-family: Arial,sans-serif;\"><b>Karol Bie\u0144ko<\/b>, akt ur 3156, 1778, Latowicz, Iwowe \u2013 <span style=\"text-decoration: underline;\">zst\u0119pni w Warszawie po Karolu na odr\u0119bnej stronie<\/span>.<\/span><\/p>\n<p class=\"western\" lang=\"pl-PL\"><a href=\"http:\/\/kbinka.vipserv.org\/wp-content\/uploads\/2015\/06\/333.jpg\"><img loading=\"lazy\" decoding=\"async\" class=\"alignnone size-full wp-image-406\" src=\"http:\/\/kbinka.vipserv.org\/wp-content\/uploads\/2015\/06\/333.jpg\" alt=\"333\" width=\"1027\" height=\"164\" srcset=\"https:\/\/k.binka.pl\/wp-content\/uploads\/2015\/06\/333.jpg 1027w, https:\/\/k.binka.pl\/wp-content\/uploads\/2015\/06\/333-300x47.jpg 300w, https:\/\/k.binka.pl\/wp-content\/uploads\/2015\/06\/333-1024x163.jpg 1024w\" sizes=\"auto, (max-width: 1027px) 100vw, 1027px\" \/><\/a><\/p>\n<p><span style=\"font-family: Arial,sans-serif;\">15.11.1778. Akt narodzin Karola Bie\u0144ko, syna Piotra Bie\u0144ko i Salomei Cygan. Chrzestni &#8211; Antoni Nidkiewicz i Ewa Bojankowa.<\/span><\/p>\n<p><span style=\"font-family: Arial,sans-serif;\">Je\u015bli chodzi o nazwisko rodowe \u017cony <b>Piotra<\/b> &#8211; <b>Cygan<\/b> &#8211; Pan Kazimierz Sabak pisze: W pocz\u0105tkowym okresie rodziny Cygan wyst\u0119puj\u0105 w Bor\u00f3wku, Transborze i Wielgolesie (wok\u00f3\u0142 Latowicza &#8211; KB), ale najstarszymi z tego rodu s\u0105 Micha\u0142 z 1690 roku zmar\u0142y w Lalinach, Wojciech z 1701 roku zmar\u0142y w Iwowem, Miko\u0142aj z 1704 roku zmar\u0142y w Redzy\u0144skiem oraz Antoni z 1707 roku zmar\u0142y w Chy\u017cynach,,. Mo\u017cna z tego wyci\u0105gn\u0105\u0107 wnioski, \u017ce w tych miejscowo\u015bciach wcze\u015bniej r\u00f3wnie\u017c zamieszkiwa\u0142y te rodziny, a wi\u0119c wyst\u0119powa\u0142y na tym terenie do\u015b\u0107 liczne i od dawna.<\/span><\/p>\n<p><span style=\"font-family: Arial,sans-serif;\">Samo nazwisko Cygan mo\u017cna wi\u0105za\u0107 z Cyganami, ale przybierali je nieraz \u017bydzi. Gdyby by\u0142o pochodzenia cyga\u0144skiego to by\u0142aby to bardzo stara migracja Cygan\u00f3w, usuni\u0119tych z Niemiec edyktem z 1577 roku. Salomea Cygan\u00f3wna pochodzi oczywi\u015bcie z pobliskiego Transboru (<i>wymienione miejscowo\u015bci po\u0142o\u017cone s\u0105 ko\u0142o Iwowego<\/i>). Mo\u017cna z tego wyci\u0105gn\u0105\u0107 wnioski, \u017ce w tych miejscowo\u015bciach wcze\u015bniej r\u00f3wnie\u017c zamieszkiwa\u0142y te rodziny, a wi\u0119c wyst\u0119powa\u0142y na tym terenie do\u015b\u0107 liczne i od dawna. Zdaniem seniora, zmar\u0142ego w tym roku 92 letniego Henryka Bi\u0144ka, syna J\u00f3zefa, w rodzinie, kt\u00f3rej mia\u0142 du\u017cy ogl\u0105d zdarza\u0142a si\u0119 w familii co pewien czas cyga\u0144ska uroda.<\/span><\/p>\n<p><span style=\"font-family: Arial,sans-serif;\"><b>Iwowe<\/b> \u2013 (internet) W latach 1526-1795 wie\u015b nale\u017ca\u0142a do starostwa latowickiego. W latach 1795-1809 by\u0142a pod zaborem austriackim. Od 1809 w Ksi\u0119stwie Warszawskim, guberni warszawskiej. W latach 1870-1954 nale\u017ca\u0142a do gminy Iwowe, a w latach 1955-1972 do Gromadzkiej Rady Narodowej w Iwowem. Wie\u015b wzmiankowano po raz pierwszy w 1525. W 1565 powierzchnia grunt\u00f3w wynosi\u0142a 36 w\u0142\u00f3k i 63 gospodarstwa. We wsi by\u0142a karczma. W 1613 by\u0142o w niej 46 dom\u00f3w. Podczas wojen szwedzkich wie\u015b zosta\u0142a spalona (pozosta\u0142a jedynie karczma). W 1789 we wsi by\u0142y 44 domy. W 1827 wie\u015b liczy\u0142a 46 dom\u00f3w i 280 mieszka\u0144c\u00f3w. W 1870 utworzono gmin\u0119 Iwowe (istnia\u0142a do 1975). W 1880 po po\u017carze wioski pozosta\u0142o 40 dom\u00f3w. W 2 po\u0142. XIX wieku powsta\u0142a szko\u0142a elementarna.Podczas II wojny \u015bwiatowej mieszka\u0144cy wioski dzia\u0142ali w AK. W dniach 24 i 25 lutego 1944 mia\u0142a miejsce akcja odwetowa Niemc\u00f3w za pr\u00f3b\u0119 odbicia wi\u0119\u017ani\u00f3w ze szko\u0142y-wi\u0119zienia w Latowiczu. W odwecie zamordowani zostali: Bronis\u0142aw Kosut, Jan Kosut, W\u0142adys\u0142aw Kosut, Kazimierz Ositek, Jan Pazura, Henryk Zaborowski, Jan Bie\u0144ko. Nazwa wsi odnosi\u0142a si\u0119 do miejsca gdzie ros\u0142y wierzby iwy. Jest to tylko pierwszy cz\u0142on nazwy, kt\u00f3ra pierwotnie brzmia\u0142a zapewne \u201eIwowe Bagno\u201d lub \u201eIwowe B\u0142ota\u201d i odnosi\u0142 si\u0119 do rozci\u0105gaj\u0105cych w okolicy mokrade\u0142, na kt\u00f3rych ros\u0142y wierzby.<\/span><\/p>\n<p><img decoding=\"async\" src=\"http:\/\/kbinka.vipserv.org\/wp-content\/uploads\/2013\/12\/XXIV-11_1911-Iwowe-crop.jpg\" alt=\"Iwowe 1911\" \/><br \/>\n<span style=\"font-family: Arial,sans-serif;\">Iwowe w roku 1911<\/span><br \/>\n<img decoding=\"async\" src=\"http:\/\/kbinka.vipserv.org\/wp-content\/uploads\/2013\/12\/Carte-von-West-Gallizien-von-Heldensfeld-1801-1804-crop.jpg\" alt=\"Mapa Heldensfelda 1801-1804\" \/><br \/>\n<span style=\"font-family: Arial,sans-serif;\">Mapa Heldensfelda 1801-1804<\/span><br \/>\n<img decoding=\"async\" src=\"http:\/\/kbinka.vipserv.org\/wp-content\/uploads\/2013\/12\/Iwowo-z-przejazdu-DSCN91151.jpg\" alt=\"\" \/><\/p>\n<p><span style=\"font-family: Arial,sans-serif;\"><b>Transb\u00f3r <\/b>internet &#8211; Pierwsze wzmianki o wsi pojawi\u0142y si\u0119 w 1516 r. pod nazw\u0105 \u201e<i>Trambiczbor<\/i>\u201d. W 1565 r. by\u0142o tu 26 gospodarstw i karczma. W 1613 r. \u2013 27 gospodarstw. Wie\u015b zosta\u0142a zniszczona podczas wojen szwedzkich i w 1660 r. by\u0142o tylko 8 dom\u00f3w. Z 16 \u00bd w\u0142\u00f3ki grunt\u00f3w rolnych obsiano tylko 2 \u00bd. W 1789\u00a0r. we wsi by\u0142o 29 dom\u00f3w. W 1827 r. liczy\u0142a ona 43 domy i 273 mieszka\u0144c\u00f3w. W po\u0142owie XIX w. po po\u017carze, wie\u015b uleg\u0142a rozproszeniu, powsta\u0142y dzielnice: Milucin i W\u0142adymirskie. W 1880 r. Transb\u00f3r liczy\u0142 74 domy i 450 mieszka\u0144c\u00f3w, Milucin \u2013 27 dom\u00f3w i 160 mieszka\u0144c\u00f3w, W\u0142adymirskie \u2013 20 dom\u00f3w i 120 mieszka\u0144c\u00f3w. Etymologia &#8211; nazwa Transb\u00f3r brzmia\u0142a niegdy\u015b <i>Tr\u0119byczbor<\/i> (w 1540 r. zapisano Tr\u0105byczbor, w 1565 r. &#8211; Trembiczbor, w 1569 r. &#8211; Trebiczboczku , w 1576 r. &#8211; Trebiczbor, w 1613\u00a0r. &#8211; Trembizbor, w 1660 r. &#8211; Trembiczbor, 1662 r. &#8211; Tr\u0119bidzbor, a od 1765 r. zapisywano Transb\u00f3r lub Tranzbor) i sugeruje, \u017ce w tym miejscu trzebiono czyli wycinano las.<br \/>\nZabytki &#8211; kaplica pw. \u015aw. Franciszka, murowana, z czerwonej ceg\u0142y, wzniesiona w 1905\u00a0r. na miejscu karczmy, kt\u00f3ra sp\u0142on\u0119\u0142a. Wewn\u0105trz w barokowym o\u0142tarzu obraz \u015aw. Franciszek zdejmuj<\/span><span style=\"font-size: medium;\">\u0105cy cia\u0142o Chrystusa z krzy\u017ca.<\/span><\/p>\n<p><span style=\"font-family: Arial,sans-serif;\"><strong>Druga linia genealogiczna<\/strong><\/span><br \/>\n<span style=\"font-family: Arial,sans-serif;\">&#8230;&#8230;&#8230;&#8230;&#8230;&#8230;&#8230;&#8230;&#8230;&#8230;&#8230;&#8230;&#8230;&#8230;&#8230;&#8230;&#8230;..<\/span><\/p>\n<p><span style=\"font-family: Arial,sans-serif;\">1762, akt \u015bl 182, <b>KILIAN BIE\u0143KO<\/b> i <b>ZOFIA WOYT\u00d3WNA<\/b>, Latowicz, (Bor\u00f3wek, parafia Parys\u00f3w). <\/span><\/p>\n<p><span style=\"font-family: Arial,sans-serif;\">&#8230;&#8230;&#8230;&#8230;&#8230;&#8230;&#8230;&#8230;&#8230;&#8230;&#8230;&#8230;&#8230;&#8230;&#8230;&#8230;&#8230;&#8230;&#8230;&#8230;&#8230;&#8230;&#8230;&#8230;&#8230;&#8230;&#8230;..<\/span><\/p>\n<p><span style=\"font-family: Arial,sans-serif;\"><strong>Trzecia linia genealogiczna<\/strong><\/span><br \/>\n<span style=\"font-family: Arial,sans-serif;\">akt \u015bl 283, 27.01.1765, Latowicz, Iwowe, <b>WIT BIE\u0143KO <\/b>(ok. 1729 \u2013 1789) i <b>MARIANNA PIENIAK\u00d3WNA <\/b>(ur ok 1736 &#8211; 1816). <\/span><\/p>\n<p><span style=\"font-family: Arial,sans-serif;\"><span style=\"font-size: small;\"> ,,27.01.1765 roku zwi\u0105zek ma\u0142\u017ce\u0144ski zawarli te\u017c: Marcin Bie\u0144ko z Ma\u0142gorzat\u0105 Skorupa, Wit Bie\u0144ko z Mariann\u0105 Pieniak i Krzysztof K\u0119pkowicz z Rozalia Skorupa. Trzy \u015bluby jednego dnia spokrewnionych Bie\u0144k\u00f3w i Skorupianek (KS).,, Jak wyka\u017c\u0119 to p\u00f3\u017aniej, krewny jednego z K\u0119pkowicz\u00f3w o\u017ceniony z Scholastyk\u0105 Bie\u0144ko (siostr\u0105 Karola Bie\u0144ko) jest najprawdopodobniej promotorem jego przenosin do Babic.<\/span><\/span><br \/>\n<span style=\"font-family: Arial,sans-serif;\">Dzieci:<\/span><br \/>\n<span style=\"font-family: Arial,sans-serif;\"><b>Katarzyna Bie\u0144ko,<\/b> akt ur 1430, 1766, zg 1773, Latowicz, Iwowe.<\/span><br \/>\n<span style=\"font-family: Arial,sans-serif;\"><b>Klemens Bie\u0144ko,<\/b> akt ur 1803, 1768, zg 1777, Latowicz, Iwowe.<\/span><br \/>\n<span style=\"font-family: Arial,sans-serif;\"><b>Dominik Bie\u0144ko,<\/b> akt ur 2168, 1771, zg 1773, Latowicz, Iwowe.<\/span><br \/>\n<span style=\"font-family: Arial,sans-serif;\"><b>Jakub Bie\u0144ko,<\/b> akt ur 2546, 1774, Latowicz Iwowe + <b>Pelagia Rogala<\/b> (akt zg 110, 1843, Latowicz Iwowe lat 60).\u00a0<\/span><br \/>\n<span style=\"font-family: Arial,sans-serif;\">&#8230;..Stanis\u0142aw Bie\u0144ko, akt ur 7067, 20.11.1800, Latowicz, Iwowe akt zg 133, 1862, Latowicz, Latowicz + Marianna Kosut (ur 1801, Latowicz, Iwowe, akt zg 19, 1857, Latowicz, Latowicz,) z Iwowego, akt \u015bl. 9, 1820, Latowicz, Iwowe, c\u00f3rka Marcina i Marianny P\u0119\u015bko.<\/span><br \/>\n<span style=\"font-family: Arial,sans-serif;\">&#8230;&#8230;&#8230;.<i>Anastazja Bie\u0144ko<\/i>, akt ur 72, 13.4.1823, Latowicz, Iwowe,\u00a0 (S \u2013 22, M \u2013 20).<\/span><br \/>\n<span style=\"font-family: Arial,sans-serif;\">&#8230;&#8230;&#8230;.<i>Jan Bie\u0144ko<\/i>, akt ur 100, 14.6.1826,\u00a0 Latowicz, Iwowe, (S \u2013 26, M \u2013 24) + <em>J\u00f3zefa Kwiatka<\/em> (<em>Kwiatkowska<\/em>, <em>Kaniewska<\/em>), (akt \u015bl 24,\u00a0 13.5.1855, Latowicz, Iwowe, r. \u017c. \u2013 Jan Kwiatkowski i Katarzyna Dudzi\u0144ska). KS &#8211; J\u00f3zefa ur w D\u0142ugok\u0105tach k. Skierniewic \u2013 1819 &#8211; by\u0142a wdow\u0105 po Wojciechu Kaniewskim zm w D\u0142ugok\u0105tach. Jej rodzice wraz z trojgiem dzieci przybyli z Rawszczyzny i zakupili w Lalinach i na Kresach dwie kolonie, akt zg 47, 1894, 68 lat, Pustelnik, W\u00f3lka Konstancja.<\/span><br \/>\n<span style=\"font-family: Arial,sans-serif;\"><span style=\"font-size: small;\">&#8230;&#8230;&#8230;&#8230;&#8230;&#8230;Rozalia Bie\u0144ko, akt ur 17, 8.2.1856, Latowicz, Iwowe, (Ja 30, J \u2013 29). Akt zg 31, 1865, Pustelnik, 9 l.<\/span><\/span><br \/>\n<span style=\"font-family: Arial,sans-serif;\"><span style=\"font-size: small;\">&#8230;&#8230;&#8230;&#8230;&#8230;&#8230;J\u00f3zef Bie\u0144ko, akt ur 161, 21.8.1859,, Latowicz,\u00a0 Iwowe, (Jan 35, J\u00f3 32). Akt zg 27, 1862, Pustelnik, W\u00f3lka, 3 l.<\/span><\/span><br \/>\n<span style=\"font-family: Arial,sans-serif;\"><span style=\"font-size: small;\">&#8230;&#8230;&#8230;&#8230;&#8230;&#8230;Ewa Bie\u0144ko, akt ur 84,1863,, Pustelnik, W\u00f3lka Wybraniecka. Akt zg 57, 1899, Pustelnik, Go\u017adzi\u00f3wka, 40, l.<\/span><\/span><br \/>\n<span style=\"font-family: Arial,sans-serif;\"><span style=\"font-size: small;\">&#8230;&#8230;&#8230;&#8230;&#8230;&#8230;Marianna Bie\u0144ko akt ur 72, 1867, W\u00f3lka, akt zg 2 1869, 1 r 2 m, \u0141adzy\u0144.<\/span><\/span><br \/>\n<span style=\"font-family: Arial,sans-serif;\">&#8230;&#8230;&#8230;.<i>Martyna Bie\u0144ko<\/i>, akt or 11,16.1.1829, Latowicz, Iwowe, (S 28, M 24) + akt \u015bl 20,1857.7.12,\u00a0 Kacper Gac z Kienk\u00f3wki (KS), Latowicz, Iwowe, r.m. &#8211; Grzegorz Gac i Franciszka Zadro\u017cna.<\/span><br \/>\n<span style=\"font-family: Arial,sans-serif;\">&#8230;&#8230;&#8230;.<i>J\u00f3zefa Bie\u0144ko<\/i>, akt ur 37, 12.3.1833, (St 30, Marianna Kusu\u0142a 30) + Micha\u0142 Gac (KS) z Kienk\u00f3wki, brat Kacpra, akt \u015bl 2, 16.1.1860, Latowicz, Iwowe (J\u00f3zefa Bieniek).<\/span><br \/>\n<span style=\"font-family: Arial,sans-serif;\">&#8230;&#8230;&#8230;.<i>Wojciech Bie\u0144ko<\/i>, akt ur 76, 9.4.1837 , (37 30) (akt zg 12, 1838, 9 m., Iwowe).<\/span><br \/>\n<span style=\"font-family: Arial,sans-serif;\">&#8230;&#8230;&#8230;.<i>Kazimierz Bie\u0144ko<\/i>, akt ur 35, 26.2.1842, Latowicz, Iwowe,\u00a0 (S-42, M-32) + Karolina Kosut akt \u015bl. 5, 27.1.1862, Latowicz, Iwowe, r. \u017cony Adam Kossuth i Helena Osuch).<\/span><br \/>\n<span style=\"font-family: Arial,sans-serif;\"><span style=\"font-size: small;\">&#8230;&#8230;&#8230;&#8230;&#8230;&#8230;Weronika Bie\u0144ko, akt ur 235, 12.11.1862, Latowicz, Iwowe, (21 23) \u2013 KS + akt \u015bl 41, 1883, Latowicz, Iwowe,\u00a0 Wojciech Szel\u0105g z \u0141uk\u00f3wca, syn Ignacego i Marianny Parobczyk i za\u0142o\u017cyli tam rodzin\u0119. Ich syn Wiktor o\u017ceni\u0142 si\u0119 w 1921 roku z Stanis\u0142aw\u0105 Sabak z Iwowego (w \u0141uk\u00f3wcu ur-\u0142o si\u0119 im 3 dzieci i w Iwowem nast\u0119pne troje) KS. <\/span><\/span><br \/>\n<span style=\"font-family: Arial,sans-serif;\"><span style=\"font-size: small;\">&#8230;&#8230;&#8230;&#8230;&#8230;&#8230;&#8230;&#8230;.<i>Wiktor Szel\u0105g<\/i>\u00a0 akt ur 17, 1889, Jeruzal, \u0141uk\u00f3wiec,<\/span><\/span><br \/>\n<span style=\"font-family: Arial,sans-serif;\"><span style=\"font-size: small;\">&#8230;&#8230;&#8230;&#8230;&#8230;&#8230;Teofil Bie\u0144ko, akt ur 262, 15.11.1864, Latowicz, Iwowe, akt zg 153, 1891, Latowicz, Iwowe, (23 24) + KS \u2013 akt \u015bl 35, 1887 , Latowicz, Wielgolas, Katarzyna Kempkowicz, <\/span><\/span><br \/>\n<span style=\"font-family: Arial,sans-serif;\"><span style=\"font-size: small;\">&#8230;&#8230;&#8230;&#8230;&#8230;&#8230;&#8230;&#8230;.<i>Weronika Bie\u0144ko<\/i>, akt ur 44, 21.2.1890, Latowicz, Iwowe, (25 24).Akt zg 135, 1890, Latowicz, Iwowe.<\/span><\/span><br \/>\n<span style=\"font-family: Arial,sans-serif;\"><span style=\"font-size: small;\">&#8230;&#8230;&#8230;&#8230;&#8230;&#8230;&#8230;&#8230;.<i>Aleksandra Bie\u0144ko<\/i>, akt ur 236, 9.11.1891, Latowicz, Iwowe, (T 27 lat, K \u2013 23) + akt \u015bl. 67,1911 Latowicz, Iwowe, Piotr Miernicki, (ur 1889), z W\u00f3lki R\u00f3\u017ca\u0144skiej, syn Jana i Anny Wi\u0119ckowskiej.<\/span><\/span><br \/>\n<span style=\"font-family: Arial,sans-serif;\"><span style=\"font-size: small;\">&#8230;&#8230;&#8230;&#8230;&#8230;&#8230;Julianna Bie\u0144ko, akt ur 44, 5.2.1867, Latowicz, Iwowe, (Kaz \u2013 26 Kar 27) + akt \u015bl 34, 15. 03.1887 Latowicz, Iwowe, Piotr Jaworski, (ur 1863), z Wielgolasu, syn Franciszka i El\u017cbiety G\u00f3rskiej. \u015alub tego samego dnia jak brata Teofila. 5 \u2013 o dzieci.<\/span><\/span><br \/>\n<span style=\"font-family: Arial,sans-serif;\"><span style=\"font-size: small;\">&#8230;&#8230;&#8230;&#8230;&#8230;&#8230;&#8230;&#8230;.<i>Marianna Jaworska<\/i>, akt ur 173,1889 Latowicz, Iwowe.<\/span><\/span><br \/>\n<span style=\"font-family: Arial,sans-serif;\"><span style=\"font-size: small;\">&#8230;&#8230;&#8230;&#8230;&#8230;&#8230;&#8230;&#8230;.<i>Helena Jaworska<\/i>, akt ur 159, 1893 Latowicz, Iwowe.<\/span><\/span><br \/>\n<span style=\"font-family: Arial,sans-serif;\"><span style=\"font-size: small;\">&#8230;&#8230;&#8230;&#8230;&#8230;&#8230;&#8230;&#8230;.<i>Weronika Jaworska<\/i>, akt ur 245,1896 Latowicz, Iwowe, + <\/span><\/span><span style=\"font-family: Arial,sans-serif;\"><span style=\"font-size: small;\"><i>Miko\u0142aj Batatujew<\/i> ze Stanisk.<\/span><\/span><br \/>\n<span style=\"font-family: Arial,sans-serif;\"><span style=\"font-size: small;\">&#8230;&#8230;&#8230;&#8230;&#8230;&#8230;&#8230;&#8230;.<i>J\u00f3zefa Jaworska<\/i>, akt ur 52,1901 Latowicz, Iwowe..<\/span><\/span><br \/>\n<span style=\"font-family: Arial,sans-serif;\"><span style=\"font-size: small;\">&#8230;&#8230;&#8230;&#8230;&#8230;&#8230;&#8230;&#8230;.<i>Bronis\u0142awa Jaworska<\/i>, akt ur 86, 1904 Latowicz, Iwowe.<\/span><\/span><br \/>\n<span style=\"font-family: Arial,sans-serif;\"><span style=\"font-size: small;\">&#8230;&#8230;&#8230;&#8230;&#8230;&#8230;Katarzyna Bie\u0144ko akt ur 195, 2.11.1869 Latowicz, Iwowe, (Bieniak)\u00a0 (27, 27) + akt \u015bl 17, 1893, Latowicz, Iwowe, Franciszek Wiechetek, (ur 1873) z Oleksianki, syna Bernarda i Katarzyny Szanaiawskiej. <\/span><\/span><br \/>\n<span style=\"font-family: Arial,sans-serif;\"><span style=\"font-size: small;\">&#8230;&#8230;&#8230;&#8230;&#8230;&#8230;&#8230;&#8230;.<i>Stanis\u0142aw Wiechetek<\/i>, akt ur 130, 1894 Latowicz, Iwowe.<\/span><\/span><br \/>\n<span style=\"font-family: Arial,sans-serif;\"><span style=\"font-size: small;\">&#8230;&#8230;&#8230;&#8230;&#8230;&#8230;&#8230;&#8230;.<i>Marianna Wiechetek<\/i>, akt ur 224, 1898 Latowicz, Iwowe.<\/span><\/span><br \/>\n<span style=\"font-family: Arial,sans-serif;\"><span style=\"font-size: small;\">&#8230;&#8230;&#8230;&#8230;&#8230;&#8230;&#8230;&#8230;.<i>Natalia Wiechetek<\/i>, akt ur 9, 1905 Latowicz, Iwowe..<\/span><\/span><br \/>\n<span style=\"font-family: Arial,sans-serif;\"><span style=\"font-size: small;\">&#8230;&#8230;&#8230;&#8230;&#8230;&#8230;Franciszek Bie\u0144ko, akt ur 160, ,20.9.1872, Latowicz, Iwowe,\u00a0 (Kaz \u2013 28, Kar \u201330).<\/span><\/span><br \/>\n<span style=\"font-family: Arial,sans-serif;\"><span style=\"font-size: small;\">&#8230;&#8230;&#8230;&#8230;&#8230;&#8230;Franciszka Bie\u0144ko,\u00a0akt ur 162, 5.10.1878, Latowicz, Iwowe, (Kaz \u2013 35, Kar \u201332) + KS \u2013 \u015bl akt \u015bl 47, 1899, Latowicz, Iwowe, Grzegorz \u015awi\u0105tek, 1877, z D\u0105br\u00f3wki, syna Piotra i Katarzyny Maciejec. <\/span><\/span><br \/>\n<span style=\"font-family: Arial,sans-serif;\"><span style=\"font-size: small;\">&#8230;&#8230;&#8230;&#8230;&#8230;&#8230;&#8230;&#8230;.<i>Stefania<\/i>, akt ur 238, 1901, Latowicz, Iwowe.<\/span><\/span><br \/>\n<span style=\"font-family: Arial,sans-serif;\"><span style=\"font-size: small;\">&#8230;&#8230;&#8230;&#8230;&#8230;&#8230;Franciszka Bie\u0144ko,\u00a0 akt ur 162, 5.10.1878, Latowicz, Iwowe, (Kaz \u2013 35, Kar \u201332) + KS \u2013 akt \u015bl 41, 1904, Latowicz, Iwowe, Ludwik Urbanek, 1881, z Kochan, syn Marcina i Agnieszki Rosa. W Iwowem mieli<\/span><\/span><br \/>\n<span style=\"font-family: Arial,sans-serif;\"><span style=\"font-size: small;\">&#8230;&#8230;&#8230;&#8230;&#8230;&#8230;&#8230;&#8230;.<i>Stanis\u0142aw Urbanek<\/i>, akt \u015bl 216, 1905, Latowicz, Iwowe. <\/span><\/span><br \/>\n<span style=\"font-family: Arial,sans-serif;\"><span style=\"font-size: small;\">&#8230;&#8230;&#8230;&#8230;&#8230;&#8230;&#8230;&#8230;.<i>Bronis\u0142awa Urbanek, <\/i>akt \u015bl 193,\u00a01907, Latowicz, Iwowe.<\/span><\/span><br \/>\n<span style=\"font-family: Arial,sans-serif;\"><span style=\"font-size: small;\">&#8230;&#8230;&#8230;&#8230;&#8230;&#8230;&#8230;&#8230;.<i>Genowefa Urbanek<\/i>, akt \u015bl 123, 1912, Latowicz, Iwowe.<\/span><\/span><br \/>\n<span style=\"font-family: Arial,sans-serif;\"><span style=\"font-size: small;\">&#8230;&#8230;&#8230;&#8230;&#8230;&#8230;Pawe\u0142 Bie\u0144ko, akt ur 5, 9.1.1882, Latowicz, Iwowe, (Kaz39, Kar42).<\/span><\/span><br \/>\n<span style=\"font-family: Arial,sans-serif;\">&#8230;..Onufry Bie\u0144ko, akt ur 0, 18.6.1802, Latowicz, Iwowe, akt ur 0 + Marianna Rogala, (ur w 1803), akt \u015bl 12, 1841, Latowicz, Iwowe (Onufry Bieniek, M. Krzewska)\u2013 KS &#8211; wdowa po Kacprze Krzewskim z Latowicza, mia\u0142a tam 5-o dzieci.<\/span><br \/>\n<span style=\"font-family: Arial,sans-serif;\">&#8230;&#8230;&#8230;.<em>Marianna Bie\u0144ko<\/em>, akt ur 116, 15.8.1841, Latowicz, Iwowe (O \u2013 40, M \u2013 30) + Andrzej Wronowski, akt \u015bl 59, 23.11.1859, Latowicz, Iwowe (Marianna Bieniek). On \u2013 KS \u2013 wdowiec po Wiktorii <\/span><br \/>\n<span style=\"font-family: Arial,sans-serif;\"><span style=\"font-size: small;\">&#8230;&#8230;&#8230;&#8230;&#8230;&#8230;Paulina Wronowska, ur 1861 Latowicz, Iwowe.<\/span><\/span><br \/>\n<span style=\"font-family: Arial,sans-serif;\"><span style=\"font-size: small;\">&#8230;&#8230;&#8230;&#8230;&#8230;&#8230;Anastazja Wronowska, ur 1863 Latowicz, Iwowe.<\/span><\/span><br \/>\n<span style=\"font-family: Arial,sans-serif;\"><span style=\"font-size: small;\">&#8230;&#8230;&#8230;&#8230;&#8230;&#8230;Jan Wronowski , ur 1865 Latowicz, Iwowe .<\/span><\/span><br \/>\n<span style=\"font-family: Arial,sans-serif;\"><span style=\"font-size: small;\">&#8230;&#8230;&#8230;&#8230;&#8230;&#8230;Paulina Wronowska, ur 1867 Latowicz, Iwowe.<\/span><\/span><br \/>\n<span style=\"font-family: Arial,sans-serif;\"><span style=\"font-size: small;\">&#8230;&#8230;&#8230;&#8230;&#8230;&#8230;Franciszek Wronowski, ur 1869.Latowicz, Iwowe<\/span><\/span><br \/>\n<span style=\"font-family: Arial,sans-serif;\"><span style=\"font-size: small;\">&#8230;&#8230;&#8230;&#8230;&#8230;&#8230;Pawe\u0142 Wronowski, ur 1875 Latowicz, Iwowe.<\/span><\/span><br \/>\n<span style=\"font-family: Arial,sans-serif;\"><span style=\"font-size: small;\">&#8230;&#8230;&#8230;&#8230;&#8230;&#8230;Rafa\u0142\u00a0Wronowski, ur 1877\u00a0Latowicz, Iwowe<\/span><\/span><br \/>\n<span style=\"font-family: Arial,sans-serif;\"><span style=\"font-size: small;\">&#8230;&#8230;&#8230;&#8230;&#8230;&#8230;Wojciech Wronowski, ur 1880 .Latowicz, Iwowe<\/span><\/span><br \/>\n<span style=\"font-family: Arial,sans-serif;\"><span style=\"font-size: small;\">&#8230;&#8230;&#8230;&#8230;&#8230;&#8230;Agnieszka Wronowski, ur 1882 Latowicz, Iwowe\u00a0<\/span><\/span><br \/>\n<span style=\"font-family: Arial,sans-serif;\">&#8230;&#8230;&#8230;.<i>Kazimierz Bie\u0144ko<\/i>, akt ur 21, 8.2.1843,\u00a0 Latowicz, Iwowe,\u00a0 (O \u2013 42, M \u2013 38).<\/span><br \/>\n<span style=\"font-family: Arial,sans-serif;\">&#8230;&#8230;&#8230;.<i>Franciszek Bie\u0144ko<\/i>, akt ur 56, 4.3.1845,\u00a0Latowicz, Iwowe,\u00a0 (O \u2013 40, M \u2013 37).<\/span><br \/>\n<span style=\"font-family: Arial,sans-serif;\">&#8230;&#8230;&#8230;.<i>Urban Bie\u0144ko<\/i>, akt ur 70, 24.5.1847,\u00a0Latowicz, Iwowe, (46 45) + akt \u015bl 8, 1869 Siennica\/Siennica, <em>Jadwiga Jar<\/em>.<\/span><br \/>\n<span style=\"font-family: Arial,sans-serif;\">&#8230;..\u0141ukasz Bie\u0144ko, akt ur 0, 13.10.1805, Latowicz, Iwowe.<\/span><br \/>\n<span style=\"font-family: Arial,sans-serif;\">&#8230;..Janusz Bieniek, 18.8.1809, Latowicz, Iwowe.<\/span><br \/>\n<span style=\"font-family: Arial,sans-serif;\">&#8230;..Grzegorz, Kazimierz Bie\u0144ko,\u00a0akt ur 51, 8.3.1817, Latowicz, Iwowe,\u00a0 (J\u2013 4, P\u201335) + Marianna, Katarzyna Kosut z Iwowego (ur 1817 \u2013 KS \u2013 c\u00f3rka Feliksa i Scholastyki \u015awieczka. Akt \u015bl 1, 14.1.1838, Latowicz, Iwowe (Grzegorz Bieniek, Marcela Kosut).<\/span><br \/>\n<span style=\"font-family: Arial,sans-serif;\">&#8230;&#8230;&#8230;.<i>Marianna Bie\u0144ko<\/i>, akt ur 107, 22.6.1839, Latowicz, Iwowe,\u00a0 (G-21, M-20) + B\u0142a\u017cej Oszkiel, akt \u015bl 29, 22.111857, Latowicz, Iwowe, (Marianna Bieniek) \u2013 KS \u2013 syn Rocha i .Justyny Kosut. KS \u2013 6-o dzieci, 4 za\u0142o\u017cy\u0142o rodziny. <\/span><br \/>\n<span style=\"font-family: Arial,sans-serif;\"><span style=\"font-size: small;\">&#8230;&#8230;&#8230;&#8230;&#8230;&#8230;Florentyna Oszkiel, akt ur 1859 Latowicz, Iwowe,.<\/span><\/span><br \/>\n<span style=\"font-family: Arial,sans-serif;\"><span style=\"font-size: small;\">&#8230;&#8230;&#8230;&#8230;&#8230;&#8230;Jan Oszkiel,,akt ur 235, 10.12.1861 \u2013 18.12.1861, Latowicz,\u00a0 Iwowe.<\/span><\/span><br \/>\n<span style=\"font-family: Arial,sans-serif;\"><span style=\"font-size: small;\">&#8230;&#8230;&#8230;&#8230;&#8230;&#8230;Jan Oszkiel, akt ur 167, 1863. Latowicz, Iwowe,<\/span><\/span><br \/>\n<span style=\"font-family: Arial,sans-serif;\"><span style=\"font-size: small;\">&#8230;&#8230;&#8230;&#8230;&#8230;&#8230;Zofia Oszkiel, akt ur 164, 1865 \u2013 1884, Latowicz, Iwowe,.<\/span><\/span><br \/>\n<span style=\"font-family: Arial,sans-serif;\"><span style=\"font-size: small;\">&#8230;&#8230;&#8230;&#8230;&#8230;&#8230;Katarzyna Oszkiel, akt ur 95, 1867, Latowicz, Iwowe,.<\/span><\/span><br \/>\n<span style=\"font-family: Arial,sans-serif;\"><span style=\"font-size: small;\">&#8230;&#8230;&#8230;&#8230;&#8230;&#8230;Weronika Oszkiel, akt ur 188, 1869.\u00a0 Latowicz, Iwowe,<\/span><\/span><br \/>\n<span style=\"font-family: Arial,sans-serif;\">&#8230;&#8230;&#8230;.<i>Katarzyna Bie\u0144ko<\/i>, akt ur 194, 21.1.1840, Latowicz,\u00a0 Iwowe, (G-26, M-28) + akt \u015bl 5,\u00a0 28.1.1861, Latowicz, Strachomin,\u00a0 Walenty Gajowniczek + Kat. Bie\u0144ko, syn Paw\u0142a Gajowniczek i Teresy \u015awi\u0105tek.<\/span><br \/>\n<span style=\"font-family: Arial,sans-serif;\">&#8230;&#8230;&#8230;.<i>El\u017cbieta Bie\u0144ko<\/i>, akt ur 87, 29.6.1843, Latowicz, Iwowe,\u00a0 (G \u2013 27, M \u2013 27) + ? akt \u015bl 28, 24.2.1862, Latowicz, Chy\u017cyny,\u00a0 Jan \u015aluzek, r. Jan Sluzek i Ludwika \u015awi\u0105tek. \u017b Marianna?<\/span><br \/>\n<span style=\"font-family: Arial,sans-serif;\"><span style=\"font-size: small;\">&#8230;&#8230;&#8230;&#8230;&#8230;&#8230;Katarzyna \u015aluzek, akt ur 177, 1863 Latowicz, Chy\u017cyny.<\/span><\/span><br \/>\n<span style=\"font-family: Arial,sans-serif;\"><span style=\"font-size: small;\">&#8230;&#8230;&#8230;&#8230;&#8230;&#8230;Stanis\u0142aw \u015aluzek, akt ur 232, 1865\u00a0Latowicz, Chy\u017cyny.<\/span><\/span><br \/>\n<span style=\"font-family: Arial,sans-serif;\"><span style=\"font-size: small;\">&#8230;&#8230;&#8230;&#8230;&#8230;&#8230;Marianna \u015aluzek, akt ur 26, 1868\u00a0Latowicz, Chy\u017cyny.<\/span><\/span><br \/>\n<span style=\"font-family: Arial,sans-serif;\"><span style=\"font-size: small;\">&#8230;&#8230;&#8230;&#8230;&#8230;&#8230;Tomasz \u015aluzek,.akt ur 224, 1869\u00a0Latowicz, Chy\u017cyny.<\/span><\/span><br \/>\n<span style=\"font-family: Arial,sans-serif;\"><span style=\"font-size: small;\">&#8230;&#8230;&#8230;&#8230;&#8230;&#8230;Franciszka \u015aluzek, akt ur 149, 1871 Latowicz,\u00a0 Chy\u017cyny.<\/span><\/span><br \/>\n<span style=\"font-family: Arial,sans-serif;\"><span style=\"font-size: small;\">&#8230;&#8230;&#8230;&#8230;&#8230;&#8230;Ignacy \u015aluzek, akt ur 119, 1875\u00a0Latowicz, Chy\u017cyny.<\/span><\/span><br \/>\n<span style=\"font-family: Arial,sans-serif;\">&#8230;&#8230;&#8230;.<i>Rozalia Bie\u0144ko, Bieniek<\/i>, akt ur 180, 3.9.1845, Latowicz, Iwowe, akt zg 144, Latowicz, Iwowe, 2 m, Iwowe) (Go\u0142\u0119dowska?) 28, 28.<\/span><br \/>\n<span style=\"font-family: Arial,sans-serif;\">&#8230;&#8230;&#8230;.<i>Pawe\u0142 Bie\u0144ko<\/i>,\u00a0akt ur 90, 30.6.1847, Latowicz, Iwowe, (GM 30, 30) + akt \u015bl\u00a0 26, 1871, Latowicz, Latowicz, Marianna Reda z W\u0119\u017cyczyna, c. Piotra i Agnieszki \u015awi\u0105tek.<\/span><br \/>\n<span style=\"font-family: Arial,sans-serif;\"><span style=\"font-size: small;\">&#8230;&#8230;&#8230;&#8230;&#8230;&#8230;Piotr Bie\u0144ko, akt ur 112,1872 Latowicz, Iwowe, (Bienicki, Pa-28, Ma-18) + akt \u015bl 41, 1896 Latowicz, Iwowe, Teofila Gielo z Iwowego 1873, c. Piotra i Katarzyny Rogala (KS) \u2013 7-o dzieci.<\/span><\/span><br \/>\n<span style=\"font-family: Arial,sans-serif;\"><span style=\"font-size: small;\">&#8230;&#8230;&#8230;&#8230;&#8230;&#8230;&#8230;&#8230;.<i>Wac\u0142aw Bie\u0144ko,<\/i>\u00a0akt ur 179<i>,\u00a0<\/i>20.8.1897, Latowicz, Iwowe (24 23).<\/span><\/span><br \/>\n<span style=\"font-family: Arial,sans-serif;\"><span style=\"font-size: small;\">&#8230;&#8230;&#8230;&#8230;&#8230;&#8230;&#8230;&#8230;.<em>Wiktor Bie\u0144ko<\/em>,\u00a0 akt ur 63, 18.2.1900, Latowicz, Iwowe (27 25) + KS &#8211; akt \u015bl 1930 Feliksa \u015awi\u0105tek , ur 1908, c. Tomasza i Katarzyny Duszczyk 4 \u2013 o dzieci.<\/span><\/span><br \/>\n<span style=\"font-family: Arial,sans-serif;\"><span style=\"font-size: xx-small;\">&#8230;&#8230;&#8230;&#8230;&#8230;&#8230;&#8230;&#8230;&#8230;&#8230;&#8230;&#8230;&#8230;&#8230;.Jadwiga Bie\u0144ko, ur 1930.<\/span><\/span><br \/>\n<span style=\"font-family: Arial,sans-serif;\"><span style=\"font-size: xx-small;\">&#8230;&#8230;&#8230;&#8230;&#8230;&#8230;&#8230;&#8230;&#8230;&#8230;&#8230;&#8230;&#8230;&#8230;.Krystyna Bie\u0144ko ur, 1931 + \u015bl 1956, Marian Skorupa,\u00a0 ur 1923 syn Piotra i Marianny D\u017cbik (KS). W Iwowem 5 \u2013o dzieci<\/span><\/span><br \/>\n<span style=\"font-family: Arial,sans-serif;\"><span style=\"font-size: xx-small;\">&#8230;&#8230;&#8230;&#8230;&#8230;&#8230;&#8230;&#8230;&#8230;&#8230;&#8230;&#8230;&#8230;&#8230;&#8230;&#8230;&#8230;..<i>Waldemar Skorupa<\/i>, ur 1957<\/span><\/span><br \/>\n<span style=\"font-family: Arial,sans-serif;\"><span style=\"font-size: xx-small;\">&#8230;&#8230;&#8230;&#8230;&#8230;&#8230;&#8230;&#8230;&#8230;&#8230;&#8230;&#8230;&#8230;&#8230;&#8230;&#8230;&#8230;..<i>Jadwiga\u00a0Skorupa<\/i>, ur 1958, Latowicz, Iwowe.<\/span><\/span><br \/>\n<span style=\"font-family: Arial,sans-serif;\"><span style=\"font-size: xx-small;\">&#8230;&#8230;&#8230;&#8230;&#8230;&#8230;&#8230;&#8230;&#8230;&#8230;&#8230;&#8230;&#8230;&#8230;&#8230;&#8230;&#8230;..<i>Barbara Skorupa\u00a0<\/i>, ur 1960,\u00a0Latowicz Iwowe.<\/span><\/span><br \/>\n<span style=\"font-family: Arial,sans-serif;\"><span style=\"font-size: xx-small;\">&#8230;&#8230;&#8230;&#8230;&#8230;&#8230;&#8230;&#8230;&#8230;&#8230;&#8230;&#8230;&#8230;&#8230;&#8230;&#8230;&#8230;..<i>Grzegorz\u00a0Skorupa<\/i>, ur 1963, Latowicz, Iwowe.<\/span><\/span><br \/>\n<span style=\"font-family: Arial,sans-serif;\"><span style=\"font-size: xx-small;\">&#8230;&#8230;&#8230;&#8230;&#8230;&#8230;&#8230;&#8230;&#8230;&#8230;&#8230;&#8230;&#8230;&#8230;&#8230;&#8230;&#8230;..<i>Maria\u00a0<\/i> <i>Skorupa ur <\/i>1969, Latowicz, Iwowe.<\/span><\/span><br \/>\n<span style=\"font-family: Arial,sans-serif;\"><span style=\"font-size: xx-small;\">&#8230;&#8230;&#8230;&#8230;&#8230;&#8230;&#8230;&#8230;&#8230;&#8230;&#8230;&#8230;&#8230;&#8230;.Marian, Edward Bie\u0144ko, ur 1939.<\/span><\/span><br \/>\n<span style=\"font-family: Arial,sans-serif;\"><span style=\"font-size: xx-small;\">&#8230;&#8230;&#8230;&#8230;&#8230;&#8230;&#8230;&#8230;&#8230;&#8230;&#8230;&#8230;&#8230;&#8230;.Henryk, Adam Bie\u0144ko, ur 1950 + Urszula Reda, ur 1957, w Iwowem 4-o dzieci, w tym:<\/span><\/span><br \/>\n<span style=\"font-family: Arial,sans-serif;\"><span style=\"font-size: xx-small;\">&#8230;&#8230;&#8230;&#8230;&#8230;&#8230;&#8230;&#8230;&#8230;&#8230;&#8230;&#8230;&#8230;&#8230;&#8230;&#8230;&#8230;..<i>Mariusz, Adam Bie\u0144ko<\/i>, ur 1978,\u00a0 Latowicz,Iwowe. <\/span><\/span><br \/>\n<span style=\"font-family: Arial,sans-serif;\"><span style=\"font-size: xx-small;\">&#8230;&#8230;&#8230;&#8230;&#8230;&#8230;&#8230;&#8230;&#8230;&#8230;&#8230;&#8230;&#8230;&#8230;&#8230;&#8230;&#8230;..<i>Aneta Bie\u0144ko<\/i> + <i>S\u0142awomir Sabak<\/i>, syna Stanis\u0142awa i Stanis\u0142awy Zadro\u017cnej, \u015bl 2001, (KS).<\/span><\/span><br \/>\n<span style=\"font-family: Arial,sans-serif;\"><span style=\"font-size: xx-small;\">&#8230;&#8230;&#8230;&#8230;&#8230;&#8230;&#8230;&#8230;&#8230;&#8230;&#8230;&#8230;&#8230;&#8230;&#8230;&#8230;&#8230;..<i>Renata Bie\u0144ko<\/i>, ur 1984, Latowicz, Iwowe.<\/span><\/span><br \/>\n<span style=\"font-family: Arial,sans-serif;\"><span style=\"font-size: xx-small;\">&#8230;&#8230;&#8230;&#8230;&#8230;&#8230;&#8230;&#8230;&#8230;&#8230;&#8230;&#8230;&#8230;&#8230;&#8230;&#8230;&#8230;..<i>Marlena Bie\u0144ko<\/i>, ur 1985, Latowicz, Iwowe.<\/span><\/span><br \/>\n<span style=\"font-family: Arial,sans-serif;\"><span style=\"font-size: small;\">&#8230;&#8230;&#8230;&#8230;&#8230;&#8230;&#8230;&#8230;.<i>Stanis\u0142aw Bie\u0144ko,<\/i> akt ur 67, 20.2.1902, Latowicz, Iwowe,\u00a0 (Pi 22 Te 27) zdj\u0119 + KS \u015bl 1938, <i>Marianna \u0141ukaszek<\/i>, 1920, z Iwowego, c\u00f3rka Micha\u0142a i Heleny Rogowskiej. W Iwowem 5-o dzieci (KS)<\/span><\/span><br \/>\n<span style=\"font-family: Arial,sans-serif;\"><span style=\"font-size: xx-small;\">&#8230;&#8230;&#8230;&#8230;&#8230;&#8230;&#8230;&#8230;&#8230;&#8230;&#8230;&#8230;&#8230;&#8230;.Teresa, Krystyna Bie\u0144ko, ur 1939, Latowicz, Iwowe.<\/span><\/span><br \/>\n<span style=\"font-family: Arial,sans-serif;\"><span style=\"font-size: xx-small;\">&#8230;&#8230;&#8230;&#8230;&#8230;&#8230;&#8230;&#8230;&#8230;&#8230;&#8230;&#8230;&#8230;&#8230;.Jan, J\u00f3zef Bie\u0144ko,ur 1940,Latowicz, Iwowe. <\/span><\/span><br \/>\n<span style=\"font-family: Arial,sans-serif;\"><span style=\"font-size: xx-small;\">&#8230;&#8230;&#8230;&#8230;&#8230;&#8230;&#8230;&#8230;&#8230;&#8230;&#8230;&#8230;&#8230;&#8230;.Marian, Mieczys\u0142aw Bie\u0144ko, ur 1943, Latowicz, Iwowe. <\/span><\/span><br \/>\n<span style=\"font-family: Arial,sans-serif;\"><span style=\"font-size: xx-small;\">&#8230;&#8230;&#8230;&#8230;&#8230;&#8230;&#8230;&#8230;&#8230;&#8230;&#8230;&#8230;&#8230;&#8230;.Teresa Zofia Bie\u0144ko,ur\u00a0 1944 Latowicz, Iwowe + 1967 Eugeniusz Pazura, z Iwowego i tu mieli (KS)<\/span><\/span><br \/>\n<span style=\"font-family: Arial,sans-serif;\"><span style=\"font-size: xx-small;\">&#8230;&#8230;&#8230;&#8230;&#8230;&#8230;&#8230;&#8230;&#8230;&#8230;&#8230;&#8230;&#8230;&#8230;&#8230;&#8230;&#8230;.<i>El\u017cbieta<\/i><\/span><\/span><br \/>\n<span style=\"font-family: Arial,sans-serif;\"><span style=\"font-size: xx-small;\">&#8230;&#8230;&#8230;&#8230;&#8230;&#8230;&#8230;&#8230;&#8230;&#8230;&#8230;&#8230;&#8230;&#8230;&#8230;&#8230;&#8230;.<i>Hanna<\/i><\/span><\/span><br \/>\n<span style=\"font-family: Arial,sans-serif;\"><span style=\"font-size: xx-small;\">&#8230;&#8230;&#8230;&#8230;&#8230;&#8230;&#8230;&#8230;&#8230;&#8230;&#8230;&#8230;&#8230;&#8230;&#8230;&#8230;&#8230;.<i>Krzysztof<\/i><\/span><\/span><br \/>\n<span style=\"font-family: Arial,sans-serif;\"><span style=\"font-size: xx-small;\">&#8230;&#8230;&#8230;&#8230;&#8230;&#8230;&#8230;&#8230;&#8230;&#8230;&#8230;&#8230;&#8230;&#8230;.W\u0142adys\u0142aw, Kazimierz Bie\u0144ko, ur 1948\u00a0 (KS).<\/span><\/span><br \/>\n<span style=\"font-family: Arial,sans-serif;\"><span style=\"font-size: small;\">&#8230;&#8230;&#8230;&#8230;&#8230;&#8230;&#8230;&#8230;.<i>Stefania Bie\u0144ko<\/i>, akt ur 287,, 26.12.1903, Latowicz, Iwowe (30 28) + KS \u015bl 1924, <i>Stanis\u0142aw Wiechetek<\/i>, ur 1902, z Lalin, syn Piotra i Katarzyny Szczepa\u0144czyk.W Lalinach 4-o dzieci &#8211; KS:<\/span><\/span><br \/>\n<span style=\"font-family: Arial,sans-serif;\"><span style=\"font-size: xx-small;\">&#8230;&#8230;&#8230;&#8230;&#8230;&#8230;&#8230;&#8230;&#8230;&#8230;&#8230;&#8230;&#8230;&#8230;.W\u0142adys\u0142aw Wiechetek, Jan ur 1925, Latowicz, Laliny.<\/span><\/span><br \/>\n<span style=\"font-family: Arial,sans-serif;\"><span style=\"font-size: xx-small;\">&#8230;&#8230;&#8230;&#8230;&#8230;&#8230;&#8230;&#8230;&#8230;&#8230;&#8230;&#8230;&#8230;&#8230;.Henryk Wiechetek, ur 1930. <\/span><\/span><br \/>\n<span style=\"font-family: Arial,sans-serif;\"><span style=\"font-size: xx-small;\">&#8230;&#8230;&#8230;&#8230;&#8230;&#8230;&#8230;&#8230;&#8230;&#8230;&#8230;&#8230;&#8230;&#8230;.Krystyna, Eleonora Wiechetek, ur 1936.<\/span><\/span><br \/>\n<span style=\"font-family: Arial,sans-serif;\"><span style=\"font-size: xx-small;\">&#8230;&#8230;&#8230;&#8230;&#8230;&#8230;&#8230;&#8230;&#8230;&#8230;&#8230;&#8230;&#8230;&#8230;.J\u00f3zef, Marian Wiechetek, ur 1942.<\/span><\/span><br \/>\n<span style=\"font-family: Arial,sans-serif;\"><span style=\"font-size: small;\">&#8230;&#8230;&#8230;&#8230;&#8230;&#8230;&#8230;&#8230;.<i>W\u0142adys\u0142aw Bie\u0144ko<\/i>, akt ur 189, 9.10.1906, Latowicz, Iwowe, (34 32).<\/span><\/span><br \/>\n<span style=\"font-family: Arial,sans-serif;\"><span style=\"font-size: small;\">&#8230;&#8230;&#8230;&#8230;&#8230;&#8230;&#8230;&#8230;.<i>Weronika Bie\u0144ko<\/i>, akt ur 213, 3.10.1910, Latowicz, Iwowe, (38 35).<\/span><\/span><br \/>\n<span style=\"font-family: Arial,sans-serif;\"><span style=\"font-size: small;\">&#8230;&#8230;&#8230;&#8230;&#8230;&#8230;&#8230;&#8230;.<i>Stanis\u0142aw Bie\u0144ko<\/i>, ur 1915.<\/span><\/span><br \/>\n<span style=\"font-family: Arial,sans-serif;\"><span style=\"font-size: small;\">&#8230;&#8230;&#8230;&#8230;&#8230;&#8230;Walenty Bie\u0144ko,\u00a0akt ur 26, 11.2.1876, Latowicz, Iwowe, (30 21).<\/span><\/span><br \/>\n<span style=\"font-family: Arial,sans-serif;\"><span style=\"font-size: small;\">&#8230;&#8230;&#8230;&#8230;&#8230;&#8230;Jan Bie\u0144ko,\u00a0akt ur 91, 5.6.1877, Latowicz, Iwowe,\u00a0 (P \u2013 30, M \u2013 25).<\/span><\/span><br \/>\n<span style=\"font-family: Arial,sans-serif;\"><span style=\"font-size: small;\">&#8230;&#8230;&#8230;&#8230;&#8230;&#8230;Agnieszka Bie\u0144ko,\u00a0akt ur 105, 7.6.1878, Latowicz, Iwowe, (P 32 lat, M \u2013 27) + akt \u015bl 9, 1897, Latowicz, Iwowe, Jan Kowalski, ur 1873, (K.S.) z Redzy\u0144skiego, syn Andrzeja i Franciszki Penszko. Mieli tam 7-o dzieci. W tym<\/span><\/span><br \/>\n<span style=\"font-family: Arial,sans-serif;\"><span style=\"font-size: small;\">&#8230;&#8230;&#8230;&#8230;&#8230;&#8230;&#8230;&#8230;.<i>Boles\u0142aw Kowalski<\/i>, akt ur 134, 1898.Latowicz, Redzy\u0144skie<\/span><\/span><br \/>\n<span style=\"font-family: Arial,sans-serif;\"><span style=\"font-size: small;\">&#8230;&#8230;&#8230;&#8230;&#8230;&#8230;&#8230;&#8230;.<i>Helena<\/i>\u00a0Kowalska, akt ur 194,1902, Latowicz, Redzy\u0144skie.<\/span><\/span><br \/>\n<span style=\"font-family: Arial,sans-serif;\"><span style=\"font-size: small;\">&#8230;&#8230;&#8230;&#8230;&#8230;&#8230;&#8230;&#8230;.<i>Bronis\u0142awa Kowalska<\/i>, akt ur 78, 1905, Latowicz, Redzy\u0144skie.<\/span><\/span><br \/>\n<span style=\"font-family: Arial,sans-serif;\"><span style=\"font-size: small;\">&#8230;&#8230;&#8230;&#8230;&#8230;&#8230;&#8230;&#8230;.<i>Stefania Kowalska<\/i>, akt ur 96, 1908, Latowicz, Redzy\u0144skie.<\/span><\/span><br \/>\n<span style=\"font-family: Arial,sans-serif;\"><span style=\"font-size: small;\">&#8230;&#8230;&#8230;&#8230;&#8230;&#8230;&#8230;&#8230;.<i>Stanis\u0142aw Kowalski<\/i>, akt ur 107, 1911, Latowicz, Redzy\u0144skie.<\/span><\/span><br \/>\n<span style=\"font-family: Arial,sans-serif;\"><span style=\"font-size: small;\">&#8230;&#8230;&#8230;&#8230;&#8230;&#8230;&#8230;&#8230;.<i>W\u0142adys\u0142awa Kowalska<\/i>, (KS) ur\u00a0 1913\u00a0 + <i>Feliks Sabak<\/i> z Lalin, c\u00f3rka i syn.<\/span><\/span><br \/>\n<span style=\"font-family: Arial,sans-serif;\"><span style=\"font-size: small;\">&#8230;&#8230;&#8230;&#8230;&#8230;&#8230;&#8230;&#8230;.<i>Zenobia Kowalska<\/i>, akt ur 55, 1916 Latowicz, Redzy\u0144skie + Stefan Prus z Redzy\u0144skiego, 6-o dzieci (KS).<\/span><\/span><br \/>\n<span style=\"font-family: Arial,sans-serif;\"><span style=\"font-size: small;\">&#8230;&#8230;&#8230;&#8230;&#8230;..Marianna Bie\u0144ko,\u00a0 akt ur 28, 26.1.1880, Latowicz, Iwowe,\u00a0 (P-32, M-26).<\/span><\/span><br \/>\n<span style=\"font-family: Arial,sans-serif;\"><span style=\"font-size: small;\">&#8230;&#8230;&#8230;&#8230;&#8230;..Franciszek Bie\u0144ko,\u00a0akt ur 96, 28.6.1881, Latowicz, Iwowe, (P34, M 26)+ \u015bl 1908, Marianna Skorupa, ur 1888 (KS), c\u00f3rka Macieja i Zuzanny \u015awieczka, w Iwowem 7-o dzieci, 6-o za\u0142o\u017cy\u0142o rodziny.<\/span><\/span><br \/>\n<span style=\"font-family: Arial,sans-serif;\"><span style=\"font-size: small;\">&#8230;&#8230;&#8230;&#8230;&#8230;&#8230;&#8230;&#8230;<i>Otolia Bie\u0144ko<\/i>, akt ur 41, 1911 Latowicz, Iwowe &#8211; (KS) + \u015bl 1930, <i>W\u0142. \u015awi\u0105tek<\/i>, 1899, z Iwowego, syn Tomasza i Katarzyny Duszczyk, 5-o dzieci (KS)<\/span><\/span><br \/>\n<span style=\"font-family: Arial,sans-serif;\"><span style=\"font-size: xx-small;\">&#8230;&#8230;&#8230;&#8230;&#8230;&#8230;&#8230;&#8230;&#8230;&#8230;&#8230;&#8230;&#8230;&#8230;.Jadwiga \u015awi\u0105tek, ur 1930, Latowicz, Iwowe.<\/span><\/span><br \/>\n<span style=\"font-family: Arial,sans-serif;\"><span style=\"font-size: xx-small;\">&#8230;&#8230;&#8230;&#8230;&#8230;&#8230;&#8230;&#8230;&#8230;&#8230;&#8230;&#8230;&#8230;&#8230;.Stanis\u0142aw \u015awi\u0105tek, ur 1932 Latowicz, Iwowe.<\/span><\/span><br \/>\n<span style=\"font-family: Arial,sans-serif;\"><span style=\"font-size: xx-small;\">&#8230;&#8230;&#8230;&#8230;&#8230;&#8230;&#8230;&#8230;&#8230;&#8230;&#8230;&#8230;&#8230;&#8230;.Zofia \u015awi\u0105tek, Irena, ur 1934 Latowicz, Iwowe.<\/span><\/span><br \/>\n<span style=\"font-family: Arial,sans-serif;\"><span style=\"font-size: xx-small;\">&#8230;&#8230;&#8230;&#8230;&#8230;&#8230;&#8230;&#8230;&#8230;&#8230;&#8230;&#8230;&#8230;&#8230;.Andrzej, Stanis\u0142aw \u015awi\u0105tek , ur 1940.<\/span><\/span><br \/>\n<span style=\"font-family: Arial,sans-serif;\"><span style=\"font-size: xx-small;\">&#8230;&#8230;&#8230;&#8230;&#8230;&#8230;&#8230;&#8230;&#8230;&#8230;&#8230;&#8230;&#8230;&#8230;.Henryk, Zdzis\u0142aw \u015awiatek, ur 1941, Latowicz, Iwowe.<\/span><\/span><br \/>\n<span style=\"font-family: Arial,sans-serif;\"><span style=\"font-size: small;\">&#8230;&#8230;&#8230;&#8230;&#8230;&#8230;&#8230;&#8230;<i>Zofia Bie\u0144ko<\/i>, akt ur 33, 1913, Latowicz, Iwowe + KS \u015bl 1939, <i>Edward, Leszek<\/i> z Ciechomina, ur 1913, syn Franciszka i Marianny Karasi\u0144skiej.<\/span><\/span><br \/>\n<span style=\"font-family: Arial,sans-serif;\"><span style=\"font-size: small;\">&#8230;&#8230;&#8230;&#8230;&#8230;&#8230;&#8230;&#8230;.<i>Wanda Bie\u0144ko<\/i>, akt ur 5 1915 Latowicz, Iwowe + KS 1935, <i>Walenty Makowski<\/i>, 1909, z Redzy\u0144skiego, syn Piotra i J\u00f3zefy Nieprzeckiej. W Iwowem 5-o dzieci &#8211; w tym (KS)\u00a0<\/span><\/span><br \/>\n<span style=\"font-family: Arial,sans-serif;\"><span style=\"font-size: xx-small;\">&#8230;&#8230;&#8230;&#8230;&#8230;&#8230;&#8230;&#8230;&#8230;&#8230;&#8230;&#8230;&#8230;&#8230;.Helena, Albina Makowska, ur 1937,Latowicz,\u00a0 Iwowe.<\/span><\/span><br \/>\n<span style=\"font-family: Arial,sans-serif;\"><span style=\"font-size: xx-small;\">&#8230;&#8230;&#8230;&#8230;&#8230;&#8230;&#8230;&#8230;&#8230;&#8230;&#8230;&#8230;&#8230;&#8230;.Janina Alina Makowska, ur 1938, Latowicz, Iwowe.<\/span><\/span><br \/>\n<span style=\"font-family: Arial,sans-serif;\"><span style=\"font-size: xx-small;\">&#8230;&#8230;&#8230;&#8230;&#8230;&#8230;&#8230;&#8230;&#8230;&#8230;&#8230;&#8230;&#8230;&#8230;.Lucyna, Antonina Makowska, ur 1942, Latowicz, Iwowe.<\/span><\/span><br \/>\n<span style=\"font-family: Arial,sans-serif;\"><span style=\"font-size: xx-small;\">&#8230;&#8230;&#8230;&#8230;&#8230;&#8230;&#8230;&#8230;&#8230;&#8230;&#8230;&#8230;&#8230;&#8230;.W\u0142adys\u0142aw, Makowski Makowski, ur 1945 + Halina Ositek, 4-o dzieci w Iwowem (KS).<\/span><\/span><br \/>\n<span style=\"font-family: Arial,sans-serif;\"><span style=\"font-size: xx-small;\">&#8230;&#8230;&#8230;&#8230;&#8230;&#8230;&#8230;&#8230;&#8230;&#8230;&#8230;&#8230;&#8230;&#8230;.Danuta, Maria Makowska, ur 1950. <\/span><\/span><br \/>\n<span style=\"font-family: Arial,sans-serif;\"><span style=\"font-size: small;\">&#8230;&#8230;&#8230;&#8230;&#8230;&#8230;&#8230;&#8230;.<i>Bronis\u0142awa Bie\u0144ko<\/i><\/span><\/span><span style=\"font-family: Arial,sans-serif;\"><span style=\"font-size: small;\">, akt ur 155, 1917 Latowicz, Iwowe\u20131954 (KS) + <i>Jan Sabak<\/i>, ur 1921, z D\u0119bego, syn J\u00f3zefa i Heleny Pielasa. <\/span><\/span><br \/>\n<span style=\"font-family: Arial,sans-serif;\"><span style=\"font-size: xx-small;\">&#8230;&#8230;&#8230;&#8230;&#8230;&#8230;&#8230;&#8230;&#8230;&#8230;&#8230;&#8230;&#8230;&#8230;.Henryk Sabak ,ur 1947.<\/span><\/span><br \/>\n<span style=\"font-family: Arial,sans-serif;\"><span style=\"font-size: xx-small;\">&#8230;&#8230;&#8230;&#8230;&#8230;&#8230;&#8230;&#8230;&#8230;&#8230;&#8230;&#8230;&#8230;&#8230;.Marianna Sabak, ur 1947,,Latowicz,\u00a0 Iwowe.<\/span><\/span><br \/>\n<span style=\"font-family: Arial,sans-serif;\"><span style=\"font-size: small;\">&#8230;&#8230;&#8230;&#8230;&#8230;&#8230;&#8230;&#8230;.<i>Jan Bie\u0144ko<\/i>\u00a0ur 1920 \u2013 (KS).<\/span><\/span><br \/>\n<span style=\"font-family: Arial,sans-serif;\"><span style=\"font-size: small;\">&#8230;&#8230;&#8230;&#8230;&#8230;&#8230;&#8230;&#8230;.<i>Stefania, Kazimiera Bie\u0144ko<\/i>, 1922 \u2013 1978 (KS) + \u015bl 1946, <i>Kazimierz Sabak<\/i>, ur 1920, z Lalin, syn Jana i Kazimiery Ka\u0142aska. 5-u syn\u00f3w (KS).<\/span><\/span><br \/>\n<span style=\"font-family: Arial,sans-serif;\"><span style=\"font-size: xx-small;\">&#8230;&#8230;&#8230;&#8230;&#8230;&#8230;&#8230;&#8230;&#8230;&#8230;&#8230;&#8230;&#8230;&#8230;.Marian Sabak, ur 1947. <\/span><\/span><br \/>\n<span style=\"font-family: Arial,sans-serif;\"><span style=\"font-size: xx-small;\">&#8230;&#8230;&#8230;&#8230;&#8230;&#8230;&#8230;&#8230;&#8230;&#8230;&#8230;&#8230;&#8230;&#8230;.Stefan, Franciszek Sabak, ur 1949 .<\/span><\/span><br \/>\n<span style=\"font-family: Arial,sans-serif;\"><span style=\"font-size: xx-small;\">&#8230;&#8230;&#8230;&#8230;&#8230;&#8230;&#8230;&#8230;&#8230;&#8230;&#8230;&#8230;&#8230;&#8230;.Antoni Sabak, ur\u00a0 1951.<\/span><\/span><br \/>\n<span style=\"font-family: Arial,sans-serif;\"><span style=\"font-size: xx-small;\">&#8230;&#8230;&#8230;&#8230;&#8230;&#8230;&#8230;&#8230;&#8230;&#8230;&#8230;&#8230;&#8230;&#8230;.Miros\u0142aw, Jerzy, Sabak ur 1953, Latowicz, Laliny.<\/span><\/span><br \/>\n<span style=\"font-family: Arial,sans-serif;\"><span style=\"font-size: xx-small;\">&#8230;&#8230;&#8230;&#8230;&#8230;&#8230;&#8230;&#8230;&#8230;&#8230;&#8230;&#8230;&#8230;&#8230;.Krzysztof, Micha\u0142 Sabak,ur 1961. <\/span><\/span><br \/>\n<span style=\"font-family: Arial,sans-serif;\"><span style=\"font-size: small;\"><span style=\"font-style: normal;\">&#8230;&#8230;&#8230;&#8230;&#8230;&#8230;&#8230;&#8230;.<i>Stanis\u0142aw Bie\u0144ko<\/i>, ur 1926\u00a0 + \u015bl 1950, <i>Helena Sabak<\/i>, 1924, siostra Kazimierza, w Iwowem, 4-o dzieci\/span&gt; (KS)<\/span><br \/>\n<span style=\"font-family: Arial,sans-serif;\"><span style=\"font-size: xx-small;\">&#8230;&#8230;&#8230;&#8230;&#8230;&#8230;&#8230;&#8230;&#8230;&#8230;&#8230;&#8230;&#8230;&#8230;.Marek Bie\u0144ko Bie\u0144ko, ur 1951.<\/span><\/span><br \/>\n<span style=\"font-family: Arial,sans-serif;\"><span style=\"font-size: xx-small;\">&#8230;&#8230;&#8230;&#8230;&#8230;&#8230;&#8230;&#8230;&#8230;&#8230;&#8230;&#8230;&#8230;&#8230;.Zofia Bie\u0144ko, ur 1957.<\/span><\/span><br \/>\n<span style=\"font-family: Arial,sans-serif;\"><span style=\"font-size: xx-small;\">&#8230;&#8230;&#8230;&#8230;&#8230;&#8230;&#8230;&#8230;&#8230;&#8230;&#8230;&#8230;&#8230;&#8230;.Barbara Bie\u0144ko,\u00a0 ur 1958 + \u015bl 1982, Adam Legat z K\u0105t\u00f3w Zdroj\u00f3w, syn Kaz-rza i Henryki \u015awi\u0105tek, 4-o dzieci (KS).<\/span><\/span><br \/>\n<span style=\"font-family: Arial,sans-serif;\"><span style=\"font-size: xx-small;\">&#8230;&#8230;&#8230;&#8230;&#8230;&#8230;&#8230;&#8230;&#8230;&#8230;&#8230;&#8230;&#8230;&#8230;.Piotr Bie\u0144ko, ur 1964 + Dorota Duchno, w Iwowem 3-e dzieci.<\/span><\/span> (KS)<br \/>\n<span style=\"font-family: Arial,sans-serif;\"><span style=\"font-size: xx-small;\">&#8230;&#8230;&#8230;&#8230;&#8230;&#8230;&#8230;&#8230;&#8230;&#8230;&#8230;&#8230;&#8230;&#8230;&#8230;&#8230;&#8230;.<i>Kamil,Bie\u0144ko ur 1987.<\/i><\/span><\/span><br \/>\n<span style=\"font-family: Arial,sans-serif;\"><span style=\"font-size: xx-small;\">&#8230;&#8230;&#8230;&#8230;&#8230;&#8230;&#8230;&#8230;&#8230;&#8230;&#8230;&#8230;&#8230;&#8230;&#8230;&#8230;&#8230;.<i>Jakub Bie\u0144ko, ur 1990.<\/i><\/span><\/span><br \/>\n<span style=\"font-family: Arial,sans-serif;\"><span style=\"font-size: xx-small;\">&#8230;&#8230;&#8230;&#8230;&#8230;&#8230;&#8230;&#8230;&#8230;&#8230;&#8230;&#8230;&#8230;&#8230;&#8230;&#8230;&#8230;.<i>Joanna Bie\u0144ko, ur 1990.<\/i><\/span><\/span><br \/>\n<span style=\"font-family: Arial,sans-serif;\"><span style=\"font-size: small;\">&#8230;&#8230;&#8230;&#8230;&#8230;..Micha\u0142 Bie\u0144ko akt ur 142,17.8.1884, Latowicz, Iwowe (P39, M 28) + akt \u015bl 50, 1910, Latowicz, Iwowe, Alexandra Skorupa (K.S), ur 1894, c\u00f3rka Macieja i Zuzanny \u015awieczka, w Iwowem 8\u2013o dzieci. <\/span><\/span><br \/>\n<span style=\"font-family: Arial,sans-serif;\"><span style=\"font-size: small;\">&#8230;&#8230;&#8230;&#8230;&#8230;&#8230;&#8230;&#8230;<i>Stanis\u0142aw Bie\u0144ko<\/i>, akt ur 88, 1912 Latowicz, Iwowe \u20131981 (KS) + <i>Marianna Ca\u0142ka<\/i>, (KS). W Iwowem 8 dzieci.<\/span><\/span><br \/>\n<span style=\"font-family: Arial,sans-serif;\"><span style=\"font-size: xx-small;\">&#8230;&#8230;&#8230;&#8230;&#8230;&#8230;&#8230;&#8230;&#8230;&#8230;&#8230;&#8230;&#8230;&#8230;.Leopold Bie\u0144ko, ur 1938, Latowicz, Iwowe.<\/span><\/span><br \/>\n<span style=\"font-family: Arial,sans-serif;\"><span style=\"font-size: xx-small;\">&#8230;&#8230;&#8230;&#8230;&#8230;&#8230;&#8230;&#8230;&#8230;&#8230;&#8230;&#8230;&#8230;&#8230;.Henryk Bie\u0144ko, or 1940, Latowicz, Iwowe.<\/span><\/span><br \/>\n<span style=\"font-family: Arial,sans-serif;\"><span style=\"font-size: xx-small;\">&#8230;&#8230;&#8230;&#8230;&#8230;&#8230;&#8230;&#8230;&#8230;&#8230;&#8230;&#8230;&#8230;&#8230;.Tadeusz Bie\u0144ko, ur 1941, Latowicz, Iwowe.<\/span><\/span><br \/>\n<span style=\"font-family: Arial,sans-serif;\"><span style=\"font-size: xx-small;\">&#8230;&#8230;&#8230;&#8230;&#8230;&#8230;&#8230;&#8230;&#8230;&#8230;&#8230;&#8230;&#8230;&#8230;.J\u00f3zef Bie\u0144ko, ur 31.7.1944, Latowicz, Iwowe.<\/span><\/span><br \/>\n<span style=\"font-family: Arial,sans-serif;\"><span style=\"font-size: xx-small;\">&#8230;&#8230;&#8230;&#8230;&#8230;&#8230;&#8230;&#8230;&#8230;&#8230;&#8230;&#8230;&#8230;&#8230;.Teresa Bie\u0144ko, ur 1948, Latowicz, Iwowe.<\/span><\/span><br \/>\n<span style=\"font-family: Arial,sans-serif;\"><span style=\"font-size: xx-small;\">&#8230;&#8230;&#8230;&#8230;&#8230;&#8230;&#8230;&#8230;&#8230;&#8230;&#8230;&#8230;&#8230;&#8230;.Kazimierz Bie\u0144ko, ur 1952, Latowicz, Iwowe. <\/span><\/span> <\/span><br \/>\n<span style=\"font-family: Arial,sans-serif;\"><span style=\"font-size: xx-small;\">&#8230;&#8230;&#8230;&#8230;&#8230;&#8230;&#8230;&#8230;&#8230;&#8230;&#8230;&#8230;&#8230;&#8230;.Zygmunt Bie\u0144ko, ur 1957 + \u015bl 1985 Teresa Luty z Kres\u00f3w, c\u00f3rka Jana i Leokd. Doma\u0144skiej. W Iwowem 3 syn\u00f3w\u00a0 (KS)<\/span><\/span><br \/>\n<span style=\"font-family: Arial,sans-serif;\"><span style=\"font-size: xx-small;\">&#8230;&#8230;&#8230;&#8230;&#8230;&#8230;&#8230;&#8230;&#8230;&#8230;&#8230;&#8230;&#8230;&#8230;&#8230;&#8230;&#8230;.<i>Pawe\u0142\u00a0 Bie\u0144ko, ur 1987.<\/i><\/span><\/span><br \/>\n<span style=\"font-family: Arial,sans-serif;\"><span style=\"font-size: xx-small;\">&#8230;&#8230;&#8230;&#8230;&#8230;&#8230;&#8230;&#8230;&#8230;&#8230;&#8230;&#8230;&#8230;&#8230;&#8230;&#8230;&#8230;.<i>Piotr Bie\u0144ko, ur 1988.<\/i><\/span><\/span><br \/>\n<span style=\"font-family: Arial,sans-serif;\"><span style=\"font-size: xx-small;\">&#8230;&#8230;&#8230;&#8230;&#8230;&#8230;&#8230;&#8230;&#8230;&#8230;&#8230;&#8230;&#8230;&#8230;&#8230;&#8230;&#8230;.<i>Micha\u0142\u00a0 Bie\u0144ko, ur 1989.<\/i><\/span><\/span><br \/>\n<span style=\"font-family: Arial,sans-serif;\"><span style=\"font-size: small;\">&#8230;&#8230;&#8230;&#8230;&#8230;&#8230;&#8230;..<i>Marianna Bie\u0144ko<\/i>, akt ur 64 1914 Latowicz, Iwowe.<\/span><\/span><br \/>\n<span style=\"font-family: Arial,sans-serif;\"><span style=\"font-size: small;\">&#8230;&#8230;&#8230;&#8230;&#8230;&#8230;&#8230;..<i>Helena Bie\u0144ko<\/i>,\u00a0 akt ur 72, 1915 Latowicz, Iwowe + (KS) \u015bl 1937 <i>Szymon Ca\u0142ka<\/i>, ur 1911 z Ciechomina, syn Jana i J\u00f3zefy Dymek. Dzieci (KS)<\/span><\/span><br \/>\n<span style=\"font-family: Arial,sans-serif;\"><span style=\"font-size: small;\">&#8230;&#8230;&#8230;&#8230;&#8230;&#8230;&#8230;..<i>Boles\u0142aw Ca\u0142ka<\/i>, ur 1921, Latowicz, Iwowe.<\/span><\/span><br \/>\n<span style=\"font-family: Arial,sans-serif;\"><span style=\"font-size: small;\">&#8230;&#8230;&#8230;&#8230;&#8230;&#8230;&#8230;..<i>J\u00f3zef, Marian Ca\u0142ka,<\/i>\u00a0ur 1923, Latowicz, Iwowe.<\/span><\/span><br \/>\n<span style=\"font-family: Arial,sans-serif;\"><span style=\"font-size: small;\">&#8230;&#8230;&#8230;&#8230;&#8230;&#8230;&#8230;..<i>Henryk Ca\u0142ka<\/i>, ur 1925, Latowicz, Iwowe.<\/span><\/span><br \/>\n<span style=\"font-family: Arial,sans-serif;\"><span style=\"font-size: small;\">&#8230;&#8230;&#8230;&#8230;&#8230;&#8230;&#8230;..<i>Henryka Ca\u0142ka<\/i>, ur 1929, Latowicz, Iwowe &#8211; 1998 + 1950 <i>Stefan Oszkiel <\/i>1925-1999 (KS) z Iwowego, syn Wiktora i Marianny \u015awi\u0105tek. W Iwowem 7-o dzieci, 5-o za\u0142o\u017cy\u0142o rodziny (KS).<\/span><\/span><br \/>\n<span style=\"font-family: Arial,sans-serif;\"><span style=\"font-size: xx-small;\">&#8230;&#8230;&#8230;&#8230;&#8230;&#8230;&#8230;&#8230;&#8230;&#8230;&#8230;&#8230;&#8230;&#8230;.Teresa Oszkiel, ur 1951.<\/span><\/span><br \/>\n<span style=\"font-family: Arial,sans-serif;\"><span style=\"font-size: xx-small;\">&#8230;&#8230;&#8230;&#8230;&#8230;&#8230;&#8230;&#8230;&#8230;&#8230;&#8230;&#8230;&#8230;&#8230;.Wies\u0142awa Oszkiel, ur 1952.<\/span><\/span><br \/>\n<span style=\"font-family: Arial,sans-serif;\"><span style=\"font-size: xx-small;\">&#8230;&#8230;&#8230;&#8230;&#8230;&#8230;&#8230;&#8230;&#8230;&#8230;&#8230;&#8230;&#8230;&#8230;.Maciej Oszkiel, ur 1955, Latowicz, Iwowe.<\/span><\/span><br \/>\n<span style=\"font-family: Arial,sans-serif;\"><span style=\"font-size: xx-small;\">&#8230;&#8230;&#8230;&#8230;&#8230;&#8230;&#8230;&#8230;&#8230;&#8230;&#8230;&#8230;&#8230;&#8230;.Zofia Oszkiel ,ur 1956.<\/span><\/span><br \/>\n<span style=\"font-family: Arial,sans-serif;\"><span style=\"font-size: xx-small;\">&#8230;&#8230;&#8230;&#8230;&#8230;&#8230;&#8230;&#8230;&#8230;&#8230;&#8230;&#8230;&#8230;&#8230;.Gra\u017cyna Oszkiel, ur 1959, Latowicz, Iwowe \u2013 1960.<\/span><\/span><br \/>\n<span style=\"font-family: Arial,sans-serif;\"><span style=\"font-size: xx-small;\">&#8230;&#8230;&#8230;&#8230;&#8230;&#8230;&#8230;&#8230;&#8230;&#8230;&#8230;&#8230;&#8230;&#8230;.Stanis\u0142aw Oszkiel, ur 1962.<\/span><\/span><br \/>\n<span style=\"font-family: Arial,sans-serif;\"><span style=\"font-size: xx-small;\">&#8230;&#8230;&#8230;&#8230;&#8230;&#8230;&#8230;&#8230;&#8230;&#8230;&#8230;&#8230;&#8230;&#8230;.El\u017cbieta Oszkiel, ur\u00a0 1967. <\/span><\/span><br \/>\n<span style=\"font-family: Arial,sans-serif;\"><span style=\"font-size: small;\"><span style=\"font-style: normal;\">&#8230;&#8230;&#8230;&#8230;&#8230;&#8230;&#8230;..<i>Ignacy, Henryk Bie\u0144ko<\/i>, ur 1937, Latowicz, Iwowe.<\/span><\/span><br \/>\n<span style=\"font-family: Arial,sans-serif;\"><span style=\"font-size: small;\">&#8230;&#8230;&#8230;&#8230;&#8230;..Weronika Bie\u0144ko, akt ur 47, 12.2.1888, Latowicz, Iwowe,(40 35) + akt \u015bl 56 1908, Latowicz, Iwowe, Tomasz Szel\u0105g z Latowicza, ur 1870, syn Grzegorza i Teofili Wardzy\u0144skiej, wdowiec po Mariannie Wzorek. W Latowiczu czworo dzieci (KS).<\/span><\/span><br \/>\n<span style=\"font-family: Arial,sans-serif;\"><span style=\"font-size: small;\">&#8230;&#8230;&#8230;&#8230;&#8230;&#8230;&#8230;..<i>Jan Szel\u0105g, ur<\/i> 1909 Latowicz.<\/span><\/span><br \/>\n<span style=\"font-family: Arial,sans-serif;\"><span style=\"font-size: small;\">&#8230;&#8230;&#8230;&#8230;&#8230;&#8230;&#8230;..<i>Franciszek Szel\u0105g<\/i>, ur 1913, Latowicz.,<\/span><\/span><br \/>\n<span style=\"font-family: Arial,sans-serif;\"><span style=\"font-size: small;\">&#8230;&#8230;&#8230;&#8230;&#8230;&#8230;&#8230;..<i>Zenobia Szel\u0105g<\/i>, ur 1915, Latowicz.<\/span><\/span><br \/>\n<span style=\"font-family: Arial,sans-serif;\"><span style=\"font-size: small;\">&#8230;&#8230;&#8230;&#8230;&#8230;&#8230;&#8230;..<i>Wanda Szel\u0105g<\/i>, ur 1916, Latowicz.<\/span><\/span><br \/>\n<span style=\"font-family: Arial,sans-serif;\">&#8230;&#8230;&#8230;.<i>Zofia Bie\u0144ko<\/i>, akt ur 94,11.5.1850, Latowicz, Iwowe, (35 34).<\/span><\/span><br \/>\n<span style=\"font-family: Arial,sans-serif;\">&#8230;&#8230;&#8230;.<i>Zofia Bie\u0144ko<\/i>, akt ur 73, 15.5.1853, Latowicz, Iwowe, (37 37) + akt \u015bl 21, 1872 Latowicz, Iwowe, Ludwik Rogowski z Budzisk, syn Adama i Barbary Ca\u0142ka. W Budziskach 12-o dzieci<\/span><\/span><br \/>\n<span style=\"font-family: Arial,sans-serif;\"><span style=\"font-size: small;\">&#8230;&#8230;&#8230;&#8230;&#8230;..Katarzyna Rogowska, ur 1873.<\/span><\/span><br \/>\n<span style=\"font-family: Arial,sans-serif;\"><span style=\"font-size: small;\">&#8230;&#8230;&#8230;&#8230;&#8230;..Agnieszka Rogowska, ur 1875, Latowicz,\u00a0 Budziska.<\/span><\/span><br \/>\n<span style=\"font-family: Arial,sans-serif;\"><span style=\"font-size: small;\">&#8230;&#8230;&#8230;&#8230;&#8230;..Jan Rogowski, ur 1878, Latowicz, Budziska.<\/span><\/span><br \/>\n<span style=\"font-family: Arial,sans-serif;\"><span style=\"font-size: small;\">&#8230;&#8230;&#8230;&#8230;&#8230;..Ma\u0142gorzata Rogowska, ur 1880, Latowicz, Budziska.<\/span><\/span><br \/>\n<span style=\"font-family: Arial,sans-serif;\"><span style=\"font-size: small;\">&#8230;&#8230;&#8230;&#8230;&#8230;..Franciszka Rogowska, ur 1882, Latowicz, Budziska.<\/span><\/span><br \/>\n<span style=\"font-family: Arial,sans-serif;\"><span style=\"font-size: small;\">&#8230;&#8230;&#8230;&#8230;&#8230;..Franciszek Rogowski, ur 1885, Latowicz,Budziska.<\/span><\/span><br \/>\n<span style=\"font-family: Arial,sans-serif;\"><span style=\"font-size: small;\">&#8230;&#8230;&#8230;&#8230;&#8230;..Wiktoria Rogowska, ur 1886, Latowicz,Budziska.<\/span><\/span><br \/>\n<span style=\"font-family: Arial,sans-serif;\"><span style=\"font-size: small;\">&#8230;&#8230;&#8230;&#8230;&#8230;..Wojciech Rogowski, ur 1889.<\/span><\/span><br \/>\n<span style=\"font-family: Arial,sans-serif;\"><span style=\"font-size: small;\">&#8230;&#8230;&#8230;&#8230;&#8230;..Micha\u0142 Rogowski, ur 1891, Latowicz, Budziska.<\/span><\/span><br \/>\n<span style=\"font-family: Arial,sans-serif;\"><span style=\"font-size: small;\">&#8230;&#8230;&#8230;&#8230;&#8230;..Franciszek Rogowski, ur 1893, Latowicz, Budziska.<\/span><\/span><br \/>\n<span style=\"font-family: Arial,sans-serif;\"><span style=\"font-size: small;\">&#8230;&#8230;&#8230;&#8230;&#8230;..Helena Rogowska, ur 1895.<\/span><\/span><br \/>\n<span style=\"font-family: Arial,sans-serif;\"><span style=\"font-size: small;\">&#8230;&#8230;&#8230;&#8230;&#8230;..Marianna Rogowska, ur 1897, Latowicz,\u00a0 Budziska.<\/span><\/span><br \/>\n<span style=\"font-family: Arial,sans-serif;\">&#8230;..Ignacy Bie\u0144ko akt ur 94, 20.7.1822, Latowicz, Iwowe (J \u2013 48, P- 36), (akt zg 26, 1827, lat 4,5, Latowicz, Iwowe).<\/span><br \/>\n<span style=\"font-family: Arial,sans-serif;\"><b>Scholastyka Bie\u0144ko,<\/b> ur 1777, Latowicz, Iwowe, o\u015bmioro dzieci (KS)<\/span><br \/>\n<span style=\"font-family: Arial,sans-serif;\"><b>Grzegorz Bie\u0144ko<\/b> (akt ur 3091, 1778, Latowicz, Iwowe) + <b>Marianna Myszto <\/b>(akt zg 13, 1817, Latowicz, Iwowe, G-40, M-38). ??? Z dw\u00f3ch Grzegorzy urodzonych w tym samym roku tego po\u017ceni\u0142em z Myszto gdy\u017c w akcie zej\u015bcia Myszto jako \u015bwiadek pojawia si\u0119 45 letni Jakub, jego brat a syn Wita.<\/span><br \/>\n<span style=\"font-family: Arial,sans-serif;\">&#8230;..Adalbertus Bie\u0144ko, akt ur 0, 28.4.1801, Latowicz, Iwowe.<\/span><br \/>\n<span style=\"font-family: Arial,sans-serif;\">&#8230;..Kazimierz Bie\u0144ko, akt ur 0, 5.3.1808, Latowicz, Iwowe (Miszto).<\/span><br \/>\n<span style=\"font-family: Arial,sans-serif;\"><b>Tomasz Bie\u0144ko <\/b>akt ur 3507, 1780, Latowicz, Iwowe, akt zg 49, 8.5.1822, Latowicz, Iwowe + (KS) \u015bl 1810,\u00a0<b>Bertylda Dzi\u0119cio\u0142<\/b> z Iwowego, c\u00f3rka Fr. i Konstancji Bogusz,. Tomasz ma parobka J\u00f3zefa Sawickiego. Bertylda po \u015bmierci Tomasza wychodzi za m\u0105\u017c w 1824 roku za Paw\u0142a Sabaka i ma z nim w Iwowem 3 dzieci.<\/span><br \/>\n<span style=\"font-family: Arial,sans-serif;\">&#8230;..Jan, Walenty Bie\u0144ko, akt ur 92, 5.7.1812, Latowicz, Iwowe (T32, Bertylda Kraska 24) + akt \u015bl 38, 14.02.1836, Latowicz, Iwowe Marianna \u015awieczka, z Iwowego, c\u00f3rka Tomasza i Zofii Sekta, (Jan Bieniek). Maj\u0105 czworo dzieci.<\/span><br \/>\n<span style=\"font-family: Arial,sans-serif;\">&#8230;&#8230;&#8230;.<em>Karol Bie\u0144ko<\/em> (ur ok 1835, akt zg 1837, Latowicz, Iwowe, 2 l. i 3 m.)<\/span><br \/>\n<span style=\"font-family: Arial,sans-serif;\">&#8230;&#8230;&#8230;.<i>Katarzyna Bie\u0144ko<\/i>, akt ur 218, 1837 Latowicz, Iwowe + akt \u015bl 34 1853, Latowicz, Strachomin Tomasz \u015awi\u0105tek ze Strachomina, syn Augustyna i Agaty Gajowniczek, 5-o dzieci w Iwowem, w tym<\/span><br \/>\n<span style=\"font-family: Arial,sans-serif;\"><span style=\"font-size: small;\">&#8230;&#8230;&#8230;&#8230;&#8230;..Franciszek \u015awi\u0105tek, akt ur 98,1855 Latowicz, Iwowe<\/span><\/span><span style=\"font-size: small;\">.<\/span><br \/>\n<span style=\"font-family: Arial,sans-serif;\"><span style=\"font-size: small;\">&#8230;&#8230;&#8230;&#8230;&#8230;..Magdalena \u015awi\u0105tek, akt ur 122, 1867, Latowicz, Iwowe<\/span><\/span><span style=\"font-size: small;\">.<\/span><br \/>\n<span style=\"font-family: Arial,sans-serif;\"><span style=\"font-size: small;\">&#8230;&#8230;&#8230;&#8230;&#8230;..Feliks \u015awi\u0105tek, akt ur 101, 1872 Latowicz, Iwowe,.<\/span><\/span><br \/>\n<span style=\"font-family: Arial,sans-serif;\"><span style=\"font-size: small;\">&#8230;&#8230;&#8230;&#8230;&#8230;..Ignacy \u015awi\u0105tek, akt ur 30, 1875 Latowicz, Iwowe.<\/span><\/span><br \/>\n<span style=\"font-family: Arial,sans-serif;\"><span style=\"font-size: small;\">&#8230;&#8230;&#8230;&#8230;&#8230;..Piotr \u015awi\u0105tek akt ur 166, 1877, Latowicz, Iwowe \u2013 akt zg 59, 1880 Latowicz, Iwowe.<\/span><\/span><br \/>\n<span style=\"font-family: Arial,sans-serif;\">&#8230;&#8230;&#8230;.<i>Weronika Bie\u0144ko<\/i>, akt ur 3, 4.1.1840, Latowicz, Iwowe.<\/span><br \/>\n<span style=\"font-family: Arial,sans-serif;\">&#8230;&#8230;&#8230;.<i>Klemens Bie\u0144ko<\/i>, akt ur 170, 5.10.1843, Latowicz, Iwowe. (J-34 M-40) (zgon 1 miesi\u0105c).<\/span><br \/>\n<span style=\"font-family: Arial,sans-serif;\">&#8230;&#8230;&#8230;.<i>Marianna Bie\u0144ko<\/i>, akt ur 167, 12.81845, Latowicz, Iwowe. (J-35, M-33)(akt zg 51, lat 2, Iwowe, 1848).<\/span><br \/>\n<span style=\"font-family: Arial,sans-serif;\">&#8230;..Darja, Krystyna Bie\u0144ko akt ur 110, 24.10.1814, Latowicz, Iwowe (T 30 lat, B \u2013 24)<\/span><br \/>\n<span style=\"font-family: Arial,sans-serif;\">&#8230;..Ewa, Wiktoria Bie\u0144ko akt ur 164, 17.12.1816, Latowicz, Iwowe, (T- 36, B- 27) + Andrzej Wronowski, akt \u015bl 45, 4.8.1839, Latowicz, Iwowe (Ewa Bieniek). Czworo dzieci w Iwowem.Po \u015bmierci Ewy, Andrzej \u017ceni si\u0119 ponownie z Mariann\u0105 Bie\u0144ko, c\u00f3rk\u0105 Onufrego i Marianny Rogala. Mieli oni jeszcze 9 dzieci. (KS) <\/span><br \/>\n<span style=\"font-family: Arial,sans-serif;\">&#8230;&#8230;&#8230;.<i>Franciszka Wronowska<\/i>, ur 1841, Latowicz,Iwowe.<\/span><br \/>\n<span style=\"font-family: Arial,sans-serif;\">&#8230;&#8230;&#8230;.<i>Marianna Wronowska<\/i>, ur 1845, Latowicz, Iwowe.<\/span><br \/>\n<span style=\"font-family: Arial,sans-serif;\">&#8230;&#8230;&#8230;.<i>Rozalia Wronowska<\/i>, ur 1848, Latowicz, Iwowe.<\/span><br \/>\n<span style=\"font-family: Arial,sans-serif;\">&#8230;&#8230;&#8230;.<i>Katarzyna Wronowska<\/i>, ur 1851, Latowicz, Iwowe. <\/span><br \/>\n<span style=\"font-family: Arial,sans-serif;\">&#8230;..Ambro\u017cy, Miko\u0142aj Bie\u0144ko akt ur 147, 7.12.1819, Latowicz, Iwowe,\u00a0 (T 36 lat, B \u2013 30)+ Marianna \u015awi\u0119ch ( akt zg 18, 1848, Latowicz, Strachomin, l. 36) z Wielgolasu, c\u00f3rka Wincentego i \u0141ucji Ga\u0142\u0105zka, wdowa po Pawle Zakrzewskim z Kamionki (Zakrzewska, Ga\u0142\u0105zka), akt \u015bl 20, 16.2.1840, Latowicz, Kamionka (Ambro\u017cy Bieniek).<\/span><br \/>\n<span style=\"font-family: Arial,sans-serif;\">&#8230;&#8230;&#8230;.<i>Jadwiga Bie\u0144ko<\/i>, akt ur 165, 11.10.1842, Latowicz, Kamionka (A \u2013 25, M \u2013 30).<\/span><br \/>\n<span style=\"font-family: Arial,sans-serif;\">&#8230;&#8230;&#8230;.<i>Szczepan Bie\u0144ko<\/i>, akt ur 204, 23.12.1844, Latowicz, Kamionka (akt zg 78, 1848, lat 3 Latowicz, Kamionka).<\/span><br \/>\n<span style=\"font-family: Arial,sans-serif;\">&#8230;&#8230;&#8230;.<i>Walenty Bie\u0144ko<\/i>, akt ur 30, 5.2.1848, Latowicz, Strachomin, (Marianna Zakrzewska).Akt zg 27, 1848, 2 tyg, Latowicz, Strachomin.<\/span><br \/>\n<span style=\"font-family: Arial,sans-serif;\">&#8230;..Ambro\u017cy, Miko\u0142aj Bie\u0144ko akt ur 147, 7.12.1819 Latowicz, Iwowe + akt \u015bl 54, 27.11.1848,\u00a0 Marianna Czmochowska z Latowicza, c\u00f3rka Piotra i Marianny, wdowa po Augustynie Krupa (\u0106moch, Krupa), Latowicz, Kamionka (Ambro\u017cy Bieniek).<\/span><br \/>\n<span style=\"font-family: Arial,sans-serif;\">&#8230;&#8230;&#8230;.<i>Ludwika Bie\u0144ko<\/i>, akt ur 176, 2.10.1849, Latowicz, Kamionka, (A-30, M-24).<\/span><br \/>\n<span style=\"font-family: Arial,sans-serif;\">&#8230;&#8230;&#8230;.<i>Marcin Bie\u0144ko<\/i>, akt ur 188, 9.2.1852, Latowicz, Kamionka, (A \u201333, Marianna \u0106moch \u2013 27).<\/span><br \/>\n<span style=\"font-family: Arial,sans-serif;\"><b>Daniel Bienko<\/b>, akt ur 3902, 1783, Latowicz, Iwowe.<\/span><br \/>\n<span style=\"font-family: Arial,sans-serif;\">&#8230;&#8230;&#8230;&#8230;&#8230;&#8230;&#8230;&#8230;&#8230;&#8230;&#8230;&#8230;&#8230;&#8230;&#8230;&#8230;&#8230;&#8230;&#8230;&#8230;&#8230;&#8230;&#8230;&#8230;&#8230;&#8230;&#8230;&#8230;&#8230;&#8230;&#8230;<\/span><\/p>\n<p><span style=\"font-family: Arial,sans-serif;\"><strong>Kolejna linia genealogiczna<\/strong><\/span><br \/>\n<span style=\"font-family: Arial,sans-serif;\"><b>MAGDALENA BIE\u0143KO<\/b> (zgon przed 9.02.1772 \u2013 \u015blub Sabaka z Agnieszka Woyt\u00f3wna z Redzy\u0144skiego) + akt \u015bl 349, 1768, Latowicz, Iwowe, Laliny\u00a0<b>PIOTR SABAK<\/b>, Laliny. \u015awiadkiem jest Walenty Bie\u0144ko. Mo\u017ce Walenty to ojciec. Dzieci:<\/span><br \/>\n<span style=\"font-family: Arial,sans-serif;\"><b>Marcella Sabak <\/b>akt ur 1822,\u00a0<b>\u00a0<\/b>1769 Latowicz, Laliny, akt zg 1817 &#8211; KS) + akt \u015bl 1159, 1791, Latowicz, Laliny Tomasz \u0141odyga + akt \u015bl 29, 1815 Latowicz, Laliny,\u00a0 Bart\u0142omiej Pazura. <\/span><br \/>\n<span style=\"font-family: Arial,sans-serif;\">&#8230;&#8230;&#8230;&#8230;&#8230;&#8230;&#8230;&#8230;&#8230;&#8230;&#8230;&#8230;&#8230;&#8230;&#8230;&#8230;&#8230;&#8230;&#8230;&#8230;&#8230;&#8230;&#8230;&#8230;&#8230;&#8230;&#8230;&#8230;&#8230;&#8230;&#8230;<\/span><\/p>\n<p><span style=\"font-family: Arial,sans-serif;\"><strong>Kolejna linia genealogiczna<\/strong><\/span><\/p>\n<p><span style=\"font-family: Arial,sans-serif;\"><strong>MARCIN<b> BIE\u0143KO <\/b><\/strong>(ur 1746, akt zg 1796, Latowicz, Iwowe) i <strong>MA\u0141GORZATA SKORUPIANKA<\/strong>, akt \u015bl 282, 27.01.1765, latowicz, Iwowe, \u015bwiadek Walenty Bie\u0144ko.<\/span><br \/>\n<span style=\"font-family: Arial,sans-serif;\"><strong>Jan<\/strong>, akt ur &#8230; 5.5.1766, Latowicz, Iwowe, akt zg &#8230; 1766, Latowicz, Iwowe 5 tyg.<\/span><br \/>\n<span style=\"font-family: Arial,sans-serif;\"><strong>Katarzyna Bie\u0144ko<\/strong>, akt ur 1431, 5.5.1766, Latowicz, Iwowe,<\/span><br \/>\n<span style=\"font-family: Arial,sans-serif;\"><strong>Petronela Bie\u0144ko<\/strong>, akt ur 1732, 29.5.1768, Latowicz, Iwowe<\/span><br \/>\n<span style=\"font-family: Arial,sans-serif;\">&#8230;&#8230;&#8230;&#8230;&#8230;&#8230;&#8230;&#8230;&#8230;&#8230;&#8230;&#8230;&#8230;&#8230;&#8230;&#8230;&#8230;&#8230;&#8230;&#8230;&#8230;&#8230;&#8230;&#8230;&#8230;&#8230;&#8230;&#8230;&#8230;&#8230;&#8230;<\/span><br \/>\n<span style=\"font-family: Arial,sans-serif;\">Kolejna linia genealogiczna<\/span><br \/>\n<span style=\"font-family: Arial,sans-serif;\"><b>\u0141UKASZ BIE\u0143KO<\/b> i akt \u015bl. 372, 1769, Latowicz Iwowe. <b>TERESA KOSUT\u00d3WNA<\/b>, 1769, akt \u015bl. 372, (Latowicz Iwowe).\u00a0<\/span><br \/>\n<span style=\"font-family: Arial,sans-serif;\"><b>Franciszek Bie\u0144ko<\/b>, akt ur 1989, 1770, Latowicz Iwowe.<\/span><br \/>\n<span style=\"font-family: Arial,sans-serif;\"><b>Andrzej Bie\u0144ko<\/b>, akt ur 2338, 1772, Latowicz, Iwowe, zg 1772, 9 dni.<\/span><br \/>\n<span style=\"font-family: Arial,sans-serif;\"><b>?\u0141ukasz Bie\u0144ko, <\/b>ur 1773, Latowicz, Iwowe, ojciec \u0141ukasz.<\/span><br \/>\n<span style=\"font-family: Arial,sans-serif;\"><b>Piotr Bie\u0144ko<\/b>, akt ur 2352, 1773, Latowicz, Iwowe.<\/span><br \/>\n<span style=\"font-family: Arial,sans-serif;\"><b>Dominik Bie\u0144ko<\/b>, akt ur 2678, 1775, Latowicz, Iwowe + Anstazja Sabak (K.S).<\/span><br \/>\n<span style=\"font-family: Arial,sans-serif;\">&#8230;..Magdalena Bie\u0144ko, 12.7.1801, Latowicz, Iwowe (Dionizy!), zg. 1 rok (KS).<\/span><br \/>\n<span style=\"font-family: Arial,sans-serif;\">&#8230;..Hedwigia Bie\u0144ko, akt ur 0, 21.2.1802, Latowicz, Iwowe, zg 5 lat (KS).<\/span><br \/>\n<span style=\"font-family: Arial,sans-serif;\"><b>Dominik Bie\u0144ko<\/b> (akt zg 4, 1828, Latowicz, Iwowe, lat 42, chyba za ma\u0142o) i <b>Teresa W\u0105grodzka<\/b> (akt zg 83, 1845, lat 56, Latowicz, Iwowe, rodzice &#8211; Ignacy, Zofia).<\/span><br \/>\n<span style=\"font-family: Arial,sans-serif;\">&#8230;..Baltazar Bie\u0144ko, akt ur 0, 10.1.1809, Latowicz, Iwowe.<\/span><br \/>\n<span style=\"font-family: Arial,sans-serif;\">&#8230;..\u0141ucja Bie\u0144ko, akt ur 0, 14.12.1810, Latowicz, Iwowe, (\u0141ucja Marianna Bie\u0144ko 14 (12?).12.1810, Iwowe (D \u2013 36, T \u2013 24)<\/span><span style=\"font-size: medium;\">.<\/span><br \/>\n<span style=\"font-family: Arial,sans-serif;\">&#8230;..Marcella, Anastazja Bie\u0144ko, akt ur 2, 6.1.1813, Latowicz, Iwowe, (D \u2013 38, Teresa Zagrodna \u201336)+ akt \u015bl 9, 3.2.1828, Latowicz, Iwowe, Joachim Skorupa, (Marcela Bieniek).<\/span><br \/>\n<span style=\"font-family: Arial,sans-serif;\">&#8230;..Franciszka, Pelagia Bie\u0144ko, 30.9.1815, akt ur 137, Iwowe (D\u2013 40, Teresa Ogrodnianka \u2013 28).<\/span><br \/>\n<span style=\"font-family: Arial,sans-serif;\">&#8230;..Wincenty, Franciszek Bie\u0144ko, akt ur 21, 22.1.1817, Latowicz, Iwowe (38 30), akt zg 20, 11.2.1819, Latowicz, Iwowe. <\/span><br \/>\n<span style=\"font-family: Arial,sans-serif;\">&#8230;..Ewa, \u0141ucja Bie\u0144ko, akt ur 158, 20.12.1819, Latowicz, Iwowe (D\u2013 40, T \u2013 26) akt zg 14, 1827, Latowicz, Iwowe (Ba\u0144ka). <\/span><br \/>\n<span style=\"font-family: Arial,sans-serif;\">&#8230;..Helena, Kunegunda Bie\u0144ko, akt ur 38, 1.3.1822, Latowicz, Iwowe (D \u2013 40, T \u2013 30).<\/span><br \/>\n<span style=\"font-family: Arial,sans-serif;\">&#8230;..Marianna Bieniek, ur 1922, akt zg 78, 17.6.1923, 1 rok 4 m, Latowicz, Iwowe. Teresa W\u0119dr\u00f3wna. (D &#8211; 50)<\/span><br \/>\n<span style=\"font-family: Arial,sans-serif;\">W aktach urodzin dzieci Dominika i Teresy s\u0105dz\u0105c z podanych dat powinien Dominik urodzi\u0107 si\u0119 w kolejno\u015bci w 1774, 1775, 1779, 1779, 1782 i w akcie zgonu w 1786. St\u0105d przyj\u0105\u0142em, \u017ce jest to syn \u0141ukasza i Teresy Kosut o\u017ceniony po raz drugi.<\/span><br \/>\n<span style=\"font-family: Arial,sans-serif;\"><b>\u0141ukasz Bie\u0144ko<\/b>, akt ur 3144 1778, Latowicz, Iwowe. Akt zg .. 1780, Latowicz, Iwowe<\/span><br \/>\n<span style=\"font-family: Arial,sans-serif;\"><b>Helena Bieniek<\/b>, akt ur 3875, 21.5.1783, Latowicz, Iwowe.<\/span><br \/>\n<span style=\"font-family: Arial,sans-serif;\">&#8230;&#8230;&#8230;&#8230;&#8230;&#8230;&#8230;&#8230;&#8230;&#8230;&#8230;&#8230;&#8230;&#8230;&#8230;&#8230;&#8230;&#8230;&#8230;&#8230;&#8230;&#8230;&#8230;&#8230;&#8230;&#8230;&#8230;&#8230;<\/span><\/p>\n<p><span style=\"font-family: Arial,sans-serif;\">Kolejna linia genealogiczna<\/span><br \/>\n<span style=\"font-family: Arial,sans-serif;\"><b>AGNIESZKA BIE\u0143KO <\/b>(ur. ok. 1749, akt zg. 106, 23.11.1825 Latowicz, Latowicz) i <b>PIOTR <\/b><b>NIEDEK<\/b><\/span><br \/>\n<span style=\"font-family: Arial,sans-serif;\"><strong>\u0141ukasz Niedek<\/strong> akt ur 3047, 25.10.1783, Latowicz. LAtowicz <\/span><br \/>\n<span style=\"font-family: Arial,sans-serif;\"><b>AGNIESZKA NIDEK (BIE\u0143KO) <\/b>(ur. ok. 1749, akt zg. 106, 23.11.1825 Latowicz, Latowicz) wdowa i (KS?) akt \u015bl. 1417, 3.7.1796, Latowicz, i<b> BART\u0141OMIEJ TOMASKI, <\/b>wdowiec.<\/span><\/p>\n<p>&#8230;&#8230;&#8230;&#8230;&#8230;&#8230;&#8230;&#8230;&#8230;&#8230;&#8230;&#8230;&#8230;&#8230;&#8230;&#8230;&#8230;&#8230;&#8230;&#8230;&#8230;&#8230;&#8230;&#8230;&#8230;&#8230;&#8230;&#8230;&#8230;&#8230;&#8230;&#8230;&#8230;&#8230;&#8230;&#8230;&#8230;&#8230;&#8230;&#8230;&#8230;&#8230;&#8230;&#8230;&#8230;&#8230;&#8230;&#8230;&#8230;&#8230;.<br \/>\n<span style=\"font-family: Arial,sans-serif;\">Kolejna linia genealogiczna<\/span><br \/>\n<span style=\"font-family: Arial,sans-serif;\"><b>FRANCISZEK SKORUPSKI <\/b>i <b>KRYSTYNA BIE\u0143K\u00d3WNA,<\/b> akt \u015bl. 370, 1769, (Latowicz, Transbor, Wielgolas). \u00a0<\/span><br \/>\n<span style=\"font-family: Arial,sans-serif;\">&#8230;&#8230;&#8230;&#8230;&#8230;&#8230;&#8230;&#8230;&#8230;&#8230;&#8230;&#8230;&#8230;&#8230;&#8230;&#8230;&#8230;&#8230;&#8230;&#8230;&#8230;&#8230;&#8230;&#8230;&#8230;&#8230;&#8230;&#8230;&#8230;&#8230;&#8230;&#8230;&#8230;&#8230;&#8230;&#8230;&#8230;&#8230;&#8230;&#8230;&#8230;&#8230;&#8230;&#8230;&#8230;&#8230;&#8230;&#8230;&#8230;&#8230;..<\/span><\/p>\n<p><span style=\"font-family: Arial,sans-serif;\">Kolejna linia genealogiczna<\/span><br \/>\n<span style=\"font-family: Arial,sans-serif;\"><b>KRZYSZTOF BIE\u0143KO <\/b>(ok?1753 \u2013 1799.27.08, 40 lat bez podanej nazwy wsi, data w-g KS, nie znalaz\u0142em w zgonach, wiek zmar\u0142ego pewnie przybli\u017cony)\u00a0 i akt \u015bl. 497, 1773 Latowicz, Iwowe, <b>KRYSTYNA KOSUT\u00d3WNA<\/b>, 1773, akt \u015bl. 497, (Latowicz, Iwowe), \u015bwiadek \u0141ukasz Bie\u0144ko. \u00a0<\/span><br \/>\n<span style=\"font-family: Arial,sans-serif;\"><b>Hiacynt Bie\u0144ko<\/b>, akt ur 2650, ur 1774, Iwowe.<\/span><br \/>\n<span style=\"font-family: Arial,sans-serif;\"><b>Wincenty Bie\u0144ko ?, <\/b>ur 1774, akt zg 151, 1775 Latowicz, Iwowe<\/span><br \/>\n<span style=\"font-family: Arial,sans-serif;\"><b>Marianna Bie\u0144ko<\/b>, akt ur 2847, 1776, Latowicz, Iwowe (KS) + <strong>Maciej Pazura<\/strong>, akt \u015bl. 1464, 17797, (Latowicz), Laliny. \u00a0<\/span><br \/>\n<span style=\"font-family: Arial,sans-serif;\"><b>Hiacynt Bie\u0144ko<\/b>, akt ur 3282, 1779, Latowicz, Iwowe.<\/span><br \/>\n<span style=\"font-family: Arial,sans-serif;\"><b>Ambro\u017cy Bie\u0144ko<\/b>, akt ur 3502, 1780, Latowicz, Iwowe i \u015bl <strong>Agnieszka Rudzka<\/strong>.<\/span><br \/>\n<span style=\"font-family: Arial,sans-serif;\">&#8230;.?Marianna Bieniek, 30.3.1809, Latowicz, Iwowe, (Agnieszka Przybysz?).<br \/>\n&#8230;..Pawe\u0142, Jan Bie\u0144ko, akt ur 85, 26.1.1811, Latowicz, Iwowe, ( A \u2013 35, Ag \u2013 24). Akt zg 147, 1814, Latowicz, Iwowe.<br \/>\n&#8230;..Rozalia, Petronella Bie\u0144ko, akt ur 110, 1.9.1813, akt ur 110, (Agnieszka Reda) (Am32, Ag 27).<\/span><br \/>\n<span style=\"font-family: Arial,sans-serif;\"><b>Rozalia Bie\u0144ko<\/b>, Bieniek, akt ur 4110, 28.8.1784, Latowicz, Iwowe. <\/span><br \/>\n<span style=\"font-family: Arial,sans-serif;\"><b>Bart\u0142omiej Bie\u0144ko<\/b>, akt ur 4827, 1787, Latowicz, Iwowe.<\/span><br \/>\n<span style=\"font-family: Arial,sans-serif;\"><b>Benigna Bie\u0144ko<\/b>, akt ur 4797, 1788, Latowicz, Iwowe.<\/span><br \/>\n<span style=\"font-family: Arial,sans-serif;\"><b>Tomasz Bie\u0144ko, <\/b>akt\u00a0ur 3815,. 1794, Latowicz, Iwowe, akt zg 95, 1819, Latowicz, Iwowe.\u00a0<\/span>\u00a0parobek.<br \/>\n<span style=\"font-family: Arial,sans-serif;\"><b>Barbara Bie\u0144ko<\/b>, akt ur 6512, 1797, Latowicz, Iwowe.<\/span><br \/>\n<span style=\"font-family: Arial,sans-serif;\">&#8230;&#8230;&#8230;&#8230;&#8230;&#8230;&#8230;&#8230;&#8230;&#8230;&#8230;&#8230;&#8230;&#8230;&#8230;&#8230;&#8230;&#8230;&#8230;&#8230;&#8230;&#8230;&#8230;&#8230;&#8230;&#8230;&#8230;&#8230;&#8230;&#8230;&#8230;&#8230;&#8230;&#8230;&#8230;&#8230;&#8230;&#8230;&#8230;&#8230;&#8230;&#8230;&#8230;&#8230;&#8230;&#8230;<\/span><\/p>\n<p><span style=\"font-family: Arial,sans-serif;\"><strong>Kolejna linia genealogiczna<\/strong><\/span><br \/>\n<span style=\"font-family: Arial,sans-serif;\"><b>WOJCIECH BIE\u0143KO <\/b>ur ok 1739, akt zg 1799, Latowicz, Iwowe i akt \u015bl 347, 168, Latowicz Iwowe.\u00a0 <strong>MARIANNA KOSUT\u00d3WNA<\/strong><\/span><br \/>\n<strong>Anastazja Bie\u0144ko<\/strong>, akt ur 1813, 1768, Latowicz, Iwowe, akt zg ..1773, Latowicz, Iwowe.<br \/>\n<strong>Justyna Bie\u0144ko<\/strong>, akt ur 2188, 1771, Latowicz, Iwowe. Akt zg &#8230; 1773.12.27, Latowicz, Iwowe.<br \/>\n<strong>Justyna Bie\u0144ko<\/strong>?, ur ok 1771, zg 1775.06.13, Latowicz, Iwowe, ojciec Adalbert<br \/>\n<span style=\"font-family: Arial,sans-serif;\"><b>WOJCIECH BIE\u0143KO <\/b>(wdowiec) i <b>MARIANNA SABAK\u00d3WNA<\/b>, 1773, akt \u015bl 515, (Latowicz, Iwowe Laliny), \u015bwiadek &#8211; Wit Bie\u0144ko, Iwowe.<\/span><br \/>\n<span style=\"font-family: Arial,sans-serif;\">Ich dzieci.<\/span><br \/>\n<span style=\"font-family: Arial,sans-serif;\"><strong>Leon Bie\u0144ko<\/strong>, akt ur 2644, 1775, Latowicz, Iwowe.<br \/>\n<strong>Jan Bie\u0144ko<\/strong>, akt ur 2845, 6.11.1776, Latowicz, Iwowe.<br \/>\n<strong>Joanna Bie\u0144ko<\/strong>, ur 1776, zg 1777.05.17, Latowicz, Iwowe, ojciec Adalbert.<br \/>\n<strong>Grzegorz Bie\u0144ko<\/strong> (akt ur 3062, 1778, Latowicz, Iwowe) + Marianna Krawiec, patrz powy\u017cej Grzegorz Bie\u0144ko te\u017c z 1778 roku.<br \/>\n&#8230;Pawe\u0142 Bie\u0144ko, akt ur 0, 26.1.1806, Latowicz, Iwowe.<br \/>\n&#8230;Janusz Bie\u0144ko, akt ur 0, 6.8.1809, Latowicz, Iwowe.<br \/>\n&#8230;Franciszek, Eustachy Bie\u0144ko, akt ur 216, 13.9.1811, Latowicz, Iwowe (G \u2013 36, E \u2013 27) (Ewa Krawiec).<br \/>\n&#8230;Szymon, J\u00f3zef Bie\u0144ko, akt ur 41, 21.3.1814, Latowicz, Iwowe, (38, 30).<br \/>\n<strong>Ewa Bie\u0144ko<\/strong>, akt ur 3508, 1780, Latowicz, Iwowe, zg 1781, Latowicz, Iwowe.<br \/>\n<strong>El\u017cbieta Bie\u0144ko<\/strong>, akt ur 4257, 1785, Latowicz, Iwowe, zg 1795, Latowicz, Iwowe, 3 lata?.<br \/>\n<strong>Karol Bie\u0144ko<\/strong>, akt ur 4829, 1788, Latowicz, Iwowe.<br \/>\n<strong>Karolina Bie\u0144ko<\/strong>, ur ok. 1789, zg 1807, Latowicz, Iwowe.<br \/>\n<strong>Stanis\u0142aw, Konstanty Bie\u0144ko<\/strong>, akt ur 5581, 1792, Latowicz, Iwowe, zg 1796, Latowicz, Iwowe, 2 lata?.<\/span><\/p>\n<p>&#8230;&#8230;&#8230;&#8230;&#8230;&#8230;&#8230;&#8230;&#8230;&#8230;&#8230;&#8230;&#8230;&#8230;&#8230;&#8230;&#8230;&#8230;&#8230;&#8230;&#8230;&#8230;&#8230;&#8230;&#8230;&#8230;&#8230;&#8230;&#8230;&#8230;&#8230;&#8230;&#8230;&#8230;&#8230;&#8230;&#8230;&#8230;&#8230;&#8230;&#8230;&#8230;&#8230;&#8230;&#8230;&#8230;.<\/p>\n<p><span style=\"font-family: Arial,sans-serif;\"><strong>Kolejna linia genealogiczna<\/strong><\/span><br \/>\n<span style=\"font-family: Arial,sans-serif;\"><b>ADALBERTUS (WOJCIECH) BIE\u0143KO<\/b>(ur ok 1747, akt zg 121, 1812, Latowicz, Iwowe, l. 65 \u015bw Domin Bie\u0144ko (Wojciech jest dla niego stryjem. Raczej na pewno syn \u0141ukasza i Teresy, wiek 32, a nie 37, ale w aktach ma r\u00f3\u017cne daty) <b> + PETRONELA KRAWIEC, <\/b>akt \u015bl 1046, 13.1.1788, Latowicz, Iwowe (zapis <strong>Wojciech Bieniek<\/strong>).\u00a0<\/span><br \/>\n<span style=\"font-family: Arial,sans-serif;\"><strong>\u2026\u2026\u2026 Bie\u0144ko<\/strong> akt zg 187, 1794 Latowicz, Iwowe.<\/span><br \/>\n<span style=\"font-family: Arial,sans-serif;\"><b>Rozalia Bie\u0144ko<\/b>, akt ur 0, 26.8.1804, Latowicz, Iwowe (Petronela Kawka ?).<\/span>z,<br \/>\n<span style=\"font-family: Arial,sans-serif;\"><b>Jan Bie\u0144ko<\/b>, akt ur 0, 27.12.1806, Latowicz, Iwowe.<\/span><br \/>\n<span style=\"font-family: Arial,sans-serif;\"><b>Marianna Bie\u0144ko<\/b>, akt ur 0, 8.12.1809, Iwowe, + Miko\u0142aj Skorupa, akt \u015bl 7, 25.1.1835, Latowicz, Iwowe, (<strong>Marianna Bieniek<\/strong>).<\/span><br \/>\n<span style=\"font-family: Arial,sans-serif;\">&#8230;&#8230;&#8230;&#8230;&#8230;&#8230;&#8230;&#8230;&#8230;&#8230;&#8230;&#8230;&#8230;&#8230;&#8230;&#8230;&#8230;&#8230;&#8230;&#8230;&#8230;&#8230;&#8230;&#8230;&#8230;&#8230;&#8230;&#8230;&#8230;&#8230;&#8230;&#8230;&#8230;&#8230;&#8230;&#8230;&#8230;&#8230;&#8230;&#8230;&#8230;&#8230;&#8230;&#8230;&#8230;&#8230;&#8230;&#8230;&#8230;.<\/span><\/p>\n<p><span style=\"font-family: Arial,sans-serif;\">Kolejna linia genealogiczna<\/span><br \/>\n<span style=\"font-family: Arial,sans-serif;\"><b>Urszula Bie\u0144ko<\/b>, akt ur 3485, 1780, Latowicz, Iwowe.<\/span><br \/>\n<span style=\"font-family: Arial,sans-serif;\"><br \/>\n<span style=\"font-family: Arial,sans-serif;\"><strong>Kornelia Bie\u0144ko<\/strong>, akt ur 4483, 1786, Latowicz, Iwowe.<\/span><br \/>\n<span style=\"font-family: Arial,sans-serif;\"><b>MARCIN BIE\u0143KO<\/b> i <b>KATARZYNA KRAWC\u00d3WNA<\/b>, akt \u015bl. 738, 1788 (Latowicz, \u00a0Iwowe). <\/span><br \/>\n<span style=\"font-family: Arial,sans-serif;\"><b>Antonina Bie\u0144ko,<\/b>\u00a0akt ur 5031, 1790, Latowicz, Iwowe i ? Kazimierz Kosut (\u015bl. 1807, K-27, A \u2013 21, zg 18.3.1824, Latowicz, Iwowe) przyporz\u0105dkowane tu gdy\u017c jest to jedyna Antonina, nie pasuje wiek 21, powinno by\u0107 17.<\/span><br \/>\n<span style=\"font-family: Arial,sans-serif;\">&#8230;..Hieronim Kosut akt ur 128, 1818, Latowicz, Iwowe, akt zg 29, Latowicz, Iwowe, K &#8211; 37<\/span><br \/>\n&#8230;&#8230;&#8230;&#8230;&#8230;&#8230;&#8230;&#8230;&#8230;&#8230;&#8230;&#8230;&#8230;&#8230;&#8230;&#8230;&#8230;&#8230;&#8230;&#8230;&#8230;&#8230;&#8230;&#8230;&#8230;&#8230;&#8230;&#8230;&#8230;&#8230;&#8230;&#8230;&#8230;&#8230;&#8230;&#8230;&#8230;&#8230;&#8230;&#8230;&#8230;&#8230;&#8230;&#8230;&#8230;&#8230;&#8230;.<\/span><\/p>\n<p><span style=\"font-family: Arial,sans-serif;\"><strong>Kolejna linia genealogiczna<\/strong><\/span><br \/>\n<span style=\"font-family: Arial,sans-serif;\"><b>KRZYSZTOF PAZURA <\/b>i<b> AGATA BIE\u0143K\u00d3WNA<\/b>, akt \u015bl. 1226, 1792, Latowicz, Iwowe,\u00a0 Laliny. \u00a0<\/span><br \/>\n<span style=\"font-family: Arial,sans-serif;\">&#8230;&#8230;&#8230;&#8230;&#8230;&#8230;&#8230;&#8230;&#8230;&#8230;&#8230;&#8230;&#8230;&#8230;&#8230;&#8230;&#8230;&#8230;&#8230;&#8230;&#8230;&#8230;&#8230;&#8230;&#8230;&#8230;&#8230;&#8230;&#8230;&#8230;&#8230;&#8230;&#8230;&#8230;&#8230;&#8230;&#8230;&#8230;&#8230;&#8230;&#8230;&#8230;&#8230;&#8230;&#8230;&#8230;&#8230;..<\/span><\/p>\n<p><span style=\"font-family: Arial,sans-serif;\"><strong>Kolejna linia genealogiczna<\/strong><\/span><br \/>\n<span style=\"font-family: Arial,sans-serif;\"><b>KILIAN P\u0141ATEK <\/b>(ur ok. 1770) i<b> FRANCISZKA BIE\u0143KO <\/b>(ur ok. 1777, akt zg 78 21.12.1820, Latowicz, Oleksianka), 1792, akt \u015bl.1234, 1792, Latowicz, Iwowe, Oleksianka. <\/span><br \/>\n&#8230;&#8230;&#8230;&#8230;&#8230;&#8230;&#8230;&#8230;&#8230;&#8230;&#8230;&#8230;&#8230;&#8230;&#8230;&#8230;&#8230;&#8230;&#8230;&#8230;&#8230;&#8230;&#8230;&#8230;&#8230;&#8230;&#8230;&#8230;&#8230;&#8230;&#8230;&#8230;&#8230;&#8230;&#8230;&#8230;&#8230;&#8230;&#8230;&#8230;&#8230;&#8230;&#8230;&#8230;&#8230;&#8230;&#8230;&#8230;..<br \/>\n<span style=\"font-family: Arial,sans-serif;\"><strong>Kolejna linia genealogiczna<\/strong><\/span><br \/>\n<span style=\"font-family: Arial,sans-serif;\"><b>LUDWIK SEKTA (?) i KATARZYNA BIE\u0143K\u00d3WNA<\/b>, akt \u015bl. 905, 1783, Latowicz, Iwowe. \u00a0<\/span><br \/>\n&#8230;&#8230;&#8230;&#8230;&#8230;&#8230;&#8230;&#8230;&#8230;&#8230;&#8230;&#8230;&#8230;&#8230;&#8230;&#8230;&#8230;&#8230;&#8230;&#8230;&#8230;&#8230;&#8230;&#8230;&#8230;&#8230;&#8230;&#8230;&#8230;&#8230;&#8230;&#8230;&#8230;&#8230;&#8230;<\/p>\n<p><span style=\"font-family: Arial,sans-serif;\"><strong>Lu\u017ane daty z parafii latowickiej (nie zakotwiczone) &#8211; z XIX w.<\/strong><\/span><\/p>\n<p><span style=\"font-family: Arial,sans-serif;\"><b>FRANCISZEK \u0141ODYGA i AGNIESZKA BIE\u0143KO <\/b><\/span><\/p>\n<p><span style=\"font-family: Arial,sans-serif;\"><strong>Monika \u0141odyga<\/strong> akt ur 6542, 1798, Latowicz, Laliny, <\/span><br \/>\n<span style=\"font-family: Arial,sans-serif;\"><strong>Ma\u0142gorzata \u0141odyga<\/strong> ur 1801, Latowicz, Laliny <\/span><br \/>\n<span style=\"font-family: Arial,sans-serif;\"><b>J\u00f3zefa \u0141odyga,<\/b> akt ur 67, 19.5.1824, Latowicz, Laliny<\/span><br \/>\n<span style=\"font-family: Arial,sans-serif;\">&#8230;&#8230;&#8230;&#8230;&#8230;&#8230;&#8230;&#8230;&#8230;&#8230;&#8230;&#8230;&#8230;&#8230;&#8230;&#8230;&#8230;&#8230;&#8230;&#8230;&#8230;&#8230;&#8230;&#8230;&#8230;&#8230;&#8230;&#8230;&#8230;&#8230;&#8230;&#8230;&#8230;&#8230;&#8230;&#8230;&#8230;&#8230;&#8230;&#8230;&#8230;&#8230;&#8230;&#8230;&#8230;&#8230;&#8230;&#8230;..<\/span><\/p>\n<p><span style=\"font-family: Arial,sans-serif;\"><b>KILIAN BIE\u0143KO <\/b>i<b> FRANCISZKA SABAK<\/b><\/span><br \/>\n<span style=\"font-family: Arial,sans-serif;\"><b>Julianna Bieniek<\/b> + Walenty Sekta, akt \u015bl 46, 1832, Latowicz, Iwowe.<\/span><br \/>\n<span style=\"font-family: Arial,sans-serif;\">&#8230;&#8230;&#8230;&#8230;&#8230;&#8230;&#8230;&#8230;&#8230;&#8230;&#8230;&#8230;&#8230;&#8230;&#8230;&#8230;&#8230;&#8230;&#8230;&#8230;&#8230;&#8230;&#8230;&#8230;&#8230;&#8230;&#8230;&#8230;&#8230;&#8230;&#8230;&#8230;&#8230;&#8230;&#8230;&#8230;&#8230;&#8230;&#8230;&#8230;&#8230;&#8230;&#8230;&#8230;&#8230;&#8230;&#8230;&#8230;&#8230;&#8230;.<\/span><\/p>\n<p><span style=\"font-family: Arial,sans-serif;\"><b>Cyprian Bie\u0144ko, <\/b>akt zg. 32, 1830, Latowicz, Oleksiaka, kawaler, lat 30.<\/span><br \/>\n<span style=\"font-family: Arial,sans-serif;\">&#8230;&#8230;&#8230;&#8230;&#8230;&#8230;&#8230;&#8230;&#8230;&#8230;&#8230;&#8230;&#8230;&#8230;&#8230;&#8230;&#8230;&#8230;&#8230;&#8230;&#8230;&#8230;&#8230;&#8230;&#8230;&#8230;&#8230;&#8230;&#8230;&#8230;&#8230;&#8230;&#8230;&#8230;&#8230;&#8230;&#8230;&#8230;&#8230;&#8230;&#8230;&#8230;&#8230;&#8230;&#8230;&#8230;&#8230;&#8230;&#8230;&#8230;.<\/span><\/p>\n<p><span style=\"font-family: Arial,sans-serif;\"><b>Piotr Bie\u0144ko + Marianna<\/b><\/span><br \/>\n<span style=\"font-family: Arial,sans-serif;\">&#8230;..Marianna Bie\u0144ko (\u0106mochowska) + akt \u015bl. 35, 1856,11.24, Klemens W\u00f3jcik, Latowicz, Kamionka, (r. m. Walenty i Bertolda Grz\u0119da). <\/span><br \/>\n<span style=\"font-family: Arial,sans-serif;\">&#8230;&#8230;&#8230;&#8230;&#8230;&#8230;&#8230;&#8230;&#8230;&#8230;&#8230;&#8230;&#8230;&#8230;&#8230;&#8230;&#8230;&#8230;&#8230;&#8230;&#8230;&#8230;&#8230;&#8230;&#8230;&#8230;&#8230;&#8230;&#8230;&#8230;&#8230;&#8230;&#8230;&#8230;&#8230;&#8230;&#8230;&#8230;&#8230;&#8230;&#8230;&#8230;&#8230;&#8230;&#8230;&#8230;&#8230;&#8230;&#8230;&#8230;<\/span><\/p>\n<p><span style=\"font-family: Arial,sans-serif;\"><b>Jan Bie\u0144ko + Magdalena Trawi\u0144ska<\/b><\/span><br \/>\n<span style=\"font-family: Arial,sans-serif;\">&#8230;..<strong>Antoni Bie\u0144ko<\/strong> + <strong>Zofia D\u0105browska<\/strong> (Cmochowska?) (\u015bl 20.11.1850, Latowicz, rodzice \u017cony Andrzej D\u0105browski i Katarzyna) <\/span><br \/>\n<span style=\"font-family: Arial,sans-serif;\">&#8230;&#8230;&#8230;..Anna Bie\u0144ko,\u00a0 akt ur 129, 26.7.1852 Latowicz, Iwowe (21, 35).<\/span><br \/>\n<span style=\"font-family: Arial,sans-serif;\">&#8230;&#8230;&#8230;&#8230;&#8230;&#8230;&#8230;&#8230;&#8230;&#8230;&#8230;&#8230;&#8230;&#8230;&#8230;&#8230;&#8230;&#8230;&#8230;&#8230;&#8230;&#8230;&#8230;&#8230;&#8230;&#8230;&#8230;&#8230;&#8230;&#8230;&#8230;&#8230;&#8230;&#8230;&#8230;&#8230;&#8230;&#8230;&#8230;&#8230;&#8230;&#8230;&#8230;&#8230;&#8230;&#8230;&#8230;&#8230;&#8230;&#8230;&#8230;&#8230;.<\/span><\/p>\n<p><span style=\"font-family: Arial,sans-serif;\"><b>Antoni Bie\u0144ko + Konstancja Jargusi\u0144ska<\/b>, (akt \u015bl\u00a0 1398, 31.1.1796, Latowicz, Starogr\u00f3d, \u015bw. \u2013 Sadowski Jan, S\u0105torek Maciej)<\/span><br \/>\n<span style=\"font-family: Arial,sans-serif;\">&#8230;..Tekla Bie\u0144ko, akt ur 6980, 7.9.1800, Latowicz, Starogr\u00f3d. <\/span><br \/>\n<span style=\"font-family: Arial,sans-serif;\">&#8230;..\u0141ucja Bie\u0144ko, akt ur 0, 300.11.1802, Latowicz, Starogr\u00f3d. <\/span><br \/>\n<span style=\"font-family: Arial,sans-serif;\">&#8230;&#8230;&#8230;&#8230;&#8230;&#8230;&#8230;&#8230;&#8230;&#8230;&#8230;&#8230;&#8230;&#8230;&#8230;&#8230;&#8230;&#8230;&#8230;&#8230;&#8230;&#8230;&#8230;&#8230;&#8230;&#8230;&#8230;&#8230;&#8230;&#8230;&#8230;&#8230;&#8230;&#8230;&#8230;&#8230;&#8230;&#8230;&#8230;&#8230;&#8230;&#8230;&#8230;&#8230;&#8230;&#8230;&#8230;&#8230;&#8230;&#8230;&#8230;&#8230;&#8230;&#8230;&#8230;&#8230;&#8230;&#8230;<\/span><\/p>\n<p><span style=\"font-family: Arial,sans-serif;\"><b>??+ Anastazja Bie\u0144ko<\/b><\/span><br \/>\n<span style=\"font-family: Arial,sans-serif;\">&#8230;..Marianna Bie\u0144ko, akt ur 193, 15.12.1848, Latowicz,Iwowe.<\/span><br \/>\n<span style=\"font-family: Arial,sans-serif;\">&#8230;..Stanis\u0142aw, Kostka Bie\u0144ko, akt ur 209, 9.6.1851, miejsce? (Ana 29).<\/span><br \/>\n<span style=\"font-family: Arial,sans-serif;\">&#8230;&#8230;&#8230;&#8230;&#8230;&#8230;&#8230;&#8230;&#8230;&#8230;&#8230;&#8230;&#8230;&#8230;&#8230;&#8230;&#8230;&#8230;&#8230;&#8230;&#8230;&#8230;&#8230;&#8230;&#8230;&#8230;&#8230;&#8230;&#8230;&#8230;&#8230;&#8230;&#8230;&#8230;&#8230;&#8230;&#8230;&#8230;&#8230;&#8230;&#8230;&#8230;&#8230;&#8230;&#8230;&#8230;&#8230;&#8230;&#8230;&#8230;&#8230;&#8230;&#8230;&#8230;&#8230;&#8230;&#8230;&#8230;.<\/span><\/p>\n<p><span style=\"font-family: Arial,sans-serif;\"><b>Laurenty (Wawrzyniec) Bie\u0144ko + Franciszka B\u0142a\u017cejak<\/b><\/span><\/p>\n<p><span style=\"font-family: Arial,sans-serif;\">&#8230;..Micha\u0142 Bie\u0144ko, akt ur 7113, 27.9.1800 Latowicz. <\/span><br \/>\n<span style=\"font-family: Arial,sans-serif;\">&#8230;&#8230;&#8230;&#8230;&#8230;&#8230;&#8230;&#8230;&#8230;&#8230;&#8230;&#8230;&#8230;&#8230;&#8230;&#8230;&#8230;&#8230;&#8230;&#8230;&#8230;&#8230;&#8230;&#8230;&#8230;&#8230;&#8230;&#8230;&#8230;&#8230;&#8230;&#8230;&#8230;&#8230;&#8230;&#8230;&#8230;&#8230;&#8230;&#8230;&#8230;&#8230;&#8230;&#8230;&#8230;&#8230;&#8230;&#8230;&#8230;&#8230;&#8230;&#8230;&#8230;&#8230;&#8230;&#8230;&#8230;&#8230;.<\/span><\/p>\n<p><span style=\"font-family: Arial,sans-serif;\">?? <b>Aleksandra Bie\u0144ko <\/b>(18 l)<\/span><br \/>\n<span style=\"font-family: Arial,sans-serif;\">&#8230;..Piotr Bie\u0144ko, akt ur 2452, 303.1910, Latowicz, Iwowe.<\/span><br \/>\n<span style=\"font-family: Arial,sans-serif;\">&#8230;&#8230;&#8230;&#8230;&#8230;&#8230;&#8230;&#8230;&#8230;&#8230;&#8230;&#8230;&#8230;&#8230;&#8230;&#8230;&#8230;&#8230;&#8230;&#8230;&#8230;&#8230;&#8230;&#8230;&#8230;&#8230;&#8230;&#8230;&#8230;&#8230;&#8230;&#8230;&#8230;&#8230;&#8230;&#8230;&#8230;&#8230;&#8230;&#8230;&#8230;&#8230;&#8230;&#8230;&#8230;&#8230;&#8230;&#8230;&#8230;&#8230;&#8230;&#8230;&#8230;&#8230;&#8230;&#8230;&#8230;&#8230;.<\/span><\/p>\n<p><span style=\"font-family: Arial,sans-serif;\"><b>Miejsca w pewnym oddaleniu od Latowicza<\/b><\/span><br \/>\n<span style=\"font-family: Arial,sans-serif;\"><b>Ludwik Bie\u0144ko <\/b>i <b>J\u00f3zefa<\/b><\/span><br \/>\n<span style=\"font-family: Arial,sans-serif;\">&#8230;..Bie\u0144ko Helena, akt ur 277, 1903, \u0141askarzew, Przy\u0142\u0119k. <\/span><br \/>\n<span style=\"font-family: Arial,sans-serif;\">&#8230;..Bie\u0144ko Marianna, akt ur 75, 1906, \u0141askarzew, Przy\u0142\u0119k.<\/span><br \/>\n<span style=\"font-family: Arial,sans-serif;\"><b>J\u00f3zef Bie\u0144ko<\/b> i<b> Krystyna<\/b><\/span><br \/>\n<span style=\"font-family: Arial,sans-serif;\">&#8230;..Wawrzyniec Bie\u0144ko, akt zg 5, 1894, \u0141askarzew, Przy\u0142\u0119k.<\/span><br \/>\n<span style=\"font-family: Arial,sans-serif;\"><b>J\u00f3zef Bie\u0144ko<\/b> i<b> J\u00f3zefa<\/b><\/span><br \/>\n<span style=\"font-family: Arial,sans-serif;\">&#8230;..Bie\u0144ko Marianna, akt ur 245, 1906, \u0141askarzew, Przy\u0142\u0119k.<\/span><br \/>\n<span style=\"font-family: Arial,sans-serif;\">&#8230;..Bie\u0144ko Stanis\u0142aw, akt ur 68, 1906, \u0141askarzew, Przy\u0142\u0119k.<\/span><br \/>\n<span style=\"font-family: Arial,sans-serif;\"><b>Onufry Bie\u0144ko <\/b>i<b> Kazimiera<\/b><\/span><br \/>\n<span style=\"font-family: Arial,sans-serif;\">&#8230;..Stanis\u0142aw Bie\u0144ko, akt zg 3, 1891,\u0141askarzew, Przy\u0142\u0119k.<\/span><br \/>\n<span style=\"font-family: Arial,sans-serif;\">&#8230;..Szczepan Bie\u0144ko, akt zg\u00a0 1898,\u0141askarzew, Przy\u0142\u0119k.<\/span><br \/>\n<span style=\"font-family: Arial,sans-serif;\">&#8230;..Antoni Bie\u0144ko, akt ur 88, 1907, \u0141askarzew, Przy\u0142\u0119k.<\/span><br \/>\n<span style=\"font-family: Arial,sans-serif;\">&#8230;..W\u0142adys\u0142aw Bie\u0144ko, akt ur 146, 1904 \u0141askarzew, Przy\u0142\u0119k.<\/span><br \/>\n<span style=\"font-family: Arial,sans-serif;\"><b>Ewa Bie\u0144ko, <\/b>akt zg 39, 1910, \u0141askarzew, Przy\u0142\u0119k.<\/span><br \/>\n<span style=\"font-family: Arial,sans-serif;\"><b>J\u00f3zef Bie\u0144ko <\/b>i<b> Marianna <\/b><\/span><br \/>\n<span style=\"font-family: Arial,sans-serif;\">&#8230;..Jan Bie\u0144ko,akt zg 83, 1896, \u0141askarzew, Przy\u0142\u0119k.<\/span><br \/>\n<span style=\"font-family: Arial,sans-serif;\"><b>Andrzej Bie\u0144ko <\/b>i<b> Krystyna<\/b><\/span><br \/>\n<span style=\"font-family: Arial,sans-serif;\">&#8230;..J\u00f3zefa Bie\u0144ko,akt zg 188, 1890, \u0141askarzew, Przy\u0142\u0119k.<\/span><br \/>\n<span style=\"font-family: Arial,sans-serif;\"><b>Walenty Bie\u0144ko <\/b>i <b>Marianna <\/b><\/span><br \/>\n<span style=\"font-family: Arial,sans-serif;\">&#8230;..Julianna Bie\u0144ko,akt zg 31, 1910, \u0141askarzew, U\u015bcieniec.<\/span><br \/>\n<span style=\"font-family: Arial,sans-serif;\"><b>Stanis\u0142aw Bie\u0144ko <\/b>i<b> J\u00f3zefa<\/b><\/span><br \/>\n<span style=\"font-family: Arial,sans-serif;\">&#8230;..Bienko Antoni, akt zg 80, 1897, \u0141askarzew, U\u015bcieniec.<\/span><br \/>\n<span style=\"font-family: Arial,sans-serif;\">&#8230;..Bie\u0144ko Jan, akt ur 80, 1901, \u0141askarzew, U\u015bcieniec.<\/span><br \/>\n<span style=\"font-family: Arial,sans-serif;\">&#8230;..Bie\u0144ko Stanis\u0142aw, akt ur 194, 1903, \u0141askarzew, U\u015bcieniec<\/span><br \/>\n<span style=\"font-family: Arial,sans-serif;\">&#8230;..Bie\u0144ko Onufry, akt zg 12, 1902, \u0141askarzew, U\u015bcieniec.<\/span><br \/>\n<span style=\"font-family: Arial,sans-serif;\"><b>Stanis\u0142aw Bie\u0144ko <\/b>i<b> Rozalia<\/b><\/span><br \/>\n<span style=\"font-family: Arial,sans-serif;\">&#8230;..Zofia Bienko,akt ur 282, 1906, \u0141askarzew, U\u015bcieniec.<\/span><br \/>\n<span style=\"font-family: Arial,sans-serif;\"><b>Franciszek Bie\u0144ko <\/b>i <b>Brygida<\/b><\/span><br \/>\n<span style=\"font-family: Arial,sans-serif;\">&#8230;..Wojciech Bie\u0144ko, akt zg 45, 1896, \u0141askarzew, U\u015bcieniec.<\/span><br \/>\n<span style=\"font-family: Arial,sans-serif;\"><b>W\u0142adys\u0142aw Bie\u0144ko <\/b>+ <b>J\u00f3zefa Rogala<\/b><\/span><br \/>\n<span style=\"font-family: Arial,sans-serif;\">,,<strong>Dziadek<\/strong>,, ur Parys\u00f3w, 1924<\/span><br \/>\n<span style=\"font-family: Arial,sans-serif;\">&#8230;..Marianna Bie\u0144ko,<\/span><br \/>\n<span style=\"font-family: Arial,sans-serif;\">&#8230;..Stanis\u0142awa Bie\u0144ko,<\/span><br \/>\n<span style=\"font-family: Arial,sans-serif;\">&#8230;..Aleksandra Bie\u0144ko,<\/span><br \/>\n<span style=\"font-family: Arial,sans-serif;\">&#8230;..Pawe\u0142 Bie\u0144ko.<\/span><br \/>\n<span style=\"font-family: Arial,sans-serif;\"><b>Franciszek Bie\u0144ko i Karolina \u0141ukasik<\/b><\/span><br \/>\n<span style=\"font-family: Arial,sans-serif;\">&#8230;..Jan Bie\u0144ko + Karolina Majek, akt \u015bl 52. 1892, \u017belech\u00f3w. Jan zamieszkuje \u017belech\u00f3w, urodzony w Pr&#8230;.lenko?<\/span><br \/>\n<span style=\"font-family: Arial,sans-serif;\"><strong>Pawe\u0142 J\u0119drych i Agata Bie\u0144ko<\/strong><\/span><br \/>\n<span style=\"font-family: Arial,sans-serif;\">&#8230;..Stanis\u0142awa J\u0119drych, akt ur 255. 1890, \u017belech\u00f3w, Zadybie<br \/>\n<\/span><br \/>\n<span style=\"font-family: Arial,sans-serif;\"><b>Jan Bie\u0144ko <\/b>i <b>Anna Wielgo<\/b><\/span><br \/>\n<span style=\"font-family: Arial,sans-serif;\">&#8230;..Marianna Bie\u0144ko, akt ur 96, 1878, Stanis\u0142aw\u00f3w, K\u0105ty Wielgi.<\/span><br \/>\n<span style=\"font-family: Arial,sans-serif;\"><b>Micha\u0142 Bie\u0144ko <\/b>i<b> Apolonia<\/b><\/span><br \/>\n<span style=\"font-family: Arial,sans-serif;\">&#8230;..Marianna Bie\u0144ko, akt zg 2, 1869, \u015awiderska domo Bie\u0144ko, Stanis\u0142aw\u00f3w, K\u0105ty Wielgi.<\/span><br \/>\n<span style=\"font-family: Arial,sans-serif;\"><b>Wiktoria Bie\u0144ko<\/b>, akt ur 238, 1865, Krzynow\u0142oga wielka<\/span><\/p>\n<p><strong><span style=\"font-family: Arial,sans-serif;\">Bie\u0144kowie z okolic Ko\u0142bieli, Woli Sufczy\u0144skiej, Gadki, Goc\u0142awia<\/span><\/strong><span style=\"font-family: Arial,sans-serif;\"><br \/>\n<\/span><br \/>\n<span style=\"font-family: Arial,sans-serif;\"><strong> Albert i Zofia<\/strong> (\u015bl ?1665 Wojciech Gienko i Zofia Czarnw\u0119ska, Ko\u0142biel, Ko\u0142biel)<br \/>\nBi\u0119nko, akt ur &#8230;, 1665, Ko\u0142biel, Wola Sufczy\u0144ska<br \/>\nBi\u0119nko Agnieszka, 1669, akt ur .., 1669, Ko\u0142biel, Ko\u0142biel<\/span><br \/>\n<span style=\"font-family: Arial,sans-serif;\">Bienko Piotr\u00a0 ur1667, Ko\u0142biel, Ko\u0142biel<br \/>\nBie\u0144ko Urszula, akt ur .., 1670, Ko\u0142biel, Ko\u0142biel (ojciec zapisany ju\u017c jako Wojciech)<br \/>\nBie\u0144ko Adam, akt ur .., 16774, Ko\u0142biel, Ko\u0142biel (ojciec zapisany ju\u017c jako Wojciech)<\/span><\/p>\n<p><span style=\"font-family: Arial,sans-serif;\"><strong> Stanis\u0142aw i Zofia<\/strong><\/span><br \/>\n<span style=\"font-family: Arial,sans-serif;\">Pawe\u0142 Bi\u0119nko, akt ur .., 1667, Ko\u0142biel, Goc\u0142aw <\/span><br \/>\n<span style=\"font-family: Arial,sans-serif;\">Zofia (bez Bie\u0144ko) akt ur .., 1669, Ko\u0142biel, Goc\u0142aw (p\u00f3\u017aniejszych Stanis\u0142aw\u00f3w i Zofii w Goc\u0142awiu brak)<\/span><\/p>\n<p><span style=\"font-family: Arial,sans-serif;\"><strong>Wojciech \u017belazko <\/strong>i <strong>Agnieszka Bieniasowna<\/strong>, akt \u015bl .., 1661, Ko\u0142biel, Sufczyn<br \/>\n<strong>Marcin Czmielak<\/strong> i <strong>Regina Bienk\u00f3wna<\/strong>, akt \u015bl .., 1662, Ko\u0142biel, D\u0142u\u017cewo<br \/>\n<strong>Wojciech G(B?)ie\u0144ko<\/strong> i <strong>Urszula Czarnow\u0119ska<\/strong>, akt \u015bl .., 1665, Ko\u0142biel, Ko\u0142biel.<\/span><\/p>\n<p><span style=\"font-family: Arial,sans-serif;\"><strong>Wojciech Bie\u0144ko<\/strong> i <strong>Anna Wawrzencianka<\/strong> akt \u015bl .., 1661, Ko\u0142biel, Ko\u0142biel,<br \/>\nBy\u0107 mo\u017ce <strong>Anna<\/strong> jest pierwsz\u0105 \u017con\u0105 <strong>Wojciecha<\/strong>.<br \/>\n<\/span><br \/>\n<span style=\"font-family: Arial,sans-serif;\"><strong>Albert Bie\u0144ko<\/strong> i <strong>Ma\u0142gorzata Grzybuchowa<\/strong> akt \u015bl .., 1688, Ko\u0142biel, Gadka<br \/>\nA to r\u00f3wnie\u017c, ale trzecia po zgonie Zofii.<br \/>\n<\/span><br \/>\n<span style=\"font-family: Arial,sans-serif;\"><strong>Miko\u0142aj Bie\u0144ko<\/strong> i <strong>Zuzanna Rzeszotkowa <\/strong>akt \u015bl .., 1691, Ko\u0142biel, Lubice,<br \/>\n<\/span><br \/>\n<span style=\"font-family: Arial,sans-serif;\"><strong>Krzysztof Binko<\/strong> i <strong>Agnieszka Kopczanka\u00a0<\/strong>akt \u015bl .., 1750, Ko\u0142biel, (okazjonalny migrant?)<br \/>\nM\u0142odsze daty z parafii Ko\u0142biel<br \/>\n<strong>Bart\u0142omiej Bie\u0144ko<\/strong> (ur ok 1760, zg 1820) + <strong>Marianna Sok\u00f3\u0142<\/strong> (<strong>Sokolik<\/strong>) (ur ok 1773, akt zg 94, 1813, Ko\u0142biel z domu Sokolik, l. 40, \u017cona Bart\u0142omieja)<br \/>\n\u2026.Piotr Bie\u0144ko<br \/>\n\u2026. ? Barbara Bie\u0144ko, (ur ok 1818, zg 1888).<br \/>\n\u2026.Kacper Bie\u0144ko, ur ok 1804, akt zg 48, 1811, Ko\u0142biel, K\u0105ty, lat 7.<br \/>\n\u2026.Klara Bie\u0144ko, ur ok 1807, akt ag 46, 1811, Ko\u0142biel, K\u0105ty, lat 4.<br \/>\n\u2026.Stanis\u0142aw Bie\u0144ko, (ur ok 1809, akt zg 55, 1811, Ko\u0142biel, K\u0105ty, lat 2.<\/span><br \/>\n<strong>Ma\u0142gorzata Bie\u0144ko<\/strong> + <strong>Wojciech Mazek<\/strong><br \/>\n&#8230;Jakub Mazek, (ur ok 1807, akt zg 101, 1811 Ko\u0142biel, Ko\u0142biel, l 4).<br \/>\n<strong>Stanis\u0142aw Bie\u0144ko<\/strong> i <strong>Agata Reda<\/strong><br \/>\nJan Bie\u0144ko, akt zg 71, 1831,\u00a0 Ko\u0142biel, Sufczyn, lat 3.<br \/>\n<strong>Bart\u0142omiej Bie\u0144ko<\/strong>, akt zg 18, 1820 (ur ok 1760), Ko\u0142biel, K\u0105ty. Lat 60, ojciec Piotra.<br \/>\nPiotr Bie\u0144ko<br \/>\n<strong>Piotr Bie\u0144ko i Marianna Przysowa<\/strong><br \/>\nBarbara Bie\u0144ko, akt zg 25, 1888 Ko\u0142biel, Cz\u0142ek\u00f3wka (po m\u0119\u017cu Gniadek),\u00a0 Ko\u0142biel, Cz\u0142ek\u00f3wka (te\u017c tam urodzona). 70 lat.<br \/>\n<strong>Kacper G\u0142\u00f3wka<\/strong> i <strong>Marianna Bie\u0144ko<\/strong><br \/>\n&#8230;Marianna G\u0142\u00f3wka, 1811, akt zg 40, Ko\u0142biel, Cz\u0142ek\u00f3wka, 10 m.<br \/>\n&#8230;Marianna G\u0142\u00f3wka, 1824, akt zg 37, Ko\u0142biel, Cz\u0142ek\u00f3wka, l 4.<\/p>\n<p><strong>J\u00f3zef Gniadek<\/strong> i <strong>Barbara Binka<\/strong><br \/>\nFranciszek Gniadek, akt zg 88, 1870, 16 l, Ko\u0142biel, Cz\u0142ek\u00f3wka.<\/p>\n<p><strong><u>Ciagi rodzinne Bie\u0144ko w parafii Parys\u00f3w w XVII wieku i na pocz\u0105tku XVIII.<\/u><\/strong><\/p>\n<p>Bie\u0144kowie zanotowani zostali w aktach parafialnych jako \u015bwiadkowie lub chrzestni.<br \/>\nZofia Bie\u0144ko, 1670 Kalonka u Bie\u0144k\u00f3w; Kalonka, i pewnie 1667 Kalonka; 1671 u Bie\u0144k\u00f3w, Kalonka, 1681 i 1683 u Bie\u0144k\u00f3w, Kalonka; 1685, Zofia Bie\u0144ko z Kalonki u Bie\u0144k\u00f3w.<br \/>\nZofia Bie\u0144kowa z Woli Starogrodziej, 1681.<br \/>\nMarianna Bie\u0144kowna, 1673, 1675 i 1680 Kalonka.<br \/>\nMicha\u0142 Bie\u0144ko, 1674 i 1677 Kalonka; 1680, Choiny; 1680, Kalonka razem z Zofi\u0105 Bie\u0144kow\u0105.<br \/>\nJ\u00f3zef Bie\u0144ko, 1685, chrzestny w Kalonce, ale z Kalonki? Chyba tak bo w nast\u0119pnym akcie (J\u00f3zef Bieniek) jako chrzestny z Kalonki.<br \/>\nJ\u00f3zef Bie\u0144kowicz (pewnie Bie\u0144ko) i Zofia Bie\u0144ko, 1686, Grzebowilk, Parys\u00f3w.<br \/>\nJ\u00f3zef Bie\u0144ko z Parysowa, 1685,\u00a0 Koz\u0142\u00f3w, Parys\u00f3w.<br \/>\nJ\u00f3zef Bie\u0144ko, pewnie z Parysowa, 1686, Wola Starogrodzka, Parys\u00f3w.<br \/>\nJ\u00f3zef Bie\u0144ko, 1686, Kalonka, Parys\u00f3w.<br \/>\nJ\u00f3zef Bie\u0144ko z Parysowa?, 1686, Obr\u0119b, Parys\u00f3w.<br \/>\nJ\u00f3zef Bie\u0144ko z Parysowa i Zofia Bie\u0144ko z Kalonki, 1686, Kalonka, Parys\u00f3w.<br \/>\nKrystyna Bie\u0144ko z Parysowa. 1685, Kalonka; 1688, Starowola, Parys\u00f3w; 1688, Kalonka, Parys\u00f3w u Bie\u0144k\u00f3w; 1689. Starowola, Parys\u00f3w.<br \/>\nWalenty Bie\u0144ko, 1686, Choiny, Parys\u00f3w.<br \/>\nJ\u00f3zef Bie\u0144iek (z Parysowa?) i Zofia Bie\u0144kowa z Kalonki, na \u015blubie Bie\u0144ki, Kalonka, 1688.<br \/>\nJ\u00f3zef Bie\u0144ko (z Parysowa), 1688, Koz\u0142\u00f3w, Parys\u00f3w. 1689, \u017belazna, Parys\u00f3w.<br \/>\nJ\u00f3zef Bie\u0144ko, z Parysowa, 1688, Grzebowilk, Parys\u00f3w.<br \/>\nBie\u0144kowa z Parysowa, 1689, Starowola.<br \/>\nJ\u00f3zef Bie\u0144ko z Parysowa i Zofia Bie\u0144kowa z Kalonki, na \u015blubie Bie\u0144ki, Grzebowilk, Parys\u00f3w, 1688; Kalonka, 1689 (Bieniek)<br \/>\nRegina Bie\u0144kowa z Kalonki, 1689, na \u015blubie Bie\u0144k\u00f3w w Parysowie.<br \/>\nJ\u00f3zef Bie\u0144ko (z Parysowa?), 1689<br \/>\nJ\u00f3zef Bie\u0144ko, 1689, Wola Starogrodzka.<br \/>\nJ\u00f3zef Bie\u0144ko z Parysowa, 1689, Kalonka.<br \/>\nKrystyna Bie\u0144ko z Parysowa, 1689, Kalonka.<br \/>\nJ\u00f3zef Bie\u0144ko z\/, Parys\u00f3w, 1689.<br \/>\nJ\u00f3zef Bie\u0144ko z Kalonki?i Krystyna Bie\u0144kowa z Kalonki, 1691, Kalonka.<br \/>\nJ\u00f3zef Bie\u0144ko, 1701, Starowola, Parys\u00f3w.<br \/>\nJ\u00f3zef Bie\u0144ko, 1713, G\u00f3zd, Parys\u00f3w.<br \/>\nKonstancja Bie\u0144kowa, 1714, Wola Starogrodzka<br \/>\nJ\u00f3zef Bie\u0144ko (z Parysowa?), 1715, Grzebowilk.<br \/>\nJ\u00f3zef Bie\u0144ko, 1717, \u017belazna.<br \/>\nKrystyna Bie\u0144kowa z Parysowa, 1719, Obr\u0119b,<br \/>\nAnna Bie\u0144kowa, 1719, Parys\u00f3w.<br \/>\nEwa Bie\u0144kowa, 1719, Grzebowilk.<br \/>\nJ\u00f3zef Bie\u0144ko, 1719, Zawadka.<br \/>\nAnna Bie\u0144ko z Parysowa, 1720, Wola Starogrodzka. Na chrzcie Bie\u0144k\u00f3w.<br \/>\nAntoni Bie\u0144ko, 1720, Wola Starogrodzka, na \u015blubie Bie\u0144k\u00f3w.<br \/>\nEwa Bie\u0144kowa, 1721, Wola Straogrodzka.<br \/>\nAntoni Bie\u0144ko, 1721, Wilchta.<br \/>\nMarianna Bie\u0144kowa, 1722, Niesadna.<br \/>\nMarianna Bie\u0144kowa, 1722, Parys\u00f3w.<br \/>\nMarianna Bie\u0144kowa, 1722, Go\u0142e \u0141\u0105ki.<br \/>\nMicha\u0142 Bienkowicz, 1722, Parys\u00f3w.<br \/>\nMicha\u0142 Bienkowicz, 1722, Parys\u00f3w.<br \/>\nMicha\u0142 Bienkowicz, 1722, Wola Starogrodzka.<br \/>\nMarianna Bie\u0144kowa, 1722, Niesadna.<br \/>\nMarianna Bie\u0144kowa, 1722, Niesadna.<br \/>\nKrystyna Bie\u0144ko, 1723, Parys\u00f3w.<br \/>\nMarianna Bie\u0144kowa, 1723, Niesadna.<br \/>\nMicha\u0142 Bienkowicz, 1723, Wola Starogrodzka.<br \/>\nMarianna Bie\u0144kowa, 1723, Starogr\u00f3d.<br \/>\nMicha\u0142 Bie\u0144ko, 1723, Wola Starogrodzka.<br \/>\nMarianna Bie\u0144kowa, 1723.<br \/>\nMicha\u0142 Bieniaczek, 1724, Starogr\u00f3d.<br \/>\nMarianna Bie\u0144kowa, 1724, Niesadna.<br \/>\nMarianna Bie\u0144kowa, 1724, Parys\u00f3w.<br \/>\nMarianna Bie\u0144kowa, 1724, \u0141ukowiec.<br \/>\nMarianna Bie\u0144kowa, 1724, Obr\u0119b.<br \/>\nJan Bie\u0144kowski, 1724, Obr\u0119b.<br \/>\nMarianna Bie\u0144kowa z Parysowa, 1724, Parys\u00f3w.<br \/>\nAntoni Bienieczek, 1724 Lip\u00f3wki.<\/p>\n<p><u>Zofia Bienko + niewiadomy<\/u><br \/>\nAndrzej Bie\u0144ko, akt ur 11, 1662, Kalonka, Parys\u00f3w + pewnie \u015bl 1688 \u0141oicha Ma\u0142gorzata<\/p>\n<p><u>Zofia Bie\u0144ko\u00a0 + niewiadomy<\/u><br \/>\nPiotr Bie\u0144ko, akt ur 1698, Kalonka Parys\u00f3w.<\/p>\n<p><u>Micha\u0142 Bie\u0144ko i Marianna<\/u>\u00a0 (\u015blub przed zapisami w ksi\u0119dze slub\u00f3w w 1664)<br \/>\nBie\u0144ko, akt ur marzec 1662, Kalonka, Parys\u00f3w<br \/>\nBie\u0144ko Katarzyna, 1665, Kalonka, Parys\u00f3w<br \/>\nBie\u0144ko Wawrzyniec, 1667, Kalonka, Parys\u00f3w<br \/>\nBie\u0144ko Anna, 1671, Kalonka, Parys\u00f3w<br \/>\nBie\u0144ko Dorota, 1672, Kalonka, Parys\u00f3w<br \/>\nBie\u0144ko Bart\u0142omiej, 1675, Kalonka, Parys\u00f3w<\/p>\n<p><u>Stanis\u0142aw Bie\u0144ko i Katarzyna<\/u> \u2013 brak \u015blubu w ksi\u0119dze<br \/>\nBie\u0144ko Anastazja, 1680, Kalonka, Parys\u00f3w.<br \/>\nBie\u0144ko Jan, 1684, Kalonka, Parys\u00f3w (matka Krystyna?)<br \/>\nBie\u0144ko Jakub, 1686, Kalonka, Parys\u00f3w (Krystyna?).<\/p>\n<p><u>Stanis\u0142aw Bie\u0144ko i Marianna<\/u><br \/>\nBie\u0144ko Krzysztof, 1688, Grzebowilk, Parys\u00f3w.<\/p>\n<p><u>Jan Bie\u0144ko i Marianna Bie\u0144ko (Kotowna)<\/u> &#8211; brak \u015blubu w ksi\u0119dze<br \/>\nBie\u0144ko Agnieszka, 1681, Kalonka, Parys\u00f3w.<br \/>\nBie\u0144ko Krzysztof, 1683, Kalonka, Parys\u00f3w.<br \/>\nBie\u0144ko Marcin, 1685, Kalonka, Parys\u00f3w.<br \/>\nBie\u0144ko Marianna, 1688, Kalonka, Parys\u00f3w<\/p>\n<p><u>Grzegorz Sobiepa\u0144czyk i Regina Bie\u0144ko, <\/u>(\u015bl 1681 on Niesadna, ona Kalonka)<br \/>\nSobiepa\u0144czyk\u00a0 Marianna, 1682, Kalonka, Parys\u00f3w<\/p>\n<p><u>Stefan Chojaczek i Dorota Bienkowna, \u015bl 1697<\/u><br \/>\nChojaczek Marcin, 1696, Kalonka.<\/p>\n<p><u>Piotr Kitla i Marianna Bienkowna<\/u><br \/>\nAndrzej Kitla, 1696, Kalonka<\/p>\n<p><u>Jan Santorek i Marianna Bie\u0144ko (c\u00f3rka ch\u0142opa)<\/u><br \/>\nSantorek Katarzyna, 1713, Kalonka, Parys\u00f3w.<\/p>\n<p><u>Bart\u0142omiej Bie\u0144ko i Marianna<\/u><br \/>\nBie\u0144ko Agata, 1688, Kalonka, Parys\u00f3w, i Rudnicki Bart\u0142omiej, \u015bl 1713, Kalonka<br \/>\nBie\u0144ko Regina, 1688. Kalonka, Parys\u00f3w. (Bieniek).<br \/>\nBie\u0144ko Marianna, 1697, Kalonka, Parys\u00f3w, Marianna Zawadzionka<\/p>\n<p><u>Walenty Bie\u0144ko i Katarzyna<\/u><br \/>\nBienko Zofia, 1704, Kalonka, Parys\u00f3w.<br \/>\nBie\u0144ko Krystyna, 1706, Kalonka, Parys\u00f3w.<br \/>\nBie\u0144ko Stanis\u0142aw, 1711, Kalonka, Parys\u00f3w.<br \/>\nBie\u0144ko Jan, 1716, Wola Starogrodzka, Parys\u00f3w.<br \/>\nBie\u0144ko El\u017cbieta, 1720, Wola Starogrodzka, Parys\u00f3w.<\/p>\n<p><u>Walenty Bie\u0144ko i Marianna <\/u><br \/>\nBie\u0144ko Agnieszka, 1689, Wola Starogrodzka, Parys\u00f3w.<br \/>\nBie\u0144ko Stefan, 1689, Wola Starogrodzka, Parys\u00f3w.<br \/>\nBie\u0144ko Zofia, 1692, Wola Starogrodzka, Parys\u00f3w<br \/>\nBie\u0144ko Ewa, 1693, Wola Starogrodzka, Parys\u00f3w.<br \/>\nBie\u0144ko Wawrzyniec, 1696, Wola Starogrodzka, Parys\u00f3w.<br \/>\nBie\u0144ko Marianna, 1701, Kalonka, Parys\u00f3w. ?<br \/>\nBie\u0144ko Ma\u0142gorzata, 1718, Wola Starogrodzka, Parys\u00f3w<\/p>\n<p><u>Walenty Bie\u0144ko i Zofia<\/u><br \/>\nBie\u0144ko Katarzyna, 1698, Wola Starogrodzka, Parys\u00f3w.<br \/>\nBie\u0144ko Katarzyna, 1700, Wola Starogrodzka, Parys\u00f3w.<br \/>\nBie\u0144ko Szymon, 1701, Wola Starogrodzka, Parys\u00f3w.<br \/>\nBie\u0144ko Katarzyna, 1705, Wola Starogrodzka, Parys\u00f3w.<\/p>\n<p><u>J\u00f3zef Bie\u0144ko i Krystyna (pewnie \u015blub z 1685, on\u00a0 z Kalonki ona z Parysowa)<\/u><br \/>\nBie\u0144ko J\u00f3zefa, 1687, Parys\u00f3w.<br \/>\nBie\u0144ko\u00a0 Jan, 1689, Parys\u00f3w.<br \/>\nBie\u0144ko Marianna, 1691, Parys\u00f3w.<br \/>\nBie\u0144ko Katarzyna, 1692, Parys\u00f3w.<br \/>\nBie\u0144ko Anna, 1694, Parys\u00f3w.<br \/>\nBie\u0144ko Micha\u0142, 1696, Parys\u00f3w, Krystyna Paprzyczonka.<br \/>\nBie\u0144ko Stanis\u0142aw, Stefan, 1699, Parys\u00f3w.<br \/>\nBie\u0144ko Antoni, 1701, Parys\u00f3w.<br \/>\nBie\u0144ko Antoni, 1701.<br \/>\nBie\u0144ko Agnieszka, 1704, Parys\u00f3w.<\/p>\n<p><u>J\u00f3zef Bie\u0144ko i Marianna<\/u><br \/>\nBie\u0144ko Jacek, 1697, Lip\u00f3wki, Parys\u00f3w.<br \/>\nBienko Stefan, Antoni, 1710, Parys\u00f3w.<br \/>\nBie\u0144ko Teresa, 1713, Marianna Kramarzowna, Parys\u00f3w. (Bienieczek)<br \/>\nBie\u0144ko Wawrzyniec, 1715.<br \/>\nBie\u0144ko Walenty, 1720, Parys\u00f3w.<\/p>\n<p><u>J\u00f3zef Bie\u0144ko i Agnieszka<\/u><br \/>\nBie\u0144ko Tomasz, 1712, Parys\u00f3w.<\/p>\n<p><u>J\u00f3zef Bie\u0144ko (Bienienko) i Marcjanna<\/u><br \/>\nBie\u0144ko Katarzyna, 1714, Parys\u00f3w (ch 11.04).<br \/>\nBie\u0144ko Walenty, 1720, Parys\u00f3w.<br \/>\nBie\u0144ko Ma\u0142gorzata, 1722, Parys\u00f3w.<br \/>\nBie\u0144ko Filip, Stanis\u0142aw 1724, Parys\u00f3w.<\/p>\n<p><u>Bie\u0144ko Jan i Krystyna<\/u><br \/>\nBie\u0144ko Ewa, 1706, Parys\u00f3w i ? Majowicz Pawe\u0142, \u015bl 1721 Parys\u00f3w<\/p>\n<p><u>Piotr Suchy i Anastazja Bienkowna<\/u><br \/>\nSuchy Piotr, 1682,Wilchta, Parys\u00f3w, bli\u017aniaki chyba ale drugie z inn\u0105 miejscowo\u015bci\u0105 (Wola Starogrodzka)<br \/>\nSuchy Jan, 1683,Wilchta, Parys\u00f3w.<\/p>\n<p><u>Andrzej Bie\u0144ko i Ma\u0142gorzata<\/u><br \/>\nBie\u0144ko Agnieszka, 1689, Parys\u00f3w.<br \/>\nBie\u0144ko Wojciech, 1691, Parys\u00f3w i Ruskowa Marianna, Parys\u00f3w \u015bl 1719<br \/>\nBie\u0144ko Marianna, 1694.<br \/>\nBie\u0144ko Piotr, 1697, Parys\u00f3w.<\/p>\n<p><u>Wojciech Bie\u0144ko i Marianna Burek<\/u><br \/>\nBie\u0144ko \u0141ucja, 1719, Parys\u00f3w.<br \/>\nBie\u0144ko Jadwiga, 1722, Parys\u00f3w.<\/p>\n<p><span style=\"font-family: Arial,sans-serif;\">Kontakt \u2013 <span style=\"font-family: Arial,sans-serif;\">k.binka@uw.edu.pl<\/span><\/span><\/p>\n<p><span style=\"font-family: Arial,sans-serif;\">Szanowni Pa\u0144stwo \u2013 Je\u015bli Pa\u0144stwo posiadaj\u0105 jakie\u015b stare fotografie i byliby w stanie je udost\u0119pni\u0107 (w formie cyfrowej) by\u0142bym bardzo wdzi\u0119czny. Podobie\u0144stwo niekt\u00f3rych, nieraz bardzo odleg\u0142ych cz\u0142onk\u00f3w rodziny, jest niezwyk\u0142e. R\u00f3wnie\u017c &#8211; je\u015bli znane s\u0105 Pa\u0144stwu jakie\u015b fakty z historii rodziny \u2013 prosi\u0142bym o sprostowania lub uzupe\u0142nienia.<\/span><br \/>\n<span style=\"font-family: Arial,sans-serif;\"><b>Z wyrazami szacunku<\/b><\/span><br \/>\n<span style=\"font-family: Arial,sans-serif;\"><b>Krzysztof Bi\u0144ka<\/b><\/span><\/p>\n<p>Te\u017c &#8211; nazwisko DERESZEWSKI\u00a0\u00a0\u00a0 i\u00a0\u00a0 nazwisko\u00a0 STEFA\u0143SKI &#8211; dereszewski.waw.pl<\/p>\n<p>Zobacz te\u017c pylki.yum.pl<\/p>\n<div id=\"__if72ru4rkjahiuyi_once\" style=\"display: none;\"><\/div>\n<div id=\"__if72ru4rkjahiuyi_once\" style=\"display: none;\"><\/div>\n<div id=\"__if72ru4rkjahiuyi_once\" style=\"display: none;\"><\/div>\n<div id=\"__if72ru4rkjahiuyi_once\" style=\"display: none;\"><\/div>\n<div id=\"__if72ru4rkjahiuyi_once\" style=\"display: none;\"><\/div>\n<div id=\"__if72ru4rkjahiuyi_once\" style=\"display: none;\"><\/div>\n<div id=\"__if72ru4rkjahiuyi_once\" style=\"display: none;\"><\/div>\n<div id=\"__if72ru4rkjahiuyi_once\" style=\"display: none;\"><\/div>\n<div id=\"__if72ru4rkjahiuyi_once\" style=\"display: none;\"><\/div>\n<div id=\"__if72ru4rkjahiuyi_once\" style=\"display: none;\"><\/div>\n<div id=\"__if72ru4rkjahiuyi_once\" style=\"display: none;\"><\/div>\n<div id=\"__if72ru4rkjahiuyi_once\" style=\"display: none;\"><\/div>\n","protected":false},"excerpt":{"rendered":"<p>Jak wspomniano, nazwisko Bie\u0144ko, b\u0119d\u0105ce wyj\u015bciow\u0105 form\u0105 dla wyst\u0119puj\u0105cych w Warszawie nazwisk Bie\u0144ka, Bi\u0144ka, Binka, Bi\u0144ke, Binke ma dwa wyra\u017ane centra wsp\u00f3\u0142czesnego wyst\u0119powania. Jedno, w okolicach Latowicza i Garwolina drugie, w okolicach Niska i Stalowej Woli nad Sanem. Warszawa, r\u00f3wnie\u017c \u2013 ale dla wszystkich nazwisk jest miastem migracyjnym. Trudno jest stwierdzi\u0107, kt\u00f3re miejsce z tych &hellip; <a href=\"https:\/\/k.binka.pl\/?page_id=70\" class=\"more-link\">Czytaj dalej <span class=\"screen-reader-text\">Bie\u0144ki w Iwowem w parafii latowickiej i w s\u0105siedztwie.<\/span> <span class=\"meta-nav\">&rarr;<\/span><\/a><\/p>\n","protected":false},"author":1,"featured_media":0,"parent":0,"menu_order":0,"comment_status":"closed","ping_status":"closed","template":"","meta":{"footnotes":""},"class_list":["post-70","page","type-page","status-publish","hentry"],"_links":{"self":[{"href":"https:\/\/k.binka.pl\/index.php?rest_route=\/wp\/v2\/pages\/70","targetHints":{"allow":["GET"]}}],"collection":[{"href":"https:\/\/k.binka.pl\/index.php?rest_route=\/wp\/v2\/pages"}],"about":[{"href":"https:\/\/k.binka.pl\/index.php?rest_route=\/wp\/v2\/types\/page"}],"author":[{"embeddable":true,"href":"https:\/\/k.binka.pl\/index.php?rest_route=\/wp\/v2\/users\/1"}],"replies":[{"embeddable":true,"href":"https:\/\/k.binka.pl\/index.php?rest_route=%2Fwp%2Fv2%2Fcomments&post=70"}],"version-history":[{"count":267,"href":"https:\/\/k.binka.pl\/index.php?rest_route=\/wp\/v2\/pages\/70\/revisions"}],"predecessor-version":[{"id":1604,"href":"https:\/\/k.binka.pl\/index.php?rest_route=\/wp\/v2\/pages\/70\/revisions\/1604"}],"wp:attachment":[{"href":"https:\/\/k.binka.pl\/index.php?rest_route=%2Fwp%2Fv2%2Fmedia&parent=70"}],"curies":[{"name":"wp","href":"https:\/\/api.w.org\/{rel}","templated":true}]}}