{"id":1091,"date":"2019-03-21T22:02:01","date_gmt":"2019-03-21T21:02:01","guid":{"rendered":"http:\/\/kbinka.vipserv.org\/?page_id=1091"},"modified":"2025-12-20T08:10:46","modified_gmt":"2025-12-20T07:10:46","slug":"rodzina-wegorski","status":"publish","type":"page","link":"https:\/\/k.binka.pl\/?page_id=1091","title":{"rendered":"Rodzina W\u0119gorski"},"content":{"rendered":"<p>Nazwisko <strong>W\u0119gorski<\/strong> prawdopodobnie pochodzi od nazwy ryby i by\u0107 mo\u017ce odnosi si\u0119 do jej cech (,,wi\u0107 si\u0119 jak w\u0119gorz\u2019\u2019 czyli szuka\u0107 wyj\u015bcia, wywin\u0105\u0107 si\u0119 z jakiej\u015b sytuacji, nie m\u00f3wi\u0107 prawdy), kt\u00f3re cechowa\u0142y przodk\u00f3w <strong>W\u0119gorskich<\/strong>. Nie wykluczone, \u017ce <strong>W\u0119gorscy<\/strong> zajmowali si\u0119 po\u0142owem w\u0119gorzy. Wsp\u00f3\u0142cze\u015bnie nazwisko w Polsce notowane jest nielicznie w okolicach Ko\u0144skich i Radoszyc oraz w lubelskim. Tak\u017ce w Warszawie i okolicach, ale jest ona miastem migracyjnym.<\/p>\n<p>XVIII (a nawet XVII- o) &#8211; wieczne akty z nazwiskiem <strong>W\u0119gorski<\/strong> (te\u017c w r\u00f3\u017cnych formach) pojawiaj\u0105 si\u0119 w miejscowo\u015bci Cierno k. J\u0119drzejowa oraz w miejscowo\u015bci Kurzel\u00f3w k. W\u0142oszczowej \u2013 tam wyst\u0119puje w formie <strong>W\u0119gora<\/strong>.<\/p>\n<p><a href=\"http:\/\/kbinka.vipserv.org\/wp-content\/uploads\/2019\/09\/DSCN2752-Czermno-2.jpg\"><img loading=\"lazy\" decoding=\"async\" class=\"alignnone size-full wp-image-1181\" src=\"http:\/\/kbinka.vipserv.org\/wp-content\/uploads\/2019\/09\/DSCN2752-Czermno-2.jpg\" alt=\"\" width=\"2272\" height=\"1704\" srcset=\"https:\/\/k.binka.pl\/wp-content\/uploads\/2019\/09\/DSCN2752-Czermno-2.jpg 2272w, https:\/\/k.binka.pl\/wp-content\/uploads\/2019\/09\/DSCN2752-Czermno-2-300x225.jpg 300w, https:\/\/k.binka.pl\/wp-content\/uploads\/2019\/09\/DSCN2752-Czermno-2-768x576.jpg 768w, https:\/\/k.binka.pl\/wp-content\/uploads\/2019\/09\/DSCN2752-Czermno-2-1024x768.jpg 1024w\" sizes=\"auto, (max-width: 2272px) 100vw, 2272px\" \/><\/a><\/p>\n<p><a href=\"http:\/\/kbinka.vipserv.org\/wp-content\/uploads\/2019\/09\/DSCN2750Czermno-1.jpg\"><img loading=\"lazy\" decoding=\"async\" class=\"alignnone size-full wp-image-1180\" src=\"http:\/\/kbinka.vipserv.org\/wp-content\/uploads\/2019\/09\/DSCN2750Czermno-1.jpg\" alt=\"\" width=\"2272\" height=\"1704\" srcset=\"https:\/\/k.binka.pl\/wp-content\/uploads\/2019\/09\/DSCN2750Czermno-1.jpg 2272w, https:\/\/k.binka.pl\/wp-content\/uploads\/2019\/09\/DSCN2750Czermno-1-300x225.jpg 300w, https:\/\/k.binka.pl\/wp-content\/uploads\/2019\/09\/DSCN2750Czermno-1-768x576.jpg 768w, https:\/\/k.binka.pl\/wp-content\/uploads\/2019\/09\/DSCN2750Czermno-1-1024x768.jpg 1024w\" sizes=\"auto, (max-width: 2272px) 100vw, 2272px\" \/><\/a><\/p>\n<p>Czermno k. Przedborza 2019<\/p>\n<p>Historia rodziny <strong>W\u0119gorskich<\/strong> z okolic Radoszyc rozpoczyna si\u0119 w Czermnie (ma\u0142ej wsi m. Radoszycami a Przedborzem) od 1811 roku gdy zanotowano zgon <strong>Wincentego<\/strong> <strong>W\u0119gorskiego<\/strong>, syna <strong>Piotra<\/strong> i <strong>Julianny<\/strong> <strong>Pawlik<\/strong> oraz urodziny ich syna <strong>Paw\u0142a<\/strong> <strong>W\u0119gorskiego<\/strong>. \u00a0W 1815 roku zanotowano tam te\u017c zgon <strong>Marcina<\/strong> <strong>W\u0119gorskiego<\/strong>, ojca <strong>Piotra<\/strong>. Bior\u0105c pod uwag\u0119 przybli\u017cony wiek w czasie zgonu urodzi\u0142by si\u0119 on w 1730 roku. Synem <strong>Marcina<\/strong> jest zatem <strong>Piotr<\/strong> (ok 1749 lub 1770 \u2013 1839) \u017conaty z <strong>Juliann\u0105<\/strong> <strong>Pawlik<\/strong>. Jego drug\u0105 \u017con\u0105 jest <strong>Justyna<\/strong> <strong>Wyciszkiewicz<\/strong> (\u015bl 1833 r). By\u0107 mo\u017ce jego siostr\u0105 jest <strong>Katarzyna<\/strong> <strong>W\u0119gorska<\/strong>, zam\u0119\u017cna z <strong>Walentym<\/strong> <strong>Muska\u0142\u0105<\/strong> ze Szpinka k. Fa\u0142kowa. Tam w 1813 roku rodzi si\u0119 im pierwsze dziecko. <strong>Wiktoria W\u0119gorska<\/strong> te\u017c nale\u017cy do cz\u0142onk\u00f3w rodziny notowanych najwcze\u015bniej (by\u0107 mo\u017ce to siostra <strong>Piotra<\/strong>), ale w zapisach po\u015brednich. Jej syn z pierwszego ma\u0142\u017ce\u0144stwa z Bud parafii Fa\u0142kowskiej zmar\u0142y w 1848 roku w wieku 80 lat urodzi\u0142by si\u0119 oko\u0142o roku 1768 -go. Z kolei drugi jej syn <strong>Jan Pikulak<\/strong> (na \u015blubie s\u0105 <strong>Wiktoria<\/strong>, \u017cyj\u0105ca i ojczym ze Szpinka) bierze \u015blub w 1811 roku z <strong>Brygid\u0105 Szydziak<\/strong> \u2013 <strong>Jan<\/strong> urodzi\u0142by si\u0119 zatem oko\u0142o 1791 roku. R\u00f3wnie\u017c wiekow\u0105 dat\u0105 jest \u015blub <strong>Kaziemierza Palki<\/strong> &#8211; wdowca i <strong>Franciszki<\/strong> <strong>W\u0119gorskiej<\/strong> &#8211; wdowy po <strong>Tomaszu Ryszce<\/strong>, c\u00f3rki <strong>Macieja W\u0119gorskiego<\/strong>, kt\u00f3ry odby\u0142 si\u0119 w 1798 roku w Papierni M\u0142yn. Do tego aktu z pobliskiej Czermnu parafi Skotniki dotar\u0142a (5 km na NW od Czermna) Pani Anna Bernat \u2013 M\u015bcisz. W tym drzewie traktuj\u0119 <strong>Macieja<\/strong> jako potencjalnego brata <strong>Marcina W\u0119gorskiego<\/strong>. Ze wzgledu na rozk\u0142ad czasowy jest to prawdopodobne.<\/p>\n<p>Wszystko to \u015bwiadczy, \u017ce rodzina funkcjonuje w Czermnie ju\u017c w drugiej po\u0142owie XVIII wieku, gdy\u017c jest reprezentowana przez kilka os\u00f3b.<\/p>\n<p>Piotr po \u015bmierci \u017cony <strong>Julianny<\/strong> wi\u0105\u017ce si\u0119 w1833 roku z <strong>Justyn\u0105<\/strong> <strong>Wyciszkiewicz<\/strong> z parafii Czermno. Podpis <strong>Piotra<\/strong> (krzy\u017cyk) widnieje na dokumencie finalizuj\u0105cym spis d\u00f3br ko\u015bcielnych i parafialnych Czermna, kt\u00f3ry odby\u0142 si\u0119 w 1818 roku (<strong>Adamczyk<\/strong>, Czrmno i okolice, historia miejscowo\u015bci). Dzie\u0107mi <strong>Piotra<\/strong> i <strong>Julianny<\/strong> byli: <strong>Katarzyna<\/strong>, <strong>Salomea<\/strong>, <strong>Szczepan<\/strong>, <strong>Wincenty<\/strong>, <strong>Pawe\u0142<\/strong> i <strong>Brygida<\/strong>. <strong>Pawe\u0142<\/strong> i <strong>Wincenty<\/strong> zmarli m\u0142odo. <strong>Katarzyna<\/strong> po \u015blubie z g\u00f3rnikiem <strong>Walentym<\/strong> <strong>Muska\u0142\u0105<\/strong> mieszka w Szpinku, niedaleko Czermna i Fa\u0142kowa, gdzie rodz\u0105 im si\u0119 dzieci. <strong>Salomea<\/strong> bierze \u015blub z <strong>Mateuszem<\/strong> <strong>Doma\u0144skim<\/strong> i mieszkaj\u0105 z dzie\u0107mi w Fa\u0142kowie i potem w Czermnie. <strong>Brygida<\/strong> wi\u0105\u017ce si\u0119 z <strong>J\u00f3zefem<\/strong> <strong>Koniecznym<\/strong> i mieszkaj\u0105 z dzie\u0107mi w parafii Czermno. <strong><u>W\u0119gorski<\/u> <u>Szczepan<\/u><\/strong> \u017ceni si\u0119 w 1827 roku w Czermnie z <strong><u>Teres\u0105<\/u> <u>Konieczn\u0105<\/u><\/strong> i mieszkaj\u0105 tam pocz\u0105tkowo. Ich dzieci urodzone w Czermnie &#8211; <strong>J\u00f3zef<\/strong> i <strong>J\u00f3zefa<\/strong> &#8211; umieraj\u0105 m\u0142odo w 1831 roku. Tam\u017ce w 1832 roku rodzi im si\u0119 jeszcze <strong>Petronela<\/strong>. Miedzy 1832 a 1835 <strong><u>Szczepan<\/u> <\/strong>z \u017con\u0105 przenosi si\u0119 do m. Kaliga k. Radoszyc. <strong>Petronela<\/strong> bierze \u015blub z <strong>Janem<\/strong> <strong>\u017bi\u00f3\u0142kowskim<\/strong> i od lat 50 \u2013 tych rodz\u0105 si\u0119 tam ich dzieci. Syn <strong><u>Szczepana<\/u><\/strong><u> i <strong>Teresy<\/strong><\/u> \u2013 <strong>Pawe\u0142<\/strong> \u2013 urodzony jest w Kaliga w 1835, podobnie jak <strong>Antonina<\/strong> (1837) i <strong>Franciszek<\/strong> (1839). Narodziny dzieci <strong>Paw\u0142a<\/strong> z <strong>J\u00f3zef\u0105<\/strong> <strong>Pisarsk\u0105<\/strong> od ko\u0144ca lat 50 \u2013 tych s\u0105 notowane ju\u017c w pobliskiej Pysznej G\u00f3rce k. Radoszyc. W Pysznej G\u00f3rce <strong>Pawe\u0142<\/strong> i <strong>J\u00f3zefa<\/strong> &#8211; \u00a0mieli dzieci \u2013 <strong>Franciszka<\/strong>, <strong>Agnieszk\u0119<\/strong>, <strong>Antoniego<\/strong> i <strong>Jana<\/strong>. <strong>Jan<\/strong> &#8211; syn <strong>Paw\u0142a<\/strong> i jego \u017cona <strong>J\u00f3zefa<\/strong> <strong>Leonowicz<\/strong> (<strong>Lewandowicz<\/strong>?) z Mularzowa po \u015blubie w Pysznej G\u00f3rce (ok. 5 km na zach\u00f3d od Kaliga) w 1891, przy narodzinach ich dzieci notowani s\u0105 ju\u017c na Ochocie w Warszawie u \u015aw. Stanis\u0142awa od 1895 roku. Drug\u0105 \u017con\u0105 <strong>Paw\u0142a<\/strong> (?) jest <strong>Katarzyna<\/strong> <strong>Wychowaniec<\/strong> wyst\u0119pujaca w niekt\u00f3rych aktach jako <strong>Mularczyk<\/strong> (pewnie z Mularzowa). Ma z ni\u0105 w Pysznej G\u00f3rce dzieci \u2013 <strong>Stefana<\/strong> (1874), <strong>Wincentego<\/strong> (1875) i <strong>Karolin\u0119<\/strong> (ok 1886). <strong>Karolina<\/strong> razem z m\u0119\u017cem <strong>W\u0142adys\u0142awem<\/strong> <strong>\u017belazko<\/strong> zamieszka\u0142a w Smykowie, k. Miedzie\u017cy (parafia Radoszyce), gdzie ma dzieci. <strong>Wincenty<\/strong> \u017ceni si\u0119 z <strong>Jadwig\u0105<\/strong> <strong>Kacpersk\u0105<\/strong> z Zych. Posiadaj\u0105 siedmioro dzieci, w tym <strong>Leokadi\u0119<\/strong> <strong>W\u0119gorsk\u0105<\/strong>. <strong>Leokadia<\/strong> (Babcia dla Krzysztofa Bi\u0144ka) przenosi si\u0119 na Wol\u0119, a potem z m\u0119\u017cem <strong>Wac\u0142awem<\/strong> <strong>Bi\u0144k\u0105<\/strong> do W\u0142och w Warszawie. W Pysznej G\u00f3rce (znikn\u0119\u0142a on z nazw miejscowo\u015bci Polski wch\u0142oni\u0119ta przez poblisk\u0105 Radosk\u0105) pozosta\u0142a jedynie <strong>Zofia<\/strong>, kt\u00f3ra jest c\u00f3rk\u0105 <strong>Antoniny<\/strong> (siostra <strong>Leokadii<\/strong>) a tak\u017ce jej zst\u0119pni.<\/p>\n<p>Siostr\u0105 <strong>Paw\u0142a<\/strong> i c\u00f3rk\u0105 <strong><u>Szczepana i Teresy<\/u><\/strong> jest wcze\u015bnie zmar\u0142a <strong>Franciszka<\/strong>. By\u0142a urodzona w 1839 roku w Kaliga, ale zmar\u0142a w 1841 roku w Pysznej G\u00f3rce. Poniewa\u017c syn <strong><u>Szczepana<\/u> <\/strong>i <strong><u>Teresy<\/u> <\/strong>\u2013 <strong>Augustyn<\/strong> \u2013 urodzi\u0142 si\u0119 w Pysznej G\u00f3rce w 1841 roku, mo\u017cna mniema\u0107, \u017ce ok. 1840 roku rodzina przenios\u0142a si\u0119 z Kaliga do Pysznej G\u00f3rki. <strong>Augustyn<\/strong> mieszka\u0142 w Pysznej G\u00f3rce i by\u0142 czterokrotnie \u017conaty. Tylko z pierwsz\u0105 \u017con\u0105 \u2013 <strong>Helen\u0105<\/strong> <strong>\u015awi\u0105tkow\u0105<\/strong> mia\u0142 dzieci.<br \/>\nPyszn\u0105 G\u00f3rk\u0119 wspomina, urodzona w 1942 roku <strong>Rozalia W\u0119gorska<\/strong>, c\u00f3rka <strong>J\u00f3zefa <\/strong>i <strong>Marianny <\/strong><strong>Wrzecionkowskiej<\/strong>. Pami\u0119ta co\u015b na kszta\u0142t folwarku, kt\u00f3ry sta\u0142 w centrum osady.<\/p>\n<p>W\u0119gorscy tak\u017ce zamieszkuj\u0105 w pobliskich miejscowo\u015bciach. Ok. 10 km na E od Radoszyc (Miedzierza, \u015awink\u00f3w, Smyk\u00f3w) mieszka\u0142y <strong>Karolina<\/strong> <strong>W\u0119gorska<\/strong> i <strong>Antonina<\/strong> <strong>W\u0119gorska<\/strong>.<\/p>\n<p><u>W\u0142adys\u0142aw \u017belazko i Karolina W\u0119gorska (ona lat 20, ur ok. 1889)<\/u><br \/>\nStefan \u017belazko akt ur 168, 1909, Miedzierza, \u015awink\u00f3w.<\/p>\n<p><u>Jan Zi\u0119cik i Antonina W\u0119gorska (pewnie ur ok 1862)<\/u><br \/>\nLudwik Zi\u0119cik, akt zg 5, 1946, lat 64, ur ok 1882, Miedzierza, Smyk\u00f3w.<\/p>\n<p>Tak\u017ce w Mninie k. Kajetanowa (8 km na SWW od Radoszyc) i miejscowo\u015bci \u00a0Nadwor\u00f3w (6 km na S od Radoszyc)<\/p>\n<p><u>Antoni Kolasa i Jadwiga W\u0119gorska (pewnie ur ok. 1876) <\/u><br \/>\nMarianna Kolasa, akt ur 98, 1896, Mnin, Kajetan\u00f3w.<\/p>\n<p><u>Jan W\u0119gorski (ur ok 1842) i Ma\u0142gorzata Usnarska<\/u><br \/>\nMarcin, akt ur &#8230;, 9.11.1866. Nadwor\u00f3w, Radoszyce.<br \/>\nW\u0119gorska Jadwiga (Hedvigis), 14 Sep 1868 Nadwor\u00f3w, Joannes W\u0119gorski, 24, miles adventicius in com &#8230;..tum, \u017co\u0142nierz z zewn\u0105trz przybywaj\u0105cy w &#8230;.., Margaretha Usnarska, 35.<br \/>\nW\u0119gorski J\u00f3zef (Josephus), 3 mar 1870, Nadwor\u00f3w, Joannes Wegorski, Margaritha Usnarska, 30 (plik 229), zdanie po \u0142acinie pewnie o wojsku, nieostre.<br \/>\nW\u0119gorski Franciszek (Franciscus), 5 Aug 1873, Pyszna G\u00f3rka, Joannes W\u0119gorski, 29 i Ma\u0142gorzata Usnarska.<\/p>\n<p>Pan Marian Adamczyk, nauczyciel historii z Czermna, opisa\u0142 dzieje Czermna i Fa\u0142kowa.<br \/>\n<u>Czermno i okolice : historia miejscowo\u015bci<\/u> <u>\/ Marian Adamczyk.<\/u> Ko\u0144skie : 2012. &#8211; 249 s. : il. (w tym kolor.) ; 25 cm. (Ko\u0144skie : szkice historyczne)<br \/>\n<u>Mieszka\u0144cy ziemi czermi\u0144skiej i fa\u0142kowskiej od XVI do XX w.<\/u> <u>\/ Marian Adamczyk.<\/u> Ko\u0144skie : 2015. &#8211; 142 s. : il. (w tym kolor.) ; 25 cm. (Ko\u0144skie : szkice historyczne).<\/p>\n<p>Z kolei histori\u0119 Radoszyc i okolic opisa\u0142 S. K. Staciwa w ksi\u0105\u017cce ,,<u>Dzieje Radoszyc<\/u>\u2019\u2019 2011 w dwutomowym dziele. Nak\u0142ad r\u00f3wnie\u017c jest wyczerpany. Dzi\u015b Radoszyce s\u0105 sennym miasteczkiem, kt\u00f3re najlepsze, \u015bredniowieczne czasy ma ju\u017c za sob\u0105. R\u00f3wnie\u017c barwny klimat przedwojennego polsko \u2013 \u017cydowskiego miasteczka, ze wzgl\u0119du na zag\u0142ad\u0119, zosta\u0142 bezpowrotnie utracony. O Pysznej G\u00f3rce, po\u0142o\u017conej blisko Radoszyc, dok\u0105d przenios\u0142a si\u0119 z Czermna cz\u0119\u015b\u0107 W\u0119gorskich, kt\u00f3rej nazwa w\u0142a\u015bnie wykre\u015blona zosta\u0142a z nazw miejscowo\u015bci niewiele wiadomo. Strz\u0119py historii wsi podaje dr Staciwa w swej monografii.<br \/>\n,, W Pyssney (Pysznej) G\u00f3rce w 1555 by\u0142 staw rybny i m\u0142yn na Plebance.\u2019\u2019 \u2013 pewnie w-g jakiej\u015b lustracji.<\/p>\n<p>,, W 1669 ks. Jan Dymerski zapisa\u0142 (pewnie na prebend\u0119 ko\u015bcieln\u0105) \u0142\u0105k\u0119 co ,,a ta poczyna si\u0119 namienionego\u00a0 &#8230;. pola przytyka do jeziora tak zwanych Plebe\u0144skiego i rzeki (<em>jezioro i rzeka Plebanka to pewnie dawny staw rybny<\/em>) &#8230; co do za rzek\u0105 &#8230; do miejsca &#8230; Niwk\u0105 Jaroszewsk\u0105 zwan\u0105 po za miejscem Pyszn\u0105 G\u00f3rk\u0105 mianuj\u0105cym si\u0119, po\u0142o\u017conych z ogrodami i \u0142\u0105kami .. tak zwanym Puchalonka..\u2019\u2019.\u00a0 Czyli Pyszna G\u00f3rka by\u0142a wtedy pleba\u0144ska.<\/p>\n<p>,, Przy rzece Plebance by\u0142 m\u0142yn, z kt\u00f3rego czynsz wynosi\u0142 40 z\u0142 rocznie. Nowa kolonia Pyszna G\u00f3rka znajdowa\u0142a si\u0119 pomi\u0119dzy polami miejskimi i p\u00f3l wsi Radoszki. W 1796 starosta wybudowa\u0142 tam m\u0142yn. M\u0142ynarz p\u0142aci\u0142 80 z\u0142 rocznie czynszu i odrabia\u0142 dwa dni pa\u0144szczyzny w tygodniu, a powaby 2 dni w roku\u2019\u2019<\/p>\n<p>,,W 1824 w Radoszycach odby\u0142 si\u0119 s\u0105d nad mieszczanami (wymienieni z nazwiska), kt\u00f3rzy zagarneli pleba\u0144skie grunta w Pysznej G\u00f3rce.\u2019\u2019<\/p>\n<p>,,W starostwie radoszyckim by\u0142o kilkana\u015bcie m\u0142yn\u00f3w, w tym jeden pleba\u0144ski przy stawie w Pysznej G\u00f3rce, kt\u00f3ry dzier\u017cawi\u0142 w 1862 roku Antoni Zawrzykraj\u2019\u2019. (<em>m\u00f3j kolega z pracy &#8211; dr Zawrzykraj \u2013 jest zst\u0119pnym po tych Zawrzykrajach \u2013 pochodzi z s\u0105siedniego Grodziska<\/em>). ,,W okresie przedpowstaniowym na terenie Radoszyc by\u0142o 5 folwark\u00f3w: pleba\u0144ski w Pysznej G\u00f3rce\u2019\u2019.<\/p>\n<p>\u017bycie ch\u0142op\u00f3w na wsi w okolicach Pysznej G\u00f3rki w okresie przedwojennym i wcze\u015bniejszym nie by\u0142o \u0142atwe. Tak\u017ce z tego powodu, \u017ce ziemie by\u0142y nieurodzajne, piaszczyste i ich lepsze k\u0105ski by\u0142y w pa\u0144skich r\u0119kach.<br \/>\nPoni\u017cszy fragment z monografii dr Staciwy &#8211; wspomnienie Marii Skrobisz z \u00a0pobliskiego Grodziska. ,,W kumorze ociec trzymali marchew \u015bwie\u017c\u0105 i suszon\u0105, rzep\u0119 \u015bwie\u017c\u0105 i suszon\u0105, pasternak, brukiew, rozmaite gatunki grochu, piechoty (<em>typ fasoli Ja\u015b piechota<\/em>), fask\u0119 suszonych gruszek i jab\u0142ek\u2019\u2019. Ch\u0142op prawie zupe\u0142nie nic nie kupowa\u0142 z wyj\u0105tkiem w\u00f3dki, piwa i soli. Nieliczni nabywali bu\u0142k\u0119, placek tatarczany z gryczanej maki lub kilka \u015bledzi z beczki.<\/p>\n<p>&#8230;&#8230; ,,W po\u017cywieniu ludno\u015bci wiejskiej chleb odgrywa\u0142 znacznie mniejsz\u0105 rol\u0119, ni\u017c w czasach p\u00f3\u017aniejszych, mimo to spo\u017cywano go w stosunkowo du\u017cych ilo\u015bciach. Prawie zawsze by\u0142 to chleb razowy z m\u0105ki \u017cytniej z dodatkiem ziemniak\u00f3w. Biedota u\u017cywa\u0142a do tego celu otr\u0105b lub mieszanki z \u017cyta i tzw kostrzewy (<em>pospolita trawa<\/em>) lub z \u017cyta, j\u0119czmienia i owsa. Robiono te\u017c placki zwane ,,podp\u0142omykami,, z m\u0105ki \u017cytniej i oskrobin ziemiaczanych i pieczono na ogniu w kuchni. Z m\u0105ki pszennej wypiekano bu\u0142ki, placki i cha\u0142ki, kt\u00f3re w gospodarstwach ch\u0142opskich jadano tylko podczas wielkich \u015bwi\u0105t &#8211; Wielkanocnych i Bo\u017cego Narodzenia.\u2019\u2019<\/p>\n<p>Kilka fotografii mieszka\u0144c\u00f3w Radoszyc, pobliskich Zych (Zychy &#8211; pochodzi\u0142a z nich mama Leokadii W\u0119gorskiej) i Kapa\u0142owa (Kapa\u0142\u00f3w)<\/p>\n<p><a href=\"http:\/\/kbinka.vipserv.org\/wp-content\/uploads\/2019\/03\/DSCN2120-sklep-piekarniczy-Jana-Kowalewskiego-sprzedaj-e-pani-Szustak.jpg\"><img loading=\"lazy\" decoding=\"async\" class=\"alignnone size-full wp-image-1110\" src=\"http:\/\/kbinka.vipserv.org\/wp-content\/uploads\/2019\/03\/DSCN2120-sklep-piekarniczy-Jana-Kowalewskiego-sprzedaj-e-pani-Szustak.jpg\" alt=\"\" width=\"1600\" height=\"1200\" srcset=\"https:\/\/k.binka.pl\/wp-content\/uploads\/2019\/03\/DSCN2120-sklep-piekarniczy-Jana-Kowalewskiego-sprzedaj-e-pani-Szustak.jpg 1600w, https:\/\/k.binka.pl\/wp-content\/uploads\/2019\/03\/DSCN2120-sklep-piekarniczy-Jana-Kowalewskiego-sprzedaj-e-pani-Szustak-300x225.jpg 300w, https:\/\/k.binka.pl\/wp-content\/uploads\/2019\/03\/DSCN2120-sklep-piekarniczy-Jana-Kowalewskiego-sprzedaj-e-pani-Szustak-768x576.jpg 768w, https:\/\/k.binka.pl\/wp-content\/uploads\/2019\/03\/DSCN2120-sklep-piekarniczy-Jana-Kowalewskiego-sprzedaj-e-pani-Szustak-1024x768.jpg 1024w\" sizes=\"auto, (max-width: 1600px) 100vw, 1600px\" \/><\/a><\/p>\n<p>Pani Kowalewska (domo Szustakowa) w sklepie przy piekarni Jana Kowalewskiego. Radoszyce 2016<\/p>\n<p><a href=\"http:\/\/kbinka.vipserv.org\/wp-content\/uploads\/2019\/03\/DSCN2431-Radoszyce.jpg\"><img loading=\"lazy\" decoding=\"async\" class=\"alignnone size-full wp-image-1112\" src=\"http:\/\/kbinka.vipserv.org\/wp-content\/uploads\/2019\/03\/DSCN2431-Radoszyce.jpg\" alt=\"\" width=\"1704\" height=\"2272\" srcset=\"https:\/\/k.binka.pl\/wp-content\/uploads\/2019\/03\/DSCN2431-Radoszyce.jpg 1704w, https:\/\/k.binka.pl\/wp-content\/uploads\/2019\/03\/DSCN2431-Radoszyce-225x300.jpg 225w, https:\/\/k.binka.pl\/wp-content\/uploads\/2019\/03\/DSCN2431-Radoszyce-768x1024.jpg 768w\" sizes=\"auto, (max-width: 1704px) 100vw, 1704px\" \/><\/a><\/p>\n<p>Radoszyce 2018<\/p>\n<p><a href=\"http:\/\/kbinka.vipserv.org\/wp-content\/uploads\/2019\/03\/DSCN2413.jpg\"><img loading=\"lazy\" decoding=\"async\" class=\"alignnone size-full wp-image-1111\" src=\"http:\/\/kbinka.vipserv.org\/wp-content\/uploads\/2019\/03\/DSCN2413.jpg\" alt=\"\" width=\"2272\" height=\"1704\" srcset=\"https:\/\/k.binka.pl\/wp-content\/uploads\/2019\/03\/DSCN2413.jpg 2272w, https:\/\/k.binka.pl\/wp-content\/uploads\/2019\/03\/DSCN2413-300x225.jpg 300w, https:\/\/k.binka.pl\/wp-content\/uploads\/2019\/03\/DSCN2413-768x576.jpg 768w, https:\/\/k.binka.pl\/wp-content\/uploads\/2019\/03\/DSCN2413-1024x768.jpg 1024w\" sizes=\"auto, (max-width: 2272px) 100vw, 2272px\" \/><\/a><\/p>\n<p>Radoszyce 2018<\/p>\n<p><a href=\"http:\/\/kbinka.vipserv.org\/wp-content\/uploads\/2021\/06\/DSCN5093.jpg\"><img loading=\"lazy\" decoding=\"async\" class=\"alignnone size-full wp-image-1275\" src=\"http:\/\/kbinka.vipserv.org\/wp-content\/uploads\/2021\/06\/DSCN5093.jpg\" alt=\"\" width=\"1600\" height=\"1200\" srcset=\"https:\/\/k.binka.pl\/wp-content\/uploads\/2021\/06\/DSCN5093.jpg 1600w, https:\/\/k.binka.pl\/wp-content\/uploads\/2021\/06\/DSCN5093-300x225.jpg 300w, https:\/\/k.binka.pl\/wp-content\/uploads\/2021\/06\/DSCN5093-768x576.jpg 768w, https:\/\/k.binka.pl\/wp-content\/uploads\/2021\/06\/DSCN5093-1024x768.jpg 1024w\" sizes=\"auto, (max-width: 1600px) 100vw, 1600px\" \/><\/a><\/p>\n<p>Radoszyce 2007<\/p>\n<p><a href=\"http:\/\/kbinka.vipserv.org\/wp-content\/uploads\/2021\/06\/DSCN5088.jpg\"><img loading=\"lazy\" decoding=\"async\" class=\"alignnone size-full wp-image-1274\" src=\"http:\/\/kbinka.vipserv.org\/wp-content\/uploads\/2021\/06\/DSCN5088.jpg\" alt=\"\" width=\"1600\" height=\"1200\" srcset=\"https:\/\/k.binka.pl\/wp-content\/uploads\/2021\/06\/DSCN5088.jpg 1600w, https:\/\/k.binka.pl\/wp-content\/uploads\/2021\/06\/DSCN5088-300x225.jpg 300w, https:\/\/k.binka.pl\/wp-content\/uploads\/2021\/06\/DSCN5088-768x576.jpg 768w, https:\/\/k.binka.pl\/wp-content\/uploads\/2021\/06\/DSCN5088-1024x768.jpg 1024w\" sizes=\"auto, (max-width: 1600px) 100vw, 1600px\" \/><\/a><\/p>\n<p>Radoszyce 2007<\/p>\n<p><a href=\"http:\/\/kbinka.vipserv.org\/wp-content\/uploads\/2021\/06\/Dscn5052-Zychy-wjazd.jpg\"><img loading=\"lazy\" decoding=\"async\" class=\"alignnone size-full wp-image-1270\" src=\"http:\/\/kbinka.vipserv.org\/wp-content\/uploads\/2021\/06\/Dscn5052-Zychy-wjazd.jpg\" alt=\"\" width=\"1600\" height=\"1200\" srcset=\"https:\/\/k.binka.pl\/wp-content\/uploads\/2021\/06\/Dscn5052-Zychy-wjazd.jpg 1600w, https:\/\/k.binka.pl\/wp-content\/uploads\/2021\/06\/Dscn5052-Zychy-wjazd-300x225.jpg 300w, https:\/\/k.binka.pl\/wp-content\/uploads\/2021\/06\/Dscn5052-Zychy-wjazd-768x576.jpg 768w, https:\/\/k.binka.pl\/wp-content\/uploads\/2021\/06\/Dscn5052-Zychy-wjazd-1024x768.jpg 1024w\" sizes=\"auto, (max-width: 1600px) 100vw, 1600px\" \/><\/a><\/p>\n<p>Zychy 2007<\/p>\n<p><a href=\"http:\/\/kbinka.vipserv.org\/wp-content\/uploads\/2021\/06\/DSCN5064.jpg\"><img loading=\"lazy\" decoding=\"async\" class=\"alignnone size-full wp-image-1271\" src=\"http:\/\/kbinka.vipserv.org\/wp-content\/uploads\/2021\/06\/DSCN5064.jpg\" alt=\"\" width=\"1600\" height=\"1200\" srcset=\"https:\/\/k.binka.pl\/wp-content\/uploads\/2021\/06\/DSCN5064.jpg 1600w, https:\/\/k.binka.pl\/wp-content\/uploads\/2021\/06\/DSCN5064-300x225.jpg 300w, https:\/\/k.binka.pl\/wp-content\/uploads\/2021\/06\/DSCN5064-768x576.jpg 768w, https:\/\/k.binka.pl\/wp-content\/uploads\/2021\/06\/DSCN5064-1024x768.jpg 1024w\" sizes=\"auto, (max-width: 1600px) 100vw, 1600px\" \/><\/a><\/p>\n<p>Zychy 2007 &#8211; p\u0142ot w ,,dziesi\u0105tke&#8221;<\/p>\n<p><a href=\"http:\/\/kbinka.vipserv.org\/wp-content\/uploads\/2021\/06\/DSCN5075wyjazd-z-Zych.jpg\"><img loading=\"lazy\" decoding=\"async\" class=\"alignnone size-full wp-image-1272\" src=\"http:\/\/kbinka.vipserv.org\/wp-content\/uploads\/2021\/06\/DSCN5075wyjazd-z-Zych.jpg\" alt=\"\" width=\"1600\" height=\"1200\" srcset=\"https:\/\/k.binka.pl\/wp-content\/uploads\/2021\/06\/DSCN5075wyjazd-z-Zych.jpg 1600w, https:\/\/k.binka.pl\/wp-content\/uploads\/2021\/06\/DSCN5075wyjazd-z-Zych-300x225.jpg 300w, https:\/\/k.binka.pl\/wp-content\/uploads\/2021\/06\/DSCN5075wyjazd-z-Zych-768x576.jpg 768w, https:\/\/k.binka.pl\/wp-content\/uploads\/2021\/06\/DSCN5075wyjazd-z-Zych-1024x768.jpg 1024w\" sizes=\"auto, (max-width: 1600px) 100vw, 1600px\" \/><\/a><\/p>\n<p>Zychy 2007<\/p>\n<p><a href=\"http:\/\/kbinka.vipserv.org\/wp-content\/uploads\/2021\/06\/DSCN5076wyjazd-z-Zych.jpg\"><img loading=\"lazy\" decoding=\"async\" class=\"alignnone size-full wp-image-1273\" src=\"http:\/\/kbinka.vipserv.org\/wp-content\/uploads\/2021\/06\/DSCN5076wyjazd-z-Zych.jpg\" alt=\"\" width=\"1600\" height=\"1200\" srcset=\"https:\/\/k.binka.pl\/wp-content\/uploads\/2021\/06\/DSCN5076wyjazd-z-Zych.jpg 1600w, https:\/\/k.binka.pl\/wp-content\/uploads\/2021\/06\/DSCN5076wyjazd-z-Zych-300x225.jpg 300w, https:\/\/k.binka.pl\/wp-content\/uploads\/2021\/06\/DSCN5076wyjazd-z-Zych-768x576.jpg 768w, https:\/\/k.binka.pl\/wp-content\/uploads\/2021\/06\/DSCN5076wyjazd-z-Zych-1024x768.jpg 1024w\" sizes=\"auto, (max-width: 1600px) 100vw, 1600px\" \/><\/a><\/p>\n<p>Zychy 2007<\/p>\n<p><a href=\"http:\/\/kbinka.vipserv.org\/wp-content\/uploads\/2021\/06\/DSCN5127-Kapa\u0142\u00f3w-w\u0119druj\u0105ca-g\u0119\u015b.jpg\"><img loading=\"lazy\" decoding=\"async\" class=\"alignnone size-full wp-image-1276\" src=\"http:\/\/kbinka.vipserv.org\/wp-content\/uploads\/2021\/06\/DSCN5127-Kapa\u0142\u00f3w-w\u0119druj\u0105ca-g\u0119\u015b.jpg\" alt=\"\" width=\"1600\" height=\"1200\" srcset=\"https:\/\/k.binka.pl\/wp-content\/uploads\/2021\/06\/DSCN5127-Kapa\u0142\u00f3w-w\u0119druj\u0105ca-g\u0119\u015b.jpg 1600w, https:\/\/k.binka.pl\/wp-content\/uploads\/2021\/06\/DSCN5127-Kapa\u0142\u00f3w-w\u0119druj\u0105ca-g\u0119\u015b-300x225.jpg 300w, https:\/\/k.binka.pl\/wp-content\/uploads\/2021\/06\/DSCN5127-Kapa\u0142\u00f3w-w\u0119druj\u0105ca-g\u0119\u015b-768x576.jpg 768w, https:\/\/k.binka.pl\/wp-content\/uploads\/2021\/06\/DSCN5127-Kapa\u0142\u00f3w-w\u0119druj\u0105ca-g\u0119\u015b-1024x768.jpg 1024w\" sizes=\"auto, (max-width: 1600px) 100vw, 1600px\" \/><\/a><\/p>\n<p>Kapa\u0142\u00f3w 2007<\/p>\n<p><a href=\"http:\/\/kbinka.vipserv.org\/wp-content\/uploads\/2019\/03\/Dscn9087-Zofia-c\u00f3rka-Antoniny-W\u0119gorskiej-siostry-Leokadii.jpg\"><img loading=\"lazy\" decoding=\"async\" class=\"alignnone size-full wp-image-1120\" src=\"http:\/\/kbinka.vipserv.org\/wp-content\/uploads\/2019\/03\/Dscn9087-Zofia-c\u00f3rka-Antoniny-W\u0119gorskiej-siostry-Leokadii.jpg\" alt=\"\" width=\"1600\" height=\"1200\" srcset=\"https:\/\/k.binka.pl\/wp-content\/uploads\/2019\/03\/Dscn9087-Zofia-c\u00f3rka-Antoniny-W\u0119gorskiej-siostry-Leokadii.jpg 1600w, https:\/\/k.binka.pl\/wp-content\/uploads\/2019\/03\/Dscn9087-Zofia-c\u00f3rka-Antoniny-W\u0119gorskiej-siostry-Leokadii-300x225.jpg 300w, https:\/\/k.binka.pl\/wp-content\/uploads\/2019\/03\/Dscn9087-Zofia-c\u00f3rka-Antoniny-W\u0119gorskiej-siostry-Leokadii-768x576.jpg 768w, https:\/\/k.binka.pl\/wp-content\/uploads\/2019\/03\/Dscn9087-Zofia-c\u00f3rka-Antoniny-W\u0119gorskiej-siostry-Leokadii-1024x768.jpg 1024w\" sizes=\"auto, (max-width: 1600px) 100vw, 1600px\" \/><\/a><\/p>\n<p><a href=\"http:\/\/kbinka.vipserv.org\/wp-content\/uploads\/2021\/06\/DSCN8509.jpg\"><img loading=\"lazy\" decoding=\"async\" class=\"alignnone size-full wp-image-1277\" src=\"http:\/\/kbinka.vipserv.org\/wp-content\/uploads\/2021\/06\/DSCN8509.jpg\" alt=\"\" width=\"1600\" height=\"1200\" srcset=\"https:\/\/k.binka.pl\/wp-content\/uploads\/2021\/06\/DSCN8509.jpg 1600w, https:\/\/k.binka.pl\/wp-content\/uploads\/2021\/06\/DSCN8509-300x225.jpg 300w, https:\/\/k.binka.pl\/wp-content\/uploads\/2021\/06\/DSCN8509-768x576.jpg 768w, https:\/\/k.binka.pl\/wp-content\/uploads\/2021\/06\/DSCN8509-1024x768.jpg 1024w\" sizes=\"auto, (max-width: 1600px) 100vw, 1600px\" \/><\/a><\/p>\n<p>Zofia, c\u00f3rka Antoniny W\u0119gorskiej, siostry Leokadi W\u0119gorskiej (Bi\u0144ka). Pyszna G\u00f3rka 2004 i 2011, przy opuszczonym siedlisku W\u0119gorskich.<\/p>\n<p><a href=\"http:\/\/kbinka.vipserv.org\/wp-content\/uploads\/2019\/03\/Dscn9079-Grzesiek-na-rozwidleniu-na-lewo-pierwsze-siedlisko-za-nim-niewidoczne-siedlisko-Leokadii-same-drzewa-i-chaszcze.jpg\"><img loading=\"lazy\" decoding=\"async\" class=\"alignnone size-full wp-image-1124\" src=\"http:\/\/kbinka.vipserv.org\/wp-content\/uploads\/2019\/03\/Dscn9079-Grzesiek-na-rozwidleniu-na-lewo-pierwsze-siedlisko-za-nim-niewidoczne-siedlisko-Leokadii-same-drzewa-i-chaszcze.jpg\" alt=\"\" width=\"1600\" height=\"1200\" srcset=\"https:\/\/k.binka.pl\/wp-content\/uploads\/2019\/03\/Dscn9079-Grzesiek-na-rozwidleniu-na-lewo-pierwsze-siedlisko-za-nim-niewidoczne-siedlisko-Leokadii-same-drzewa-i-chaszcze.jpg 1600w, https:\/\/k.binka.pl\/wp-content\/uploads\/2019\/03\/Dscn9079-Grzesiek-na-rozwidleniu-na-lewo-pierwsze-siedlisko-za-nim-niewidoczne-siedlisko-Leokadii-same-drzewa-i-chaszcze-300x225.jpg 300w, https:\/\/k.binka.pl\/wp-content\/uploads\/2019\/03\/Dscn9079-Grzesiek-na-rozwidleniu-na-lewo-pierwsze-siedlisko-za-nim-niewidoczne-siedlisko-Leokadii-same-drzewa-i-chaszcze-768x576.jpg 768w, https:\/\/k.binka.pl\/wp-content\/uploads\/2019\/03\/Dscn9079-Grzesiek-na-rozwidleniu-na-lewo-pierwsze-siedlisko-za-nim-niewidoczne-siedlisko-Leokadii-same-drzewa-i-chaszcze-1024x768.jpg 1024w\" sizes=\"auto, (max-width: 1600px) 100vw, 1600px\" \/><\/a><\/p>\n<p>Pyszna G\u00f3rka 2004, wjazd do wsi. Grzegorz Bi\u0144ka &#8211; prawnuk Leokadii W\u0119gorskiej.<\/p>\n<p><a href=\"http:\/\/kbinka.vipserv.org\/wp-content\/uploads\/2019\/03\/Dscn9084-na-lewo-od-siedliska-Leokadii-troche-w-g\u0142\u0119bi-patrz\u0105c-w-kierunku-Radoszyc.jpg\"><img loading=\"lazy\" decoding=\"async\" class=\"alignnone size-full wp-image-1123\" src=\"http:\/\/kbinka.vipserv.org\/wp-content\/uploads\/2019\/03\/Dscn9084-na-lewo-od-siedliska-Leokadii-troche-w-g\u0142\u0119bi-patrz\u0105c-w-kierunku-Radoszyc.jpg\" alt=\"\" width=\"1600\" height=\"1200\" srcset=\"https:\/\/k.binka.pl\/wp-content\/uploads\/2019\/03\/Dscn9084-na-lewo-od-siedliska-Leokadii-troche-w-g\u0142\u0119bi-patrz\u0105c-w-kierunku-Radoszyc.jpg 1600w, https:\/\/k.binka.pl\/wp-content\/uploads\/2019\/03\/Dscn9084-na-lewo-od-siedliska-Leokadii-troche-w-g\u0142\u0119bi-patrz\u0105c-w-kierunku-Radoszyc-300x225.jpg 300w, https:\/\/k.binka.pl\/wp-content\/uploads\/2019\/03\/Dscn9084-na-lewo-od-siedliska-Leokadii-troche-w-g\u0142\u0119bi-patrz\u0105c-w-kierunku-Radoszyc-768x576.jpg 768w, https:\/\/k.binka.pl\/wp-content\/uploads\/2019\/03\/Dscn9084-na-lewo-od-siedliska-Leokadii-troche-w-g\u0142\u0119bi-patrz\u0105c-w-kierunku-Radoszyc-1024x768.jpg 1024w\" sizes=\"auto, (max-width: 1600px) 100vw, 1600px\" \/><\/a><\/p>\n<p>Pyszna G\u00f3rka 2004.<\/p>\n<p><a href=\"http:\/\/kbinka.vipserv.org\/wp-content\/uploads\/2019\/03\/Dscn9085-domek-P.-Zofii-na-lewo-od-niego-dwupi\u0119trowy-dom-jej-syna-zdj\u0119cie-od-siedliska-Leokadii-w-kierunku-poludniowozachodnim.jpg\"><img loading=\"lazy\" decoding=\"async\" class=\"alignnone size-full wp-image-1122\" src=\"http:\/\/kbinka.vipserv.org\/wp-content\/uploads\/2019\/03\/Dscn9085-domek-P.-Zofii-na-lewo-od-niego-dwupi\u0119trowy-dom-jej-syna-zdj\u0119cie-od-siedliska-Leokadii-w-kierunku-poludniowozachodnim.jpg\" alt=\"\" width=\"1600\" height=\"1200\" srcset=\"https:\/\/k.binka.pl\/wp-content\/uploads\/2019\/03\/Dscn9085-domek-P.-Zofii-na-lewo-od-niego-dwupi\u0119trowy-dom-jej-syna-zdj\u0119cie-od-siedliska-Leokadii-w-kierunku-poludniowozachodnim.jpg 1600w, https:\/\/k.binka.pl\/wp-content\/uploads\/2019\/03\/Dscn9085-domek-P.-Zofii-na-lewo-od-niego-dwupi\u0119trowy-dom-jej-syna-zdj\u0119cie-od-siedliska-Leokadii-w-kierunku-poludniowozachodnim-300x225.jpg 300w, https:\/\/k.binka.pl\/wp-content\/uploads\/2019\/03\/Dscn9085-domek-P.-Zofii-na-lewo-od-niego-dwupi\u0119trowy-dom-jej-syna-zdj\u0119cie-od-siedliska-Leokadii-w-kierunku-poludniowozachodnim-768x576.jpg 768w, https:\/\/k.binka.pl\/wp-content\/uploads\/2019\/03\/Dscn9085-domek-P.-Zofii-na-lewo-od-niego-dwupi\u0119trowy-dom-jej-syna-zdj\u0119cie-od-siedliska-Leokadii-w-kierunku-poludniowozachodnim-1024x768.jpg 1024w\" sizes=\"auto, (max-width: 1600px) 100vw, 1600px\" \/><\/a><\/p>\n<p>Pyszna G\u00f3rka 2004. Dawny dom Zofii W\u0119gorskiej.<\/p>\n<p><strong>Ci\u0105g genealogiczny W\u0119gorskich<\/strong><\/p>\n<p><strong>Maciej W\u0119gorski<\/strong><br \/>\n<u>W\u0119gorska Franciszka i Tomasz Ryszka<\/u><br \/>\n<u>W\u0119gorska Franciszka i Kazimierz Palka,<\/u> akt \u015bl Papiernia M\u0142yn, Skotniki, 1798<br \/>\n<strong>Marcin W\u0119gorski<\/strong>, (ur ok 1730 r) akt zg 5, 8.09.1815, Czermno, lat 85 skan 14\/15, zg\u0142osi\u0142 syn zmar\u0142ego Piotr W\u0119gorski, lat 61 (czyli ur ok 1754), rolnik.<br \/>\n<u>W\u0119gorski Piotr <\/u>(ur ok 1749?, akt zg 11, 18,08.1839, komornik\u00a0 Czermno, lat 90) \u00a0i<u> Julianna Pawlik <\/u>(ur ok 1767 , Czermno, akt zg 3, 1827, 60 lat, komornica, zg\u0142osi\u0142 Piotr, lat 70)<br \/>\nW\u0119gorska Katarzyna (zg 1836 Fa\u0142k\u00f3w, Budy) + Muska\u0142a Walenty<br \/>\n&#8230;&#8230;.\u00a0<em>Mateusz Muska\u0142a (akt ur 32, 1813, Fa\u0142k\u00f3w, Szpinek) i Julianna Binkowska, akt ma\u0142 21, 20.08.1832, parafia Czermno<\/em><br \/>\n&#8230;&#8230;. <em>Muska\u0142a Andrzej akt ur 94,1822, Fa\u0142k\u00f3w, Szpinek (ojciec, g\u00f3rnik)<\/em><br \/>\n&#8230;&#8230;. <em>Muska\u0142a El\u017cbieta akt ur 95,1822, Fa\u0142k\u00f3w, Szpinek (ojciec, g\u00f3rnik)<\/em><br \/>\n&#8230;&#8230;. <em>Wincenty Muska\u0142a i Wiktoria Michalska, akt \u015bl 1, 13.01.1862, Czermno<\/em><br \/>\n&#8230;&#8230;. <em>Wojciech Muska\u0142a, akt ur 32, 1827, Fa\u0142k\u00f3w, Szpinek (ojciec, g\u00f3rnik)\u00a0 i \u0141ucja Stefa\u0144ska, akt \u015bl. 4, 27.10.1869, Czermno<\/em><br \/>\nW\u0119gorska Salomea (ur 1791, Czermno) i Mateusz Doma\u0144ski , (ur Sworzyce), akt ma\u0142 4, 25.07.1819, parafia Czermno, zg 1852.<br \/>\n&#8230;&#8230;. <em>Doma\u0144ski Wincenty (akt ur 42, 1820, Fa\u0142k\u00f3w, Fa\u0142k\u00f3w, ojciec fornal) akt zg 67, 15.10.1866, parafia Czermno i Salomea Konieczna, akt ma\u0142 7, 11.11.1839, parafia Czermno<\/em><br \/>\n&#8230;&#8230;. <em>Doma\u0144ski Mateusz (akt ur 75,1822 Fa\u0142k\u00f3w, Fa\u0142k\u00f3w, -1894, ojciec &#8211; stangret) i Ma\u0142gorzata Dymarska, akt ma\u0142 3, 10.02.1841, parafia Czermno (<\/em><em>dzieci \u2013 Micha\u0142 Doma\u0144ski, Marianna Konieczna, Julianna Majewska<\/em><em>)<\/em><br \/>\n&#8230;&#8230;. <em>Doma\u0144ska Ludwika (akt ur 32,1825, Fa\u0142k\u00f3w, Pl\u0105skowice, ojciec, karbowy) \u00a0i Wojciech Konieczny, akt ma\u0142 1, 16.01.1841, parafia Czermno<\/em><br \/>\n&#8230;&#8230;. <em>Doma\u0144ska Jadwiga akt ur 15,<\/em> <em>12.10.1827 parafia Czermno (ojciec, karczmarz) i Antoni Kwiatkowski, akt ma\u0142 3, 13.10.1845, parafia Czermno<\/em><br \/>\n&#8230;&#8230;. <em>Doma\u0144ska Franciszka, akt ur 14, 24.09.1830 parafia Czermno<\/em><br \/>\n&#8230;&#8230;. <em>Doma\u0144ski Kacper, akt ur 3, 3.01.1834 parafia Czermno, akt zg 16, 19.11.1836, parafia Czermno<\/em><br \/>\nW\u0119gorski Szczepan (ur ok 1800-3)\u00a0akt zg 112, 1852, Radoszyce, Pyszna G\u00f3rka i Teresa Konieczna (patrz ni\u017cej) (Jan i Salomea), ur ok 1800,\u00a0 akt ma\u0142 1, 12.02.1827, parafia Czermno (Szcz., l. 24, \u00a0\u015bw Karol Konieczny l. 30 i Bart\u0142. Maciejewski, l. 32, w\u0142o\u015bcianie z Czermna i s\u0105siedzi, Ter \u2013 l. 23 c. Jana i Salomei, w\u0142o\u015bcianie z Czermna). Akt zg 94, 1854, Radoszyce, Pyszna G\u00f3rka l. 50, wdowa.<br \/>\n&#8230;&#8230;. <em>W\u0119gorska J\u00f3zefa, akt ur 7, 5.03.1828 r., parafia Czermno, akt zg 15, 23.09.1831, parafia Czermno.<\/em><br \/>\n&#8230;&#8230;. <em>W\u0119gorski J\u00f3zef, akt ur 11, 15.03.1831r\u00a0 parafia Czermno, akt zg 6, 9.5.1831 r Czermno, 8 tyg (ale Stefan i Teresa, \u017ale zapisane, w\u0142o\u015bcianie z Czermna). <\/em><br \/>\n&#8230;&#8230;. <em>W\u0119gorska Petronela, akt ur 8, 29.05.1832 r\u00a0 parafia Czermno + <\/em>Joannes Zio\u0142kowski.<br \/>\n&#8230;&#8230;&#8230;&#8230;&#8230;. <em>Florianus Zi\u00f3lkowski, akt. ur.1 , 19.10.1851, Kaliga, Radoszyce\u00a0\u00a0 22<\/em><br \/>\n&#8230;&#8230;&#8230;&#8230;&#8230;. <em>Andreas Zi\u00f3lkowski, akt. ur.1 , 14.09.1853, Kaliga, Radoszyce, ch \u2013 Zofia W\u0119gorska\u00a0\u00a0 42<\/em><br \/>\n&#8230;&#8230;&#8230;&#8230;&#8230;. <em>Marianna Zi\u00f3lkowski, akt ur 12.3.1857, Kaliga, Radoszyce. <\/em><br \/>\n&#8230;&#8230;&#8230;&#8230;&#8230;. <em>Anna Zi\u00f3lkowski, akt ur 142, 1.7.1859, Kaliga, Radoszyce<\/em><br \/>\n&#8230;&#8230;&#8230;&#8230;&#8230;. <em>Karolina Zi\u00f3lkowski, akt ur 332, 1.11.1863. Kaliga, Radoszyce. <\/em><br \/>\n&#8230;&#8230;&#8230;&#8230;&#8230;. <em>Josephus Zi\u00f3lkowski, 5 apr 1870, Kaliga, Z- laboriosus, 44, P &#8211; 40 <\/em><br \/>\n&#8230;&#8230;&#8230;&#8230;&#8230;. <em>Paulus Zi\u00f3lkowski, akt ur jan 1872, pewnie Kaliga, Radoszyce, &#8211; 46, P &#8211; 46<\/em><br \/>\n<em>&#8230;&#8230;. W\u0119gorski Pawe\u0142, ur 1835, akt 23, Radoszyce, Kaliga, (Szczepan i Teresa Kuminek?)<\/em><br \/>\n<em> i J\u00f3zefa Pisarska<\/em><br \/>\n<em>&#8230;&#8230;&#8230;&#8230;&#8230;. W\u0119gorski Franciszek, akt ur 68, 29.3.1859, Pyszna G\u00f3rka, Radoszyce, rolnik.<\/em><br \/>\n&#8230;&#8230;&#8230;&#8230;&#8230;. <em>W\u0119gorski Agnieszka, akt ur 10, 5.1.1861, Pyszna G\u00f3rka, Radoszyce.<\/em><br \/>\n&#8230;&#8230;&#8230;&#8230;&#8230;. <em>W\u0119gorski Antoni, akt ur 196, 8.6.1863, Pyszna G\u00f3rka, Radoszyce<\/em><br \/>\n&#8230;&#8230;&#8230;&#8230;&#8230;. <em>W\u0119gorski Jan, akt ur 194, 17.6.1865, Pyszna G\u00f3rka, Radoszyce. Ch &#8211; Julianna W\u0119gorska i akt \u015bl 80, 11.11.1891 l. 26, Pyszna G\u00f3rka, Radoszyce) i J\u00f3zefa? Leontowicz? (Lewandowicz \u2013 u \u015awietego Stanis\u0142awa) l. 22, Mularz\u00f3w, Radoszyce). <\/em><br \/>\n&#8230;&#8230;&#8230;&#8230;&#8230;&#8230;&#8230;&#8230;\u00a0W\u0119gurski \u00a0Aleksander akt ur 1756, 1895 r., Ochota, \u015aw. Stanis\u0142aw; akt zg 1372, 1898, W-wa, \u015aw. Stanis\u0142aw, Ochota.<br \/>\n&#8230;&#8230;&#8230;&#8230;&#8230;&#8230;&#8230;&#8230; W\u0119g\u00f3rska Helena akt ur 1855, 1897r., Ochota, \u015aw. Stanis\u0142aw; akt zg 1462, 1897, W-wa, \u015aw. Stanis\u0142aw, Ochota.<br \/>\n&#8230;&#8230;&#8230;&#8230;&#8230;&#8230;&#8230;&#8230; W\u0119g\u00f3rski W\u0142adys\u0142aw akt ur 2387, 1898 r., Ochota, \u015aw. Stanis\u0142aw; akt zg 1722, 1899, W-wa, \u015aw. Stanis\u0142aw, Ochota.<br \/>\n&#8230;&#8230;&#8230;&#8230;&#8230;. <em>W\u0119gorski Carolina, 24 Oct 1869, Pyszna G\u00f3rka, Paulus W\u0119gorski, 34 i Josepha Pisarska.<\/em><br \/>\n&#8230;&#8230;. <em>W\u0119gorski Pawe\u0142\u00a0 ur 1835, akt 23, Radoszyce, Kaliga, (Szczepan i Teresa Kuminek?) i Katarzyna Wychowaniec (patrz d\u00f3\u0142 strony)<\/em><br \/>\n&#8230;&#8230;&#8230;&#8230;&#8230;. <em>W\u0119gorski Stefan, 31 Jul 1874, Pyszna G\u00f3rka, Paulus W\u0119gorski, 40 i Katarzyna Wychowaniec, 20.<\/em><br \/>\n&#8230;&#8230;&#8230;&#8230;&#8230;. <em>W\u0119gorski Wincenty, ur 7 Jul 1875, Pyszna G\u00f3rka, (Paulus 40 i Katarzyna Mularczyk &#8211;\u00a0 Wychowaniec, l. 22) i akt \u015bl. 81, 26.11.1898 Jadwiga (Hedvigis) Kacperska, l. 18, (Zychy), J\u00f3zef i Karolina Ruzkiewicz) skan 83<\/em><br \/>\n&#8230;&#8230;&#8230;&#8230;&#8230;&#8230;&#8230;&#8230; W\u0119gorski J\u00f3zef i (akt \u015bl 16 lat 23), 18.2.1924, Pyszna G\u00f3rka, Radoszyce i Rozalia Opara, l. 20 z W\u0119grzyna.<br \/>\n&#8230;&#8230;&#8230;&#8230;&#8230;&#8230;&#8230;&#8230; W\u0119gorski J\u00f3zef + Marianna Wrzecionowska<br \/>\n&#8230;&#8230;&#8230;&#8230;&#8230;&#8230;&#8230;&#8230;&#8230;&#8230;&#8230;&#8230;. W\u0119gorski Jan + Leokadia<br \/>\n&#8230;&#8230;&#8230;&#8230;&#8230;&#8230;&#8230;&#8230;&#8230;&#8230;&#8230;&#8230;&#8230;&#8230;&#8230;..W\u0119gorski Rafa\u0142<br \/>\n&#8230;&#8230;&#8230;&#8230;&#8230;&#8230;&#8230;&#8230;&#8230;&#8230;&#8230;&#8230;. W\u0119gorski Lucjan<br \/>\n&#8230;&#8230;&#8230;&#8230;&#8230;&#8230;&#8230;&#8230;&#8230;&#8230;&#8230;&#8230;..W\u0119gorska Rozalia + Macek<br \/>\n&#8230;&#8230;&#8230;&#8230;&#8230;&#8230;&#8230;&#8230;&#8230;&#8230;&#8230;&#8230;&#8230;&#8230;&#8230;&#8230;Macek Krzysztof<br \/>\n&#8230;&#8230;&#8230;&#8230;&#8230;&#8230;&#8230;&#8230; W\u0119gorska Leokadia (l. 28, Pyszna G\u00f3rka, ur. 1901, nr 213, c. Wincentego i Ewy Kacperskiej (Jadwigi) (patrz nizej rodzina Ru\u015bkiewicz) \u2013 skan 80 i akt \u015bl 18.11.1929, Radoszyce i <u>Wac\u0142aw Bi\u0144ka<\/u> (syn Wac\u0142awa i Jadwigi Zab\u0142otniak, 24 lata, W-wa).<br \/>\n&#8230;&#8230;&#8230;&#8230;&#8230;&#8230;&#8230;&#8230;&#8230;&#8230;&#8230;&#8230;. Bi\u0144ka Czes\u0142aw i Jadwiga Stefa\u0144ska<br \/>\n&#8230;&#8230;&#8230;&#8230;&#8230;&#8230;&#8230;&#8230;&#8230;&#8230;&#8230;&#8230;&#8230;&#8230;&#8230;.. Bi\u0144ka Jerzy<br \/>\n&#8230;&#8230;&#8230;&#8230;&#8230;&#8230;&#8230;&#8230;&#8230;&#8230;&#8230;&#8230;&#8230;&#8230;&#8230;.. Bi\u0144ka Krzysztof<br \/>\n&#8230;&#8230;&#8230;&#8230;&#8230;&#8230;&#8230;&#8230;&#8230;&#8230;&#8230;&#8230;. Bi\u0144ka Henryk<br \/>\n&#8230;&#8230;&#8230;&#8230;&#8230;&#8230;&#8230;&#8230; W\u0119gorska Rozalia<br \/>\n&#8230;&#8230;&#8230;&#8230;&#8230;&#8230;&#8230;&#8230; W\u0119gorska Otylia<br \/>\n&#8230;&#8230;&#8230;&#8230;&#8230;&#8230;&#8230;&#8230; W\u0119gorska Marysia<br \/>\n&#8230;&#8230;&#8230;&#8230;&#8230;&#8230;&#8230;&#8230; W\u0119gorska Antonina<br \/>\n&#8230;&#8230;&#8230;&#8230;&#8230;&#8230;&#8230;&#8230;&#8230;&#8230;&#8230;&#8230;. Zofia i Deszczy\u0144ski<br \/>\n&#8230;&#8230;&#8230;&#8230;&#8230;&#8230;&#8230;&#8230;&#8230;&#8230;&#8230;&#8230;&#8230;&#8230;&#8230;.. c\u00f3rka Warszawa Go\u0142\u0105bki<br \/>\n&#8230;&#8230;&#8230;&#8230;&#8230;&#8230;&#8230;&#8230;&#8230;&#8230;&#8230;&#8230;&#8230;&#8230;&#8230;.. c\u00f3rka USA<br \/>\n&#8230;&#8230;&#8230;&#8230;&#8230;&#8230;&#8230;&#8230;&#8230;&#8230;&#8230;&#8230;&#8230;&#8230;&#8230;.. syn Pyszna G\u00f3rka<br \/>\n&#8230;&#8230;&#8230;&#8230;&#8230;&#8230;&#8230;&#8230;W\u0119gorski Roman &#8211; Kutno<br \/>\n&#8230;&#8230;&#8230;&#8230;&#8230;. <em>W\u0119gorska Karolina, akt \u015bl 5, 31.12.1908 (l. 22, panna, Pyszna G\u00f3rka) i W\u0142adys\u0142aw \u017belazko, l. 18, Smyk\u00f3w, gmina Miedzierza. Nie mog\u0119 znale\u017a\u0107 aktu na Fam search71 to jest 1898 (96-23) Miedzie\u017ca<\/em><br \/>\n&#8230;&#8230;&#8230;&#8230;&#8230;&#8230;&#8230;&#8230; \u017belazko Stefan, akt ur 168. 1909, syn W\u0142adys\u0142awa i Karoliny W\u0119gorskiej (z gene) Akt \u015bl 80, 20.10.1931, Radoszyce. (l. 22, Smyk\u00f3w, gm Miedzie\u017ca) i Stanis\u0142awa Jarzy\u0144ska (Gr\u0119mbosze).<br \/>\n&#8230;&#8230;. <em>W\u0119gorska Antonina (akt ur 114, 1937, Kaliga; akt zg 24, 1838, Kaliga.<\/em><br \/>\n&#8230;&#8230;. <em>W\u0119gorska Franciszka (akt ur 44, 1939, Kaliga; akt zg 101, 1841, 2 lat. Pyszna G\u00f3rka)<\/em><br \/>\n&#8230;&#8230;. <em>W\u0119gorski Augustyn, (ur 1841, akt ur 135, Radoszyce, Pyszna G\u00f3rka) i Helena \u015awi\u0105tkowa<\/em><br \/>\n&#8230;&#8230;&#8230;&#8230;&#8230;. <em>W\u0119gorska Eleonora, akt ur 337, 6.11.1863. Pyszna G\u00f3rka, Radoszyce. <\/em><br \/>\n&#8230;&#8230;&#8230;&#8230;&#8230;. <em>W\u0119gorski W\u0142adys\u0142aw, akt ur 198, 11.6.1866. Pyszna G\u00f3rka, Radoszyce. Ch \u2013 Pawe\u0142 W\u0119gorski<\/em><em>.<\/em><br \/>\n&#8230;&#8230;&#8230;&#8230;&#8230;. <em>W\u0119gorski Emilius,13.03.1868 Pyszna G\u00f3rka, (Augustinus W\u0119gorski 27, plebejus, Helena \u015awi\u0105tkowska, 32)<\/em><br \/>\n<em>&#8230;&#8230;&#8230;&#8230;&#8230;. W\u0119gorska Marianna, 2 Feb 1870, Pyszna G\u00f3rka, (Augustinus W\u0119gorski, 29, plebejus, i Helena K (S)wiatkowska, 34).<\/em><br \/>\n&#8230;&#8230;. <em>W\u0119gorski Augustyn, (ur 1841, akt \u015bl. 21, 22.1.1891, (l. 42, Pyszna G\u00f3rka, Radoszyce, i Anna Gotkiewicz ? &#8211; l. 28, (Kapa\u0142\u00f3w, Radoszyce) (Szczepan i Teresa Konecka) skan 22<\/em><br \/>\n&#8230;&#8230;. <em>W\u0119gorski Augustyn, (ur 1841) l. 50, wdowiec, Pyszna G\u00f3rka, i Marianna Czapla, l. 40, Zychy (Stefan Wegorski i Teresa Kuniecka) akt \u015bl. 76, 26.10.1898,\u00a0 skan 82<\/em><br \/>\n&#8230;&#8230;. <em>W\u0119gorski Augustyn, wdowiec, ur 1841, l. 68,\u00a0 Pyszna G\u00f3rka<\/em>, <em>akt \u015bl 28, 22.8.1904, i Marianna Opala, panna, l. 45, Radoska, skan 107 (syn Szczepana i Teresy Konieckiej)<\/em><br \/>\n<em>&#8230;&#8230;. W\u0119gorski Jan (ur1844, Radoszyce, Pyszna G\u00f3rka) i Ma\u0142gorzata Usnarska<br \/>\n&#8230;&#8230;&#8230;&#8230;&#8230;. W\u0119gorski Marcin, akt ur \u2026, 9.11.1866. Nadwor\u00f3w, Radoszyce.<br \/>\n&#8230;&#8230;&#8230;&#8230;&#8230;. W\u0119gorska Jadwiga (Hedvigis), 14 Sep 1868 Nadwor\u00f3w, Joannes W\u0119gorski, 24, miles adventicius in com \u2026..tum, \u017co\u0142nierz z zewn\u0105trz przybywaj\u0105cy w \u2026.., Margaretha Usnarska, 35.<br \/>\n&#8230;&#8230;&#8230;&#8230;&#8230;. W\u0119gorski J\u00f3zef (Josephus), 3 mar 1870, Nadwor\u00f3w, Joannes Wegorski, Margaritha Usnarska, 30 (plik 229), zdanie po \u0142acinie pewnie o wojsku, nieostre.<br \/>\n&#8230;&#8230;&#8230;&#8230;&#8230;. W\u0119gorski Franciszek (Franciscus), 5 Aug 1873, Pyszna G\u00f3rka, Joannes W\u0119gorski, 29 i Ma\u0142gorzata Usnarska.<\/em><br \/>\n<em>&#8230;&#8230;. W\u0119gorska Antonina akt ur 130,1847, Radoszyce, Pyszna G\u00f3rka<\/em><br \/>\nW\u0119gorski Wincenty, akt zg 6, 13.08.1811, Czermno<br \/>\nW\u0119gorski Pawe\u0142, akt ur 15, 30.06.1811 r. (ojciec l. 50 \u2013 ur ok 1761, matka l. 40), parafia Czermno, akt zg, 2.09.1814, Czermno (ojciec Piotr, rolnik l 52, dom nr 24, lat 3).<br \/>\nW\u0119gorska Brygida (akt zg 15, 1844) i J\u00f3zef Konieczny, akt ma\u0142 1, 24.02.1829, parafia Czermno, parafia Czermno<br \/>\n&#8230;&#8230;. <em>Konieczny Wincenty, akt ur 2, 18.01.1830 r parafia Czermno.<\/em><br \/>\n&#8230;&#8230;. <em>Konieczny Jan, akt ur 4, 17.01.1831 r., akt zg 36, 1899, \u00a0parafia Czermno+ Tekla Maryan, akt \u015bl 4, 3.02.1951, Czermno.<\/em><br \/>\n&#8230;&#8230;. <em>Konieczny Antoni, akt ur 21, 10.05.1833 r., parafia Czermno, akt zg 10, 8.08.1834, parafia Czermno.<\/em><br \/>\n&#8230;&#8230;. <em>Konieczny Wawrzyniec, akt ur 15, 2.08.1835 r., parafia Czermno, akt zg 11, 26.08.1836, parafia Czermno.<\/em><br \/>\n&#8230;&#8230;. <em>Konieczny Stanis\u0142aw, akt ur 13, 23.04.1837 r parafia Czermno, akt zg 5, 1838, parafia Czermno.<\/em><br \/>\n&#8230;&#8230;. <em>Konieczny Wojciech, akt ur 10, 20.03.1839 r parafia Czermno + Marianna Matuszczyk, akt \u015bl 5, 11.02.1861.<\/em><br \/>\n&#8230;&#8230;. <em>Konieczna Marianna, akt ur 3, 27.01.1841 r parafia Czermno.<\/em><br \/>\n&#8230;&#8230;. <em>Konieczny Andrzej, akt ur 33, 16.11.1842 r parafia Czermno.<\/em><\/p>\n<p><u>W\u0119gorski Piotr <\/u>(ur ok 1770?, wdowiec po Juliannie, lat 69, w\u0142o\u015bcianin, akt zg 11, 18,08.1839) i <u>Justyna Wyciszkiewicz<\/u>, akt ma\u0142 9, 9.10.1833, parafia Czermno, akt zg 12, 24.101842, Czermno, l. 60.<\/p>\n<p><strong><u>Akty nie zakotwiczone \u2013 p\u0142ywaj\u0105ce.<\/u><\/strong><\/p>\n<p><u>Jan Konieczny i Salomea W\u0119gorska<\/u><br \/>\nStanis\u0142aw Konieczny i J\u00f3zefa \u0141uczy\u0144ska, akt \u015bl 10, 13.11.1861, Czermno.<br \/>\nKarol Konieczny, akt zg 9, 4.7.1874, Czermno.<br \/>\nJ\u00f3zef Konieczny, akt zg 4, 15.3.1874, Czermno.<\/p>\n<p><u>Franciszek Majewski i Tekla W\u0119gorska<\/u><br \/>\nWojciech Majewski i Katarzyna Mazur, akt \u015bl 7, 30.09.1861, Czermno.<\/p>\n<p><u>Piotr Rzadkowski i Brygida W\u0119gorska<\/u><br \/>\nFranciszek Rzadkowski i Teresa Wyciszkiewicz, akt \u015bl 2, 14.02.1863, Czermno, Szreniawa.<\/p>\n<p><u>Antoni Szopi\u0144ski i Marcjanna W\u0119gorska<\/u><br \/>\nSzczepan Szopi\u0144ski, akt zg 74, 17.10.1866.<\/p>\n<p><u>Kacper Stefa\u0144ski i El\u017cbieta W\u0119gorska<\/u><br \/>\nStefa\u0144ski Jan, akt ur 50, 1826, Fa\u0142k\u00f3w, Olszamowice (ojciec,rolnik).<br \/>\nStefa\u0144ska Tekla, akt ur 72,1828, Fa\u0142k\u00f3w, Olszamowice.<br \/>\nStefa\u0144ska Brygida, akt ur 73, 1828, Fa\u0142k\u00f3w, Olszamowice (ojciec,rolnik).<br \/>\nStefa\u0144ski Pawe\u0142, akt ur 70, 1833, Fa\u0142k\u00f3w, Olszamowice (ojciec, so\u0142tys,gospodarz).<\/p>\n<p><u>Kazimierz Pikulak (zwany Zyga\u0142a) i Wiktoria W\u0119gorska (s.v. Nabia\u0142ek) <\/u><\/p>\n<p>Ak zg 6 1848, Andrzej Zyga\u0142a, Fa\u0142k\u00f3w, Budy. Lat 80, \u017cona Marianna Waszczyk, dom 4.<br \/>\nAkt \u015bl 6, 1811 Jan Pikulak (Zyga\u0142a) i Brygida Szyndziak.<\/p>\n<p>&#8230;&#8230;&#8230;&#8230;&#8230;&#8230;&#8230;&#8230;&#8230;&#8230;&#8230;&#8230;&#8230;&#8230;&#8230;&#8230;&#8230;&#8230;&#8230;&#8230;&#8230;&#8230;&#8230;&#8230;&#8230;&#8230;&#8230;&#8230;&#8230;&#8230;&#8230;&#8230;&#8230;&#8230;&#8230;&#8230;&#8230;&#8230;&#8230;&#8230;&#8230;&#8230;&#8230;&#8230;&#8230;.<br \/>\n<strong>Rodzina Wychowaniec<\/strong><\/p>\n<p>Strony ojczyste rodziny Wychowaniec do kt\u00f3rej nale\u017ca\u0142a Katarzyna, \u017cona Paw\u0142a W\u0119gorskiego to parafia \u0141opupszno mi\u0119dzy Radoszycami a Ma\u0142ogoszcz\u0105. Tam we wsi Dobrzesz\u00f3w mieszka\u0142 r\u00f3d Wychowa\u0144c\u00f3w.<br \/>\nBrygida w aktach wyst\u0119puje pod pi\u0119cioma nazwiskami (i te\u017c jednym innym imieniem)<br \/>\nBrygida zapewne pochodzi z okolic Radoszyc &#8211; Momoncicha bo tam licznie pojawia si\u0119 nazwisko Malig\u0142\u00f3wka, ale akta Radoszyc w genetyce s\u0105 od 1800 roku &#8211; st\u0105d pewnie brak aktu ur Brygidy. Nazwisko Resiak notowane jest w okolicach \u0141opuszna- akta s\u0105, ale nie notuj\u0105 urodzin Brygidy. Nazwisko Broszczyk te\u017c notowane jest w parafii w \u0141opusznie, ale urodzin Brygid brak.<\/p>\n<p><strong>Wychowaniec Kazimierz<\/strong> akt zg 36, 1829 \u0141opuszno, Dobrzesz\u00f3w i <strong>Brygida Resiak<\/strong> ur ok 1790, akt \u015bl 6, 1812, \u0141opuszno, \u0141opuszno. Akt zg 43, 1850, \u0141opuszno, Dobrzesz\u00f3w l. 60 (Rowi\u0144ska).<br \/>\nWychowaniec Walenty akt ur 8, 1813, \u0141opuszno, Dobrzesz\u00f3w. Akt zg 81, 1882 \u0141opuszno, Dobrzesz\u00f3w. I akt \u015bl Anna Maciaszczyk (Bernat) c. Miko\u0142aja i Marianny Wolak, \u0141opuszno, Dobrzesz\u00f3w (matka Brygida Malig\u0142\u00f3wka). I akt \u015bl 25, 1834, \u0141opuszno Rozalia Skowronek, c. Wojciecha i Marianny Myszkowskiej (m. Brygida Malig\u0142\u00f3wka)<br \/>\nWychowaniec Ignacy akt ur 54, 1816, \u0141opuszno, Dobrzesz\u00f3w. Akt zg 31, 1883, \u0141opuszno, Grabownica. I akt \u015bl Magdalena Walas. I akt \u015bl 8, 1837 Tekla \u0141asi\u0144ska, c. Jana i Anny St\u0119plowskiej. \u0141opuszno.<br \/>\nWychowaniec Julianna akt ur 59, 1819, \u0141opuszno, Dobrzesz\u00f3w. Akt zg 59, 1819,\u0141opuszno, Dobrzesz\u00f3w (Brygida Broszczyk).<br \/>\nWychowaniec Micha\u0142 akt ur 114, 1820, \u0141opuszno, Dobrzesz\u00f3w (Helena Resiak), akt zg 31, 1856,Radoszyce, Niwy Radoskie i Marianna Piec (c. Bart\u0142omieja i Agnieszki)akt \u015bl 24, 1840, Radoszyce, Niwy Radoskie.<br \/>\n&#8230;&#8230;Wychowaniec Dorota akt ur 29, 1846 Radoszyce, Niwy Radoskie.<br \/>\n&#8230;&#8230;Wychowaniec Franciszek akt ur 167, 1843 Radoszyce, Niwy Radoskie i Katarzyna B\u0142aszczyk (c. Micha\u0142a i Barbary St\u0119pie\u0144)<br \/>\nWychowaniec Micha\u0142 akt ur 114, 1820, \u0141opuszno, Dobrzesz\u00f3w (Helena Resiak)akt zg 31, 1856,Radoszyce, Niwy Radoskie i Julianna Mularczyk (c. Tomasza i Julianny, patrz d\u00f3\u0142 strony) akt \u015bl 2174, 1847, Radoszyce, Sz\u00f3staki.<br \/>\n&#8230;&#8230;Wychowaniec Katarzyna akt ur 255, 1853, Radoszyce, Niwy Radoskie i W\u0119gorski Pawe\u0142<br \/>\n&#8230;&#8230;&#8230;&#8230;&#8230;.W\u0119gorski Wincenty i akt \u015bl 81, 1898, Radoszyce, Jadwiga Kacperska<br \/>\n&#8230;&#8230;&#8230;&#8230;&#8230;&#8230;&#8230;..W\u0119gorska Leokadia i akt \u015bl 18, 1829, Radoszyce, Wac\u0142aw Bi\u0144ka<br \/>\n&#8230;&#8230;&#8230;&#8230;&#8230;&#8230;&#8230;&#8230;&#8230;&#8230;&#8230;.Bi\u0144ka Czes\u0142aw i Jadwiga Stefa\u0144ska<br \/>\n&#8230;&#8230;&#8230;&#8230;&#8230;&#8230;&#8230;&#8230;&#8230;&#8230;&#8230;&#8230;&#8230;&#8230;&#8230;..Bi\u0144ka Krzysztof<br \/>\n&#8230;&#8230;&#8230;&#8230;&#8230;&#8230;&#8230;&#8230;&#8230;&#8230;&#8230;&#8230;&#8230;&#8230;&#8230;..Bi\u0144ka Jerzy<br \/>\n&#8230;&#8230;Wychowaniec Kazimierz akt ur 6, 1848 Radoszyce, Niwy Radoskie.<br \/>\nWychowaniec J\u00f3zef akt ur 28, 1825,\u0141opuszno, Dobrzesz\u00f3w.<br \/>\nWychowaniec Franciszka akt ur 23, 1828,\u0141opuszno, Dobrzesz\u00f3w. (Brygida Broszczyk). Akt zg 69, 1831, \u0141opuszno, Dobrzesz\u00f3w.<br \/>\n<strong>Brygida Resiak<\/strong> ur ok 1790, akt \u015bl 6, 1812, \u0141opuszno, \u0141opuszno. Akt zg 43, 1850, \u0141opuszno, Dobrzesz\u00f3w l. 60 (Rowi\u0144ska) I akt \u015bl 27, 1830 <strong>Grzegorz Rowi\u0144ski<\/strong> (wdowiec, wdowa &#8211; Brygida Wychowaniec, inne nazwisko Malig\u0142\u00f3wka) \u0141opuszno.<br \/>\nRowie\u0144ska Marianna akt ur 11, 1831, \u0141opuszno, Dobrzesz\u00f3w (matka Brygida Kowalczyk!)<br \/>\nRowie\u0144ska Magdalena akt ur 114, 1833, \u0141opuszno, Dobrzesz\u00f3w (matka Malig\u0142\u00f3wka) akt zg 25, 1836, \u0141opuszno (matka Malig\u0142\u00f3wka) 3 l.<br \/>\nRowi\u0144ski Micha\u0142 akt ur 127, 1836, \u0141opuszno.<br \/>\n&#8230;&#8230;&#8230;&#8230;&#8230;&#8230;&#8230;&#8230;&#8230;&#8230;&#8230;&#8230;&#8230;&#8230;&#8230;&#8230;&#8230;&#8230;&#8230;&#8230;&#8230;&#8230;&#8230;&#8230;&#8230;&#8230;&#8230;&#8230;&#8230;&#8230;&#8230;&#8230;&#8230;<br \/>\n<strong>Rodzina Mularczyk<\/strong><br \/>\nRodzina Mularczyk funkcjonuje w Sz\u00f3stakach na po\u0142udnie od Radoszyc. Julianna Mularczyk by\u0142a \u017con\u0105 Micha\u0142a Wychowa\u0144ca. By\u0107 mo\u017ce starszymi korzeniami rodzina Mularczyk zwi\u0105zana jest z Mularzowem odleg\u0142ym od Sz\u00f3stak\u00f3w ok. 2 km. Funkcjonuj\u0105 tam niekt\u00f3rzy cz\u0142onkowie rodu.<br \/>\n<strong><br \/>\nMularczyk J\u00f3zef<\/strong> i <strong>Ma\u0142gorzata<\/strong><br \/>\nMularczyk Tomasz ur ok 1763, akt zg 14, 1853, Radoszyce, Sz\u00f3staki, l. 90 i Julianna Maci\u0105\u017cek (patrz ni\u017cej) ur ok 1788, (c. Wawrzy\u0144ca i Marianny Cisek) akt zg 163, 1828, Radoszyce, Sz\u00f3staki, l. 40.<br \/>\n&#8230;&#8230;Mularczyk Jan akt zg 54, 1831, Radoszyce, Sz\u00f3staki. akt \u015bl 18, 1828, Radoszyce, Sz\u00f3staki i Ma\u0142gorzata Sobo\u0144 (c. Jana i Zuzanny)<br \/>\n&#8230;&#8230;&#8230;..Mularczyk Pawe\u0142 akt ur 10, 1829, Radoszyce, Sz\u00f3staki.<br \/>\n&#8230;&#8230;&#8230;..Mularczyk J\u00f3zefa akt ur 42, 1831, Radoszyce, Sz\u00f3staki.<br \/>\n&#8230;&#8230;Mularczyk Franciszek akt zg 69, 1846 Radoszyce, Sz\u00f3staki, akt \u015bl 17, 1836, Radoszyce, Wilczkowice i Franciszka Piotrowska (c. Karola i Marianny)<br \/>\n&#8230;&#8230;Mularczyk Antoni akt \u015bl 41, 1839, Radoszyce, Radoska i Marianna Ple\u0144 (c. J\u00f3zefa i Marianny)<br \/>\n&#8230;&#8230;Mularczyk Julianna akt ur 34, 1822, Radoszyce, Sz\u00f3staki. I akt \u015bl 2174, 1847, Radoszyce, Sz\u00f3staki, Wychowaniec Micha\u0142.<br \/>\n&#8230;&#8230;&#8230;.. Wychowaniec Katarzyna akt ur 255, 1853, Radoszyce, Niwy Radoskie i W\u0119gorski Pawe\u0142<br \/>\n&#8230;&#8230;&#8230;&#8230;&#8230;&#8230;..W\u0119gorski Wincenty i akt \u015bl 81, 1898, Radoszyce, i Jadwiga Kacperska<br \/>\n&#8230;&#8230;&#8230;&#8230;&#8230;&#8230;&#8230;&#8230;&#8230;.W\u0119gorska Leokadia i akt \u015bl 18, 1929, Radoszyce, Wac\u0142aw Bi\u0144ka<br \/>\n&#8230;&#8230;&#8230;&#8230;&#8230;&#8230;&#8230;&#8230;&#8230;&#8230;&#8230;&#8230;&#8230;.Bi\u0144ka Czes\u0142aw i Jadwiga Stefa\u0144ska<br \/>\n&#8230;&#8230;&#8230;&#8230;&#8230;&#8230;&#8230;&#8230;&#8230;&#8230;&#8230;&#8230;&#8230;&#8230;&#8230;&#8230;&#8230;..Bi\u0144ka Krzysztof<br \/>\n&#8230;&#8230;&#8230;&#8230;&#8230;&#8230;&#8230;&#8230;&#8230;&#8230;&#8230;&#8230;&#8230;&#8230;&#8230;&#8230;&#8230;..Bi\u0144ka Jerzy<br \/>\n&#8230;&#8230;Mularczyk Mateusz akt ur 162, 1824, Radoszyce, Sz\u00f3staki.<br \/>\n&#8230;&#8230;Mularczyk \u0141ucja akt ur 213, 1828, Radoszyce, Sz\u00f3staki.<br \/>\nMularczyk Tomasz ur ok 1763, akt zg 14, 1853, Radoszyce, Sz\u00f3staki, l. 90 (wdowiec po Juliannie)i akt \u015bl 4, 1829, Radoszyce, Sz\u00f3staki Franciszka Capur (c. Ignacego i Kunegundy)<br \/>\nMularczyk Tomasz ur ok 1763, (akt zg 14, 1853, Radoszyce, Sz\u00f3staki, 90 l., \u017cona Agnieszka Heda) i akt \u015bl 38, 1832, Radoszyce, Sz\u00f3staki i Agnieszka Strzelczyk (wdowa)<br \/>\nMularczyk Micha\u0142 ur ok 1782, akt zg 125, 1827, Radoszyce, Mularz\u00f3w, l. 45 i Zuzanna Plec<br \/>\n&#8230;&#8230;&#8230;&#8230;&#8230;&#8230;&#8230;&#8230;&#8230;&#8230;&#8230;&#8230;&#8230;&#8230;&#8230;&#8230;&#8230;&#8230;&#8230;&#8230;&#8230;&#8230;&#8230;&#8230;&#8230;&#8230;&#8230;&#8230;&#8230;&#8230;&#8230;.<br \/>\n<strong>Rodzina Maci\u0105\u017cek<\/strong><br \/>\nRodzina Maci\u0105\u017cek podobnie jak rodzina Mularczyk zwi\u0105zana jest z Sz\u00f3stakami.<br \/>\n<strong>Maci\u0105\u017cek Wawrzyniec<\/strong> z Sz\u00f3stak\u00f3w i akt \u015bl x 1777, \u0141opuszno, Gruszka <strong>Marianna Cis<\/strong>, <strong>Ciszek<\/strong><br \/>\nMaci\u0105\u017cek Julianna ur ok 1788, akt zg 163, 1828, Radoszyce, Sz\u00f3staki i Mularczyk Tomasz.<br \/>\n&#8230;&#8230;Mularczyk Julianna i Wychowaniec Micha\u0142<br \/>\n&#8230;&#8230;&#8230;.. Wychowaniec Katarzyna akt ur 255, 1853, Radoszyce, Niwy Radoskie i W\u0119gorski Pawe\u0142<br \/>\n&#8230;&#8230;&#8230;&#8230;&#8230;&#8230;..W\u0119gorski Wincenty i akt \u015bl 81, 1898, Radoszyce, i Jadwiga Kacperska<br \/>\n&#8230;&#8230;&#8230;&#8230;&#8230;&#8230;&#8230;&#8230;&#8230;.W\u0119gorska Leokadia i akt \u015bl 18, 1929, Radoszyce, Wac\u0142aw Bi\u0144ka<br \/>\n&#8230;&#8230;&#8230;&#8230;&#8230;&#8230;&#8230;&#8230;&#8230;&#8230;&#8230;&#8230;&#8230;.Bi\u0144ka Czes\u0142aw i Jadwiga Stefa\u0144ska<br \/>\n&#8230;&#8230;&#8230;&#8230;&#8230;&#8230;&#8230;&#8230;&#8230;&#8230;&#8230;&#8230;&#8230;&#8230;&#8230;&#8230;&#8230;&#8230;Bi\u0144ka Krzysztof<br \/>\n&#8230;&#8230;&#8230;&#8230;&#8230;&#8230;&#8230;&#8230;&#8230;&#8230;&#8230;&#8230;&#8230;&#8230;&#8230;&#8230;&#8230;&#8230;Bi\u0144ka Jerzy<br \/>\nMaci\u0105\u017c\u0119k Andrzej ur ok 1788, akt zg 136, 1828, Radoszyce, Sz\u00f3staki, l. 40 i Katarzyna Janus<br \/>\nMaci\u0105\u017cek Franciszka ur ok 1794, akt zg 92, 1849, Radoszyce, Sz\u00f3staki l. 55, i Sebastian Marcak.<br \/>\nMaci\u0105\u017cek Filip i akt \u015bl Krystyna Maciejowska (c. Macieja i Agnieszki) akt zg 36, 1844, Radoszyce, Sz\u00f3staki<br \/>\n&#8230;&#8230;.Maci\u0105\u017cek Stanis\u0142aw akt ur 92, 1824 Radoszyce, Sz\u00f3staki i akt \u015bl. 54, 1843 Radoszyce, Sz\u00f3staki Katarzyna Janus (c. Tomasza i Katarzyny)<br \/>\n&#8230;&#8230;.Maci\u0105\u017cek Marianna akt ur 152, 1826 Radoszyce, Sz\u00f3staki<br \/>\n&#8230;&#8230;.Maci\u0105\u017cek Wojciech akt ur 64, 1829 Radoszyce, Sz\u00f3staki<br \/>\n&#8230;&#8230;.Maci\u0105\u017cek Antoni akt ur 99, 1831 Radoszyce, Sz\u00f3staki i akt \u015bl 39, 1860 Radoszyce, Sz\u00f3staki Julianna M\u0142odzianowska W\u00f3jcik (c. Dominika i Marianny Sotkiewicz)<br \/>\n&#8230;&#8230;.Maci\u0105\u017cek Wiktoria akt ur 237, 1834 Radoszyce, Sz\u00f3staki, akt zg 19, 1838, Radoszyce, Sz\u00f3staki<br \/>\n&#8230;&#8230;.Maci\u0105\u017cek Krzysztof akt ur 102, 1837 Radoszyce, Sz\u00f3staki<br \/>\n&#8230;&#8230;.Maci\u0105\u017cek Agnieszka akt ur 4, 1840 Radoszyce, Sz\u00f3staki, akt zg 233, 1848, Radoszyce, Sz\u00f3staki<br \/>\n&#8230;&#8230;.Maci\u0105\u017cek Ma\u0142gorzata akt ur 128, 1842 Radoszyce, Sz\u00f3staki<br \/>\nMaci\u0105\u017cek Filip i akt \u015bl 84, 1844 Radoszyce, Sz\u00f3staki, Honorata Mierowska (c. NN i Marianny Mierowskiej)<br \/>\n&#8230;&#8230;.Maci\u0105\u017cek Jadwiga akt ur 198, 1845 Radoszyce, Sz\u00f3staki akt zg 87, 1846 Radoszyce, Sz\u00f3staki<br \/>\n&#8230;&#8230;.Maci\u0105\u017cek Piotr akt ur 139, 1847, Radoszyce, Sz\u00f3staki<br \/>\n&#8230;&#8230;.Maci\u0105\u017cek J\u00f3zef akt ur 46, 1850 Radoszyce, Sz\u00f3staki<br \/>\n&#8230;&#8230;&#8230;&#8230;&#8230;&#8230;&#8230;&#8230;&#8230;&#8230;&#8230;&#8230;&#8230;&#8230;&#8230;&#8230;&#8230;&#8230;&#8230;&#8230;&#8230;&#8230;&#8230;&#8230;&#8230;&#8230;&#8230;&#8230;&#8230;&#8230;&#8230;&#8230;&#8230;&#8230;&#8230;&#8230;&#8230;&#8230;&#8230;&#8230;&#8230;&#8230;&#8230;&#8230;&#8230;&#8230;&#8230;<br \/>\n<strong>Rodzina Konieczny<\/strong><br \/>\nRodzina Konieczny zwi\u0105zana jest z Czermnem. By\u0107 mo\u017ce, \u017ce swoimi korzeniami zwi\u0105zana jest z odleg\u0142\u0105 o 36 km na po\u0142udnie miejscowo\u015bci\u0105 Konieczno.<\/p>\n<p><strong>Konieczny B\u0142a\u017cej<\/strong> i <strong>Zuzanna B\u0105k<\/strong><br \/>\nKonieczny Gabriel ur ok 1785, akt zg 1, 1851, Czermno, l. 66, rolnik z Czermna, przy synu zam., pozostawi\u0142 Salome\u0119 z Wyciszkiewicz\u00f3w, i 3 dzieci \u2013 Wojciecha, Mariann\u0119 i Ann\u0119. \u015aw Wojciech Konieczny \u2013 syn, l. 36, rolnik z Czermna i Walenty Nizia, g\u00f3rnik z W\u0105socza, l. 30, zi\u0119\u0107 zmar\u0142ego. I akt \u015bl 1, 1812, Czermno Salomea Wyciszkiewicz (c. Tomasza i Zuzanny Pytel) G. \u2013 syn B\u0142a\u017ceja i Zuzanny B\u0105k.<br \/>\n&#8230;&#8230;Konieczna Marianna akt ur 1, 1815, Czermno<br \/>\n&#8230;&#8230;Konieczna J\u00f3zefa akt ur 5, 1817, Czermno, akt zg 1, 1826, Czermno,<br \/>\n&#8230;&#8230;Konieczna Anna akt ur 12, 1819, Czermno, akt zg 12, 1878, Czermno, W\u0105socz i akt \u015bl 2, 1839, Czermno, Nyzia Walenty<br \/>\n&#8230;&#8230;Konieczny Wojciech akt ur 8, 1822, Czermno, akt zg 28, 1909, Czermno, i akt \u015bl 1, 1844, Czermno, Ludwika Doma\u0144ska (Mateusz i Salomea W\u0119gorska).<br \/>\n&#8230;&#8230;Konieczny Tomasz akt ur 17, 1824, Czermno, akt zg 9, 1825, Czermno,<br \/>\n&#8230;&#8230;Konieczny Ludwik akt ur 12, 1826, Czermno, akt zg 4, 1833, Czermno,<br \/>\n&#8230;&#8230;Konieczny Andrzej akt ur 19, 1829, Czermno<br \/>\n&#8230;&#8230;Konieczna Marianna akt ur 19, 1831, Czermno (Magdalena), akt zg 6, 1833, Czermno, akt zg 7, 1874, Czermno, i akt \u015bl 20, 1832, Czermno, Majewski Kazimierz (Franciszek i Tekla Wr\u00f3bel), i akt \u015bl 1, 1845, Czermno, Wincenty Pawlik (s. Tomasza i Katarzyny D\u0105browskiej) wdowiec.<br \/>\nKonieczny Jan ur ok 1771-73 akt zg 7, 1823, Czermno, l. 50 (\u015bw brat Gabriel i Tomasz Bakalarczyk, ojciec \u017conin, pod nr 37) i Salomea Bakalarczyk (patrz ni\u017cej) ur ok 1781,l. 32, akt zg 1, 1813, Czermno (\u015bw. Jan Konieczny l. 42, w domu p. nr 8)<br \/>\n&#8230;&#8230;Konieczna Teresa (ur brak), \u015bl 1827 i W\u0119gorski Szczepan<br \/>\n&#8230;&#8230;&#8230;&#8230;W\u0119gorski Pawe\u0142 i Katarzyna Wychowaniec<br \/>\n&#8230;&#8230;&#8230;&#8230;&#8230;&#8230;&#8230;&#8230;W\u0119gorski Wincenty i akt \u015bl 81, 1898, Radoszyce, i Jadwiga Kacperska<br \/>\n&#8230;&#8230;&#8230;&#8230;&#8230;&#8230;&#8230;&#8230;&#8230;&#8230;&#8230;.W\u0119gorska Leokadia i akt \u015bl 18, 1929, Radoszyce, Wac\u0142aw Bi\u0144ka<br \/>\n&#8230;&#8230;&#8230;&#8230;&#8230;&#8230;&#8230;&#8230;&#8230;&#8230;&#8230;&#8230;&#8230;.Bi\u0144ka Czes\u0142aw i Jadwiga Stefa\u0144ska<br \/>\n&#8230;&#8230;&#8230;&#8230;&#8230;&#8230;&#8230;&#8230;&#8230;&#8230;&#8230;&#8230;&#8230;&#8230;&#8230;&#8230;&#8230;&#8230;Bi\u0144ka Krzysztof<br \/>\n&#8230;&#8230;&#8230;&#8230;&#8230;&#8230;&#8230;&#8230;&#8230;&#8230;&#8230;&#8230;&#8230;&#8230;&#8230;&#8230;&#8230;&#8230;Bi\u0144ka Jerzy<br \/>\n&#8230;&#8230;&#8230;&#8230;&#8230;&#8230;&#8230;&#8230;&#8230;&#8230;&#8230;&#8230;&#8230;&#8230;&#8230;&#8230;&#8230;&#8230;&#8230;&#8230;&#8230;&#8230;&#8230;&#8230;&#8230;&#8230;&#8230;&#8230;&#8230;&#8230;&#8230;&#8230;&#8230;&#8230;&#8230;<br \/>\n<strong>Rodzina Bakalarczyk.<\/strong><br \/>\nRodzina Bakalarczyk, z kt\u00f3rej wywodzi si\u0119 Salomea \u2013 \u017cona Jana Koniecznego \u2013 zwi\u0105zana jest z Czermnem.<br \/>\n<strong>Bakalarczyk Tomasz<\/strong> akt zg 5, 1825, Czermno \u2013 l. 50, \u015bw &#8211; \u017cona Justyna i s\u0105siad, rolnik Gabriel Konieczny. Pod numerem 28. i <strong>Justyna <\/strong><br \/>\nBakalarczyk Salomea i Jan Konieczny<br \/>\n&#8230;&#8230;.Konieczna Teresa (ur brak) \u015bl 1827 i W\u0119gorski Szczepan<br \/>\n&#8230;&#8230;&#8230;&#8230;.W\u0119gorski Pawe\u0142 i Katarzyna Wychowaniec<br \/>\n&#8230;&#8230;&#8230;&#8230;&#8230;&#8230;&#8230;&#8230;.W\u0119gorski Wincenty i akt \u015bl 81, 1898, Radoszyce, i Jadwiga Kacperska<br \/>\n&#8230;&#8230;&#8230;&#8230;&#8230;&#8230;&#8230;&#8230;&#8230;&#8230;&#8230;..W\u0119gorska Leokadia i akt \u015bl 18, 1929, Radoszyce, Wac\u0142aw Bi\u0144ka<br \/>\n&#8230;&#8230;&#8230;&#8230;&#8230;&#8230;&#8230;&#8230;&#8230;&#8230;&#8230;&#8230;&#8230;..Bi\u0144ka Czes\u0142aw i Jadwiga Stefa\u0144ska<br \/>\n&#8230;&#8230;&#8230;&#8230;&#8230;&#8230;&#8230;&#8230;&#8230;&#8230;&#8230;&#8230;&#8230;&#8230;&#8230;&#8230;&#8230;&#8230;.Bi\u0144ka Krzysztof<br \/>\n&#8230;&#8230;&#8230;&#8230;&#8230;&#8230;&#8230;&#8230;&#8230;&#8230;&#8230;&#8230;&#8230;&#8230;&#8230;&#8230;&#8230;&#8230;.Bi\u0144ka Jerzy<br \/>\nBakalarczyk Marianna akt zg 3, 1823, Czermno, l. 11 w domu rodzic\u00f3w p.n. 31, \u015bw Tomasz Bakalarczyk, ojciec i Jan Konieczny szwagier zmar\u0142ej.<br \/>\nBakalarczyk Agnieszka akt \u015bl 4 1825 Czermno. l. 24 przy matce zostaj\u0105ca \u2013 z Tomasza nie \u017cyj\u0105cego i Justyny. I Jan Warzyst (Sztander) l. 21, ojciec Andrzej i Marianna Zbrozkowska nie \u017cyj\u0105ca<br \/>\n&#8230;&#8230;&#8230;&#8230;&#8230;&#8230;&#8230;&#8230;&#8230;&#8230;&#8230;&#8230;&#8230;&#8230;&#8230;&#8230;&#8230;&#8230;&#8230;&#8230;&#8230;&#8230;&#8230;&#8230;&#8230;&#8230;&#8230;&#8230;&#8230;&#8230;..<br \/>\n<strong>Rodzina Ru\u015bkiewicz<\/strong> reprezentowana jest obficie w Zychach w parafii radoszyckiej.<\/p>\n<p>RUSKIEWICZ JAN ur ok 1786, akt zg 126, 1838, Radoszyce, Zychy i KO\u0141ODZIEJCZYK ANNA<br \/>\nRu\u015bkiewicz Piotr i akt \u015bl 27, 1850, Radoszyce, Radoska i Juszczyk Marianna (Wojciech i Zofia)<br \/>\nRu\u015bkiewicz Marianna i akt \u015bl 8, 1848, Radoszyce, Zychy, Wawrzyniec B\u0105ba,<br \/>\nRu\u015bkiewicz Katarzyna akt zg 5, 1845, Radoszyce, Zychy, l. 23, panna.<br \/>\nRu\u015bkiewicz Jan akt ur 125, 1825 Radoszyce, Zychy.<br \/>\nRu\u015bkiewicz Micha\u0142 akt zg 58, 1859, Radoszyce, Zychy l. 48, i Jadwiga Wawrzos (-ak) (patrz ni\u017cej) (c. Floriana i Barbary Aleksander) akt \u015bl 32, 1841, Radoszyce, Wisy.<br \/>\n.. ..Ru\u015bkiewicz J\u00f3zef, Kazimierz akt ur 58, 1844, Radoszyce, Zychy, akt zg 9, 1845, Radoszyce, Zychy, 1 r..<br \/>\n.. ..Ru\u015bkiewicz Katarzyna akt ur 282, 1846, Radoszyce, Zychy.<br \/>\n.. ..Ru\u015bkiewicz Marianna akt ur 290, 1849, Radoszyce, Zychy.<br \/>\n.. ..Ru\u015bkiewicz Wiktoria akt ur 262, 1851, Radoszyce, Zychy.<br \/>\n.. ..Ru\u015bkiewicz Karolina akt ur 268, 1859 Radoszyce, Zychy i Kacperski J\u00f3zef<br \/>\n&#8230;&#8230;&#8230;&#8230;Kacperska Jadwiga i W\u0119gorski Wincenty \u015bl 1898, Radoszyce<br \/>\n&#8230;&#8230;&#8230;&#8230;&#8230;&#8230;&#8230;W\u0119gorska Leokadia i \u015bl1929, Radoszyce, Wac\u0142aw Bi\u0144ka<br \/>\n&#8230;&#8230;&#8230;&#8230;&#8230;&#8230;&#8230;&#8230;&#8230;&#8230;&#8230;&#8230;&#8230;..Bi\u0144ka Czes\u0142aw i Jadwiga Stefa\u0144ska<br \/>\n&#8230;&#8230;&#8230;&#8230;&#8230;&#8230;&#8230;&#8230;&#8230;&#8230;&#8230;&#8230;&#8230;&#8230;&#8230;&#8230;&#8230;&#8230;.Bi\u0144ka Krzysztof<br \/>\n&#8230;&#8230;&#8230;&#8230;&#8230;&#8230;&#8230;&#8230;&#8230;&#8230;&#8230;&#8230;&#8230;&#8230;&#8230;&#8230;&#8230;&#8230;.Bi\u0144ka Jerzy<br \/>\nRU\u015aKIEWICZ JAN ur ok 1786, akt zg 126, 1838, Radoszyce, Zychy i MA\u0141GORZATA ZEMKE akt \u015bl 13, 1835 Radoszyce, Zychy, wdowiec<br \/>\nRu\u015bkiewicz Mateusz akt ur 167, 1836, Radoszyce, Zychy, akt zg 81, 1837, Radoszyce, Zychy, 5 m,<br \/>\nRu\u015bkiewicz Antonina 72, 1838, Radoszyce, Zychy, akt zg 143, 1838, Radoszyce, Zychy, 1 r.<br \/>\n&#8230;&#8230;&#8230;&#8230;&#8230;&#8230;&#8230;&#8230;&#8230;&#8230;&#8230;&#8230;&#8230;&#8230;&#8230;&#8230;&#8230;&#8230;&#8230;&#8230;&#8230;&#8230;&#8230;&#8230;&#8230;&#8230;&#8230;&#8230;&#8230;&#8230;&#8230;&#8230;.<br \/>\n<strong>WAWRZOS WOJCIECH<\/strong> i <strong>ZOFIA<\/strong><br \/>\n<strong>Wawrzak Florian<\/strong> ur ok 1775, akt zg 19, 1848, Radoszyce, Wisy, (s. Wojciecha i Zofii), l. 73 i <strong>Barbara Aleksander<\/strong> ur ok 1783, akt zg122, 1843, Radoszyce, Wisy, (c. Andrzeja i Agnieszki, l. 60)<br \/>\nWawrzos Teresa i akt \u015bl 8, 1826, Radoszyce, Wisy, Kotras Antoni (s. Mateusza i Fr. Zi\u0119ba)<br \/>\nWawrzos Rozalia i akt \u015bl 48, 1830, Radoszyce, Jankowski Jan (s. Walentego i Fr. Szczekockiej)<br \/>\nWawrzos Walenty i akt \u015bl 43, 1836, \u015awiercz Konstancja (c. Marcina i Katarzyny), Radoszyce, Grodzisko.<br \/>\nWawrzos Katarzyna, (-ak) akt ur 203, 1821, Radoszyce, Wisy, akt zg 136, 1823, Radoszyce, Wisy, (ojcie Florian).<br \/>\nWawrzak Jadwiga akt ur 167, 1824, Radoszyce, Wisy i akt \u015bl 32, 1841, Radoszyce, Wisy Ru\u015bkiewicz Micha\u0142<br \/>\n.. ..Ru\u015bkiewicz Karolina akt ur 268, 1859 Radoszyce, Zychy i Kacperski J\u00f3zef<br \/>\n&#8230;&#8230;&#8230;&#8230;Kacperska Jadwiga i W\u0119gorski Wincenty \u015bl 1898, Radoszyce<br \/>\n&#8230;&#8230;&#8230;&#8230;&#8230;&#8230;&#8230;W\u0119gorska Leokadia i \u015bl1929, Radoszyce, Wac\u0142aw Bi\u0144ka<br \/>\n&#8230;&#8230;&#8230;&#8230;&#8230;&#8230;&#8230;&#8230;&#8230;&#8230;&#8230;&#8230;&#8230;..Bi\u0144ka Czes\u0142aw i Jadwiga Stefa\u0144ska<br \/>\n&#8230;&#8230;&#8230;&#8230;&#8230;&#8230;&#8230;&#8230;&#8230;&#8230;&#8230;&#8230;&#8230;&#8230;&#8230;&#8230;&#8230;&#8230;.Bi\u0144ka Krzysztof<br \/>\n&#8230;&#8230;&#8230;&#8230;&#8230;&#8230;&#8230;&#8230;&#8230;&#8230;&#8230;&#8230;&#8230;&#8230;&#8230;&#8230;&#8230;&#8230;.Bi\u0144ka Jerzy<br \/>\nWawrzak Jadwiga akt ur 167, 1824, Radoszyce, Wisy i akt \u015bl 57, 1860, Radoszyce, Wiosna, Kazimierz Kowalczyk (s. Jana i Agnieszki Borowskiej).<br \/>\n<strong>Wawrzak Florian<\/strong> ur ok 1775, akt zg 19, 1848, Radoszyce, Wisy, (s. Wojciecha i Zofii), l. 73 i akt \u015bl 29, 1844, Radoszyce, Wisy, <strong>Salomea Musia\u0142, Bajka<\/strong>.<br \/>\nWawrzak Jakub akt ur 143, 1845, Radoszyce, Wisy.<br \/>\nW Olszamowicach s\u0105siedniej par. Fa\u0142k\u00f3w notowane s\u0105 urodziny Wojciecha Wawrzyk (akt ur 10, 1742), syna Krzysztofa i Ewy. Wisy od Olszamowic odleg\u0142e o 13 km. Jest prawdopodobne \u017ce jest to Zofiowy Wojciech, gdy\u017c po\u015brednikiem mi\u0119dzy nimi jest Lipa gdzie notowani liczni Wawrzosowie. Lipa odleg\u0142a jest of Wis 5 km. Nazwisko Wawrzyk jest notowane w parafii Fa\u0142k\u00f3w ju\u017c od lat20 XVII wieku.<br \/>\nPozosta\u0142e dzieci Krzysztofa i Ewy w parafii Fa\u0142k\u00f3w.<br \/>\n<strong>Wawrzyk Krzysztof<\/strong> i <strong>Ewa<\/strong><br \/>\nWawrzyk Wojciech akt ur 10, 1742, Fa\u0142k\u00f3w, Olszamowice<br \/>\nWawrzyk Tomasz akt ur 20, 1744, Fa\u0142k\u00f3w, Olszamowice<br \/>\nWawrzyk \u0141ukasz akt ur 9, 1747, Fa\u0142k\u00f3w, Olszamowice<br \/>\nWawrzyk Grzegorz akt ur 10, 1750, Fa\u0142k\u00f3w, Olszamowice<br \/>\nWawrzyk Dionizy akt ur 21, 1752, Fa\u0142k\u00f3w, Olszamowice<br \/>\n&#8230;&#8230;&#8230;&#8230;&#8230;&#8230;&#8230;&#8230;&#8230;&#8230;&#8230;&#8230;&#8230;&#8230;&#8230;&#8230;&#8230;&#8230;&#8230;&#8230;&#8230;&#8230;&#8230;&#8230;&#8230;&#8230;&#8230;&#8230;&#8230;&#8230;&#8230;&#8230;&#8230;<\/p>\n<p>Kontakt Krzysztof Bi\u0144ka\u00a0\u00a0 k.binka@uw.edu.pl<\/p>\n<p>&nbsp;<\/p>\n","protected":false},"excerpt":{"rendered":"<p>Nazwisko W\u0119gorski prawdopodobnie pochodzi od nazwy ryby i by\u0107 mo\u017ce odnosi si\u0119 do jej cech (,,wi\u0107 si\u0119 jak w\u0119gorz\u2019\u2019 czyli szuka\u0107 wyj\u015bcia, wywin\u0105\u0107 si\u0119 z jakiej\u015b sytuacji, nie m\u00f3wi\u0107 prawdy), kt\u00f3re cechowa\u0142y przodk\u00f3w W\u0119gorskich. Nie wykluczone, \u017ce W\u0119gorscy zajmowali si\u0119 po\u0142owem w\u0119gorzy. Wsp\u00f3\u0142cze\u015bnie nazwisko w Polsce notowane jest nielicznie w okolicach Ko\u0144skich i Radoszyc oraz &hellip; <a href=\"https:\/\/k.binka.pl\/?page_id=1091\" class=\"more-link\">Czytaj dalej <span class=\"screen-reader-text\">Rodzina W\u0119gorski<\/span> <span class=\"meta-nav\">&rarr;<\/span><\/a><\/p>\n","protected":false},"author":1,"featured_media":0,"parent":0,"menu_order":0,"comment_status":"closed","ping_status":"closed","template":"","meta":{"footnotes":""},"class_list":["post-1091","page","type-page","status-publish","hentry"],"_links":{"self":[{"href":"https:\/\/k.binka.pl\/index.php?rest_route=\/wp\/v2\/pages\/1091","targetHints":{"allow":["GET"]}}],"collection":[{"href":"https:\/\/k.binka.pl\/index.php?rest_route=\/wp\/v2\/pages"}],"about":[{"href":"https:\/\/k.binka.pl\/index.php?rest_route=\/wp\/v2\/types\/page"}],"author":[{"embeddable":true,"href":"https:\/\/k.binka.pl\/index.php?rest_route=\/wp\/v2\/users\/1"}],"replies":[{"embeddable":true,"href":"https:\/\/k.binka.pl\/index.php?rest_route=%2Fwp%2Fv2%2Fcomments&post=1091"}],"version-history":[{"count":105,"href":"https:\/\/k.binka.pl\/index.php?rest_route=\/wp\/v2\/pages\/1091\/revisions"}],"predecessor-version":[{"id":1683,"href":"https:\/\/k.binka.pl\/index.php?rest_route=\/wp\/v2\/pages\/1091\/revisions\/1683"}],"wp:attachment":[{"href":"https:\/\/k.binka.pl\/index.php?rest_route=%2Fwp%2Fv2%2Fmedia&parent=1091"}],"curies":[{"name":"wp","href":"https:\/\/api.w.org\/{rel}","templated":true}]}}