{"id":108,"date":"2013-11-24T15:02:15","date_gmt":"2013-11-24T14:02:15","guid":{"rendered":"http:\/\/kbinka.vipserv.org\/?page_id=108"},"modified":"2025-11-06T21:11:42","modified_gmt":"2025-11-06T20:11:42","slug":"bienkibinki-w-warszawie","status":"publish","type":"page","link":"https:\/\/k.binka.pl\/?page_id=108","title":{"rendered":"Bie\u0144ki\/Bi\u0144ki w Warszawie"},"content":{"rendered":"<p><span style=\"font-family: Arial,sans-serif;\">Jak wspomniano, \u017ar\u00f3d\u0142em Bie\u0144k\u00f3w\/Bi\u0144k\u00f3w w Warszawie jest przede wszystkim Iwowe. Potomkowie o nazwisku Bie\u0144ko do dzi\u015b mieszkaj\u0105 w jego okolicy i w nim samym. Syn<b> Piotra Bie\u0144ko <\/b>i<b> Salomei Cygan\u00f3wny &#8211; Karol <\/b>urodzony w Iwowem w 1778 roku finalnie migruje w okolice Warszawy i bierze \u015blub w 1809 roku<span style=\"mso-spacerun: yes;\">\u00a0 <\/span>z <strong>Antonin\u0105 Kielak<\/strong> w parafii Babice, we wsi G\u00f3rce. Niew\u0105tpliwie <b>Karol <\/b>jest obecny w 1809 w G\u00f3rcach \u2013 by\u0107 mo\u017ce, \u017ce przebywa\u0142 tam ju\u017c przed \u015blubem. W parafii babickiej taka sama droga jak<b> Karola <\/b>by\u0142a te\u017c udzia\u0142em innych m\u0142odych \u2013 pochodz\u0105cy z Parysowa (niedaleko Latowicza) \u0141ukasz Szarkiewicz, s\u0142u\u017c\u0105cy za parobka, bierze r\u00f3wnie\u017c \u015blub w Babicach (akt 14, 1808).<\/span><\/p>\n<p><img decoding=\"async\" src=\"http:\/\/kbinka.vipserv.org\/wp-content\/uploads\/2013\/12\/KARTA_OKRESTNOSTEY_GORODA_VARSHAVY_84K_1838-crop.jpg\" alt=\"okolice Babic na mapie z 1838 roku\" \/><br \/>\nOkolice Babic i G\u00f3rc na mapie z 1838 roku<\/p>\n<p><a href=\"http:\/\/kbinka.vipserv.org\/wp-content\/uploads\/2022\/04\/Babice-Perthees-1794.jpg\"><img loading=\"lazy\" decoding=\"async\" class=\"alignnone size-full wp-image-1423\" src=\"http:\/\/kbinka.vipserv.org\/wp-content\/uploads\/2022\/04\/Babice-Perthees-1794.jpg\" alt=\"\" width=\"1280\" height=\"800\" srcset=\"https:\/\/k.binka.pl\/wp-content\/uploads\/2022\/04\/Babice-Perthees-1794.jpg 1280w, https:\/\/k.binka.pl\/wp-content\/uploads\/2022\/04\/Babice-Perthees-1794-300x188.jpg 300w, https:\/\/k.binka.pl\/wp-content\/uploads\/2022\/04\/Babice-Perthees-1794-768x480.jpg 768w, https:\/\/k.binka.pl\/wp-content\/uploads\/2022\/04\/Babice-Perthees-1794-1024x640.jpg 1024w\" sizes=\"auto, (max-width: 1280px) 100vw, 1280px\" \/><\/a><br \/>\nOkolice Babic na fragmencie mapy Karola de Perth\u00e9es z 1794 roku- Okolice Warszawy w diametrze pi\u0105ciu mil.<br \/>\n<span style=\"font-family: Arial,sans-serif;\">Dlaczego<b> Karol Bie\u0144ko <\/b>przyby\u0142 w okolice Babic? Ten fakt mo\u017ce rozja\u015bnia\u0107 po cz\u0119\u015bci metryka jego \u015blubu z <strong>Antonin\u0105 Kielak<\/strong>. Wynika z niej, \u017ce po wyemigrowaniu z Iwowego<b> Karol <\/b>by\u0142 zatrudniony za parobka w G\u00f3rcach. \u015awiadkiem na jego \u015blubie by\u0142<b> W\u0142adys\u0142aw Kempkowski, <\/b>jego szwagier<b> <\/b>(w Latowiczu nazywany w akcie \u015blubu ze <b>Scholastyk\u0105 Bie\u0144ko K\u0119pkowiczem<\/b>).\u00a0<b><strong>W\u0142adys\u0142aw <\/strong><\/b>by\u0142 tylko \u015bwiadkiem przyby\u0142ym z Iwowego, gdy\u017c tam rodz\u0105 si\u0119 jego dzieci.<b> Antonina Kielak, <\/b>\u017cona<b> Karola <\/b>(c\u00f3rka<b> Wincentego <\/b>i<b> Reginy <\/b>z<b> Tomaszewskich <\/b>&#8211; gospodarzy w G\u00f3rcach) pochodzi\u0142a z parafii babickiej, z G\u00f3rc. Urodzi\u0142a si\u0119 w 1786 roku. Mia\u0142a braci \u2013<strong> B\u0142a\u017ceja <\/strong>(ur. 1783),<strong> Wojciecha <\/strong>(1794), <strong>Karola <\/strong>(1797). Rodzina<strong> Kielak\u00f3w <\/strong>notowana jest w parafii babickiej od lat 70-tych, XVII wieku. Z kolei rodzina <strong>Tomaszewskich <\/strong>od lat 80- tych, XVII wieku. Rodziny<strong> Kielak\u00f3w <\/strong>i<strong> Tomaszewskich <\/strong>zamieszkiwa\u0142y w parafii g\u0142\u00f3wnie Gorce.. \u015awiadkiem \u015blubu <strong>Karola<\/strong> i <strong>Antoniny<\/strong> by\u0142 te\u017c<b> Franciszek K\u0119pka, <\/b>w\u0142o\u015bcianin w G\u00f3rcach zamieszka\u0142y (pewnie lokalny zapis<b> K\u0119pkowicza\/Kempkowskiego<\/b>)<b> <\/b>okre\u015blony jako brat stryjeczny &#8211; chyba dla<b> W\u0142adys\u0142awa<\/b>. Mo\u017ce to oznacza\u0107, \u017ce t\u0105 szpetn\u0105 robot\u0119 w Babicach wypatrzyli dla <b>Karola K\u0119pkowicze\/Kempkowscy\/K\u0119pki <\/b>&#8211; z kt\u00f3rymi przez siostr\u0119 <strong>Scholastyk\u0119<\/strong> by\u0142 spowinowacony &#8211; pochodz\u0105cy z Iwowego (<strong>W\u0142adys\u0142aw<\/strong>) lub z G\u00f3rc lub emirant z Iwowego (<strong>Franciszek<\/strong>).<b> Kempki\/K\u0119pki <\/b>notowani s\u0105 w parafii babickiej ju\u017c wcze\u015bniej. Przyk\u0142ady \u2013 1723 zgon<b> Alberti K\u0119pka, <\/b>lab., 1778 &#8211;<b> Kepczanka Marianna<\/b>, \u015blub. G\u00f3rce. 1781 \u2013<b> H. Kempka, <\/b>\u015bwiadek. G\u00f3rce.<b> <\/b>1783 \u2013<b> H. K\u0119pka<\/b>. 1783 \u2013<b> Anastasia K\u0119pczanka<\/b>, G\u00f3rce. 1784 \u2013 G\u00f3rce<b> \u2013 Mathiam Benka <\/b>i<b> Marianna Sienkiewicz<\/b>, \u015blub, G\u00f3rce. \u015awiadkowie \u2013<b> Hyacintho Kepka, Petro Kielak, Joanna Tomaszewska<\/b>. 1784 \u2013<b> H. K\u0119pka<\/b>, \u015bwiadek, G\u00f3rce. 1792 \u2013 na \u015blubie w G\u00f3rcach \u015bwiadkuje <b>K\u0119pka Franciszko<\/b>, \u015bwiadek, \u015blub, G\u00f3rce.<b> Hyacyntia K\u0119pka, <\/b>\u015bwiadek na innym \u015blubie. 1795 \u2013<b> Hyacyntho Kempka<\/b>, \u015bwiadek, G\u00f3rce. 1790 \u2013<b> Hiacynt K\u0119pka<\/b>, \u015bwiadek, G\u00f3rce. 1803 &#8211; na \u015blubie Kielak\u00f3wny wspomniany jest lab.<b> Franciscus Kempka de G\u00f3rce<\/b>.<b> Franciszek <\/b>notowany na<\/span><span lang=\"PL\" style=\"font-family: 'Arial','sans-serif';\"> <span style=\"mso-bidi-font-weight: bold;\">\u015blubie<b> Karola Bie\u0144ka <\/b>spokrewniony z<b> W\u0142adys\u0142awem<\/b>, \u015bwiatkuj\u0105cym na tym samym \u015blubie jest notowany ju\u017c w 1792 roku.<b> <\/b>Mo\u017cna przypuszcza\u0107 zatem, \u017ce by\u0107 mo\u017ce migrowali oni z Iwowego ju\u017c wcze\u015bniej.<\/span><\/span><br \/>\n<span style=\"font-family: Arial,sans-serif;\">Nie jest te\u017c wykluczone, \u017ce do pracy tej mogli go zach\u0119ci\u0107 przypuszczalni cz\u0142onkowie rodziny \u2013 podobne brzmieniowo ,,bie\u0144kowe,, nazwiska pojawiaj\u0105 si\u0119 w XVIII wieku parafii Babickiej. Ale czy jest to ten sam pie\u0144? W parafii babickiej w 1799 notowana jest forma<b> Bie\u0144k<\/b> &#8211; by\u0107 mo\u017ce to pok\u0142osie wcze\u015bniejszej migracji:<\/span><br \/>\n<span style=\"font-family: Arial,sans-serif;\">1799, akt zg,<b> Apolonia Bie\u0144k<\/b>, Babice, 1 rok G\u00f3rce,<b> Mateusz<\/b>, karta 40. By\u0107 mo\u017ce Mateusz to osoba z ci\u0105g\u00f3w podanych poni\u017cej<\/span> <span style=\"font-family: Arial,sans-serif;\">(patrz <strong>Mateusz Benka<\/strong>)<\/span>.<\/p>\n<p><span style=\"font-family: Arial,sans-serif;\">Inne przyk\u0142ady<\/span><br \/>\n<span style=\"font-family: Arial,sans-serif;\">1811, akt \u015bl. 2, Babice, Zielonki,<b> Andrzej Dominik, Marianna Bie\u0144czak.<\/b><\/span><br \/>\n<span style=\"font-family: Arial,sans-serif;\">1812, <b>J\u00f3zef Dominik, <\/b>akt ur. 23, Babice, Zielonki,<b> Andrzej i Marianna Bienczak.<\/b><\/span><br \/>\n<span style=\"font-family: Arial,sans-serif;\">1815, <b>Adam Dominiak<\/b>, akt ur. 58, Babice, Zielonki,<b> J\u0119drzej i Marianna Bi\u0144czak.<\/b><\/span><br \/>\n<span style=\"font-family: Arial,sans-serif;\">1817, <b>Ma\u0142gorzata Dominiak<\/b>, akt ur. 54, Babice, Lipk\u00f3w, Andrzej i Marianna Bie\u0144czak.<\/span><br \/>\n<span style=\"font-family: Arial,sans-serif;\">1819, <b>Walenty Dominiak<\/b>, akt ur 15, Lipk\u00f3w, k. Babic, ojciec <b>J\u0119drzej, matka Marianna z Bie\u0144k\u00f3w (Bie\u0144k).<\/b><\/span><br \/>\n<span style=\"font-family: Arial,sans-serif;\">1820, <b>J\u00f3zefa Dominiak, <\/b>akt ur. 73, Babice, Lipk\u00f3w,<b> Andrzej i Marianna Bie\u0144czak.<\/b><\/span><br \/>\n<span style=\"font-family: Arial,sans-serif;\">1820, <b>Julianna Dominiak, <\/b>akt ur. 72, Babice, Lipk\u00f3w, Andrzej i<b> Marianna Bie\u0144czak.<\/b><\/span><br \/>\n<span style=\"font-family: Arial,sans-serif;\">1825, <b>Franciszek Dominiak, <\/b>akt ur. 20, Babice, Lipk\u00f3w,<b> Andrzej <\/b>i<b> Marianna Bie\u0144czyk.<\/b><\/span><br \/>\n<span style=\"font-family: Arial,sans-serif;\">1825, <b>Karol Dominiak,<\/b> akt ur. 19, Babice, Lipk\u00f3w,<b> Andrzej <\/b>i Marianna Bie\u0144czyk.<\/span><br \/>\n<span style=\"font-family: Arial,sans-serif;\">1824, akt \u015bl. 27, <b>Jan Tomaszewski i Marianna Ba\u0144ka, <\/b>Babice, G\u00f3rce. C\u00f3rka <b>Macieja Ba\u0144ka<\/b> i <b>Franciszki Sienkiewicz<\/b>. Jan \u2013 28 lat, Marianna \u2013 30.<\/span><br \/>\n<span style=\"font-family: Arial,sans-serif;\">1825, <b>Stanis\u0142aw Tomaszewski, <\/b>akt ur. 121, <b>Jan i Marianna z Ba\u0144k\u00f3w<\/b> (l. 30), Babice, G\u00f3rce.<\/span><br \/>\n<span style=\"font-family: Arial,sans-serif;\">1827, <b>Walenty Tomaszewski, <\/b>akt ur. 54, Babice, G\u00f3rce,<b> Jan Tomaszewski, Marianna z Bie\u0144k\u00f3w, <\/b>lat 31. Jan, lat 28.<\/span><br \/>\n<span style=\"font-family: Arial,sans-serif;\">1830, <b>Tomasz, Marcin Tomaszewski, <\/b>akt ur. 102, Babice, G\u00f3rce,<b> Jan i<b> Marianna z Ba\u0144k\u00f3w <\/b>(l. 35).<\/b><\/span><br \/>\n<span style=\"font-family: Arial,sans-serif;\">Nie wiadomo kiedy Panie zmar\u0142y. By\u0107 mo\u017ce jedna zmar\u0142a w 1847, w wieku 76 lat.<\/span><br \/>\n<span style=\"font-family: Arial,sans-serif;\">Powy\u017csze rekordy reprezentuj\u0105 niew\u0105tpliwie dwie r\u00f3\u017cne panie. Jest jednak pewne, \u017ce obydwie daty urodzin tych Pa\u0144 wkraczaj\u0105 w wiek XVIII. <b>Marianna <\/b>z 1811 roku w akcie \u015blubu z<b> Andrzejem Dominiakiem <\/b>jest na pewno t\u0105 sam\u0105 osob\u0105, co w aktach urodze\u0144 dzieci. Rodzice jej wywodz\u0105 si\u0119 z podo\u017carowskich \u015awi\u0119ci\u0107 i pewnie maj\u0105 lu\u017any zwi\u0105zek z Iwowem. Niemniej w akcie z 1819 roku forma nazwiska panny m\u0142odej &#8211;<b> Bie\u0144czak <\/b>z aktu z 1811 roku zmienia si\u0119 na z<b> Bie\u0144k\u00f3w <\/b>(1819) \u2013 by\u0107 mo\u017ce z powodu obecno\u015bci innych<b> Bie\u0144k\u00f3w <\/b>w parafii.<b> Marianna <\/b>z 1827 (lat 31) zamieszkuj\u0105ca G\u00f3rce by\u0107 mo\u017ce wydaj\u0119 si\u0119 zwi\u0105zana z Iwow\u0105 migracj\u0105, jednak jej czas przyjazdu jest nieznany. Jest te\u017c ciekawa ewolucja nazwiska z<b> Ba\u0144ka <\/b>na z<b> Bie\u0144k\u00f3w <\/b>w jednym z rekord\u00f3w.<\/span><\/p>\n<p><span style=\"font-family: Arial,sans-serif;\">W parafii Babice notowane s\u0105 te\u017c inne (wykaz poni\u017cej) zbli\u017cone nazwiska &#8211; wdowa<b> Ku\u0142akowska Bie\u0144kowa<\/b>, ale podawana ze \u017bbikowa (cz\u0119\u015b\u0107 Pruszkowa).Inne daty s\u0105 nawet do\u015b\u0107 stare (ale zapisane w innych formach) \u2013 ale co ciekawe, te\u017c w miejscowo\u015bci Babice i G\u00f3rce &#8211; <b>Bienasiewicz, Bieniakiewicz <\/b>(r\u00f3\u017cne formy zapisu nazwiska dzieci<b> J\u00f3zefa <\/b>i<b> Agnieszki<\/b>),<b> Bie\u0144skoski. <\/b>Przyk\u0142ady &#8211;<\/span><br \/>\n<span style=\"font-family: Arial,sans-serif;\">1721, akt ur 0,<b> Stanis\u0142aw Kostka Bieniakiewicz,<\/b>Babice, Babice, laboriosi,<b> J\u00f3zef <\/b>i<b> Agnieszka<\/b>. Chrzestni, hon. <b>Kazimierz \u2013ski <\/b>i<b> Agnieszka Soba\u0144ska.<\/b><\/span><br \/>\n<span style=\"font-family: Arial,sans-serif;\">1727, akt ur 0, <b>Albert Bienasiewicz<\/b>, Babice, Babice, lab. <b>J\u00f3zef i Agnieszka<\/b>.<\/span><br \/>\n<span style=\"font-family: Arial,sans-serif;\">1800, akt \u015bl., <b>Basil Bie\u0144koski i Marianna Leszczy\u0144ska<\/b>, Babice, Zielonki.<\/span><br \/>\n<span style=\"font-family: Arial,sans-serif;\">1752, akt \u015bl.nob. <b>Stanis\u0142aw Badowski i Anna de Bie\u0144kowski Ku\u0142akowska<\/b>, ona z Wawrzyszewa? \u017bbik\u00f3w karta 69v. Jaki jest ich zwi\u0105zek z Iwowem trudno dociec.<\/span><br \/>\n<span style=\"font-family: Arial,sans-serif;\">1847, <b>Marianna Bie\u0144kowska, <\/b>akt zg., 9, Babice, Lipk\u00f3w, \u017cebraczka, 70 lat. \u015aw.<b> Dominiak. <\/b>Rodzice nieznani z nazwiska, ona wdowa?, m\u0119\u017catka?<\/span><\/p>\n<p><span style=\"font-family: Arial,sans-serif;\">Jest prawdopodobne, \u017ce pojawiaj\u0105ca si\u0119 w G\u00f3rcach w drugiej po\u0142owie XVIII w. forma<b> Benka <\/b>ewoluuje czasem w zapisach z pocz\u0105tku XIX w kierunku<b> Banka<\/b>, ale po cz\u0119\u015bci powraca niekiedy przy \u015bmierci do formy <b>Binke (Jan<\/b>), nale\u017ca\u0142a do migrant\u00f3w z Iwowego (o tej formie poni\u017cej). Tym bardziej, \u017ce obydwa nazwiska \u2013<b> Kempka <\/b>i<b> Benka <\/b>\u015bwiadkuj\u0105 na \u015blubach. <b>Banki\/Ba\u0144ki <\/b>migruj\u0105c z G\u00f3rc na Czyste (Przyokopowa), jak zreszt\u0105<b> Bie\u0144ki, <\/b>mieszkaj\u0105 zn\u00f3w obok siebie i \u015bwiadkuj\u0105 (poni\u017cej).<\/span><br \/>\n<span style=\"font-family: Arial,sans-serif;\">\u00a0Forma<b> Benka <\/b>pojawia si\u0119 w drugiej po\u0142owie XVIII w. Zapis jawi si\u0119 jako stadium po\u015brednie od imienia<b> Benedykt, <\/b>na kt\u00f3rych zreszt\u0105 dzi\u015b zdrobniale m\u00f3wi si\u0119<b> Benek<\/b>. Forma pojawia si\u0119 we wsi G\u00f3rce parafii babickiej, podobnie jak pierwsze notowanie nazwiska<b> Bie\u0144ko<\/b>. W innych miejscowo\u015bciach tej\u017ce parafii form <b>Benka <\/b>nie ma. Ewolucja tej formy jest bardzo r\u00f3\u017cna. Wcze\u015bniej przytoczy\u0142em przypadek<b> Jana Tomaszewskiego i Marianny z Ba\u0144k\u00f3w. <\/b>W jednym z akt\u00f3w urodzin dzieci pojawia si\u0119 jej nazwisko jako wywodz\u0105cej si\u0119 z Bie\u0144k\u00f3w. Inny przyk\u0142ad &#8211; ojciec<b> Benka <\/b>ma syna zapisanego jako <b>B\u0119ka <\/b>i umiera on w W-wie zapisany w akcie jako <b>Binke<\/b>. Inny ci\u0105g \u2013<b> Benek <\/b>i jego \u017cona po \u015bmierci m\u0119\u017ca w kolejnym akcie \u015blubu okre\u015blana jako <b>Bankowa<\/b>. Kolejny przyk\u0142ad \u2013 ojciec<b> <\/b>Benka ma dzieci zapisywane po kolei jako<b> Benka, Benka, Benek <\/b>i \u017cona przy zgonie<b> Benkowa<\/b>. Dzieci tego\u017c Benka z drug\u0105 \u017con\u0105 \u2013 Banka, B\u0119ka, B\u0119ka (zmar\u0142y jako Binke). Po zgonie m\u0119\u017ca, \u017cona okre\u015blana jest w akcie \u015blubu jako <b>Bankowa<\/b>, a zmar\u0142y jej syn z pierwszego ma\u0142\u017ce\u0144stwa \u2013<b> Banka<\/b>. Inne ci\u0105gi rozpoczynaj\u0105 si\u0119 od formy<b> Ba\u0144ke <\/b>i te\u017c wariuj\u0105 w zapisach \u2013 akt \u015blubu<b> Ba\u0144ke <\/b>\u2013 ojciec jego okre\u015blony jako<b> Ba\u0144kowski<\/b>. Dzieci<b> Ba\u0144ke \u2013 Ba\u0144ka, Banka <\/b>(\u015blub jako<b> Ba\u0144ka<\/b>). Dzieci tego ostatniego \u2013<b> Ba\u0144ka, Ba\u0144ka, Ba\u0144ka <\/b>i<b> <\/b>finalnie <b>Ba\u0144kowski<\/b>. Prawdopodobnie formy typu<b> Benka <\/b>nale\u017cy wi\u0105za\u0107 raczej z nazwiskiem <b>Bie\u0144ko <\/b>w G\u00f3rcach o nieznanej genezie, a<b> Ba\u0144ka <\/b>z innym nazwiskiem. Ich wariacje mog\u0105 by\u0107 zwi\u0105zane z wsp\u00f3\u0142wyst\u0119powaniem w obr\u0119bie miejscowo\u015bci.<\/span><br \/>\n<span style=\"font-family: Arial,sans-serif;\">Co wi\u0119cej osoby o nazwisku typu<b> Ba\u0144ka <\/b>migruj\u0105c na ten sam adres z G\u00f3rc na Przyokopow\u0105 3107b spotykaj\u0105 tam <b>Bie\u0144k\u00f3w<\/b>, te\u017c migruj\u0105cych z G\u00f3rc, kt\u00f3rzy bywaj\u0105 chrzestnymi rodzicami. Samo nazwisko <b>Banka<\/b> tylko wyj\u0105tkowo jest notowane na Mazowszu w XVIII w dost\u0119pnych aktach (<b>Ma\u0142gorzata Banka <\/b>\u2013 Wrociszew 1712), a pojawia si\u0119 cz\u0119sto od XIX. Zreszt\u0105 forma <b>Ba\u0144kowski <\/b>te\u017c w XVIII pojawia si\u0119 raczej rzadko na Mazowszu, w Warszawie czy \u0142\u00f3dzkim.<\/span><br \/>\n<span style=\"font-family: Arial,sans-serif;\">Nie jest zatem wykluczone, \u017ce w tym przypadku formy<b> Benka <\/b>s\u0105 jakim\u015b zapisem lokalnym nazwiska<b> Bie\u0144ka<\/b>. Wymaga to wyja\u015bnienia.<\/span><br \/>\n<span style=\"font-family: Arial,sans-serif;\">Ciekawym tego przyk\u0142adem s\u0105 te dwa akty z Iwowego k. Latowicza:<\/span><br \/>\n<span style=\"font-family: Arial,sans-serif;\">1827, akt zg 14, <b>Ewa Ba\u0144ka<\/b>, Latowicz, Iwowe, lat 7, rodzice <b>Domin i Teresa<\/b> z <b>W\u0105grodzkich<\/b>.<\/span><br \/>\n<span style=\"font-family: Arial,sans-serif;\">1828, akt zg 4, <b>Domin Bie\u0144ko<\/b>, Latowicz, Iwowe, lat 42, \u017cona Teresa z W\u0105grodzkich. Akty unaoczniaj\u0105, \u017ce te formy czasem by\u0142y mylone lub zast\u0119powane przypadkowo &#8211; <b>Domin<\/b> niew\u0105tpliwie wywodzi si\u0119 z rodziny <b>Bie\u0144ko<\/b>.<\/span><br \/>\n<span style=\"font-family: Arial,sans-serif;\">Przyk\u0142ady ci\u0105g\u00f3w z Babic &#8211; <strong>przypis A.<\/strong><\/span><\/p>\n<p><span style=\"font-family: Arial,sans-serif;\">Je\u015bli chodzi o najstarsze daty obecne w parafiach warszawskich to s\u0105 one wymienione poni\u017cej. Penetrowa\u0142em tylko formy <strong>Bienko<\/strong>, <strong>Bie\u0144ko<\/strong>, <strong>Bie\u0144ka<\/strong>, <strong>Bienka<\/strong>, <strong>Bi\u0144ka<\/strong>, rzadziej inne. Najstarsze daty pochodz\u0105 z 1783 roku, ale aktu nie odczyta\u0142em na razie. Populacja warszawskich <strong>Bie\u0144k\u00f3w <\/strong>zasilana by\u0142a t\u0105, z okolic Latowicza (Iwowe), sk\u0105d od XVIII\/XIX w migrowali do okolicznych wsi i dalej np do Warszawy. Inne \u017arod\u0142a emigrant\u00f3w \u2013 okolice Pu\u0142tuska, T\u0142uszcza, i po\u0142udniowa z okolic Che\u0142mna, czy powiatu brzezi\u0144skiego k. Piotrkowa. Niew\u0105tpliwie wcze\u015bnie migruj\u0105 z okolic Niska \u2013 Kazimierz czy \u0141ukasz. Pozycje, jakie wszyscy oni zajmuj\u0105, \u015bwiadcz\u0105, \u017ce migrowali z przeludnionych, biednych rejon\u00f3w. <\/span><br \/>\n<span style=\"font-family: Arial,sans-serif;\">Zapewne populacj\u0119 warszawsk\u0105 zasilili Bie\u0144kowie obecni w pobliskich miejscowo\u015bciach \u2013 Pra\u017cmowie, licznych miejscowo\u015bciach parafii s\u0142omczy\u0144skiej, D\u0105br\u00f3wce k . Mysiad\u0142a i innych.<\/span><br \/>\n<span style=\"font-family: Arial,sans-serif;\">Przyk\u0142adowe profesje:<\/span><br \/>\n<span style=\"font-family: Arial,sans-serif;\">1827 wyrobnik, 1832 s\u0142u\u017c\u0105cy, 1833 s\u0142u\u017c\u0105ca, 1841 s\u0142u\u017c\u0105ca, 1844 wyrobnik, 1849 pocztylion, 1853 wyrobnik, 1877 dawny oficjalista, 1899 wyrobnik, 1882 trzymaj\u0105cy doro\u017ck\u0119, 1890 s\u0142u\u017c\u0105ca, 1893 stolarz, 1898 szewc, 1911 s\u0142u\u017c\u0105ca, 1900 krawiec, 1900 robotnica dni\u00f3wkowa, 1900 s\u0142u\u017c\u0105ca?, 1926 &#8211; ku\u015bnierz.<\/span><br \/>\n<span style=\"font-family: Arial,sans-serif;\">W wykazie poni\u017cszym (<strong>przypis B<\/strong>) nie s\u0105 umieszczeni potomkowie<b> Karola <\/b>i<b> Antoniny Kielak, <\/b>kt\u00f3rzy dal pocz\u0105tek licznej populacji na Woli \u2013 akta w ko\u015bciele \u015aw. Stanis\u0142awa i parafii Babice, a m\u0142odsze daty z parafii Wszystkich \u015awi\u0119tych i innych (Babice od 1809 roku \u2013 \u015blub<b> Karola <\/b>i <b>Antoniny). <\/b><\/span><br \/>\n<span style=\"font-family: Arial,sans-serif;\">Nazwisko <b>Bie\u0144ko <\/b>w kolejnych aktach ewoluuje i jest pisane r\u00f3\u017cnie, nawet w tych samych ci\u0105gach rodzinnych, bez wyra\u017anych trend\u00f3w. Tendencja jest podobna do ewolucji nazwiska zst\u0119pnych po wolsko-babickim<b> Karolu Bie\u0144ko.<\/b><\/span><br \/>\n<span style=\"font-family: Arial,sans-serif;\">Najlepszym przyk\u0142adem jest potomstwo<b> \u0141ukasza <\/b>i<b> Eleonory Bienko<\/b>, pisanego czasem<b> Bie\u0144ko, Bi\u0144ko i Binko, <\/b>co mo\u017cna zobaczy\u0107 w jednym z poni\u017cszych ci\u0105g\u00f3w<\/span><br \/>\n<span style=\"font-family: Arial,sans-serif;\">Przyk\u0142ady tych ci\u0105g\u00f3w (ale nie linii po <strong>Karolu<\/strong> i <strong>Antoninie<\/strong> <strong>Kielak<\/strong>) \u2013 <strong>przypis B..<\/strong><\/span><\/p>\n<p>&nbsp;<\/p>\n<p><span style=\"font-family: Arial,sans-serif;\"><b><span style=\"text-decoration: underline;\">Bie\u0144ki\/Bi\u0144ki mi\u0119dzy G\u00f3rcami, Grotami, Wol\u0105 i Czystem<\/span><\/b><\/span><\/p>\n<p class=\"western\" lang=\"pl-PL\" align=\"JUSTIFY\"><span style=\"font-family: Arial,sans-serif;\">Z\u0142o\u017cona historia parafii wolskiej sprawia, \u017ce trudno dociec gdzie w pewnych momentach historii by\u0142y sporz\u0105dzane akta. Pocz\u0105tkowo ko\u015bcio\u0142em parafii by\u0142a \u015bwi\u0105tynia \u015aw. Wawrzy\u0144ca Diakona i \u015aw. Stanis\u0142awa Biskupa na Reducie Wolskiej znana obecnie pod nazw\u0105 \u015aw. Wawrzy\u0144ca. W 1834 roku w\u0142adze carskie tworz\u0105 w nim cerkiew prawos\u0142awn\u0105. Parafia w 1858-60 roku buduje nowy ko\u015bci\u00f3\u0142 na ulicy Bema pw. \u015aw. Stanis\u0142awa Biskupa i \u015aw. Wawrzy\u0144ca Diakona zwany dzi\u015b ko\u015bcio\u0142em \u015aw. Stanis\u0142awa. Status ko\u015bcio\u0142a parafialnego traci \u015bwi\u0105tynia na Bema w 1903 roku na rzecz nowo wybudowanego ko\u015bci\u00f3\u0142a \u015aw. Stanis\u0142awa Biskupa przy ulicy Wolskiej nale\u017c\u0105cego dzi\u015b do parafii \u015bw. Wojciecha. Ko\u015bci\u00f3\u0142 na Bema mi\u0119dzy 1917 i 1927 roku znajduje si\u0119 we w\u0142adaniu redemptoryst\u00f3w. <\/span><\/p>\n<p class=\"western\" lang=\"pl-PL\" align=\"JUSTIFY\"><span style=\"font-family: Arial,sans-serif;\">W 1923 roku wydzielono ze starej parafii wolskiej ponownie parafi\u0119 \u015aw. Wawrzy\u0144ca z ko\u015bcio\u0142em \u015aw. Wawrzy\u0144ca i \u015aw. Stanis\u0142awa (przy cmentarzu) oraz utworzono w 1927 roku dwie parafie: \u015aw. Stanis\u0142awa Biskupa z ko\u015bcio\u0142em \u015aw. Stanis\u0142awa i \u015aw. Wawrzy\u0144ca przy ul. Bema oraz \u015aw. Wojciecha z ko\u015bcio\u0142em \u015aw. Stanis\u0142awa przy ulicy Wolskiej. Parafia wolska obejmowa\u0142a pocz\u0105tkowo du\u017cy obszar obejmuj\u0105cy gmin\u0119 Czyste &#8211; wsie Czyste, Ochota, Ko\u0142o i gmin\u0119 (lub cyrku\u0142?) Wola &#8211; tu wchodzi\u0142y by fragmenty wiejskie i cz\u0119\u015b\u0107 miasta.<\/span><\/p>\n<p><img decoding=\"async\" src=\"http:\/\/kbinka.vipserv.org\/wp-content\/uploads\/2013\/12\/P40_S32_A_WARSZAWA-WOLA-1889-90.jpg\" alt=\"G\u00f3rce, Czyste 1889\" \/><\/p>\n<p class=\"western\" lang=\"pl-PL\" align=\"JUSTIFY\"><span style=\"font-family: Times New Roman,serif;\"><span style=\"font-family: Arial,sans-serif;\"><span style=\"font-weight: normal;\">Miedzy G\u00f3rcami a Czystem w 1889 roku.<\/span><\/span><\/span><\/p>\n<p class=\"western\" lang=\"pl-PL\"><span style=\"font-family: Times New Roman,serif;\"><span style=\"font-family: Arial,sans-serif;\"><span style=\"font-weight: normal;\">Akty pisane w j\u0119zyku polskim, czy te\u017c wcze\u015bniej po \u0142acinie, w zasadzie ko\u0144cz\u0105 si\u0119 tradycyjnie w roku 1869. Sprawia to pewne trudno\u015bci \u2013 ze wzgl\u0119du na wieloznaczno\u015b\u0107 niekt\u00f3rych rosyjskich s\u0142\u00f3w \u2013 w odczytaniu zawod\u00f3w podawanych w metrykach. Do tego czasu w aktach notowane si\u0119 r\u00f3\u017cne zawody. Trudno powiedzie\u0107 jaka jest ich realna warto\u015b\u0107 &#8211; w aktach urodze\u0144 i zgon\u00f3w z 1839 ojciec <\/span><\/span><span style=\"font-family: Arial,sans-serif;\"><b>Jan Bie\u0144ka<\/b><\/span><span style=\"font-family: Arial,sans-serif;\"><span style=\"font-weight: normal;\"> okre\u015blany jest jako rolnik i kopiarz (osoba kt\u00f3ra za sw\u0105 prac\u0119 ma otrzyma\u0107 wynagrodzenie w kopach zbo\u017ca &#8211; w jakim\u015b d\u0142u\u017cszym okresie, np. w czasie roku). Z kolei w aktach urodze\u0144 z 1870 <\/span><\/span><span style=\"font-family: Arial,sans-serif;\"><b>Franciszek Bi\u0144ka<\/b><\/span><span style=\"font-family: Arial,sans-serif;\"><span style=\"font-weight: normal;\"> okre\u015blany jest jako kolonista w jednym, w drugim jako domow\u0142adjelec. Zreszt\u0105, jak to jest poni\u017cej pokazane zmienia si\u0119 to i to wielokrotnie w kr\u00f3tkich okresach czasu. Z akt znika wcze\u015bnie s\u0142owo parobek (nie widzia\u0142em akt mi\u0119dzy 1809 &#8211; 1834) czy w\u0142o\u015bcianin. <\/span><\/span><span style=\"font-family: Arial,sans-serif;\"><b>Karol<\/b><\/span><span style=\"font-family: Arial,sans-serif;\"><span style=\"font-weight: normal;\"> z 1809 roku okre\u015blany jest jako w\u0142o\u015bcianin za parobka s\u0142u\u017c\u0105cy. Czynszownik oznacza osob\u0119, kt\u00f3ra dzier\u017cawi ziemi\u0119 za czynsz. Prawdopodobnie odpowiada to s\u0142owu rolnik. Gospodarz jawi si\u0119 jako s\u0142owo bardziej nobliwe i mo\u017ce oznacza\u0107 ju\u017c jakiego\u015b w\u0142a\u015bciciela ziemi, chocia\u017c nie koniecznie. Nie wykluczone, \u017ce takie s\u0142owo podawano urz\u0119dnikowi dla dodania splendoru stawiaj\u0105cym si\u0119. W tym wykazie najni\u017cszy jest status wyrobnika &#8211; czyli wynajmuj\u0105cego si\u0119 do pracy robotnika dni\u00f3wkowego. Tak\u017ce komornik &#8211; ale tu oznacza osob\u0119 wynajmuj\u0105c\u0105 komor\u0119 &#8211; marne pomieszczenie w kt\u00f3rym mieszka\u0142.<\/span><\/span><\/span><\/p>\n<p class=\"western\" lang=\"pl-PL\" align=\"JUSTIFY\"><span style=\"font-family: Times New Roman,serif;\"><span style=\"font-family: Arial,sans-serif;\"><span style=\"font-weight: normal;\">W aktach pojawia si\u0119 od pewnego momentu jako zaw\u00f3d kolonista &#8211; z Woli czy te\u017c Ko\u0142a (na czynszu?). <\/span><\/span><span style=\"font-family: Arial,sans-serif;\"><span style=\"font-weight: normal;\"><span style=\"background: transparent;\">Zapewne <\/span><\/span><\/span><span style=\"font-family: Arial,sans-serif;\"><span style=\"font-weight: normal;\">dosz\u0142o do parcelacji maj\u0105tk\u00f3w \u2013 pewnie po powstaniu styczniowym &#8211; jak to mia\u0142o miejsce w r\u00f3\u017cnych miejscach Polski i przekazania <\/span><\/span><span style=\"font-family: Arial,sans-serif;\"><span style=\"font-weight: normal;\"><span style=\"background: transparent;\">cz\u0119\u015bci ziemi dotychczas uprawianej ch\u0142opom lub w cz\u0119\u015bci za czynsz &#8211; st\u0105d kolonist\u00f3<\/span><\/span><\/span><span style=\"font-family: Arial,sans-serif;\"><span style=\"font-weight: normal;\">w jest urodzaj w tym czasie. Koloni w tym czasie by\u0142o wi\u0119cej &#8211; np. Kolonia Jerozolima i chyba Jelonek. Uk\u0142ad wsi na pocz\u0105tku XIX wieku chyba nie r\u00f3\u017cni\u0142 si\u0119 od tej na mapach Chrzanowskiego. Okre\u015blenie kolonista rzadko pojawia si\u0119 wcze\u015bniej \u2013 w akcie ur z 1846 kolonist\u0105 z Woli nazywany jest <\/span><\/span><span style=\"font-family: Arial,sans-serif;\"><b>Andrzej Bie\u0144ka<\/b><\/span><span style=\"font-family: Arial,sans-serif;\"><span style=\"font-weight: normal;\">. R\u00f3wnie\u017c <\/span><\/span><span style=\"font-family: Arial,sans-serif;\"><b>Jakub Szcze\u015bniewski <\/b><\/span><span style=\"font-family: Arial,sans-serif;\"><span style=\"font-weight: normal;\">okre\u015blany jest kolonist\u0105 z Czystego.<\/span><\/span><\/span><\/p>\n<p class=\"western\" lang=\"pl-PL\" align=\"JUSTIFY\"><span style=\"font-family: Times New Roman,serif;\"><span style=\"font-family: Arial,sans-serif;\"><span style=\"font-weight: normal;\"><span style=\"background: transparent;\">W aktach warszawskich, w kt\u00f3rych wyst\u0119puj\u0105 Bie\u0144kowie\/Bi\u0144kowie lub te\u017c poni\u017cszych,<\/span><\/span><\/span><span style=\"font-family: Arial,sans-serif;\"><span style=\"font-weight: normal;\"> przy podawaniu profesji \u015bwiadk\u00f3w pojawiaj\u0105 si\u0119 te\u017c inne zawody &#8211; mlicarz, furman, pocztylion, pakciarz (czyli arendarz), w\u0142a\u015bciciel doro\u017cki, stangret\/wo\u017anica, krawiec.<\/span><\/span><\/span><\/p>\n<p class=\"western\" lang=\"pl-PL\"><span style=\"font-family: Times New Roman,serif;\"><span style=\"font-family: Arial,sans-serif;\"><span style=\"font-weight: normal;\">W aktach pisanych po rosyjsku, ze wzgl\u0119du na mnogo\u015b\u0107 s\u0142ownikowych znacze\u0144 trudno jest czasem dok\u0142adnie okre\u015bli\u0107 zaw\u00f3d. Podje\u0144szczik czyli robotnik dni\u00f3wkowy lub wyrobnik oznacza osob\u0119, kt\u00f3ra wynajmowa\u0142a si\u0119 do r\u00f3\u017cnych prac dora\u017anych trwaj\u0105cych jeden lub kilka dni najcz\u0119\u015bciej \u2013 zapewne obok innych te\u017c w rolnictwie. Chozain, chozaj, domow\u0142adjelec, ziemljedjelec s\u0105 pewnie s\u0142owami to\u017csamymi z dzisiejszymi okre\u015bleniami rolnika, ch\u0142opa, gospodarza aczkolwiek<\/span><\/span><span style=\"font-family: Arial,sans-serif;\"><span style=\"font-weight: normal;\">posiadaj\u0105 one swoisty koloryt \u2013 ziemljedielec- cz\u0142owiek robi\u0105cy w ziemi, domow\u0142adjelec \u2013 oznacza kamienicznika, zarz\u0105dc\u0119 domu, ale te\u017c gospodarza. Bednar, bonczar \u2013 bednarz, podmastiere bednara \u2013 podmajster bednarski, litejszik \u2013 odlewnik, giser, tokar \u2013 tokarz (1895), zatjasny so\u0142dat \u2013 zaci\u0119\u017cny \u017co\u0142nierz, robotnik (to s\u0142owo pierwszy raz w 1881), felczer, szwosznik &#8211; krawiec (np. <\/span><\/span><span style=\"font-family: Arial,sans-serif;\"><b>Bie\u0144ko J\u00f3zef<\/b><\/span><span style=\"font-family: Arial,sans-serif;\"><span style=\"font-weight: normal;\">, krawiec W\u0105ski Dunaj (adresy w W-wie 1908), slesar &#8211; \u015blusarz, brukar &#8211; brukarz, stolar &#8211; stolarz, cie\u015bla. Cz\u0119stym zawodem jest szewc czy te\u017c trzewiczkarz &#8211; np. <\/span><\/span><span style=\"font-family: Arial,sans-serif;\"><b>Franciszek Bi\u0144ka<\/b><\/span><span style=\"font-family: Arial,sans-serif;\"><span style=\"font-weight: normal;\"> junior czy te\u017c &#8211; <\/span><\/span><span style=\"font-family: Arial,sans-serif;\"><b>Bie\u0144ka J\u00f3zef<\/b><\/span><span style=\"font-family: Arial,sans-serif;\"><span style=\"font-weight: normal;\">, szewc Towarowa 42 (adresy w Warszawie w 1909 roku) te\u017c przedwojenny zak\u0142ad kamaszniczy na Freta prowadzony przez <\/span><\/span><span style=\"font-family: Arial,sans-serif;\"><span style=\"font-weight: normal;\"><span style=\"background: transparent;\">ciotk\u0119<\/span><\/span><\/span><span style=\"font-family: Arial,sans-serif;\"><span style=\"font-weight: normal;\"> Wac\u0142awa juniora i wielu innych. Ciekawym zawodem jest propinator. Jeden ze \u015bwiadk\u00f3w ma tak\u0105 profesj\u0119. Prawdopodobnie by\u0142 on w\u0142a\u015bcicielem niewielkiej dzia\u0142ki po rozparcelowanym folwarku Czyste. Posiada\u0142 on wykupiony przywilej propinacji. Po wyzwoleniu i parcelacji przywilej ten w formie proporcjonalnej do wielko\u015bci dzia\u0142ki przeszed\u0142 na w\u0142a\u015bcicieli mniejszych dzia\u0142ek.<\/span><\/span><span style=\"font-family: Arial,sans-serif;\"><span style=\"font-weight: normal;\">Je\u015bli miasto dla swoich cel\u00f3w wykupywa\u0142o te dzia\u0142ki p\u0142aci\u0142o dawnym w\u0142a\u015bcicielom za \u00f3w przywilej niewielkie kwoty (Kasprzycki).<\/span><\/span><\/span><\/p>\n<p class=\"western\" lang=\"pl-PL\" align=\"JUSTIFY\"><span style=\"font-family: Times New Roman,serif;\"><span style=\"font-family: Arial,sans-serif;\"><span style=\"font-weight: normal;\">Inne zawody &#8211; w\u0142a\u015bciciel sklepu &#8211; wspomnienie <\/span><\/span><span style=\"font-family: Arial,sans-serif;\"><b>Jana Paw\u0142owskiego<\/b><\/span><span style=\"font-family: Arial,sans-serif;\"><span style=\"font-weight: normal;\"> \u2018\u2019Luba\u0144szczak\u2019\u2019 (z <\/span><\/span><span style=\"font-family: Arial,sans-serif;\"><b>Luba\u0144skich<\/b><\/span><span style=\"font-family: Arial,sans-serif;\"><span style=\"font-weight: normal;\">) &#8211; wspomniany jest przedwojenny sklep Bi\u0144k\u00f3w (zst\u0119pnych Kazimierza) naprzeciw Ogrod\u00f3w Ulrycha. Generalnie z up\u0142ywem czasu zaw\u00f3d wyrobniczy ust\u0119puje miejsca r\u00f3\u017cnym zawodom mniej lub wi\u0119cej stale uprawianym.<\/span><\/span><\/span><\/p>\n<p class=\"western\" lang=\"pl-PL\" align=\"JUSTIFY\"><span style=\"font-family: Times New Roman,serif;\"><span style=\"font-family: Arial,sans-serif;\"><span lang=\"en-US\"><span style=\"font-weight: normal;\">Ciekawie jawi\u0105 si\u0119 akty urodzin <\/span><\/span><\/span><span style=\"font-family: Arial,sans-serif;\"><span lang=\"en-US\"><b>Bi\u0144ki Maryanny<\/b><\/span><\/span><span style=\"font-family: Arial,sans-serif;\"><span lang=\"en-US\"><span style=\"font-weight: normal;\"> (1856) oraz <\/span><\/span><\/span><span style=\"font-family: Arial,sans-serif;\"><span lang=\"en-US\"><b>Bie\u0144ki J\u00f3zefa<\/b><\/span><\/span><span style=\"font-family: Arial,sans-serif;\"><span lang=\"en-US\"><span style=\"font-weight: normal;\"> (1877). Tym urodzonym dzieciom nadano nazwisko akuszerki <\/span><\/span><\/span><span style=\"font-family: Arial,sans-serif;\"><span lang=\"en-US\"><b>Ludwiki Bie\u0144ka<\/b><\/span><\/span><span style=\"font-family: Arial,sans-serif;\"><span lang=\"en-US\"><span style=\"font-weight: normal;\">, <\/span><\/span><\/span><span style=\"font-family: Arial,sans-serif;\"><span lang=\"en-US\"><b>Bi\u0144ka<\/b><\/span><\/span><span style=\"font-family: Arial,sans-serif;\"><span lang=\"en-US\"><span style=\"font-weight: normal;\">, a nie matek czy te\u017c ojc\u00f3w. W jednym przypadku w akcie zanotowano, \u017ce ojciec jest nieznany, a w drugim matka okre\u015blana jest jako niezam\u0119\u017cna. Jest pewne zatem, \u017ce w przypadku jednego dziecka nadano mu nazwisko akuszerki. Z podobnym przypadkiem spotka\u0142 si\u0119 przy swoich rodowych poszukiwaniach genealog Lech Jab\u0142o\u0144ski (informacja ustna).<\/span><\/span><\/span><\/span><\/p>\n<p class=\"western\" lang=\"pl-PL\" align=\"JUSTIFY\"><span style=\"font-family: Times New Roman,serif;\"><span style=\"font-family: Arial,sans-serif;\"><span style=\"font-weight: normal;\">Protoplast\u0105 zdecydowanej wi\u0119kszo\u015bci warszawskich Bie\u0144k\u00f3w\/Bi\u0144k\u00f3w by\u0142 <\/span><\/span><span style=\"font-family: Arial,sans-serif;\"><b>Karol<\/b><\/span><span style=\"font-family: Arial,sans-serif;\"><span style=\"font-weight: normal;\"> urodzony w Iwowym, syn <\/span><\/span><span style=\"font-family: Arial,sans-serif;\"><b>Piotra Bie\u0144ko<\/b><\/span><span style=\"font-family: Arial,sans-serif;\"><span style=\"font-weight: normal;\"> i <\/span><\/span><span style=\"font-family: Arial,sans-serif;\"><b>Salomei Cygan\u00f3wny<\/b><\/span><span style=\"font-family: Arial,sans-serif;\"><span style=\"font-weight: normal;\">.<\/span><\/span><\/span><\/p>\n<p><img decoding=\"async\" src=\"http:\/\/kbinka.vipserv.org\/wp-content\/uploads\/2013\/12\/Bie\u0144ko-Karol-i-Antonina-Kielak-084.jpg\" alt=\"Karol plusAntonina\" \/><\/p>\n<p class=\"western\" lang=\"pl-PL\" align=\"JUSTIFY\"><span style=\"font-family: Times New Roman,serif;\"><span style=\"font-family: Arial,sans-serif;\"><span style=\"font-weight: normal;\">Metryka \u015blubu Karola i Antoniny, 1809, parafia Babice.<\/span><\/span><\/span><\/p>\n<p class=\"western\" lang=\"pl-PL\" align=\"JUSTIFY\"><span style=\"font-family: Times New Roman,serif;\"><span style=\"font-family: Arial,sans-serif;\"><span style=\"font-weight: normal;\">Czy <\/span><\/span><span style=\"font-family: Arial,sans-serif;\"><b>Karol<\/b><\/span><span style=\"font-family: Arial,sans-serif;\"><span style=\"font-weight: normal;\"> zamieszkiwa\u0142 w parafii babickiej przed 1809 rokiem trudno jest ustali\u0107.<\/span><\/span><\/span><\/p>\n<p class=\"western\" lang=\"pl-PL\" align=\"JUSTIFY\"><span style=\"font-family: Times New Roman,serif;\"><span style=\"font-family: Arial,sans-serif;\"><span style=\"font-weight: normal;\">Zapewne by\u0142 tam w roku 1808, gdy\u017c \u015blub bra\u0142 styczniu 1809 roku. Okre\u015blany jest jako w\u0142o\u015bcianin za parobka s\u0142u\u017c\u0105cy (u ch\u0142opa?) &#8211; te\u015bcia? Gdyby by\u0142 s\u0142u\u017c\u0105cym we dworze by\u0142o by to pewnie zaznaczone \u2013 akt jest do\u015b\u0107 wyczerpuj\u0105cy. \u015awiadek w jego metryce Walenty Woziwodzki okre\u015blany jest jako ,,s\u0142u\u017c\u0105cy u gospodarza w G\u00f3rcach za parobka\u2019\u2019. Pierwsze dwoje dzieci <\/span><\/span><span style=\"font-family: Arial,sans-serif;\"><b>Karola<\/b><\/span><span style=\"font-family: Arial,sans-serif;\"><span style=\"font-weight: normal;\"> i <\/span><\/span><span style=\"font-family: Arial,sans-serif;\"><b>Antoniny<\/b><\/span><span style=\"font-family: Arial,sans-serif;\"><span style=\"font-weight: normal;\"> &#8211; <\/span><\/span><span style=\"font-family: Arial,sans-serif;\"><b>Barbara<\/b><\/span><span style=\"font-family: Arial,sans-serif;\"><span style=\"font-weight: normal;\"> i <\/span><\/span><span style=\"font-family: Arial,sans-serif;\"><b>Urszula<\/b><\/span><span style=\"font-family: Arial,sans-serif;\"><span style=\"font-weight: normal;\"> (1809 i 1810) urodzone s\u0105 w G\u00f3rcach &#8211; tam gdzie rodzice wzi\u0119li \u015blub. W akcie urodzin <strong>Barbary<\/strong> podany jest numer 16 \u2013 G\u00f3rce i Karol okre\u015blany jest jako w\u0142o\u015bcianin, a\u00a0<strong>Urszuli<\/strong>\u00a0numer 17, w\u0142o\u015bcianin. G\u00f3rce historyczne czyli Stare po\u0142o\u017cone by\u0142y mi\u0119dzy obecn\u0105 autostrad\u0105 na p\u00f3\u0142nocy, Powsta\u0144c\u00f3w na wschodzie i G\u00f3rczewsk\u0105 na po\u0142udniu.<\/span><\/span><\/span><\/p>\n<p lang=\"pl-PL\" align=\"JUSTIFY\"><a href=\"http:\/\/kbinka.vipserv.org\/wp-content\/uploads\/2018\/05\/marianna-szcze\u015bniew.jpg\"><img loading=\"lazy\" decoding=\"async\" class=\"alignnone size-full wp-image-951\" src=\"http:\/\/kbinka.vipserv.org\/wp-content\/uploads\/2018\/05\/marianna-szcze\u015bniew.jpg\" alt=\"\" width=\"1904\" height=\"878\" srcset=\"https:\/\/k.binka.pl\/wp-content\/uploads\/2018\/05\/marianna-szcze\u015bniew.jpg 1904w, https:\/\/k.binka.pl\/wp-content\/uploads\/2018\/05\/marianna-szcze\u015bniew-300x138.jpg 300w, https:\/\/k.binka.pl\/wp-content\/uploads\/2018\/05\/marianna-szcze\u015bniew-768x354.jpg 768w, https:\/\/k.binka.pl\/wp-content\/uploads\/2018\/05\/marianna-szcze\u015bniew-1024x472.jpg 1024w\" sizes=\"auto, (max-width: 1904px) 100vw, 1904px\" \/><\/a><\/p>\n<p><strong>\u015a. P. <\/strong><strong>Wojciech S\u0142owik, \u017cy\u0142 lat 69, zm. 5 wrze\u015bnia 1908, <\/strong><strong>Franciszka z Bi\u0144k\u00f3w S\u0142owikowa, \u017cy\u0142a lat 64, zm. 20 stycznia 1904 r. <\/strong><strong>\u00a0<\/strong><strong>\u015a. P. <\/strong><strong>Marianna ze Szcze\u015bniewskich, <\/strong><strong>I voto Bi\u0144kowa (\u017cona Andrzeja Bi\u0144ka), II voto Luba\u0144ska, \u017cy\u0142a lat 90? (metryki 86), z<\/strong><strong>m. 23 listopada 1900 r. <\/strong><strong>Gr\u00f3b Cm. Wolski, kw 76<\/strong><\/p>\n<p class=\"western\" align=\"justify\"><span style=\"font-family: 'Times New Roman', serif;\"><span style=\"font-family: Arial, sans-serif;\">\u00a0Nast\u0119pna data &#8211; syn <\/span><span style=\"font-family: Arial, sans-serif;\"><b>Karola<\/b><\/span><span style=\"font-family: Arial, sans-serif;\"> &#8211; <\/span><span style=\"font-family: Arial, sans-serif;\"><b>J\u0119drzej<\/b><\/span><span style=\"font-family: Arial, sans-serif;\"> ur<\/span><span style=\"font-family: Arial, sans-serif;\">odzi\u0142 si\u0119 w<\/span> <span style=\"font-family: Arial, sans-serif;\">1<\/span><span style=\"font-family: Arial, sans-serif;\">813 <\/span><span style=\"font-family: Arial, sans-serif;\">w Warszawie (parafia \u015aw Andrzej \u2013 akt odnalaz\u0142a Pani Dominika Jackowska). Gdzie konkretnie wtedy mieszkali rodzice \u2013 nie wiadomo. \u017bona <\/span><\/span><span style=\"font-family: Arial,sans-serif;\"><span style=\"text-decoration: none;\"><b>J\u0119drzeja<\/b><\/span><\/span><span style=\"font-family: Arial,sans-serif;\"><span style=\"font-weight: normal;\"> \u2013 <\/span><\/span><span style=\"font-family: Arial,sans-serif;\"><span style=\"text-decoration: none;\"><b>Maryanna Szcze\u015bniewska<\/b><\/span><\/span><span style=\"font-family: Arial,sans-serif;\"><span style=\"font-weight: normal;\"> (c\u00f3rka <strong>\u0141ukasza<\/strong> i <strong>Zofii,<\/strong> nagrobek cm Wola, kwarta\u0142 76) \u00a0r\u00f3wnie\u017c mieszka\u0142a w G\u00f3rcach, gdzie zmar\u0142a jej matka, ale p\u00f3\u017aniej mieszka\u0142a ju\u017c z ojcem pod adresem Czyste 10. Nazwisko jej jest znane z G\u00f3rc, gdzie pojawia w aktach pod koniec XVIII wieku w formie <\/span><\/span><span style=\"font-family: Arial,sans-serif;\"><b>Szcze\u015bniak<\/b><\/span><span style=\"font-family: Arial,sans-serif;\"><span style=\"font-weight: normal;\">. W wieku XIX przybiera ona tam ju\u017c cz\u0119sto form\u0119 <\/span><\/span><span style=\"font-family: Arial,sans-serif;\"><b>Szcze\u015bniewska<\/b><\/span><span style=\"font-family: Arial,sans-serif;\"><span style=\"font-weight: normal;\">. <strong>Maryanna Szcze\u015bniewska<\/strong> po wczesnej \u015bmierci <strong>Andrzeja Bie\u0144ko <\/strong>w wieku 39 lat w roku 1852 bierze \u015blub z <strong>Antonim<\/strong> <strong>Luba\u0144skim<\/strong> (synem <strong>Stanis\u0142awa<\/strong> i <strong>Agnieszki<\/strong> <strong>Bie\u0144kowskiej<\/strong>) w 1853 roku. Wszystkie nast\u0119pne dzieci <strong>Karola<\/strong> &#8211; <\/span><\/span><span style=\"font-family: Arial,sans-serif;\"><b>Jan<\/b><\/span><span style=\"font-family: Arial,sans-serif;\"><span style=\"font-weight: normal;\">, <\/span><\/span><span style=\"font-family: Arial,sans-serif;\"><b>Marianna<\/b><\/span><span style=\"font-family: Arial,sans-serif;\"><span style=\"font-weight: normal;\">, <\/span><\/span><span style=\"font-family: Arial,sans-serif;\"><b>J\u00f3zefa<\/b><\/span><span style=\"font-family: Arial,sans-serif;\"><span style=\"font-weight: normal;\">, <\/span><\/span><span style=\"font-family: Arial,sans-serif;\"><b>J\u00f3zef<\/b><\/span><span style=\"font-family: Arial,sans-serif;\"><span style=\"font-weight: normal;\">, <\/span><\/span><span style=\"font-family: Arial,sans-serif;\"><b>Franciszka<\/b><\/span><span style=\"font-family: Arial,sans-serif;\"><span style=\"font-weight: normal;\">, <\/span><\/span><span style=\"font-family: Arial,sans-serif;\"><b>Wawrzyniec<\/b><\/span><span style=\"font-family: Arial,sans-serif;\"><span style=\"font-weight: normal;\">, <\/span><\/span><span style=\"font-family: Arial,sans-serif;\"><b>Wiktoria<\/b><\/span><span style=\"font-family: Arial,sans-serif;\"><span style=\"font-weight: normal;\"> (w okresie 1815 &#8211; 1830) rodz\u0105 si\u0119 w pobliskiej wsi Groty. W akcie urodzin Jana okre\u015blany jest jako komornik zamieszka\u0142y pod numerem 6 w Grotach. W akcie urodzin <strong>J\u00f3zefy <\/strong>(1920) <strong>Karol<\/strong> okre\u015blany jest jako wyrobnik a w akcie urodzin <strong>Marianny<\/strong> jako komornik z Grot\u00f3w. Jak mo\u017cna s\u0105dzi\u0107 tam si\u0119 ma\u0142\u017ce\u0144stwo przenios\u0142o i pewnie \u017cy\u0142o z pracy r\u0119cznej. Groty historyczne umieszczane s\u0105 na starszych mapach w rejonie ulic Czumy, Kossutha i Klemensiewicza. Kiedy\u015b by\u0142y wsi\u0105 specjalizuj\u0105c\u0105 si\u0119 w produkcji grot\u00f3w. Jest zabawne, \u017ce w Iwowem <strong>Bie\u0144kowie<\/strong> cz\u0119sto \u017cenili si\u0119 cz\u0142onkami pewnie pochodz\u0105cymi z Wegier rodziny Kossuth (te\u017c miejscowo\u015b\u0107 o tej nazwie niedaleko Iwowego). <\/span><\/span><span style=\"font-family: Arial,sans-serif;\"><span style=\"font-weight: normal;\">Najwcze\u015bniejsza data migracji poza Groty \u2013 rok 1834 \u2013 to akt \u015blubu <\/span><\/span><span style=\"font-family: Arial,sans-serif;\"><b>J\u0119drzeja<\/b><\/span><span style=\"font-family: Arial,sans-serif;\"><span style=\"font-weight: normal;\"> z <\/span><\/span><span style=\"font-family: Arial,sans-serif;\"><b>Maryann\u0105<\/b><\/span><span style=\"font-family: Arial,sans-serif;\"><span style=\"font-weight: normal;\"> na Czystem 10 z dopiskiem &#8211; przy ojcu zostaj\u0105cy. Wnuk <\/span><\/span><span style=\"font-family: Arial,sans-serif;\"><b>Karola<\/b><\/span><span style=\"font-family: Arial,sans-serif;\"><span style=\"font-weight: normal;\">, a syn <\/span><\/span><span style=\"font-family: Arial,sans-serif;\"><b>Jana<\/b><\/span><span style=\"font-family: Arial,sans-serif;\"><span style=\"font-weight: normal;\"> \u2013 <\/span><\/span><span style=\"font-family: Arial,sans-serif;\"><b>Andrzej,\u00a0<\/b><\/span><span style=\"font-family: Arial,sans-serif;\"><b>Stanis\u0142aw<\/b><\/span><span style=\"font-family: Arial,sans-serif;\"><span style=\"font-weight: normal;\"> rodzi si\u0119 w 1836 u matki na Przyokopowej 3107 B, ale <\/span><\/span><span style=\"font-family: Arial,sans-serif;\"><b>Jan<\/b><\/span><span style=\"font-family: Arial,sans-serif;\"><span style=\"font-weight: normal;\"> mieszka te\u017c na Czystem 10. Mo\u017cna mniema\u0107 zatem, \u017ce <\/span><\/span><span style=\"font-family: Arial,sans-serif;\"><b>Karol<\/b><\/span><span style=\"font-family: Arial,sans-serif;\"><span style=\"font-weight: normal;\"> mi\u0119dzy 1830 rokiem a 1834 przeprowadzi\u0142 si\u0119 na Czyste i mieszka\u0142 tam z dzie\u0107mi. <\/span><\/span><\/p>\n<p class=\"western\" lang=\"pl-PL\"><img decoding=\"async\" src=\"http:\/\/kbinka.vipserv.org\/wp-content\/uploads\/2013\/12\/DSCN9302-Przyokopowa-10-121.jpg\" alt=\"Przyokopowa 1012\" \/><\/p>\n<p align=\"justify\"><span style=\"font-family: Times New Roman,serif;\"><span style=\"font-family: Arial,sans-serif;\"><span style=\"font-weight: normal;\">Adresy Czyste 10 i numer hipoteczny Przyokopowa 3107B czyli Przyokopowa 12 by\u0142y siedliskami tak\u017ce dzisiaj po\u0142o\u017conymi w tym samym miejscu &#8211; a w zasadzie na parceli, gdzie po\u0142o\u017cony jest dogorywaj\u0105cy dzi\u015b budynk (z ko\u0144ca XIX wieku?) &#8211; adres Przyokopowa 10\/12. Na mapie Lindleya z 1897 roku znajduje si\u0119 tam kilka budynk\u00f3w. <\/span>\u015awiadkiem pobytu tam <strong>Bie\u0144k\u00f3w<\/strong> jest rosn\u0105cy ok. 800 m dalej, na Karolkowej, na dziedzi\u0144cu korczakowskiego domu sierot 200-letni <strong>d\u0105b w\u0119gierski<\/strong> (<\/span><span style=\"font-family: Arial,sans-serif;\"><i>Quecrus <\/i><\/span><span style=\"font-family: Arial,sans-serif;\"><i>frainetto<\/i><\/span><span style=\"font-family: Arial,sans-serif;\"> Ten.<\/span><span style=\"font-family: Arial,sans-serif;\">) zwany te\u017c d\u0119bem Korczaka.<\/span><\/span><\/p>\n<p align=\"justify\"><a href=\"http:\/\/kbinka.vipserv.org\/wp-content\/uploads\/2015\/01\/DSCN1211.jpg\"><img loading=\"lazy\" decoding=\"async\" class=\"wp-image-384 alignnone\" src=\"http:\/\/kbinka.vipserv.org\/wp-content\/uploads\/2015\/01\/DSCN1211.jpg\" alt=\"DSCN1211\" width=\"484\" height=\"644\" srcset=\"https:\/\/k.binka.pl\/wp-content\/uploads\/2015\/01\/DSCN1211.jpg 1704w, https:\/\/k.binka.pl\/wp-content\/uploads\/2015\/01\/DSCN1211-768x1024.jpg 768w\" sizes=\"auto, (max-width: 484px) 100vw, 484px\" \/><\/a><\/p>\n<p class=\"western\" lang=\"pl-PL\" style=\"margin-right: -0.1in; widows: 2; orphans: 2;\" align=\"JUSTIFY\">D\u0105b w\u0119gierski, ul. Karolkowa, podw\u00f3rze dawnego domu sierot Korczaka. Stan &#8211; stycze\u0144 2015 tu\u017c po ogrodzeniu posesji.<\/p>\n<p class=\"western\" lang=\"pl-PL\" style=\"margin-right: -0.1in; widows: 2; orphans: 2;\" align=\"JUSTIFY\"><span style=\"font-family: Times New Roman,serif;\"><span style=\"font-family: Arial,sans-serif;\"><span style=\"text-decoration: none;\"><b>Jan Bie\u0144ko <\/b><\/span><\/span><span style=\"font-family: Arial,sans-serif;\"><span style=\"font-weight: normal;\">razem z \u017con\u0105 <\/span><\/span><span style=\"font-family: Arial,sans-serif;\"><b>Mariann\u0105 Bartosiewicz\u00f3wn\u0105<\/b><\/span><span style=\"font-family: Arial,sans-serif;\"><span style=\"font-weight: normal;\"> (\u015blub 1835) mieszka na Czystem 10 do 1841 roku. W roku 1843 w aktach urodzenia jego c\u00f3rki i jej zgonu oraz zgonu \u017cony podany jest adres <\/span><\/span><span style=\"font-family: Arial,sans-serif;\"><b>Jana<\/b><\/span><span style=\"font-family: Arial,sans-serif;\"><span style=\"font-weight: normal;\"> &#8211; Czyste 16. \u017bona zmar\u0142a przy porodzie raczej na pewno &#8211; c\u00f3rka <\/span><\/span><span style=\"font-family: Arial,sans-serif;\"><b>J\u00f3zefa<\/b><\/span><span style=\"font-family: Arial,sans-serif;\"><span style=\"font-weight: normal;\"> kilka dni p\u00f3\u017aniej. Jan jako zatrudnienie podaje w aktach z 1843 w ci\u0105gu miesi\u0105ca jako wyrobnik &#8211; 2x, i czynszownik (pewnie grontu), ale ju\u017c w akcie \u015blubu z <\/span><\/span><span style=\"font-family: Arial,sans-serif;\"><b>Agnieszk\u0105 <\/b><\/span><span style=\"font-family: Arial,sans-serif;\"><b>Drozdakowsk\u0105<\/b><\/span><span style=\"font-family: Arial,sans-serif;\"><span style=\"font-weight: normal;\"> z 14 listopada 1843 roku jako gospodarz zamieszka\u0142y na Czyste 16. W 1836 okre\u015blany jest jako czynszownik, w 1839, 1840 i 1841 jako rolnik. \u015amiertelno\u015b\u0107 w rodzinie <\/span><\/span><span style=\"font-family: Arial,sans-serif;\"><b>Jana<\/b><\/span><span style=\"font-family: Arial,sans-serif;\"><span style=\"font-weight: normal;\"> i <\/span><\/span><span style=\"font-family: Arial,sans-serif;\"><b>Marianny Bartosiewicz\u00f3wny<\/b><\/span><span style=\"font-family: Arial,sans-serif;\"><span style=\"font-weight: normal;\"> i zst\u0119pnych by\u0142a wysoka, szczeg\u00f3lnie m\u0119skich. W zasadzie nazwisko pozosta\u0142o jedynie u zst\u0119pnych jego syna <\/span><\/span><span style=\"font-family: Arial,sans-serif;\"><b>Andrzeja<\/b><\/span><span style=\"font-family: Arial,sans-serif;\"><span style=\"font-weight: normal;\">, <\/span><\/span><span style=\"font-family: Arial,sans-serif;\"><b>Stanis\u0142awa<\/b><\/span><span style=\"font-family: Arial,sans-serif;\"><span style=\"font-weight: normal;\"> \u2013 zamieszkiwali oni Ko\u0142o i Wol\u0119 \u2013 zapewne po parcelacjach maj\u0105tk\u00f3w jako koloni\u015bci, jest to w aktach zaznaczone. Kolejne 10 dzieci <\/span><\/span><span style=\"font-family: Arial,sans-serif;\"><b>Jana<\/b><\/span><span style=\"font-family: Arial,sans-serif;\"><span style=\"font-weight: normal;\"> z jego drug\u0105 \u017con\u0105 <\/span><\/span><span style=\"font-family: Arial,sans-serif;\"><b>Agnieszk\u0105 <\/b><\/span><span style=\"font-family: Arial,sans-serif;\"><b>Drozdakowsk\u0105<\/b><\/span><span style=\"font-family: Arial,sans-serif;\"><span style=\"font-weight: normal;\"> rodzi si\u0119 pod r\u00f3\u017cnymi adresami raczej szybko si\u0119 zmieniaj\u0105cymi &#8211; <\/span><\/span><span style=\"font-family: Arial,sans-serif;\"><b>Stanis\u0142aw<\/b><\/span><span style=\"font-family: Arial,sans-serif;\"><span style=\"font-weight: normal;\"> ?, <\/span><\/span><span style=\"font-family: Arial,sans-serif;\"><b>Helena<\/b><\/span><span style=\"font-family: Arial,sans-serif;\"><span style=\"font-weight: normal;\"> 1845, Czyste 16, ojciec wyrobnik; <\/span><\/span><span style=\"font-family: Arial,sans-serif;\"><b>Aniela<\/b><\/span><span style=\"font-family: Arial,sans-serif;\"><span style=\"font-weight: normal;\"> 1846, Czyste 12, gospodarz; <\/span><\/span><span style=\"font-family: Arial,sans-serif;\"><b>Antonina<\/b><\/span><span style=\"font-family: Arial,sans-serif;\"><span style=\"font-weight: normal;\">, 1848, Wola 12 (w 2016 na Wolskiej 12 prowadzono wykopaliska archeologiczne), wyrobnik; <\/span><\/span><span style=\"font-family: Arial,sans-serif;\"><b>Felix<\/b><\/span><span style=\"font-family: Arial,sans-serif;\"><span style=\"font-weight: normal;\">, 1849 Wola 23 gospodarz; <\/span><\/span><span style=\"font-family: Arial,sans-serif;\"><b>Antoni<\/b><\/span><span style=\"font-family: Arial,sans-serif;\"><span style=\"font-weight: normal;\"> 1851, Wola 16, wyrobnik; <\/span><\/span><span style=\"font-family: Arial,sans-serif;\"><b>Franciszek<\/b><\/span><span style=\"font-family: Arial,sans-serif;\"><span style=\"font-weight: normal;\"> 1852, Wola 93, wyrobnik; <\/span><\/span><span style=\"font-family: Arial,sans-serif;\"><b>Maryanna<\/b><\/span><span style=\"font-family: Arial,sans-serif;\"><span style=\"font-weight: normal;\">, 1853, Ko\u0142o<\/span><\/span><span style=\"font-family: Arial,sans-serif;\"><span style=\"font-weight: normal;\">wyrobnik; <\/span><\/span><span style=\"font-family: Arial,sans-serif;\"><b>Paulina<\/b><\/span><span style=\"font-family: Arial,sans-serif;\"><span style=\"font-weight: normal;\">, 1856, Czyste 12, wyrobnik; <\/span><\/span><span style=\"font-family: Arial,sans-serif;\"><b>Zuzanna<\/b><\/span><span style=\"font-family: Arial,sans-serif;\"><span style=\"font-weight: normal;\">, 1858, Ko\u0142o 20, wyrobnik. By\u0107 mo\u017ce pod s\u0142owem wyrobnik kry\u0142a si\u0119 zmiana sposobu zarobkowania &#8211; dzier\u017cawa ziemi zosta\u0142a zast\u0105piona dora\u017anym zarobkowaniem poza rolnictwem (lub w) &#8211; np. przy zbudowanej w 1844 Kolei Warszawsko-Wiede\u0144skiej czy dworcu towarowym, kt\u00f3ry powstawa\u0142 obok Czystego (bocznice do niego budowano od 1875 roku). Tak\u017ce i w tym zwi\u0105zku \u015bmiertelno\u015b\u0107 by\u0142a du\u017ca \u2013 zmar\u0142o szybko 6 dzieci i nazwisko mog\u0142o tylko pozosta\u0107 w rodzinie <\/span><\/span><span style=\"font-family: Arial,sans-serif;\"><b>Stanis\u0142awa<\/b><\/span><span style=\"font-family: Arial,sans-serif;\"><span style=\"font-weight: normal;\">, o kt\u00f3rego losach nic nie wiadomo. W akcie zgonu c\u00f3rki <\/span><\/span><span style=\"font-family: Arial,sans-serif;\"><b>Jana<\/b><\/span><span style=\"font-family: Arial,sans-serif;\"><span style=\"font-weight: normal;\"> &#8211; <\/span><\/span><span style=\"font-family: Arial,sans-serif;\"><b>Zuzanny<\/b><\/span><span style=\"font-family: Arial,sans-serif;\"><span style=\"font-weight: normal;\"> (1862) &#8211; podany zaw\u00f3d ojca do aktu to cie\u015bla. Podobnie jak w akcie urodzenia jego syna <\/span><\/span><span style=\"font-family: Arial,sans-serif;\"><b>Andrzeja, <\/b><\/span><span style=\"font-family: Arial,sans-serif;\"><b>Stanis\u0142awa<\/b><\/span><span style=\"font-family: Arial,sans-serif;\"><span style=\"font-weight: normal;\"> (ur 1835) i jego c\u00f3rki <\/span><\/span><span style=\"font-family: Arial,sans-serif;\"><b>Maryanny<\/b><\/span><span style=\"font-family: Arial,sans-serif;\"><span style=\"font-weight: normal;\"> z tego samego roku.<\/span><\/span><\/span><\/p>\n<p class=\"western\" lang=\"pl-PL\"><span style=\"font-family: Times New Roman,serif;\"><span style=\"font-family: Arial,sans-serif;\"><span style=\"font-weight: normal;\"><span style=\"background: transparent;\">Drugi syn <\/span><\/span><\/span><span style=\"font-family: Arial,sans-serif;\"><b><span style=\"background: transparent;\">Karola<\/span><\/b><\/span><span style=\"font-family: Arial,sans-serif;\"><span style=\"font-weight: normal;\"><span style=\"background: transparent;\"> i <\/span><\/span><\/span><span style=\"font-family: Arial,sans-serif;\"><b><span style=\"background: transparent;\">Antoniny<\/span><\/b><\/span><span style=\"font-family: Arial,sans-serif;\"><span style=\"font-weight: normal;\"><span style=\"background: transparent;\"> &#8211; <\/span><\/span><\/span><span style=\"font-family: Arial,sans-serif;\"><b><span style=\"background: transparent;\">J\u00f3zef<\/span><\/b><\/span><span style=\"font-family: Arial,sans-serif;\"><span style=\"font-weight: normal;\"><span style=\"background: transparent;\"> &#8211; przez swoje kr\u00f3tkie 35 \u017cycie, po przyje\u017adzie z<\/span><\/span><\/span><span style=\"font-family: Arial,sans-serif;\"><span style=\"font-weight: normal;\"> Grot zwi\u0105zany jest w zasadzie z Czystem, gdzie mieszka pod r\u00f3\u017cnymi adresami, po ma\u0142\u017ce\u0144stwie z <\/span><\/span><span style=\"font-family: Arial,sans-serif;\"><b>Tekl\u0105 Sob\u00f3l<\/b><\/span><span style=\"font-family: Arial,sans-serif;\"><span style=\"font-weight: normal;\"> w 1843 (urodzona na Szcz\u0119\u015blewicach) a\u017c do \u015bmierci w 1858 roku. W aktach metrykalnych jego aktywno\u015b\u0107 zawodowa okre\u015blana jest jako: 1844, Czyste 16, gospodarz; 1845, Czyste 16, komornik; 1847, Czyste wyrobnik; 1845, Czyste 16, komornik; 1850, Ochota, wyrobnik; 1853, Czyste 20, wyrobnik; 1855, Czyste, gospodarz; 1858, Czyste, gospodarz.<\/span><\/span><\/span><\/p>\n<p><span style=\"font-family: Times New Roman,serif;\"><span style=\"font-family: Arial,sans-serif;\"><span style=\"font-weight: normal;\">Co do los\u00f3w ostatniego syna <\/span><\/span><span style=\"font-family: Arial,sans-serif;\"><b>Karola<\/b><\/span><span style=\"font-family: Arial,sans-serif;\"><span style=\"font-weight: normal;\"> i <\/span><\/span><span style=\"font-family: Arial,sans-serif;\"><b>Antoniny<\/b><\/span><span style=\"font-family: Arial,sans-serif;\"><span style=\"font-weight: normal;\"> &#8211; <\/span><\/span><span style=\"font-family: Arial,sans-serif;\"><b>Wawrzy\u0144ca<\/b><\/span><span style=\"font-family: Arial,sans-serif;\"><span style=\"font-weight: normal;\"> \u2013 brak informacji.<\/span><\/span><\/span><\/p>\n<p class=\"western\" lang=\"pl-PL\" style=\"margin-right: -0.1in; widows: 2; orphans: 2;\" align=\"JUSTIFY\"><span style=\"font-family: Times New Roman,serif;\"><span style=\"font-family: Arial,sans-serif;\"><span style=\"font-weight: normal;\">C\u00f3rki <\/span><\/span><span style=\"font-family: Arial,sans-serif;\"><b>Karola i Antoniny<\/b><\/span><span style=\"font-family: Arial,sans-serif;\"><span style=\"font-weight: normal;\"> \u2013 <\/span><\/span><span style=\"font-family: Arial,sans-serif;\"><b>Barbara &#8211;<\/b><\/span><span style=\"font-family: Arial,sans-serif;\"><span style=\"font-weight: normal;\"> zmar\u0142a szybko.\u00a0<\/span><\/span><span style=\"font-family: Arial,sans-serif;\"><span style=\"font-weight: normal;\">Kolejna &#8211; <strong>Urszula Bie\u0144ko<\/strong> &#8211; bierze \u015blub z <strong>Jakubem<\/strong> <strong>Szcze\u015bniewskim <\/strong>(synem<strong> \u0141ukasza<\/strong> i <strong>Zofii Tomaszewskiej <\/strong>sic! Nieustanne przenikanie rodzin) i w 1832 rodzi im si\u0119 syn <strong>Jan<\/strong> u \u015aw. Andrzeja. Nast\u0119pnie dzieci <strong>Urszuli<\/strong> &#8211; na Czystem rodzi si\u0119 <strong>Katarzyna<\/strong> (1834-1866), <strong>Kazimierz<\/strong> (1834-1857), <strong>J\u00f3zef<\/strong> (ur 1838), <strong>Marcin<\/strong> (1843), <strong>Stanislaw<\/strong> (1846-1854), bli\u017aniaki <strong>Micha\u0142<\/strong> (1849 -1849) i <strong>Franciszka<\/strong> (1849 &#8211; 1854). <strong>Jakub Szcze\u015bniewski<\/strong> (zg 1859) by\u0142 bratem <strong>Marianny Szcze\u015bniewskiej <\/strong>(gr\u00f3b W-wa, Wola), \u017cony <strong>Andrzeja<\/strong> <strong>Bie\u0144ka<\/strong> (mojej i mojego pra pra pradziadka\/babci). O c\u00f3rce <strong>Karola i Antoniny<\/strong> &#8211;\u00a0 <\/span><\/span><span style=\"font-family: Arial,sans-serif;\"><b>Franciszce<\/b><\/span><span style=\"font-family: Arial,sans-serif;\"><span style=\"font-weight: normal;\"> nie mam danych, <\/span><\/span><span style=\"font-family: Arial,sans-serif;\"><b>Marianna<\/b><\/span><span style=\"font-family: Arial,sans-serif;\"><span style=\"font-weight: normal;\"> wi\u0105\u017ce si\u0119 na Czystem 1 z <\/span><\/span><span style=\"font-family: Arial,sans-serif;\"><b>J\u00f3zefem <\/b><\/span><span style=\"font-family: Arial,sans-serif;\"><b>Klimkowskim<\/b><\/span><span style=\"font-family: Arial,sans-serif;\"><span style=\"font-weight: normal;\"> &#8211; w 1836 rodzi im si\u0119 syn, co dalej &#8211; nie sprawdza\u0142em. <\/span><\/span><span style=\"font-family: Arial,sans-serif;\"><b>J\u00f3zefa<\/b><\/span><span style=\"font-family: Arial,sans-serif;\"><span style=\"font-weight: normal;\"> wi\u0105\u017ce si\u0119 z <\/span><\/span><span style=\"font-family: Arial,sans-serif;\"><b>J\u00f3zefem <\/b><\/span><span style=\"font-family: Arial,sans-serif;\"><b>Ciark\u0105<\/b><\/span><span style=\"font-family: Arial,sans-serif;\"><span style=\"font-weight: normal;\"> i syn rodzi im si\u0119 w 1846 w Kolonii Jerozolima. Ostatnia c\u00f3rka Karola i Antoniny &#8211; <\/span><\/span><span style=\"font-family: Arial,sans-serif;\"><b>Wiktoria<\/b><\/span><span style=\"font-family: Arial,sans-serif;\"><span style=\"font-weight: normal;\"> wi\u0105\u017ce si\u0119 w 1850 roku z <\/span><\/span><span style=\"font-family: Arial,sans-serif;\"><b>Wawrzy\u0144cem <\/b><\/span><span style=\"font-family: Arial,sans-serif;\"><b>Ciark\u0105<\/b><\/span><span style=\"font-family: Arial,sans-serif;\"><span style=\"font-weight: normal;\"> z Ochoty 3 i tam si\u0119 przenosi rodz\u0105c w nast\u0119pnym roku c\u00f3rk\u0119 \u2013 on wymieniany jest jako gospodarz. <\/span><\/span><\/span><\/p>\n<p class=\"western\" lang=\"pl-PL\" style=\"margin-right: -0.09in; widows: 2; orphans: 2;\" align=\"JUSTIFY\"><span style=\"font-family: Times New Roman,serif;\"><span style=\"font-family: Arial,sans-serif;\"><span style=\"font-weight: normal;\">Syn <\/span><\/span><span style=\"font-family: Arial,sans-serif;\"><b>Karola<\/b><\/span><span style=\"font-family: Arial,sans-serif;\"><span style=\"font-weight: normal;\"> &#8211; <\/span><\/span><span style=\"font-family: Arial,sans-serif;\"><b>Andrzej<\/b><\/span><span style=\"font-family: Arial,sans-serif;\"><span style=\"font-weight: normal;\"> mia\u0142 liczne potomstwo z <\/span><\/span><span style=\"font-family: Arial,sans-serif;\"><b>Maryann\u0105 Szcze\u015bniewsk\u0105 <\/b>(c\u00f3rka <b>Karola &#8211; Urszula &#8211; <\/b>te\u017c wysz\u0142a za m\u0105\u017c za <b>Szcze\u015bniewskiego Jakuba &#8211; <\/b>brata <b>Marianny<\/b>. <strong>Marianna<\/strong> (ur 1814), kt\u00f3rej nagrobek znajduje si\u0119 jeszcze na cmentarzu wolskim, by\u0142a c\u00f3rk\u0105 <strong>\u0141ukasza<\/strong> i <strong>Zofi<\/strong> <strong>Tomaszewskiej<\/strong>\u00a0z G\u00f3rc. Mia\u0142a brata <strong>Jakuba<\/strong> (zg 1859)\u00a0<strong>Kacpra<\/strong> (1809), <strong>Mateusza<\/strong> (1811-1813) i brata bli\u017aniaka <strong>J\u00f3zefa<\/strong> (1814-1817). <span style=\"font-family: Times New Roman,serif;\"><span style=\"font-family: Arial,sans-serif;\"><span style=\"font-weight: normal;\">Pochodzi\u0142a z G\u00f3rc. Po wczesnej \u015bmierci <strong>Andrzeja<\/strong> wychodzi za m\u0105\u017c za <strong>Luba\u0144skiego <\/strong>(z rodzin\u0105 kt\u00f3rych Bie\u0144kowie te\u017c byli po\u017aenieni \u2013 patrz <strong>Piotr<\/strong>, <strong>Mateusz<\/strong> i <strong>J\u00f3zefa<\/strong> <strong>Luba\u0144ska<\/strong>)<strong>.\u00a0<\/strong>. Tam od po\u0142owy XVIII wieku pojawia si\u0119 nazwisko <\/span><\/span><span style=\"font-family: Arial,sans-serif;\"><b>Szcze\u015bniak<\/b><\/span><span style=\"font-family: Arial,sans-serif;\"><span style=\"font-weight: normal;\">, a od pocz\u0105tku XIX wieku <\/span><\/span><span style=\"font-family: Arial,sans-serif;\"><b>Szcze\u015bniewski<\/b><\/span><span style=\"font-family: Arial,sans-serif;\"><span style=\"font-weight: normal;\">. <\/span><\/span><span style=\"font-family: Arial,sans-serif;\"><span style=\"text-decoration: none;\"><b>Katarzyna<\/b><\/span><\/span><span style=\"font-family: Arial,sans-serif;\"><span style=\"font-weight: normal;\"> w 26.11.1854 wychodzi za m\u0105\u017c za wdowca, gospodarza z Ochoty <\/span><\/span><span style=\"font-family: Arial,sans-serif;\"><b>Wojciecha Sado<\/b><\/span><span style=\"font-family: Arial,sans-serif;\"><span style=\"font-weight: normal;\"> w miesi\u0105c po \u015bmierci jego \u017cony <\/span><\/span><span style=\"font-family: Arial,sans-serif;\"><b>Antoniny<\/b><\/span><span style=\"font-family: Arial,sans-serif;\"><span style=\"font-weight: normal;\"> (22.10.54) i narodzinach z ni\u0105 c\u00f3rki <\/span><\/span><span style=\"font-family: Arial,sans-serif;\"><b>Maryanny<\/b><\/span><span style=\"font-family: Arial,sans-serif;\"><span style=\"font-weight: normal;\"> (15.9.1854). Druga c\u00f3rka &#8211; <\/span><\/span><span style=\"font-family: Arial,sans-serif;\"><span style=\"text-decoration: none;\"><b>Bie\u0144ka Franciszka, Helena <\/b>(nagrobek razem z matk\u0105 na cmentarzu wolskim)<\/span><\/span><span style=\"font-family: Arial,sans-serif;\"><span style=\"font-weight: normal;\"> w 1860 wychodzi za m\u0105\u017c za <strong>Wojciecha S\u0142owika<\/strong>. Pozosta\u0142e c\u00f3rki \u2013 <\/span><\/span><span style=\"font-family: Arial,sans-serif;\"><span style=\"text-decoration: none;\"><b>Paulina <\/b><\/span><\/span><span style=\"font-family: Arial,sans-serif;\"><span style=\"text-decoration: none;\"><span style=\"font-weight: normal;\">i <\/span><\/span><\/span><span style=\"font-family: Arial,sans-serif;\"><span style=\"text-decoration: none;\"><b>Ma\u0142gorzata<\/b><\/span><\/span><span style=\"font-family: Arial,sans-serif;\"><span style=\"font-weight: normal;\"> umieraj\u0105 szybko po urodzeniu \u2013 6 tygodni i 5 lat w 1850 i 1852 roku. Syn <\/span><\/span><span style=\"font-family: Arial,sans-serif;\"><b>Andrzeja<\/b><\/span><span style=\"font-family: Arial,sans-serif;\"><span style=\"font-weight: normal;\"> &#8211; <\/span><\/span><span style=\"font-family: Arial,sans-serif;\"><span style=\"text-decoration: none;\"><b>Franciszek Xawery<\/b><\/span><\/span><span style=\"font-family: Arial,sans-serif;\"><span style=\"font-weight: normal;\"> \u2013 jak wynika z inskrypcji na jego istniej\u0105cym grobie na cmentarzu w Babicach, powstaniec 1863, roku \u2013 o\u017ceni\u0142 si\u0119 w 1864 roku z <\/span><\/span><span style=\"font-family: Arial,sans-serif;\"><b>Mariann\u0105 <\/b><\/span><span style=\"font-family: Arial,sans-serif;\"><b>Tomaszewsk\u0105<\/b><\/span><span style=\"font-family: Arial,sans-serif;\"><span style=\"font-weight: normal;\">\u00a0(ur w 1847 r., c. <strong>Stanis\u0142awa<\/strong> i <strong>Marianny<\/strong> <\/span><\/span><span style=\"font-family: Arial,sans-serif;\"><b>Rybiewskich<\/b>)<\/span><span style=\"font-family: Arial,sans-serif;\"><span style=\"font-weight: normal;\">, c\u00f3rk\u0105 gospodarzy z Woli. <\/span><\/span><span style=\"font-family: Arial,sans-serif;\"><b><span style=\"background: transparent;\">Rybiewscy<\/span><\/b><\/span><span style=\"font-family: Arial,sans-serif;\"><span style=\"font-weight: normal;\"><span style=\"background: transparent;\"> od XVIII w zwi\u0105zani z G\u00f3rcami w parafii babickiej. <\/span><\/span><\/span><span style=\"font-family: Arial,sans-serif;\"><b>Franciszek<\/b><\/span><span style=\"font-family: Arial,sans-serif;\"><span style=\"font-weight: normal;\"> okre\u015blany jest jako m\u0142odzian, gospodarz z Woli, tam urodzony. Ale w akcie urodzenia podane jest, \u017ce urodzi\u0142 si\u0119 na Czyste 10. Ma\u0142\u017ce\u0144stwo mieszka w Woli &#8211; pod adresem bli\u017cej nie znanym, gdy\u017c w aktach nazwa ta wyst\u0119puje bez numeru. W aktach narodzin dzieci podawany jest jako gospodarz (1865, 1866), domow\u0142adielec (gospodarz?) &#8211; 1868, 1872. W pozosta\u0142ych aktach jako kolonista z Woli &#8211; 1870, 1873, 1877, 1879, 1881. W akcie urodzin <\/span><\/span><span style=\"font-family: Arial,sans-serif;\"><b>W\u0142adys\u0142awa<\/b><\/span><span style=\"font-family: Arial,sans-serif;\"><span style=\"font-weight: normal;\">, <\/span><\/span><span style=\"font-family: Arial,sans-serif;\"><b>Adama<\/b><\/span><span style=\"font-family: Arial,sans-serif;\"><span style=\"font-weight: normal;\"> \u2013 1885 \u2013 figuruje jako gospodarz z G\u00f3rc, a \u015bmierci c\u00f3rki <\/span><\/span><span style=\"font-family: Arial,sans-serif;\"><b>Waleri<\/b><\/span><span style=\"font-family: Arial,sans-serif;\"><span style=\"font-weight: normal;\"> 1887, G\u00f3rce. W aktach urodze\u0144 jego najm\u0142odszych syn\u00f3w &#8211; <\/span><\/span><span style=\"font-family: Arial,sans-serif;\"><b>Kazimierza<\/b><\/span><span style=\"font-family: Arial,sans-serif;\"><span style=\"font-weight: normal;\"> i <\/span><\/span><span style=\"font-family: Arial,sans-serif;\"><b>J\u00f3zefa<\/b><\/span><span style=\"font-family: Arial,sans-serif;\"><span style=\"font-weight: normal;\"> (1883 i 1891) jako miejsce ich urodzenia podawana jest parafia Babice, G\u00f3rce. Mieszkali oni zatem finalnie w G\u00f3rcach, gdy\u017c w akcie \u015blubu jego syna &#8211; <\/span><\/span><span style=\"font-family: Arial,sans-serif;\"><b>Wac\u0142awa <\/b><\/span><span style=\"font-family: Arial,sans-serif;\"><b>Bi\u0144ka<\/b><\/span><span style=\"font-family: Arial,sans-serif;\"><span style=\"font-weight: normal;\"> z 1897 roku podane jest jego miejsce pobytu &#8211; przy rodzicach w G\u00f3rcach. R\u00f3wnie\u017c w akcie \u015blubu z 1895 roku jego drugiego syna &#8211; <\/span><\/span><span style=\"font-family: Arial,sans-serif;\"><b>Franciszka <\/b><\/span><span style=\"font-family: Arial,sans-serif;\"><b>Bi\u0144ki<\/b><\/span><span style=\"font-family: Arial,sans-serif;\"><span style=\"font-weight: normal;\"> i <\/span><\/span><span style=\"font-family: Arial,sans-serif;\"><b>Anieli <\/b><\/span><span style=\"font-family: Arial,sans-serif;\"><b>Grzechnik<\/b><\/span><span style=\"font-family: Arial,sans-serif;\"><span style=\"font-weight: normal;\"> rodzice s\u0105 okre\u015blani jako gospodarze z G\u00f3rc. Zdaniem <\/span><\/span><span style=\"font-family: Arial,sans-serif;\"><b>Ireny W\u0142odarczyk, <\/b><\/span><span style=\"font-family: Arial,sans-serif;\"><b>Franciszek 1<\/b><\/span><span style=\"font-family: Arial,sans-serif;\"><span style=\"font-weight: normal;\"> kupi\u0142 gospodarstwo od niejakiego <\/span><\/span><span style=\"font-family: Arial,sans-serif;\"><b>Krawczy\u0144skiego<\/b><\/span><span style=\"font-family: Arial,sans-serif;\"><span style=\"font-weight: normal;\"> (jego c\u00f3rki by\u0142y kole\u017cnakami <\/span><\/span><span style=\"font-family: Arial,sans-serif;\"><b>Ireny<\/b><\/span><span style=\"font-family: Arial,sans-serif;\"><span style=\"font-weight: normal;\">) w G\u00f3rcach kolonii, a nie G\u00f3rcach Starych. By\u0142o to niedaleko p\u0119tli autobusowej i przydro\u017cnego krzy\u017ca po lewej (chyba po prawej, na Siodlarskiej)<\/span><\/span><\/span><\/span><\/span><span style=\"font-family: Times New Roman,serif;\"><span style=\"font-family: Arial,sans-serif;\"><span style=\"font-family: Times New Roman,serif;\"><span style=\"font-family: Arial,sans-serif;\"><span style=\"font-weight: normal;\"> stronie id\u0105c do Babic. W G\u00f3rcach mieszkaj\u0105 potem jego synowie \u2013 <strong>Stanis\u0142aw<\/strong>, <strong>Franciszek<\/strong> i <strong>Wojciech<\/strong> \u2013 w okolicach i na Siodlarskiej. A tak\u017ce <strong>Wawrzyniec<\/strong> \u2013 ale dalej na po\u0142udnie..<\/span><\/span><\/span><\/span><\/span><\/p>\n<p class=\"western\" lang=\"pl-PL\"><span style=\"font-family: Times New Roman,serif;\"><span style=\"font-family: Arial,sans-serif;\"><span style=\"font-weight: normal;\">Z grobu <\/span><\/span><span style=\"font-family: Arial,sans-serif;\"><b>Franciszka<\/b><\/span><span style=\"font-family: Arial,sans-serif;\"><span style=\"font-weight: normal;\"> i <\/span><\/span><span style=\"font-family: Arial,sans-serif;\"><b>Marianny<\/b><\/span><span style=\"font-family: Arial,sans-serif;\"><span style=\"font-weight: normal;\"> zosta\u0142 wyrwany z piaskowcowej podstawy kuty krzy\u017c. <\/span><\/span><span style=\"font-family: Arial,sans-serif;\"><span style=\"font-weight: normal;\">(Napis na dawnej p\u0142ycie piaskowcowej &#8211; <\/span><\/span><span style=\"font-family: Arial,sans-serif;\"><b>Franciszek Bi\u0144ka<\/b><\/span><span style=\"font-family: Arial,sans-serif;\"><span style=\"font-weight: normal;\"> \u017cy\u0142 lat 87 zm. 13.02.1919, powstaniec styczniowy, <\/span><\/span><span style=\"font-family: Arial,sans-serif;\"><b>Marianna<\/b><\/span><span style=\"font-family: Arial,sans-serif;\"><span style=\"font-weight: normal;\"> \u017cy\u0142a lat 56). W<\/span><\/span><span style=\"font-family: Arial,sans-serif;\"><span style=\"font-weight: normal;\"><span style=\"background: transparent;\">-g <\/span><\/span><\/span><span style=\"font-family: Arial,sans-serif;\"><b><span style=\"background: transparent;\">Stefanii Bie\u0144ka<\/span><\/b><\/span><span style=\"font-family: Arial,sans-serif;\"><span style=\"font-weight: normal;\"><span style=\"background: transparent;\">, (ur 1926) gr\u00f3b <\/span><\/span><\/span><span style=\"font-family: Arial,sans-serif;\"><b><span style=\"background: transparent;\">Marianny<\/span><\/b><\/span><span style=\"font-family: Arial,sans-serif;\"><span style=\"font-weight: normal;\"><span style=\"background: transparent;\"> jest symboliczny, a jest ona pochowana w innym miejscu (wspomina\u0142a Pow\u0105zki). Zmar\u0142a jednak chyba w parafii babickiej gdy\u017c zmar\u0142a w 1903 w tej\u017ce parafii, co odnotowa\u0142y ksi\u0119gi.<\/span><\/span><\/span><span style=\"font-family: Arial,sans-serif;\"><span style=\"font-weight: normal;\"> Prawdopodobnie <\/span><\/span><span style=\"font-family: Arial,sans-serif;\"><b>Franciszek<\/b><\/span><span style=\"font-family: Arial,sans-serif;\"><span style=\"font-weight: normal;\">, <\/span><\/span><span style=\"font-family: Arial,sans-serif;\"><b>Xawery<\/b><\/span><span style=\"font-family: Arial,sans-serif;\"><span style=\"font-weight: normal;\"> uciek\u0142 przed brank\u0105 jak wielu innych z Warszawy i okolic do oddzia\u0142\u00f3w w Puszczy Kampinowskiej. Staraniem wnuczka <\/span><\/span><span style=\"font-family: Arial,sans-serif;\"><b>Mariana Bi\u0144ka<\/b><\/span><span style=\"font-family: Arial,sans-serif;\"><span style=\"font-weight: normal;\"> i <\/span><\/span><span style=\"font-family: Arial,sans-serif;\"><b>Stefanii Bi\u0144ka<\/b><\/span><span style=\"font-family: Arial,sans-serif;\"><span style=\"font-weight: normal;\"> gr\u00f3b zosta\u0142 odnowiony i ufundowana nowa p\u0142yta \u2013 z ty\u0142u pozostawiono piaskowcow\u0105 podstaw\u0119 dawnego krzy\u017ca z napisem.<\/span><\/span><\/span><\/p>\n<p class=\"western\" lang=\"pl-PL\" align=\"JUSTIFY\"><span style=\"font-family: Times New Roman,serif;\"><span style=\"font-family: Arial,sans-serif;\"><b>Franciszek Xawery<\/b><\/span><span style=\"font-family: Arial,sans-serif;\"><span style=\"font-weight: normal;\"> mia\u0142 firm\u0119 transportow\u0105. Poniewa\u017c posiada\u0142 du\u017co koni &#8211; wynajmowa\u0142 je do ci\u0105gni\u0119cia tramwaj\u00f3w konnych. By\u0107 mo\u017ce tego, kt\u00f3ry kursowa\u0142 ulic\u0105 Wolsk\u0105. W 1899 i w 1905 roku kursowa\u0142a tam \u017c\u00f3\u0142to-niebieska 10-tka (wg &#8211; http:\/\/tramwar3.republika.pl\/twkonne.html) kursuj\u0105ca od cm prawos\u0142awnego na <\/span><\/span><span style=\"font-family: Arial,sans-serif;\"><span style=\"font-weight: normal;\">Mokot\u00f3w. Po elektryfikacji w 1908 roku do 1912 roku tramwaje konne je\u017adzi\u0142y tylko na linii od M\u0142ynarskiej do cmentarza prawos\u0142awnego. Linia to zosta\u0142a w tym roku zmodyfikowana z ko\u0144cowym odcinkiem nie na Wolskiej a na Nowowolskiej, obecnie Staszica. Tramwaje konne kursowa\u0142y tam do 1914 roku. <\/span><\/span><\/span><\/p>\n<p class=\"western\" lang=\"pl-PL\" align=\"JUSTIFY\"><span style=\"font-family: Times New Roman,serif;\"><span style=\"font-family: Arial,sans-serif;\"><b><span style=\"background: transparent;\">Franciszek<\/span><\/b><\/span><span style=\"font-family: Arial,sans-serif;\"><span style=\"font-weight: normal;\"> i <\/span><\/span><span style=\"font-family: Arial,sans-serif;\"><b>Marianna<\/b><\/span><span style=\"font-family: Arial,sans-serif;\"><span style=\"font-weight: normal;\"> z powodu du\u017cej liczby dzieci i gospodarstwa zatrudnili do pomocy trzy panie do prac domowych. W jesieni \u017cycia, po \u015bmierci <\/span><\/span><span style=\"font-family: Arial,sans-serif;\"><b>Marianny<\/b><\/span><span style=\"font-family: Arial,sans-serif;\"><span style=\"font-weight: normal;\">\u00a0w 1903 roku rodze\u0144stwo zach\u0119ci\u0142o <\/span><\/span><span style=\"font-family: Arial,sans-serif;\"><b>Franciszka I<\/b><\/span><span style=\"font-family: Arial,sans-serif;\"><span style=\"font-weight: normal;\"> do ponownego o\u017cenku, tym razem z jego gospodyni\u0105.Zmaterializowa\u0142o si\u0119 to uczucie m\u0142odych w 1907 roku gdy <strong>Franciszek <\/strong>zawar\u0142 \u015blub w Babicach z wdow\u0105 <strong>Paulin\u0105 <\/strong><strong>Klimczak <\/strong>(domo <strong>Bonkiewicz<\/strong>). Ma\u0142\u017conkowie potomstwa si\u0119 nie doczekali. \u00a0<\/span><\/span><\/span><\/p>\n<p class=\"western\" lang=\"pl-PL\" align=\"JUSTIFY\"><span style=\"font-family: Times New Roman,serif;\"><span style=\"font-family: Arial,sans-serif;\"><b>Franciszek I<\/b><\/span><span style=\"font-family: Arial,sans-serif;\"><span style=\"font-weight: normal;\"> kupowa\u0142 korzystnie ziemi\u0119 od migruj\u0105cych Rosjan, kt\u00f3rzy po I wojnie \u015bwiatowej wyje\u017cd\u017cali z Warszawy. Ziemia ta przesz\u0142a w spadku na jego dzieci.<\/span><\/span><\/span><\/p>\n<p class=\"western\" lang=\"pl-PL\" align=\"JUSTIFY\"><a href=\"http:\/\/kbinka.vipserv.org\/wp-content\/uploads\/2015\/07\/Bi\u0144ka-Wac\u0142aw-1905-2749-.jpg\"><img loading=\"lazy\" decoding=\"async\" class=\"alignnone size-full wp-image-421\" src=\"http:\/\/kbinka.vipserv.org\/wp-content\/uploads\/2015\/07\/Bi\u0144ka-Wac\u0142aw-1905-2749-.jpg\" alt=\"Bi\u0144ka Wac\u0142aw 1905 2749\" width=\"2292\" height=\"1140\" srcset=\"https:\/\/k.binka.pl\/wp-content\/uploads\/2015\/07\/Bi\u0144ka-Wac\u0142aw-1905-2749-.jpg 2292w, https:\/\/k.binka.pl\/wp-content\/uploads\/2015\/07\/Bi\u0144ka-Wac\u0142aw-1905-2749--300x149.jpg 300w, https:\/\/k.binka.pl\/wp-content\/uploads\/2015\/07\/Bi\u0144ka-Wac\u0142aw-1905-2749--1024x509.jpg 1024w\" sizes=\"auto, (max-width: 2292px) 100vw, 2292px\" \/><\/a><\/p>\n<p class=\"western\" lang=\"pl-PL\" align=\"JUSTIFY\">Akt urodzenia Wac\u0142awa Bi\u0144ka syna Wac\u0142awa Bi\u0144ka z 1905 roku.<\/p>\n<p class=\"western\" lang=\"pl-PL\" align=\"JUSTIFY\"><span style=\"font-family: Times New Roman,serif;\"><span style=\"font-family: Arial,sans-serif;\"><span style=\"font-weight: normal;\">Wspomniany powy\u017cej syn <\/span><\/span><span style=\"font-family: Arial,sans-serif;\"><b>Franciszka<\/b><\/span><span style=\"font-family: Arial,sans-serif;\"><span style=\"font-weight: normal;\"> &#8211; <\/span><\/span><span style=\"font-family: Arial,sans-serif;\"><span style=\"text-decoration: underline;\"><b>Wac\u0142aw Bi\u0144ka<\/b><\/span><\/span><span style=\"font-family: Arial,sans-serif;\"><span style=\"font-weight: normal;\">, urodzony na Kole (o blond w\u0142osach) zamieszkiwa\u0142 z rodzin\u0105 na ulicy Karli\u0144skiego 4 pr<\/span><\/span><span style=\"font-family: Arial,sans-serif;\"><span style=\"font-weight: normal;\"><span style=\"background: transparent;\">zy Wolskiej razem z \u017con\u0105 <\/span><\/span><\/span><span style=\"font-family: Arial,sans-serif;\"><b><span style=\"background: transparent;\">Jadwig\u0105<\/span><\/b><\/span><span style=\"font-family: Arial,sans-serif;\"><b><span style=\"background: transparent;\"> Zab\u0142otniak <\/span><\/b><span style=\"background: transparent;\">(c.<\/span> <b><span style=\"background: transparent;\"><strong>Jana Zab\u0142otniaka <\/strong><\/span><\/b><span style=\"background: transparent;\">i<\/span><b><span style=\"background: transparent;\"> <strong>Marianny Chojeckiej) <\/strong><\/span><\/b><span style=\"background: transparent;\">urodzon\u0105 na Woli (parafia \u015aw. Stanis\u0142aw)<\/span><\/span><span style=\"font-family: Arial,sans-serif;\"><span style=\"font-weight: normal;\"><span style=\"background: transparent;\">, posiadaj\u0105c kilkuhektarowe gospodarstwo ogrodnicze. Rodzina Zab\u0142otniak wywodzi\u0142a si\u0119 z okolic O\u017carowa (O\u0142tarzew, Koprki &#8211; parafia \u017bbik\u00f3w), gdzie jest centrum nazwiska (koniec XVIII i XIX wiek) &#8211; patrz rodzina Zab\u0142otniak. Z kolei jej mama zwi\u0105zana by\u0142a z \u017beraniem. <\/span><\/span><\/span><span style=\"font-family: Arial,sans-serif;\"><b><span style=\"background: transparent;\">Wac\u0142aw<\/span><\/b><\/span><span style=\"font-family: Arial,sans-serif;\"><span style=\"font-weight: normal;\"><span style=\"background: transparent;\"> mieszka pod numerem hipotecznym &#8211; <\/span><\/span><\/span><span style=\"font-family: Arial,sans-serif;\"><span style=\"font-weight: normal;\"><span style=\"background: transparent;\">46 EMF kol Wola 632 \u2013 ab\/143 oraz 48 EMF kol Wola 634\/35145 &#8211; wymieniany jest w ksi\u0119dze adresowej Warszawy na rok 1930 jako ogrodnik. Ale po \u015blubie, w aktach urodze\u0144 dzieci podawany jest jako gospodarz z Ko\u0142a (1898), Woli (1899 i 1900), Ko\u0142a (1905) i Woli (1908 i 1910 w akcie ponownego \u015blubu). W akcie \u015blubu <\/span><\/span><\/span><span style=\"font-family: Arial,sans-serif;\"><b><span style=\"background: transparent;\">Ludwika Bi\u0144ka<\/span><\/b><\/span><span style=\"font-family: Arial,sans-serif;\"><span style=\"font-weight: normal;\"><span style=\"background: transparent;\"> z 1912 roku podawany jest jako szewc. Czyli w\u0119drowa\u0142. Ulica Karli\u0144skiego (do 1916 Zielona, gdy\u017c dominowa\u0142y tam ogrody i nieliczne domy), brukowana przed wojn\u0105 wzi\u0119\u0142a nazw\u0119 od Kacpra Karli\u0144skiego (XVI w.) burgrabiego zamku w Olsztynie k. Cz\u0119stochowy &#8211; dow\u00f3dcy jego obrony podczas najazdu arcyksi\u0119cia austriackiego Maksymiliana w 1588 roku. Ulica ta by\u0142a zasiedlana licznie przez ludno\u015b\u0107 \u017cydowsk\u0105 &#8211; jak wynika z nazwisk w\u0142a\u015bcicieli dzia\u0142ek. Na ulicy Karli\u0144skiego 25 <\/span><\/span><\/span><span style=\"font-family: Arial,sans-serif;\"><span style=\"font-weight: normal;\"><span style=\"background: transparent;\">dzia\u0142k\u0119 posiada\u0142 Chaskiel Gr\u00fcnberg, kt\u00f3r\u0105 podarowa\u0142 gminie \u017cydowskiej. Na tej i s\u0105si<\/span><\/span><\/span><span style=\"font-family: Arial,sans-serif;\"><span style=\"font-weight: normal;\">edniej parceli mia\u0142a powsta\u0107 na pocz. XX w. bo\u017cnica (info int). \u201ePoparli go w religijnej gorliwo\u015bci s\u0105siedzi Rosenstrauch i Blejwas, kt\u00f3rzy wykupili pod b\u00f3\u017cnic\u0119 poblisk\u0105 dzia\u0142k\u0119 <\/span><\/span><span style=\"font-family: Arial,sans-serif;\"><span style=\"font-weight: normal;\">Mierzejewskich. W \u015brodowisku \u017cydowskim Woli zbierano pieni\u0105dze, szukano architekta z tych samych kr\u0119g\u00f3w, gotowego wykona\u0107 projekt bezp\u0142atnie\u201d \u2013 Jerzy Kasprzycki. Pewnym jest, \u017ce obok skrzy\u017cowania Sowi\u0144skiego i Karli\u0144skiego w p\u00f3\u0142nocno-zachodnim naro\u017cniku (po skosie do parceli 628 AB) istnia\u0142a bo\u017cnica, gdy\u017c w 1939 zosta\u0142a zniszczona &#8211; jak wynika ze wspomnie\u0144 <\/span><\/span><span style=\"font-family: Arial,sans-serif;\"><b>Henryka Bi\u0144ka<\/b><\/span><span style=\"font-family: Arial,sans-serif;\"><span style=\"font-weight: normal;\">. Jak opisuje to Przemys\u0142aw M. Burkiewicz przy Karli\u0144skiego znajdowa\u0142a si\u0119 te\u017c fabryka lemoniady Lucyny Sary Guzik i Jana Iwa\u0144skiego, przej\u0119ta p\u00f3\u017aniej przez Towarzystwo Handlowo-Przemys\u0142owe \u201ePlon S.A.\u201d, a na dzia\u0142ce 28 laboratorium chemiczne. Na prze\u0142omie wiek\u00f3w mieszka\u0144cy parafii \u015aw. Stanis\u0142awa (na Ko\u015bcielnej \u2013 dzi\u015b Bema) gremialnie w czasie odpust\u00f3w odwiedzali tzw Lasek na Czystem, ze stawem, na skrzy\u017cowaniu dzisiejszych ulic Kasprzaka i Bema. By\u0142a tam restauracja, staw z \u0142\u00f3dkami i szereg innych uciech m.in. piwo po 3 kopiejki (Kasprzycki). Szczeg\u00f3lnie 8 maja w czasie odpustu \u015aw. Stanis\u0142awa. <\/span><\/span><span style=\"font-family: Arial,sans-serif;\"><span style=\"font-weight: normal;\"><span style=\"background: transparent;\">Ulic\u0119 Wolsk\u0105 i fragment Karli\u0144skiego mi\u0119dzy Sowi\u0144skiego i Sieradzk\u0105 we wrze\u015bniu 1939 wida\u0107 z lotu ptaka na filmie Pocz\u0105tek (autor Ka\u0142uszko &#8211; 2012) \u2013 od 9 minuty filmu. D<\/span><\/span><\/span><span style=\"font-family: Arial,sans-serif;\"><span style=\"font-weight: normal;\">zia\u0142ki <\/span><\/span><span style=\"font-family: Arial,sans-serif;\"><span style=\"text-decoration: underline;\"><b>Wac\u0142awa Bi\u0144ki<\/b><\/span><\/span><span style=\"font-family: Arial,sans-serif;\"><span style=\"font-weight: normal;\"> zaczyna\u0142y si\u0119 dalej na wsch\u00f3d maj\u0105c adres Karli\u0144skiego 4 (hipoteczny 632 ab\/143). Same siedlisko znajdowa\u0142o si\u0119 w-g <\/span><\/span><span style=\"font-family: Arial,sans-serif;\"><b>Henryka Bi\u0144ki<\/b><\/span><span style=\"font-family: Arial,sans-serif;\"><span style=\"font-weight: normal;\"> i jak wynika to ze zdj\u0119cia lotniczego z 1945 roku, mi\u0119dzy dwoma gliniankami. Mo\u017cna by\u0142o do niej doj\u015b\u0107 id\u0105c po przekroczeniu Sowi\u0144skiego ok. 140 m na wsch\u00f3d, mijaj\u0105c po prawej glinianki i skr\u0119caj\u0105c lekko na SE. Z drugiej strony wyd\u0142u\u017conej dzia\u0142ki, kt\u00f3ra dochodzi\u0142a do Jana Kazimierza r\u00f3wnie\u017c znajdowa\u0142y si\u0119 glinianki. Od posesji prowadzi\u0142a te\u017c polna droga biegn\u0105ca na po\u0142udnie do Jana Kazimierza. Ten numer hipoteczny mia\u0142 sw\u00f3j dalszy ci\u0105g na po\u0142udnie po przeci\u0119ciu Jana Kazimierza, ale pole <\/span><\/span><span style=\"font-family: Arial,sans-serif;\"><span style=\"font-weight: normal;\">by\u0142o lekko przesuni\u0119te ku zachodowi (tylko cz\u0119\u015bciowo w swym biegu si\u0119 zaz\u0119bia\u0142y). <\/span><\/span><span style=\"font-family: Arial,sans-serif;\"><span style=\"font-weight: normal;\">Nast\u0119pna dzia\u0142ka o numerze 634\/635\/145 (za ma\u0142ymi gliniankami) mia\u0142a r\u00f3wnie\u017c po\u0142udnikowy przebieg i dochodzi\u0142a do Jana Kazimierza.\u00a0Na zdj\u0119ciu lotniczym z 1935 (i planie z 1936 r.) roku wida\u0107 pozycj\u0119 zabudowa\u0144 przeci\u0119tych sko\u015bnie przez podw\u00f3rkow\u0105 drog\u0119, kontynuuj\u0105c\u0105 si\u0119 do Jana Kazimierza. Obok zabudowa\u0144 znajduj\u0105 si\u0119 zapewne jakie\u015b mniejsze konstrukcje (inspekty?) i ogrodowe uprawy. I pewnie wielka grusza (patrz poni\u017cej). <\/span><\/span><span style=\"font-family: Arial,sans-serif;\"><span style=\"font-weight: normal;\">Zar\u00f3wno na jednej jak i na drugiej, na planie hipotecznym 1936 \u2013 1940 zaznaczone s\u0105 jakie\u015b zabudowania. Jednak na zdj\u0119ciu z 1945 roku, na dzia\u0142ce 634&#8230; zabudowa\u0144 ju\u017c nie ma, a na dzia\u0142ce 632ab\/143 s\u0105 w miejscu budynk\u00f3w zakrzaczenia.\u00a0Na zdj\u0119ciu z 1936 roku na dzia\u0142kach Wac\u0142awa, jak te\u017c wszystkich w okolicy wida\u0107 jest rz\u0119dy upraw warzywnych. Ziemie po\u0142o\u017cone bli\u017cej linii kolejowej dzier\u017cawi\u0142 od innych w\u0142a\u015bcicieli. Obok posesji <\/span><\/span><span style=\"font-family: Arial,sans-serif;\"><span style=\"text-decoration: underline;\"><b>Wac\u0142awa I <\/b><\/span><\/span><span style=\"font-family: Arial,sans-serif;\"><span style=\"font-weight: normal;\">znajdowa\u0142a si\u0119 cegielnia z du\u017cym kominem oraz posesja obywatela nazywanego z racji pochodzenia Litwinem. Litwin ten kupi\u0142 gliniank\u0119 i cz\u0119\u015bciowo j\u0105 zasypa\u0142 od strony po\u0142udniowej. Wybudowa\u0142 tam \u0142adny dom i posadzi\u0142 sad. W stawie hodowa\u0142 ryby regularnie pod\u0142awiane przez niekt\u00f3re dzieci Bi\u0144k\u00f3w. W czasie du\u017cych opad\u00f3w woda p\u0142yn\u0105ca Wolsk\u0105 (rowami j\u0105 okalaj\u0105cymi) wlewa\u0142a si\u0119 przez Sowi\u0144skiego na Karli\u0144skiego do stawu Litwina. <\/span><\/span><\/span><\/p>\n<p class=\"western\" lang=\"pl-PL\" align=\"JUSTIFY\"><span style=\"font-family: Times New Roman,serif;\"><span style=\"font-family: Arial,sans-serif;\">Cegielnia \u2013 jej komin zosta\u0142y wysadzone w powietrze ju\u017c w niepodleg\u0142ej Polsce po I wojnie \u015bwiatowej. Za cegielni\u0105, ale po drugiej stronie Wolskiej, id\u0105c w stron\u0119 przedwojennego komisariatu (znajduj\u0105cego si\u0119 mi\u0119dzy ko\u015bcio\u0142em \u015aw. Wawrzy\u0144ca a ko\u0144cem cmentarza prawos\u0142awnego) znajdowa\u0142 si\u0119 sklep <\/span><span style=\"font-family: Arial,sans-serif;\"><b>W\u0142adys\u0142awa<\/b><\/span><span style=\"font-family: Arial,sans-serif;\"> i <\/span><span style=\"font-family: Arial,sans-serif;\"><b>Genowefy Bi\u0144k\u00f3w<\/b><\/span><span style=\"font-family: Arial,sans-serif;\"> &#8211; o czy poni\u017cej.<\/span><\/span><\/p>\n<p class=\"western\" lang=\"pl-PL\" align=\"JUSTIFY\"><a href=\"http:\/\/kbinka.vipserv.org\/wp-content\/uploads\/2015\/06\/groby.jpg\"><img loading=\"lazy\" decoding=\"async\" class=\"alignnone size-full wp-image-400\" src=\"http:\/\/kbinka.vipserv.org\/wp-content\/uploads\/2015\/06\/groby.jpg\" alt=\"groby\" width=\"2059\" height=\"774\" srcset=\"https:\/\/k.binka.pl\/wp-content\/uploads\/2015\/06\/groby.jpg 2059w, https:\/\/k.binka.pl\/wp-content\/uploads\/2015\/06\/groby-300x112.jpg 300w, https:\/\/k.binka.pl\/wp-content\/uploads\/2015\/06\/groby-1024x384.jpg 1024w\" sizes=\"auto, (max-width: 2059px) 100vw, 2059px\" \/><\/a><\/p>\n<p class=\"western\" lang=\"pl-PL\" align=\"JUSTIFY\">Gr\u00f3b Franciszka Bi\u0144ki I i Marianny Tomaszewskiej w Babicach Starych.<\/p>\n<p class=\"western\" lang=\"pl-PL\" align=\"JUSTIFY\"><a href=\"http:\/\/kbinka.vipserv.org\/wp-content\/uploads\/2016\/11\/alfa.jpg\"><img loading=\"lazy\" decoding=\"async\" class=\"alignnone size-full wp-image-486\" src=\"http:\/\/kbinka.vipserv.org\/wp-content\/uploads\/2016\/11\/alfa.jpg\" alt=\"alfa\" width=\"1166\" height=\"382\" srcset=\"https:\/\/k.binka.pl\/wp-content\/uploads\/2016\/11\/alfa.jpg 1166w, https:\/\/k.binka.pl\/wp-content\/uploads\/2016\/11\/alfa-300x98.jpg 300w, https:\/\/k.binka.pl\/wp-content\/uploads\/2016\/11\/alfa-1024x335.jpg 1024w\" sizes=\"auto, (max-width: 1166px) 100vw, 1166px\" \/><\/a><\/p>\n<p class=\"western\" lang=\"pl-PL\" align=\"JUSTIFY\">Od lewej &#8211; Bi\u0144ka Czes\u0142aw, wnuk Wac\u0142awa I, syn Wac\u0142awa II, prawnuk Franciszka I. Bi\u0144ka Jadwiga (z. Stefa\u0144ska), ma\u0142\u017conka Czes\u0142awa. Jerzy Bi\u0144ka &#8211; syn Czes\u0142awa. Krzysztof Bi\u0144ka &#8211; syn Czes\u0142awa, autor strony.<b><br \/>\n<\/b><\/p>\n<p class=\"western\" lang=\"pl-PL\" align=\"JUSTIFY\"><a href=\"http:\/\/kbinka.vipserv.org\/wp-content\/uploads\/2014\/11\/DSCN1178-Henryk-Bi\u0144ka-syn-i-wnuk-Wac\u0142awa.jpg\"><img loading=\"lazy\" decoding=\"async\" class=\"alignnone size-full wp-image-368\" src=\"http:\/\/kbinka.vipserv.org\/wp-content\/uploads\/2014\/11\/DSCN1178-Henryk-Bi\u0144ka-syn-i-wnuk-Wac\u0142awa.jpg\" alt=\"DSCN1178 Henryk Bi\u0144ka syn i wnuk Wac\u0142awa\" width=\"218\" height=\"297\" srcset=\"https:\/\/k.binka.pl\/wp-content\/uploads\/2014\/11\/DSCN1178-Henryk-Bi\u0144ka-syn-i-wnuk-Wac\u0142awa.jpg 948w, https:\/\/k.binka.pl\/wp-content\/uploads\/2014\/11\/DSCN1178-Henryk-Bi\u0144ka-syn-i-wnuk-Wac\u0142awa-220x300.jpg 220w, https:\/\/k.binka.pl\/wp-content\/uploads\/2014\/11\/DSCN1178-Henryk-Bi\u0144ka-syn-i-wnuk-Wac\u0142awa-753x1024.jpg 753w\" sizes=\"auto, (max-width: 218px) 100vw, 218px\" \/><\/a><\/p>\n<p class=\"western\" lang=\"pl-PL\" align=\"JUSTIFY\">Bi\u0144ka Henryk, wnuk Wac\u0142awa I, syn Wac\u0142awa II, prawnuk Franciszka I.<\/p>\n<p class=\"western\" lang=\"pl-PL\" align=\"JUSTIFY\"><a href=\"http:\/\/kbinka.vipserv.org\/wp-content\/uploads\/2018\/02\/Marianna-Binka-W\u00f3dka-i-Zbigniew-Binka-.jpg\"><img loading=\"lazy\" decoding=\"async\" class=\"alignnone wp-image-927\" src=\"http:\/\/kbinka.vipserv.org\/wp-content\/uploads\/2018\/02\/Marianna-Binka-W\u00f3dka-i-Zbigniew-Binka-.jpg\" alt=\"\" width=\"489\" height=\"329\" srcset=\"https:\/\/k.binka.pl\/wp-content\/uploads\/2018\/02\/Marianna-Binka-W\u00f3dka-i-Zbigniew-Binka-.jpg 1156w, https:\/\/k.binka.pl\/wp-content\/uploads\/2018\/02\/Marianna-Binka-W\u00f3dka-i-Zbigniew-Binka--300x202.jpg 300w, https:\/\/k.binka.pl\/wp-content\/uploads\/2018\/02\/Marianna-Binka-W\u00f3dka-i-Zbigniew-Binka--768x518.jpg 768w, https:\/\/k.binka.pl\/wp-content\/uploads\/2018\/02\/Marianna-Binka-W\u00f3dka-i-Zbigniew-Binka--1024x690.jpg 1024w\" sizes=\"auto, (max-width: 489px) 100vw, 489px\" \/><\/a><\/p>\n<p lang=\"pl-PL\" align=\"JUSTIFY\">Marianna W\u00f3dka, c\u00f3rka Wac\u0142awa Bi\u0144ka i Franciszki G\u0142owackiej. Zbigniew Bie\u0144ka, syn Jadwigi Bie\u0144ka i W\u0142adys\u0142awa Bi\u0144ka, wnuk Wac\u0142awa I i Franciszki G\u0142owackiej oraz wnuk W\u0142adys\u0142awa Bi\u0144ka i Genowefy Bi\u0144ka.<\/p>\n<p lang=\"pl-PL\" align=\"JUSTIFY\"><span style=\"font-family: Times New Roman,serif;\"><span style=\"font-family: Arial,sans-serif;\">Jak wspomina <\/span><span style=\"font-family: Arial,sans-serif;\"><b>Irena W\u0142odarczyk<\/b><\/span><span style=\"font-family: Arial,sans-serif;\"> niedaleko gospodarstwa, na tzw g\u00f3rce mieszka\u0142 <\/span><span style=\"font-family: Arial,sans-serif;\"><b>Jan Bi\u0144ka<\/b><\/span><span style=\"font-family: Arial,sans-serif;\">, syn <\/span><span style=\"font-family: Arial,sans-serif;\"><b>Wilhelma<\/b><\/span><span style=\"font-family: Arial,sans-serif;\">. <\/span><span style=\"font-family: Arial,sans-serif;\">To by\u0142 <b>Jan z Salomei <\/b>(pewnie po przeprowadzce) \u2013 jak wspomina\u0142 z kolei <b>Henryk Bi\u0144ka (<\/b>i wg<b> M. Wasilewskiego)<\/b>. Jego pierwsz\u0105 \u017con\u0105 by\u0142a <b>Lucyna Bi\u0144ka <\/b>(siostra<b> Wac\u0142awa<\/b>), c\u00f3rka <strong>Franciszka<\/strong>, <strong>Xawerego<\/strong> <strong>Bi\u0144ka<\/strong>.Aby \u015blub doszed\u0142 do skutku niezb\u0119dne by\u0142o zezwolenie ko\u015bcielne, kt\u00f3re dostali. Mia\u0142 syna <b>Henryka Bi\u0144ka<\/b> (zmar\u0142 m\u0142odo), <b>Stefana Bie\u0144ka <\/b>\u017conatego z<b> Janin\u0105 Stolarsk\u0105<\/b>, kt\u00f3rego zst\u0119pni zamieszkiwali Salome\u0119. Pozostawi\u0142 on dw\u00f3ch syn\u00f3w &#8211; <strong>Tadeusza<\/strong> i <strong>Ryszarda<\/strong> i c\u00f3rk\u0119 <strong>Iren\u0119<\/strong>.\u00a0<b>Janina Stolarska<\/b> by\u0142a c\u00f3rk\u0105 <b>Piotra<\/b> i <b>Cecylii Bie\u0144ka<\/b> (siostry <b>Jana<\/b> s. <b>Wilhelma<\/b>)!. Syna <b>Ludwika Bie\u0144ka<\/b> o\u017cenionego z <b>Stanis\u0142aw\u0105 Tabaka<\/b> z rodziny <b>Ireny W\u0142odarczyk<\/b> \u2013 Ir W\u0142 \u2013 pozostawi\u0142 syna <strong>Andrzeja<\/strong>, i c\u00f3rki <strong>Barbar\u0119<\/strong> i <strong>Zofi\u0119<\/strong>.\u00a0 C\u00f3rk\u0119 <b>Regin\u0119 Bi\u0144ka <\/b>zam\u0119\u017cn\u0105 za <b>Ignacego<\/b> <b>G\u0142owackiego<\/b>. <b>Jan<\/b> zosta\u0142 ewakuowany z fabryk\u0105 do Rosji, gdzie zmar\u0142a <b>Lucyna Bi\u0144ka<\/b>. Podczas powrotu do Polski na Ukrainie pozna\u0142 drug\u0105 \u017con\u0119 <b>J\u00f3zef\u0119<\/b> <strong>Krawczyk<\/strong> z kt\u00f3r\u0105 ma c\u00f3rk\u0119 <b>Wand\u0119 Bie\u0144ka (<\/b>ta pozostawi\u0142a po sobie syna <strong>Zenona<\/strong> i <strong>El\u017cbiet\u0119 Andziak<\/strong>) .\u00a0<\/span><\/span><\/p>\n<p><a href=\"http:\/\/kbinka.vipserv.org\/wp-content\/uploads\/2018\/01\/20170225_172736.jpg\"><img loading=\"lazy\" decoding=\"async\" class=\"alignnone wp-image-875\" src=\"http:\/\/kbinka.vipserv.org\/wp-content\/uploads\/2018\/01\/20170225_172736.jpg\" alt=\"\" width=\"425\" height=\"756\" srcset=\"https:\/\/k.binka.pl\/wp-content\/uploads\/2018\/01\/20170225_172736.jpg 1836w, https:\/\/k.binka.pl\/wp-content\/uploads\/2018\/01\/20170225_172736-169x300.jpg 169w, https:\/\/k.binka.pl\/wp-content\/uploads\/2018\/01\/20170225_172736-768x1365.jpg 768w, https:\/\/k.binka.pl\/wp-content\/uploads\/2018\/01\/20170225_172736-576x1024.jpg 576w\" sizes=\"auto, (max-width: 425px) 100vw, 425px\" \/><\/a><\/p>\n<p class=\"western\" lang=\"pl-PL\" align=\"JUSTIFY\"><span style=\"font-family: Times New Roman,serif;\"><span style=\"font-family: Arial,sans-serif;\">Cecylia Bie\u0144ka z Piotrem Stolarskim stoj\u0105 i syn W\u0142adys\u0142aw. Siedz\u0105 by\u0107 mo\u017ce Wilhelm i Ma\u0142gorzata Bie\u0144ka (wg MW na pewno nie matka Piotra). coll. Micha\u0142 Wasilewski <\/span><\/span><\/p>\n<p class=\"western\" lang=\"pl-PL\" align=\"JUSTIFY\"><a href=\"http:\/\/kbinka.vipserv.org\/wp-content\/uploads\/2016\/01\/20151010_1305131.jpg\"><img loading=\"lazy\" decoding=\"async\" class=\"alignnone size-full wp-image-433\" src=\"http:\/\/kbinka.vipserv.org\/wp-content\/uploads\/2016\/01\/20151010_1305131.jpg\" alt=\"20151010_130513\" width=\"3264\" height=\"1836\" srcset=\"https:\/\/k.binka.pl\/wp-content\/uploads\/2016\/01\/20151010_1305131.jpg 3264w, https:\/\/k.binka.pl\/wp-content\/uploads\/2016\/01\/20151010_1305131-300x168.jpg 300w, https:\/\/k.binka.pl\/wp-content\/uploads\/2016\/01\/20151010_1305131-1024x576.jpg 1024w\" sizes=\"auto, (max-width: 3264px) 100vw, 3264px\" \/><\/a><\/p>\n<p class=\"western\" lang=\"pl-PL\" align=\"JUSTIFY\">Jan Bi\u0144ka s. Wilhelma i Lucyna Bi\u0144ka c. Franciszka, pierwsza wojna, Rosja. Dzieci od lewej &#8211; Henryk, Stefan, Ludwik, Regina (coll. Micha\u0142a Wasilewskiego).<\/p>\n<p class=\"western\" lang=\"pl-PL\" align=\"JUSTIFY\"><a href=\"http:\/\/kbinka.vipserv.org\/wp-content\/uploads\/2016\/01\/zbiorczy1.jpg\"><img loading=\"lazy\" decoding=\"async\" class=\"alignnone size-full wp-image-440\" src=\"http:\/\/kbinka.vipserv.org\/wp-content\/uploads\/2016\/01\/zbiorczy1.jpg\" alt=\"zbiorczy\" width=\"1391\" height=\"432\" srcset=\"https:\/\/k.binka.pl\/wp-content\/uploads\/2016\/01\/zbiorczy1.jpg 1391w, https:\/\/k.binka.pl\/wp-content\/uploads\/2016\/01\/zbiorczy1-300x93.jpg 300w, https:\/\/k.binka.pl\/wp-content\/uploads\/2016\/01\/zbiorczy1-1024x318.jpg 1024w\" sizes=\"auto, (max-width: 1391px) 100vw, 1391px\" \/><\/a><\/p>\n<p class=\"western\" lang=\"pl-PL\" align=\"JUSTIFY\">Od lewej &#8211; Regina Bi\u0144ka, c\u00f3rka Jana i Lucyny Bi\u0144ka, Wanda c. Jana i J\u00f3zefy Bi\u0144ka, Ludwik i Stefan, synowie Jana i Lucyny Bi\u0144ka (coll. Micha\u0142a Wasilewskiego)<\/p>\n<p><img loading=\"lazy\" decoding=\"async\" src=\"http:\/\/kbinka.vipserv.org\/wp-content\/uploads\/2013\/12\/DSCN0243-Irena-W\u0142odarczyk-alfa.jpg\" alt=\"Irena Bi\u0144ka W\u0142odarczyk\" width=\"191\" height=\"273\" \/><\/p>\n<p class=\"western\" lang=\"pl-PL\"><span style=\"font-family: Times New Roman,serif;\"><span style=\"font-family: Arial,sans-serif;\"><b>Irena W\u0142odarczyk (Bi\u0144ka), wnuczka Franciszka II,<br \/>\n<\/b><\/span><\/span><\/p>\n<p class=\"western\" lang=\"pl-PL\" style=\"margin-right: -0.11in; widows: 2; orphans: 2;\" align=\"JUSTIFY\"><a href=\"http:\/\/kbinka.vipserv.org\/wp-content\/uploads\/2016\/11\/henryk-sstefania.jpg\"><img loading=\"lazy\" decoding=\"async\" class=\"alignnone size-full wp-image-490\" src=\"http:\/\/kbinka.vipserv.org\/wp-content\/uploads\/2016\/11\/henryk-sstefania.jpg\" alt=\"henryk-sstefania\" width=\"494\" height=\"316\" srcset=\"https:\/\/k.binka.pl\/wp-content\/uploads\/2016\/11\/henryk-sstefania.jpg 772w, https:\/\/k.binka.pl\/wp-content\/uploads\/2016\/11\/henryk-sstefania-300x192.jpg 300w\" sizes=\"auto, (max-width: 494px) 100vw, 494px\" \/><\/a><\/p>\n<p class=\"western\" lang=\"pl-PL\" style=\"margin-right: -0.11in; widows: 2; orphans: 2;\" align=\"JUSTIFY\"><span style=\"font-family: Times New Roman,serif;\"><span style=\"font-family: Arial,sans-serif;\"><b>Henryk Bi\u0144ka ur 1920 &#8211; 2013, wnuk Franciszka I, syn J\u00f3zefa. Stefania Bi\u0144ka, ur 1926, wnuczka Franciszka I, c\u00f3rka J\u00f3zefa.<br \/>\n<\/b><\/span><\/span><\/p>\n<p class=\"western\" lang=\"pl-PL\" style=\"margin-right: -0.11in; widows: 2; orphans: 2;\" align=\"JUSTIFY\"><a href=\"http:\/\/kbinka.vipserv.org\/wp-content\/uploads\/2014\/10\/DSCN1142.jpg\"><img loading=\"lazy\" decoding=\"async\" class=\"alignnone size-full wp-image-346\" src=\"http:\/\/kbinka.vipserv.org\/wp-content\/uploads\/2014\/10\/DSCN1142.jpg\" alt=\"DSCN1142\" width=\"332\" height=\"498\" srcset=\"https:\/\/k.binka.pl\/wp-content\/uploads\/2014\/10\/DSCN1142.jpg 1419w, https:\/\/k.binka.pl\/wp-content\/uploads\/2014\/10\/DSCN1142-199x300.jpg 199w, https:\/\/k.binka.pl\/wp-content\/uploads\/2014\/10\/DSCN1142-682x1024.jpg 682w\" sizes=\"auto, (max-width: 332px) 100vw, 332px\" \/><\/a><\/p>\n<p class=\"western\" lang=\"pl-PL\" style=\"margin-right: -0.11in; widows: 2; orphans: 2;\" align=\"JUSTIFY\"><b>J\u00f3zef Bi\u0144ka ur 1891 &#8211; 1955, fot. 1913, syn Franciszka I.<br \/>\n<\/b><\/p>\n<p class=\"western\" lang=\"pl-PL\" align=\"JUSTIFY\"><span style=\"font-family: Arial,sans-serif;\"><span style=\"font-weight: normal;\">Jak wspomina <\/span><b>Henryk Bi\u0144ka<\/b><span style=\"font-weight: normal;\">, <\/span><b>W\u0142adys\u0142aw Bi\u0144ka<\/b><span style=\"font-weight: normal;\"> wyratowa\u0142 go z opresji, gdy ten ton\u0105\u0142 w pobliskich gliniankach. Sta\u0142o si\u0119 to tak: <\/span><b>Henryk Bi\u0144ka<\/b><span style=\"font-weight: normal;\">, syn <\/span><b>J\u00f3zefa<\/b><span style=\"font-weight: normal;\"> k\u0105pa\u0142 si\u0119 w jeziorku obok siedliska <\/span><b>Wac\u0142awa Bi\u0144ka<\/b><span style=\"font-weight: normal;\">. Gospodarstwo <\/span><b>Wac\u0142awa<\/b><span style=\"font-weight: normal;\"> znajdowa\u0142o si\u0119 mi\u0119dzy dwoma gliniankami. M. in. obok nich ros\u0142o du\u017ce drzewo (wielk\u0105 grusz\u0119 rosn\u0105c\u0105 na podw\u00f3rku r\u00f3wnie\u017c wspomina <\/span><b>Irena W\u0142odarczyk<\/b><span style=\"font-weight: normal;\">), a pod nim znajdowa\u0142 si\u0119 stolik, gdzie mo\u017cna by\u0142o usi\u0105\u015b\u0107 i odpocz\u0105\u0107. Tam w\u0142a\u015bnie, przy kieliszku siedzieli bracia <\/span><b>J\u00f3zef<\/b><span style=\"font-weight: normal;\">, <\/span><b>W\u0142adys\u0142aw<\/b><span style=\"font-weight: normal;\"> i <\/span><b>Wac\u0142aw<\/b><span style=\"font-weight: normal;\">. Po us\u0142yszeniu krzyku dziecka <\/span><b>W\u0142adys\u0142aw<\/b><span style=\"font-weight: normal;\"> wskoczy\u0142 do glinianek ze skarpy i uratowa\u0142 <\/span><b>Henryka<\/b><span style=\"font-weight: normal;\">. Jak wspomina tamte czasy <\/span><b>Henryk <\/b><b>Bi\u0144ka<\/b><span style=\"font-weight: normal;\"> \u017cycie m\u0142odzie\u017cy, czy te\u017c dzieci wype\u0142nione by\u0142o obok zabaw tak\u017ce poszukiwaniem mo\u017cliwo\u015bci zarobkowania. Po wybudowaniu w pobli\u017cu firmy Dobrolin materia\u0142y pobudowlane m.in. deski zakupi\u0142 \u017byd. Wyci\u0105ganiem gwo\u017adzi z desek i ich prostowaniem i uszlachetnianiem z pomoc\u0105 paleolitycznych narz\u0119dzi z<\/span><span style=\"font-weight: normal;\">aj\u0119li si\u0119 mocno nieletni Bi\u0144kowie zach\u0119ceni paczk\u0105 landrynek przez przedsi\u0119biorczego i niewiele starszego krewnego.<\/span><\/span><\/p>\n<p class=\"western\" align=\"JUSTIFY\"><span style=\"font-family: Times New Roman,serif;\"><span style=\"background: transparent;\"><span style=\"font-family: Arial,sans-serif;\"><span style=\"text-decoration: none;\"><span style=\"font-weight: normal;\">Dzieci Wac\u0142awa I po \u015bmierci matki \u2013 Wac\u0142aw II 30 kwietnia sprzedaje swoj\u0105 1\/5 cz\u0119\u015b\u0107 nieruchomo\u015bci <strong>Jerzemu<\/strong> <strong>Paszewinowi<\/strong> (info <strong>J. Laube<\/strong>) i kupuje nieruchomo\u015b\u0107 na ul. Fasolowej we W\u0142ochach. <strong>Felicja<\/strong> zam\u0119\u017cna za <strong>Blira<\/strong> mieszka\u0142a na zakupionej posesesji we W\u0142ochach, obok parku, z synem <strong>Wojtkiem<\/strong>. <strong>Celina<\/strong> zmar\u0142a w czasie wojny b\u0119d\u0105c w ci\u0105\u017cy \u2013 m\u0105\u017c pochodzi\u0142 z Gr\u00f3jca. <strong>Lucyna<\/strong> po zam\u0119\u017cciu <strong>Fr\u0105czykowska<\/strong> \u2013 m\u0105\u017c by\u0142 piekarzem &#8211; mieszka\u0142a w d\u0142ugim domu za parkiem we W\u0142ochach wraz z dzie\u0107mi.<\/span><\/span><\/span><\/span><\/span><\/p>\n<p class=\"western\" lang=\"pl-PL\" align=\"JUSTIFY\"><span style=\"font-family: Arial,sans-serif;\"><span style=\"text-decoration: underline;\"><b>Wac\u0142aw Bi\u0144ka<\/b><\/span><span style=\"font-weight: normal;\"> po wczesnej \u015bmierci swojej pierwszej \u017cony <\/span><b>Jadwigi Zab\u0142otniak<\/b><span style=\"font-weight: normal;\"> (t\u0119\u017cec po zak\u0142uciu si\u0119 agrestem) o\u017ceni\u0142 si\u0119 z pracuj\u0105c\u0105 w jego gospodarstwie <\/span><b>Franciszk\u0105 G\u0142owack\u0105<\/b><span style=\"font-weight: normal;\"> \u2013 pochodz\u0105c\u0105 z Leszna i \u0141ubiec, w Puszczy Kampinowskiej.\u00a0<\/span><\/span><span style=\"font-family: Arial,sans-serif;\"><span style=\"font-weight: normal;\"> Ich syn <\/span><b>Tomasz<\/b><span style=\"font-weight: normal;\"> prowadzi sklep, podobnie <\/span><b>Jadwiga<\/b><span style=\"font-weight: normal;\"> i jej m\u0105\u017c <\/span><b>W\u0142adys\u0142aw<\/b><span style=\"font-weight: normal;\">.\u00a0<strong>W\u0142adys\u0142aw<\/strong> zgin\u0105\u0142 w 1939 r gdy wychodzi\u0142 z \u017con\u0105 i dzieckiem na r\u0119ku, cofn\u0105\u0142 si\u0119 po pieluchy. Niemiec by\u0142 przekonany, \u017ce chce uciec i go zastrzeli\u0142. To dziecko &#8211; <strong>Miros\u0142awa<\/strong>, \u017cyje do dzisiaj. <\/span><\/span><span style=\"font-family: Arial,sans-serif;\"><span style=\"font-weight: normal;\"><span style=\"font-family: Arial,sans-serif;\"><span style=\"font-weight: normal;\"><span style=\"font-family: Times New Roman,serif;\"><span style=\"font-family: Arial,sans-serif;\"><span style=\"font-weight: normal;\">Syn <\/span><\/span><span style=\"font-family: Arial,sans-serif;\"><b>Ryszard<\/b><\/span><span style=\"font-family: Arial,sans-serif;\"><span style=\"font-weight: normal;\"> \u2013 <\/span><\/span><span style=\"font-family: Arial,sans-serif;\"><span style=\"font-weight: normal;\">zosta\u0142 rozstrzelany w czasie powstania <\/span><\/span><span style=\"font-family: Arial,sans-serif;\"><span style=\"font-weight: normal;\"> &#8211; sta\u0142o si\u0119 to <\/span><\/span><span style=\"font-family: Arial,sans-serif;\"><span style=\"font-weight: normal;\">podobno<\/span><\/span><span style=\"font-family: Arial,sans-serif;\"><span style=\"font-weight: normal;\"> w Babicach.\u00a0Siedlisko <strong>Bi\u0144k\u00f3w Wac\u0142aw\u00f3w<\/strong> przy Karli\u0144skiego by\u0142o niszczone dwa razy \u2013 w 1939 roku przez wojsko polskie, kt\u00f3re burzy\u0142o domy chc\u0105c mie\u0107 lepsze pole ostrza\u0142u. Drugi raz przez Niemc\u00f3w w okolicach powstania. Rodzina ocala\u0142a z rzezi Woli, gdy\u017c w pewnym momencie pojawi\u0142 si\u0119 oficer, kt\u00f3ry wstrzyma\u0142 egzekucje i ludzie zostali pogonieni na zach\u00f3d na roboty. Wojn\u0119 <strong>Franciszka<\/strong> z dzie\u0107mi przetrwa\u0142a w jeleniog\u00f3rskiem u bauera w dobrej kondycji. Rodzina wraca z rob\u00f3t na posesje.W-g <strong>J.<\/strong> <strong>Laube<\/strong> dom cz\u0119\u015bciowo zosta\u0142 po wojnie odbudowany i zaj\u0119ty do wysiedlenia na pocz\u0105tku lat 70 \u2013 tych. \u00a0<strong>Franciszka<\/strong> mieszka tam z dzie\u0107mi do swej \u015bmierci 15 listopada 1956 roku..Potem mieszka\u0142 tam syn <strong>Edward<\/strong> z \u017con\u0105 <strong>Helen\u0105<\/strong> <strong>Bi\u0144ka<\/strong> i swoimi dwoma c\u00f3rkami do czasu wysiedlenia. R\u00f3wnie\u017c do tego okresu zamieszkiwa\u0142a tam <strong>Wac\u0142awa<\/strong> <strong>Bi\u0144ka<\/strong> z m\u0119\u017cem <strong>Tadeuszem<\/strong> i c\u00f3rk\u0105 <strong>El\u017cbiet\u0105<\/strong>. R\u00f3wnie\u017c do wysiedlenia zamieszkiwa\u0142a tam <strong>Irmina Napieralska \u2013 Sobota<\/strong> (domo <strong>Bi\u0144ka<\/strong>) z synem <strong>Miros\u0142awem<\/strong>. Irmina c\u00f3rka tragicznie do\u015bwiadczonej \u015bmierci\u0105 m\u0119\u017ca <strong>Jadwigi<\/strong> trafi\u0142a tam do Babci. <b>Irena<\/b> <b>W\u0142odarczyk<\/b><span style=\"font-weight: normal;\"> wspomina, \u017ce z <\/span><b>Jadwig\u0105<\/b><span style=\"font-weight: normal;\"> lub drug\u0105 c\u00f3rk\u0105 <\/span><b>Mari\u0105<\/b><span style=\"font-weight: normal;\"> chodzi\u0142a do szko\u0142y do si\u00f3str Felicjanek.<\/span><\/span><\/span><\/span><\/span><\/span><\/span><\/span><\/p>\n<p><span style=\"font-family: Arial,sans-serif;\"><span style=\"font-weight: normal;\">Jak ustali\u0142 <b>Micha\u0142 Wasilewski<\/b> \u2013 prawnuk <b>Jana Bi\u0144ka<\/b> s. <b>Wilhelma<\/b> \u2013 jest on te\u017c spokrewniony z <b>Wac\u0142awem <\/b>synem <b>Franciszka<\/b>. <b>Wac\u0142aw Bi\u0144ka<\/b> o\u017ceni\u0142 si\u0119, jak wspomniano, ponownie z <b>Franciszk\u0105 G\u0142owack\u0105<\/b>. Jej bratem by\u0142 pradziadek <b>Micha\u0142a<\/b> \u2013 <b>Ignacy G\u0142owacki<\/b>, urodzony w 1907 roku i zaginiony w 1939 roku na pocz\u0105tku wojny. Z kolei jedna z c\u00f3rek <b>Wac\u0142awa<\/b> i <b>Franciszki<\/b> \u2013 <b>Weronika<\/b> (po m\u0119\u017cu <b>Paradowska<\/b>) by\u0142a chrzestn\u0105 babci <b>Micha\u0142a<\/b> <b>Wasilewskiego<\/b> \u2013 <b>Romualdy<\/b> c. <b>Reginy<\/b>.<\/span><\/span><\/p>\n<p class=\"western\" lang=\"pl-PL\" style=\"margin-right: -0.1in; widows: 2; orphans: 2;\" align=\"JUSTIFY\"><span style=\"font-family: Times New Roman,serif;\"><span style=\"font-family: Arial,sans-serif;\"><span style=\"font-weight: normal;\"><span style=\"background: transparent;\">Drugi syn <\/span><\/span><\/span><span style=\"font-family: Arial,sans-serif;\"><b><span style=\"background: transparent;\">Franciszka Xawerego<\/span><\/b><\/span><span style=\"font-family: Arial,sans-serif;\"><span style=\"font-weight: normal;\"><span style=\"background: transparent;\"> &#8211; te\u017c <\/span><\/span><\/span><span style=\"font-family: Arial,sans-serif;\"><span style=\"text-decoration: underline;\"><b><span style=\"background: transparent;\">Franciszek<\/span><\/b><\/span><\/span><span style=\"font-family: Arial,sans-serif;\"><span style=\"font-weight: normal;\"><span style=\"background: transparent;\">, \u017ceni si\u0119 w 1895 z <\/span><\/span><\/span><span style=\"font-family: Arial,sans-serif;\"><b><span style=\"background: transparent;\">Aniel\u0105 <\/span><\/b><\/span><span style=\"font-family: Arial,sans-serif;\"><b><span style=\"background: transparent;\">Grzechnik<\/span><\/b><\/span><span style=\"font-family: Arial,sans-serif;\"><span style=\"font-weight: normal;\"><span style=\"background: transparent;\"> z<\/span><\/span><\/span><span style=\"font-family: Arial,sans-serif;\"><span style=\"font-weight: normal;\"> \u0141askarzewa i swe \u017cycie wi\u0105\u017ce z Ko\u0142em, przynajmniej do 1906 roku &#8211; 1895 &#8211; wyrobnik, 1897 &#8211; 1898 &#8211; szewc, 1901 &#8211; wyrobnik, 1902, 1904 &#8211; szewc, 1906 &#8211; gospodarz <\/span><\/span><\/span><\/p>\n<p class=\"western\" lang=\"pl-PL\" style=\"margin-right: -0.1in; widows: 2; orphans: 2;\" align=\"JUSTIFY\"><span style=\"font-family: Times New Roman,serif;\"><span style=\"font-family: Arial,sans-serif;\"><span style=\"text-decoration: underline;\"><b>Franciszek 2<\/b><\/span><\/span><span style=\"font-family: Arial,sans-serif;\"><span style=\"font-weight: normal;\"> mieszka\u0142 niedaleko brata <\/span><\/span><span style=\"font-family: Arial,sans-serif;\"><b>Wojciecha<\/b><\/span><span style=\"font-family: Arial,sans-serif;\"><span style=\"font-weight: normal;\"> obok <\/span><\/span><span style=\"font-family: Arial,sans-serif;\"><b>G\u00f3rczewskiej<\/b><\/span><span style=\"font-family: Arial,sans-serif;\"><span style=\"font-weight: normal;\"> (ok. 50 \u2013100 m od G\u00f3rczewskiej) w dwuspadowym domu z sieni\u0105 po \u015brodku. Niedaleko miejsca, gdzie G\u00f3rczewska skr\u0119ca\u0142a lekko na p\u00f3\u0142noc, w pobli\u017cu krzy\u017ca. Dzier\u017cawi\u0142 (po cz\u0119\u015bci?) tam pola, a\u017c do czasu, gdy brat <\/span><\/span><span style=\"font-family: Arial,sans-serif;\"><b>J\u00f3zef<\/b><\/span><span style=\"font-family: Arial,sans-serif;\"><span style=\"font-weight: normal;\"> znalaz\u0142 mu gospodarstwo w Konotopa, kt\u00f3re wydzier\u017cawi\u0142 i gdzie zmar\u0142. Przy ostatnich chwilach \u2013 \u017cy\u0142 jeszcze, by\u0142a odwiedzi\u0107 go z matk\u0105 <\/span><\/span><span style=\"font-family: Arial,sans-serif;\"><b>Stefania <\/b><\/span><span style=\"font-family: Arial,sans-serif;\"><b><span style=\"background: transparent;\">Bie\u0144ka<\/span><\/b><\/span><span style=\"font-family: Arial,sans-serif;\"><span style=\"font-weight: normal;\"> (wspomienie 2012), c\u00f3rka <\/span><\/span><span style=\"font-family: Arial,sans-serif;\"><b>J\u00f3zefa<\/b><\/span><span style=\"font-family: Arial,sans-serif;\"><span style=\"font-weight: normal;\">. Zapami\u0119ta\u0142a p\u0142acz\u0105ce c\u00f3rki. Ze wzgl\u0119du na liczb\u0119 dzieci <\/span><\/span><span style=\"font-family: Arial,sans-serif;\"><span style=\"text-decoration: underline;\"><b>Franciszek 2<\/b><\/span><\/span><span style=\"font-family: Arial,sans-serif;\"><span style=\"font-weight: normal;\"> musia\u0142 bardziej si\u0119 spr\u0119\u017ca\u0107 finansowo aby utrzyma\u0107 rodzin\u0119. <\/span><\/span><span style=\"font-family: Arial,sans-serif;\"><span style=\"font-size: medium;\"><span style=\"font-weight: normal;\">Nie jest wykluczone, \u017ce przy G\u00f3rczewskiej mieszka\u0142 gdzie\u015b w poblizu Wola Parku. Potwierdzeniem tego mo\u017ce by\u0107 fakt, \u017ce ziemia tam znajdowa\u0142a si\u0119 we w\u0142adaniu rodziny (<\/span><\/span><\/span><span style=\"font-family: Arial,sans-serif;\"><span style=\"font-size: medium;\"><b>Leopolda<\/b><\/span><\/span><span style=\"font-family: Arial,sans-serif;\"><span style=\"font-size: medium;\"><span style=\"font-weight: normal;\">) jeszcze po wojnie, a\u017c do nacjonalizacji. <\/span><\/span><\/span><\/span><\/p>\n<p class=\"western\" lang=\"pl-PL\" style=\"margin-right: -0.11in; widows: 2; orphans: 2;\" align=\"JUSTIFY\"><span style=\"font-family: Times New Roman,serif;\"><span style=\"font-family: Arial,sans-serif;\"><span style=\"text-decoration: underline;\"><b>Franciszek 2<\/b><\/span><\/span><span style=\"font-family: Arial,sans-serif;\"><span style=\"font-weight: normal;\"> ma syna <\/span><\/span><span style=\"font-family: Arial,sans-serif;\"><b>Romana<\/b><\/span><span style=\"font-family: Arial,sans-serif;\"><span style=\"font-weight: normal;\">, kt\u00f3rego c\u00f3rka <\/span><\/span><span style=\"font-family: Arial,sans-serif;\"><b>Irena W\u0142odarczyk<\/b><\/span><span style=\"font-family: Arial,sans-serif;\"><span style=\"font-weight: normal;\"> z powodu zaawansowanego wieku i pami\u0119ci dostarczy\u0142a mi wielu cennych informacji o rodzinie. Pani <\/span><\/span><span style=\"font-family: Arial,sans-serif;\"><b>Irena<\/b><\/span><span style=\"font-family: Arial,sans-serif;\"><span style=\"font-weight: normal;\"> uko\u0144czy\u0142a szko\u0142\u0119 powszechn\u0105 u si\u00f3str Felicjanek przy Syreny, a potem szko\u0142\u0119 rolnicz\u0105 ufundowan\u0105 przez \u015awi\u0119tochowskiego w Go\u0142otczy\u017anie. C\u00f3rka<\/span><\/span> <span style=\"font-family: Arial,sans-serif;\"><b>Romualda<\/b><\/span><span style=\"font-family: Arial,sans-serif;\"><span style=\"font-weight: normal;\"> (po m\u0119\u017cu <\/span><\/span><span style=\"font-family: Arial,sans-serif;\"><b>Ratuska<\/b><\/span><span style=\"font-family: Arial,sans-serif;\"><span style=\"font-weight: normal;\">) ma syna <\/span><\/span><span style=\"font-family: Arial,sans-serif;\"><b>Tomasza<\/b><\/span><span style=\"font-family: Arial,sans-serif;\"><span style=\"font-weight: normal;\"> (zgin\u0105\u0142 m\u0142odo w Tomaszowie Mazowiecki<\/span><\/span><span style=\"font-family: Arial,sans-serif;\"><span style=\"font-weight: normal;\">m \u2013 w domu swoim? S<\/span><\/span><span style=\"font-family: Arial,sans-serif;\"><span style=\"font-weight: normal;\">yn <\/span><\/span><span style=\"font-family: Arial,sans-serif;\"><b>Romana<\/b><\/span><span style=\"font-family: Arial,sans-serif;\"><span style=\"font-weight: normal;\"> &#8211; <\/span><\/span><span style=\"font-family: Arial,sans-serif;\"><b>Zdzis\u0142aw<\/b><\/span><span style=\"font-family: Arial,sans-serif;\"><span style=\"font-weight: normal;\"> (\u017cona <\/span><\/span><span style=\"font-family: Arial,sans-serif;\"><b>Brejnakowska<\/b><\/span><span style=\"font-family: Arial,sans-serif;\"><span style=\"font-weight: normal;\">) ma c\u00f3rk\u0119 <\/span><\/span><span style=\"font-family: Arial,sans-serif;\"><b>Mari\u0119<\/b><\/span><span style=\"font-family: Arial,sans-serif;\"><span style=\"font-weight: normal;\"><span style=\"background: transparent;\"> i syna <strong>Jerzego<\/strong>. <\/span><\/span><\/span><\/span><\/p>\n<p class=\"western\" lang=\"pl-PL\" style=\"margin-right: -0.11in; widows: 2; orphans: 2;\" align=\"JUSTIFY\"><span style=\"font-family: Times New Roman,serif;\"><span style=\"font-family: Arial,sans-serif;\"><span style=\"font-weight: normal;\">C\u00f3rka <\/span><\/span><span style=\"font-family: Arial,sans-serif;\"><span style=\"text-decoration: underline;\"><b>Franciszka 2<\/b><\/span><\/span><span style=\"font-family: Arial,sans-serif;\"><span style=\"font-weight: normal;\"> &#8211; <\/span><\/span><span style=\"font-family: Arial,sans-serif;\"><b>Henryka<\/b><\/span><span style=\"font-family: Arial,sans-serif;\"><span style=\"font-weight: normal;\"> wraz z m\u0119\u017cem prowadzi\u0142a sklep niedaleko Wis\u0142y &#8211; potem wyjechali do \u0141om\u017cy \u2013 razem? Jej m\u0105\u017c zgin\u0105\u0142 w Powstaniu z synem <\/span><\/span><span style=\"font-family: Arial,sans-serif;\"><b>Ryszardem<\/b><\/span><span style=\"font-family: Arial,sans-serif;\"><span style=\"font-weight: normal;\">.<\/span><\/span><\/span><\/p>\n<p class=\"western\" lang=\"pl-PL\" style=\"margin-right: -0.11in; widows: 2; orphans: 2;\" align=\"JUSTIFY\"><span style=\"font-family: Times New Roman,serif;\"><span style=\"font-family: Arial,sans-serif;\"><span style=\"font-weight: normal;\">Kolejna c\u00f3rka <\/span><\/span><span style=\"font-family: Arial,sans-serif;\"><b>Leokadia<\/b><\/span><span style=\"font-family: Arial,sans-serif;\"><span style=\"font-weight: normal;\"> prowadzi z m\u0119\u017cem <\/span><\/span><span style=\"font-family: Arial,sans-serif;\"><b>Szelenbaumem<\/b><\/span><span style=\"font-family: Arial,sans-serif;\"><span style=\"font-weight: normal;\"> gospodarstwo w G\u00f3rcach.<\/span><\/span><\/span><\/p>\n<p class=\"western\" lang=\"pl-PL\" style=\"margin-right: -0.11in; widows: 2; orphans: 2;\" align=\"JUSTIFY\"><span style=\"font-family: Times New Roman,serif;\"><span style=\"font-family: Arial,sans-serif;\"><span style=\"font-weight: normal;\">Syn <\/span><\/span><span style=\"font-family: Arial,sans-serif;\"><b>Antoni<\/b><\/span><span style=\"font-family: Arial,sans-serif;\"><span style=\"font-weight: normal;\"> jest szewcem specjalizuj\u0105cym si\u0119 w produkcji but\u00f3w. C\u00f3rka <\/span><\/span><span style=\"font-family: Arial,sans-serif;\"><b>Regina<\/b><\/span><span style=\"font-family: Arial,sans-serif;\"><span style=\"font-weight: normal;\"> zmar\u0142a wcze\u015bnie \u2013 jej m\u0105\u017c <\/span><\/span><span style=\"font-family: Arial,sans-serif;\"><b>W\u0142adys\u0142aw<\/b><\/span><span style=\"font-family: Arial,sans-serif;\"><span style=\"font-weight: normal;\"> w czasie wojny by\u0142 urz\u0119dnikiem. <\/span><\/span><span style=\"font-family: Arial,sans-serif;\"><b>Janina Bie\u0144ka<\/b><\/span><span style=\"font-family: Arial,sans-serif;\"><span style=\"font-weight: normal;\"> jak wspomniano powy\u017cej prowadzi kawiarni\u0119 z m\u0119\u017cem <\/span><\/span><span style=\"font-family: Arial,sans-serif;\"><b>W\u0142adys\u0142awem,<\/b><\/span><span style=\"font-family: Arial,sans-serif;\"><span style=\"font-weight: normal;\"> synem <\/span><\/span><span style=\"font-family: Arial,sans-serif;\"><b>Stanis\u0142awem<\/b><span style=\"font-weight: normal;\">. Syn <\/span><\/span><span style=\"font-family: Arial,sans-serif;\"><span style=\"text-decoration: underline;\"><b>Franciszka 2<\/b><\/span><\/span><span style=\"font-family: Arial,sans-serif;\"><b> Karol<\/b><\/span><span style=\"font-family: Arial,sans-serif;\"><span style=\"font-weight: normal;\"> by\u0142 kolejarzem w Skierniewicach. <\/span><\/span><span style=\"font-family: Arial,sans-serif;\"><b>Waleria<\/b><\/span><span style=\"font-family: Arial,sans-serif;\"><span style=\"font-weight: normal;\"> zmar\u0142a m\u0142odo kopni\u0119ta przez konia. Syn <\/span><\/span><span style=\"font-family: Arial,sans-serif;\"><b>Eugeniusz<\/b><\/span><span style=\"font-family: Arial,sans-serif;\"><span style=\"font-weight: normal;\"> o\u017ceni\u0142 si\u0119 z siostr\u0105 <\/span><\/span><span style=\"font-family: Arial,sans-serif;\"><b>Maryanny <\/b><\/span><span style=\"font-family: Arial,sans-serif;\"><b>Skowron<\/b><\/span><span style=\"font-family: Arial,sans-serif;\"><span style=\"font-weight: normal;\">. <\/span><\/span><\/span><\/p>\n<p class=\"western\" lang=\"pl-PL\" style=\"margin-right: -0.11in; widows: 2; orphans: 2;\" align=\"JUSTIFY\"><span style=\"font-family: Times New Roman,serif;\"><span style=\"font-family: Arial,sans-serif;\"><span style=\"font-weight: normal;\">Kolejny syn to <\/span><\/span><span style=\"font-family: Arial,sans-serif;\"><b>Leopold<\/b><\/span><span style=\"font-family: Arial,sans-serif;\"><span style=\"font-weight: normal;\"> \u2013 <\/span><\/span><span style=\"font-family: Arial,sans-serif;\"><b>Stefan Szelenbaum<\/b><\/span><span style=\"font-family: Arial,sans-serif;\"><span style=\"font-weight: normal;\"> (chyba m\u0105\u017c <\/span><\/span><span style=\"font-family: Arial,sans-serif;\"><b>Leokadii<\/b><\/span><span style=\"font-family: Arial,sans-serif;\"><span style=\"font-weight: normal;\">) podarowa\u0142 mu kawa\u0142ek ziemi w G\u00f3rcach pod budow\u0119 w\u0142asnego domu.<\/span><\/span><\/span><\/p>\n<p lang=\"pl-PL\" align=\"JUSTIFY\"><a href=\"http:\/\/kbinka.vipserv.org\/wp-content\/uploads\/2018\/02\/J\u00f3zef-Bi\u0144ka-i-iKarolina.jpg\"><img loading=\"lazy\" decoding=\"async\" class=\"alignnone wp-image-915\" src=\"http:\/\/kbinka.vipserv.org\/wp-content\/uploads\/2018\/02\/J\u00f3zef-Bi\u0144ka-i-iKarolina.jpg\" alt=\"\" width=\"500\" height=\"338\" srcset=\"https:\/\/k.binka.pl\/wp-content\/uploads\/2018\/02\/J\u00f3zef-Bi\u0144ka-i-iKarolina.jpg 1378w, https:\/\/k.binka.pl\/wp-content\/uploads\/2018\/02\/J\u00f3zef-Bi\u0144ka-i-iKarolina-300x203.jpg 300w, https:\/\/k.binka.pl\/wp-content\/uploads\/2018\/02\/J\u00f3zef-Bi\u0144ka-i-iKarolina-768x519.jpg 768w, https:\/\/k.binka.pl\/wp-content\/uploads\/2018\/02\/J\u00f3zef-Bi\u0144ka-i-iKarolina-1024x693.jpg 1024w\" sizes=\"auto, (max-width: 500px) 100vw, 500px\" \/><\/a><\/p>\n<p class=\"western\" lang=\"pl-PL\"><span style=\"font-family: Arial,sans-serif;\">J\u00f3zef Bi\u0144ka \u2013 syn Franciszka I i ma\u0142\u017conka Karolina (domo D\u0105browska).<\/span><\/p>\n<p class=\"western\" lang=\"pl-PL\" style=\"margin-right: -0.1in; widows: 2; orphans: 2;\" align=\"JUSTIFY\"><span style=\"font-family: Times New Roman,serif;\"><span style=\"font-family: Arial,sans-serif;\"><span style=\"font-weight: normal;\">Najm\u0142odszy syn <\/span><\/span><span style=\"font-family: Arial,sans-serif;\"><b>Franciszka I<\/b><\/span><span style=\"font-family: Arial,sans-serif;\"><span style=\"font-weight: normal;\"> &#8211; <\/span><\/span><span style=\"font-family: Arial,sans-serif;\"><span style=\"text-decoration: underline;\"><b>J\u00f3zef<\/b><\/span><\/span><span style=\"font-family: Arial,sans-serif;\"><span style=\"font-weight: normal;\"> \u2013 (1891-1955) mieszka\u0142 pocz\u0105tkowo na Sowi\u0144skiego 26\/28 przy skrzy\u017cowaniu z Karli\u0144skiego. Postanowi\u0142 wyemigrowa\u0107 do Ameryki. W 1913 bierze \u015blub z <\/span><\/span><span style=\"font-family: Arial,sans-serif;\"><b>Karolin\u0105 z D\u0105browskich<\/b><\/span><span style=\"font-family: Arial,sans-serif;\"><span style=\"font-weight: normal;\"> (1892-1968). Po zatoni\u0119ciu Titanica, przestraszona \u017cona nie zdecydowa\u0142a si\u0119 na wyjazd. W 1914 roku <\/span><\/span><span style=\"font-family: Arial,sans-serif;\"><b>J\u00f3zef<\/b><\/span><span style=\"font-family: Arial,sans-serif;\"><span style=\"font-weight: normal;\"> zosta\u0142 ewakuowany z fabryk\u0105 Lilpop do Petersburga, gdzie pracuje przy toczniu dzia\u0142 okr\u0119towych w zak\u0142adach puti\u0142owskich. \u017bona doje\u017cd\u017ca do m\u0119\u017ca p\u00f3\u017aniej. Rodzi si\u0119 tam syn <\/span><\/span><span style=\"font-family: Arial,sans-serif;\"><b>Marian<\/b><\/span><span style=\"font-family: Arial,sans-serif;\"><span style=\"font-weight: normal;\"> i c\u00f3rka <\/span><\/span><span style=\"font-family: Arial,sans-serif;\"><b>Helena<\/b><\/span><span style=\"font-family: Arial,sans-serif;\"><span style=\"font-weight: normal;\">. W Rosji w Petersburgu zostaje siostra (\u017cony?), zam\u0119\u017cna za Rosjanina \u2013 ma dw\u00f3ch syn\u00f3w. Wed\u0142ug <\/span><\/span><span style=\"font-family: Arial,sans-serif;\"><b>Henryka Bi\u0144ki<\/b><\/span><span style=\"font-family: Arial,sans-serif;\"><span style=\"font-weight: normal;\"> zgin\u0119li oni w czasie wojny \u2013 nazwisko jednego z nich odszuka\u0142 w opracowaniu historycznym. Po powrocie do Polski w 1918 roku (trwa\u0142o to kilka miesi\u0119cy) przychodzi na \u015bwiat syn <\/span><\/span><span style=\"font-family: Arial,sans-serif;\"><b>Henryk<\/b><\/span><span style=\"font-family: Arial,sans-serif;\"><span style=\"font-weight: normal;\"> (u<\/span><\/span><span style=\"font-family: Arial,sans-serif;\"><span style=\"font-weight: normal;\"><span style=\"background: #ffffff;\">r. <\/span><\/span><\/span><span style=\"font-family: Arial,sans-serif;\"><span style=\"font-weight: normal;\">20.2.1920. Sowi\u0144skiego 28\/6) oraz <\/span><\/span><span style=\"font-family: Arial,sans-serif;\"><b>Stefania<\/b><\/span><span style=\"font-family: Arial,sans-serif;\"><span style=\"font-weight: normal;\"> (1926) pod tym samym adresem. Ma\u0142\u017ce\u0144stwo mieszka\u0142o w dwuspadowym wielorodzinnym budynku drewnianym, z facjatami na Sowi\u0144skiego 26\/28, obok skrzy\u017cowania z Karli\u0144skiego, na dzia\u0142ce spadkobierc\u00f3w <\/span><\/span><span style=\"font-family: Arial,sans-serif;\"><b>Ignacego D\u0105browskiego<\/b><\/span><span style=\"font-family: Arial,sans-serif;\"><span style=\"font-weight: normal;\"> (numer hipoteczny 628 AB). <\/span><\/span><\/span><\/p>\n<p class=\"western\" lang=\"pl-PL\" style=\"margin-right: -0.12in; widows: 2; orphans: 2;\" align=\"JUSTIFY\"><span style=\"font-family: Times New Roman,serif;\"><span style=\"font-family: Arial,sans-serif;\"><span style=\"font-weight: normal;\">Na mapie 1945 roku s\u0105 tam trzy zniszczone domy. Znajdowa\u0142a si\u0119 ona tu\u017c u wylotu Karli\u0144skiego przy Sowi\u0144skiego (nr 26\/28 \u2013 i hipoteczny 629 AB) i ci\u0105gn\u0119\u0142a si\u0119 wzd\u0142u\u017c tej ulicy na po\u0142udnie. Dom w 1939 uleg\u0142 destrukcji. Jaka\u015b prowizoryczna posesja zosta\u0142a <\/span><\/span><span style=\"font-family: Arial,sans-serif;\"><span style=\"font-weight: normal;\"><span style=\"background: transparent;\">w czasie <\/span><\/span><\/span><span style=\"font-family: Arial,sans-serif;\"><span style=\"font-weight: normal;\">wojny odbudowana i ponownie zniszczona w 1945. <\/span><\/span><\/span><\/p>\n<p class=\"western\" lang=\"pl-PL\" style=\"margin-right: -0.12in; widows: 2; orphans: 2;\" align=\"JUSTIFY\"><span style=\"font-family: Times New Roman,serif;\"><span style=\"font-family: Arial,sans-serif;\"><span style=\"font-weight: normal;\">Ziemi\u0119 t\u0105 przej\u0105\u0142 nielegalnie w czasie wojny, po procesie s\u0105dowym, niejaki Maruda, kt\u00f3rego \u017cona syna by\u0142a Niemk\u0105 &#8211; st\u0105d na procesie prawowici w\u0142a\u015bciciele nie mieli szans. Wspomina\u0142 proces <\/span><\/span><span style=\"font-family: Arial,sans-serif;\"><b>Henryk Bi\u0144ka<\/b><\/span><span style=\"font-family: Arial,sans-serif;\"><span style=\"font-weight: normal;\">, kt\u00f3ry by\u0142 na nim z matk\u0105 domo <\/span><\/span><span style=\"font-family: Arial,sans-serif;\"><b>D\u0105browska<\/b><\/span><span style=\"font-family: Arial,sans-serif;\"><span style=\"font-weight: normal;\">. Po wojnie tej ziemi te\u017c nie uda\u0142o si\u0119 odzyska\u0107. <\/span><\/span><span style=\"font-family: Arial,sans-serif;\"><b>Maruda<\/b><\/span><span style=\"font-family: Arial,sans-serif;\"><span style=\"font-weight: normal;\"> odbudowa\u0142 zniszczony w 1939 roku budynek. Spali\u0142 si\u0119 on ponownie w czasie powstania. Po wojnie <\/span><\/span><span style=\"font-family: Arial,sans-serif;\"><b>Maruda<\/b><\/span><span style=\"font-family: Arial,sans-serif;\"><span style=\"font-weight: normal;\"> wymieni\u0142 dzia\u0142k\u0119 z pa\u0144stwem na du\u017ce gospodarstwo w O\u017carowie.<\/span><\/span><\/span><\/p>\n<p class=\"western\" lang=\"pl-PL\"><span style=\"font-family: Times New Roman,serif;\"><span style=\"font-family: Arial,sans-serif;\"><b>Henryk Bi\u0144ka<\/b><\/span><span style=\"font-family: Arial,sans-serif;\"><span style=\"font-weight: normal;\"> wspomina, \u017ce kiedy\u015b (koniec lat 20) trzech braci Marud\u00f3w, nie prowadz\u0105cych godnego \u017cycia (potrafili oni przeje\u017cd\u017caj\u0105c strzeli\u0107 batem w przechodnia), pobi\u0142o jego ojca <\/span><\/span><span style=\"font-family: Arial,sans-serif;\"><b>J\u00f3zefa<\/b><\/span><span style=\"font-family: Arial,sans-serif;\"><span style=\"font-weight: normal;\">. Zorganizowany przez <\/span><\/span><span style=\"font-family: Arial,sans-serif;\"><b>Wac\u0142awa<\/b><\/span><span style=\"font-family: Arial,sans-serif;\"><span style=\"font-weight: normal;\"> i innych braci interwencyjny wypad doprowadzi\u0142 do nale\u017cytej odp\u0142aty, po czym zostali oni doprowadzeni na pobliski komisariat.<\/span><\/span><\/span><\/p>\n<p class=\"western\" lang=\"pl-PL\" style=\"margin-right: -0.11in; widows: 2; orphans: 2;\" align=\"JUSTIFY\"><span style=\"font-family: Times New Roman,serif;\"><span style=\"font-family: Arial,sans-serif;\"><span style=\"font-weight: normal;\">W 1929 <\/span><\/span><span style=\"font-family: Arial,sans-serif;\"><span style=\"text-decoration: underline;\"><b>J\u00f3zef<\/b><\/span><\/span><span style=\"font-family: Arial,sans-serif;\"><span style=\"font-weight: normal;\"> przeprowadza si\u0119 na dzier\u017cawion\u0105 posesj\u0119 do Piastowa (6 m\u00f3rg) i mieszka tam do 1935 roku. Powodem tego by\u0142o to, \u017ce syn <\/span><\/span><span style=\"font-family: Arial,sans-serif;\"><b>Henryk<\/b><\/span><span style=\"font-family: Arial,sans-serif;\"><span style=\"font-weight: normal;\"> uczy\u0142 si\u0119 w Piastowie, a <\/span><\/span><span style=\"font-family: Arial,sans-serif;\"><b>J\u00f3zef<\/b><\/span><span style=\"font-family: Arial,sans-serif;\"><span style=\"font-weight: normal;\"> pracowa\u0142 w fabryce w Pruszkowie. St\u0105d codzienne w\u0119dr\u00f3wki do stacji z Sowi\u0144skiego dla dwojga by\u0142y do\u015b\u0107 uci\u0105\u017cliwe. Fabryka w Pruszkowie zosta\u0142a za\u0142o\u017cona przez reemigrant\u00f3w z Ameryki i pocz\u0105tkowo produkowa\u0142a maszyny rolnicze. W 1935 roku J\u00f3zef kupuje 1,5 h dzia\u0142k\u0119 z parcelacji maj\u0105tku Potockiego \u2013 G\u0105sin. Uprawia j\u0105, hoduje pszczo\u0142y i pracuje. Pochowany jest wraz z \u017con\u0105 na cmentarzu w Pruszkowie. W czasie wojny by\u0142 cz\u0142onkiem plutonu ,,Nenufar\u2019\u2019 w Pruszkowie. 1 sierpnia 1944 r wraz z plutonem \u201eNenufar\u201d VI Rejonu AK \u201eHelen\u00f3w\u201d bra\u0142 udzia\u0142 w opanowaniu budyneku Elektrowni w Pruszkowie.<\/span><\/span><\/span><\/p>\n<p class=\"western\" lang=\"pl-PL\" style=\"margin-right: -0.11in; widows: 2; orphans: 2;\" align=\"JUSTIFY\"><span style=\"font-family: Times New Roman,serif;\"><span style=\"font-family: Arial,sans-serif;\"><span style=\"font-weight: normal;\">.<\/span><\/span><\/span><span style=\"font-family: Times New Roman,serif;\"><span style=\"font-family: Arial,sans-serif;\"><span style=\"font-weight: normal;\"><span style=\"background: transparent;\">W Pruszkowie &#8211; Nowej Wsi mieszka\u0142 te\u017c z rodzin\u0105 r\u00f3wnie\u017c bli\u017cej nieznany wtedy <strong>Henrykowi <\/strong><\/span><\/span><\/span><span style=\"font-family: Arial,sans-serif;\"><b><span style=\"background: transparent;\">J\u00f3zef Bi\u0144ka<\/span><\/b><\/span><span style=\"font-family: Arial,sans-serif;\"><span style=\"font-weight: normal;\"><span style=\"background: transparent;\"> z rodzin\u0105 (syn, c\u00f3rka). By\u0142 to syn <strong>Feliksa<\/strong> z linii po <strong>Karolu<\/strong> i <strong>Wielgorzewskiej<\/strong> <strong>Ludwice, <\/strong>maj\u0105cy zreszt\u0105 syna<strong> Henryka, <\/strong>i mieszkaj\u0105cego do dzi\u015b w Pruszkowie, wnuka <strong>Witolda<\/strong>..\u00a0<\/span><\/span><\/span> <span style=\"font-family: Arial,sans-serif;\"><span style=\"font-weight: normal;\">Co wi\u0119cej, w-g <\/span><\/span><span style=\"font-family: Arial,sans-serif;\"><b>Henryka Bi\u0144ka<\/b><\/span><span style=\"font-family: Arial,sans-serif;\"><span style=\"font-weight: normal;\"> na Czystem r\u00f3wnie\u017c mia\u0142 du\u017cy, pi\u0119trowy dom i dzia\u0142k\u0119 nieznany <\/span><\/span><span style=\"font-family: Arial,sans-serif;\"><b>J\u00f3zef Bi\u0144ka<\/b><\/span><span style=\"font-family: Arial,sans-serif;\"><span style=\"font-weight: normal;\">. <\/span><\/span><span style=\"font-family: Arial,sans-serif;\"><span style=\"font-weight: normal;\"><span style=\"background: transparent;\">Ojciec <\/span><\/span><\/span><span style=\"font-family: Arial,sans-serif;\"><b><span style=\"background: transparent;\">Henryka<\/span><\/b><\/span><span style=\"font-family: Arial,sans-serif;\"><span style=\"font-weight: normal;\"><span style=\"background: transparent;\"> nie kontaktowa\u0142 si\u0119 z nim jednak i nie poleca\u0142 tego synowi, zapewne b\u0119d\u0105c z nim w jakim\u015b konflikcie.<br \/>\n<\/span><\/span><\/span><\/span><\/p>\n<p lang=\"pl-PL\" align=\"JUSTIFY\"><a href=\"http:\/\/kbinka.vipserv.org\/wp-content\/uploads\/2018\/02\/Graphic1.jpg\"><img loading=\"lazy\" decoding=\"async\" class=\"alignnone wp-image-918\" src=\"http:\/\/kbinka.vipserv.org\/wp-content\/uploads\/2018\/02\/Graphic1.jpg\" alt=\"\" width=\"492\" height=\"319\" srcset=\"https:\/\/k.binka.pl\/wp-content\/uploads\/2018\/02\/Graphic1.jpg 1157w, https:\/\/k.binka.pl\/wp-content\/uploads\/2018\/02\/Graphic1-300x194.jpg 300w, https:\/\/k.binka.pl\/wp-content\/uploads\/2018\/02\/Graphic1-768x498.jpg 768w, https:\/\/k.binka.pl\/wp-content\/uploads\/2018\/02\/Graphic1-1024x664.jpg 1024w\" sizes=\"auto, (max-width: 492px) 100vw, 492px\" \/><\/a><\/p>\n<p lang=\"pl-PL\" align=\"JUSTIFY\">Stanis\u0142aw Bi\u0144ka, syn Franciszka I. Helena Bi\u0144ka, z Cera\u0144skich.<\/p>\n<p class=\"western\" lang=\"pl-PL\" style=\"margin-right: -0.11in; widows: 2; orphans: 2;\" align=\"JUSTIFY\"><a href=\"http:\/\/kbinka.vipserv.org\/wp-content\/uploads\/2018\/02\/waleria.jpg\"><img loading=\"lazy\" decoding=\"async\" class=\"alignnone wp-image-920\" src=\"http:\/\/kbinka.vipserv.org\/wp-content\/uploads\/2018\/02\/waleria.jpg\" alt=\"\" width=\"318\" height=\"422\" srcset=\"https:\/\/k.binka.pl\/wp-content\/uploads\/2018\/02\/waleria.jpg 379w, https:\/\/k.binka.pl\/wp-content\/uploads\/2018\/02\/waleria-226x300.jpg 226w\" sizes=\"auto, (max-width: 318px) 100vw, 318px\" \/><\/a><\/p>\n<p class=\"western\" lang=\"pl-PL\" style=\"margin-right: -0.11in; widows: 2; orphans: 2;\" align=\"JUSTIFY\"><span style=\"font-family: Times New Roman,serif;\"><span style=\"font-family: Arial,sans-serif;\"><span style=\"font-weight: normal;\">Waleria Bi\u0144ka, c\u00f3rka Stanis\u0142awa, wnuczka Franciszka I.<br \/>\n<\/span><\/span><\/span><\/p>\n<p><a href=\"http:\/\/kbinka.vipserv.org\/wp-content\/uploads\/2018\/02\/Wladys\u0142aw-i-Aleksandra.jpg\"><img loading=\"lazy\" decoding=\"async\" class=\"alignnone wp-image-903\" src=\"http:\/\/kbinka.vipserv.org\/wp-content\/uploads\/2018\/02\/Wladys\u0142aw-i-Aleksandra.jpg\" alt=\"\" width=\"561\" height=\"345\" srcset=\"https:\/\/k.binka.pl\/wp-content\/uploads\/2018\/02\/Wladys\u0142aw-i-Aleksandra.jpg 857w, https:\/\/k.binka.pl\/wp-content\/uploads\/2018\/02\/Wladys\u0142aw-i-Aleksandra-300x184.jpg 300w, https:\/\/k.binka.pl\/wp-content\/uploads\/2018\/02\/Wladys\u0142aw-i-Aleksandra-768x471.jpg 768w\" sizes=\"auto, (max-width: 561px) 100vw, 561px\" \/><\/a><\/p>\n<p><span style=\"font-family: Arial,sans-serif;\"><span style=\"font-weight: normal;\">W\u0142adys\u0142aw Bie\u0144ka, syn Stanis\u0142awa Bie\u0144ka, ma\u017c Aleksandry. Aleksandra, c\u00f3rka Franciszka II Bi\u0144ka, \u017cona W\u0142adys\u0142awa.<\/span><\/span><\/p>\n<p><a href=\"http:\/\/kbinka.vipserv.org\/wp-content\/uploads\/2018\/02\/DSCN2332-Kazimierz-Bie\u0144ka-syn-Aleksandry-i-Wladys\u0142awa.jpg\"><img loading=\"lazy\" decoding=\"async\" class=\"alignnone wp-image-911\" src=\"http:\/\/kbinka.vipserv.org\/wp-content\/uploads\/2018\/02\/DSCN2332-Kazimierz-Bie\u0144ka-syn-Aleksandry-i-Wladys\u0142awa.jpg\" alt=\"\" width=\"264\" height=\"357\" srcset=\"https:\/\/k.binka.pl\/wp-content\/uploads\/2018\/02\/DSCN2332-Kazimierz-Bie\u0144ka-syn-Aleksandry-i-Wladys\u0142awa.jpg 455w, https:\/\/k.binka.pl\/wp-content\/uploads\/2018\/02\/DSCN2332-Kazimierz-Bie\u0144ka-syn-Aleksandry-i-Wladys\u0142awa-222x300.jpg 222w\" sizes=\"auto, (max-width: 264px) 100vw, 264px\" \/><\/a><\/p>\n<p><span style=\"font-family: Arial,sans-serif;\"><span style=\"font-weight: normal;\">Kazimierz Bie\u0144ka, syn Aleksandry i W\u0142adys\u0142awa<\/span><\/span><\/p>\n<p><a href=\"http:\/\/kbinka.vipserv.org\/wp-content\/uploads\/2018\/02\/Antoni-Binka-i-\u017cona-Marianna.jpg\"><img loading=\"lazy\" decoding=\"async\" class=\"alignnone wp-image-907\" src=\"http:\/\/kbinka.vipserv.org\/wp-content\/uploads\/2018\/02\/Antoni-Binka-i-\u017cona-Marianna.jpg\" alt=\"\" width=\"546\" height=\"363\" srcset=\"https:\/\/k.binka.pl\/wp-content\/uploads\/2018\/02\/Antoni-Binka-i-\u017cona-Marianna.jpg 672w, https:\/\/k.binka.pl\/wp-content\/uploads\/2018\/02\/Antoni-Binka-i-\u017cona-Marianna-300x200.jpg 300w\" sizes=\"auto, (max-width: 546px) 100vw, 546px\" \/><\/a><\/p>\n<p><span style=\"font-family: Arial,sans-serif;\"><span style=\"font-weight: normal;\">Antoni Bi\u0144ka, syn Franciszka II, m\u0105\u017c Marianny. Marianna, \u017cona Antoniego.<\/span><\/span><\/p>\n<p><a href=\"http:\/\/kbinka.vipserv.org\/wp-content\/uploads\/2018\/10\/Stefan-i-Marianna-Bie\u0144ka.jpg\"><img loading=\"lazy\" decoding=\"async\" class=\"alignnone wp-image-1027\" src=\"http:\/\/kbinka.vipserv.org\/wp-content\/uploads\/2018\/10\/Stefan-i-Marianna-Bie\u0144ka.jpg\" alt=\"\" width=\"486\" height=\"302\" srcset=\"https:\/\/k.binka.pl\/wp-content\/uploads\/2018\/10\/Stefan-i-Marianna-Bie\u0144ka.jpg 2075w, https:\/\/k.binka.pl\/wp-content\/uploads\/2018\/10\/Stefan-i-Marianna-Bie\u0144ka-300x187.jpg 300w, https:\/\/k.binka.pl\/wp-content\/uploads\/2018\/10\/Stefan-i-Marianna-Bie\u0144ka-768x477.jpg 768w, https:\/\/k.binka.pl\/wp-content\/uploads\/2018\/10\/Stefan-i-Marianna-Bie\u0144ka-1024x637.jpg 1024w\" sizes=\"auto, (max-width: 486px) 100vw, 486px\" \/><\/a><\/p>\n<p>Stefan Bie\u0144ka, syn Stanis\u0142awa i ma\u0142\u017conka &#8211; Marianna Bie\u0144ka<\/p>\n<p><a href=\"http:\/\/kbinka.vipserv.org\/wp-content\/uploads\/2018\/10\/Zdzis\u0142aw-Bie\u0144ka-i-Celina-Bie\u0144ka.jpg\"><img loading=\"lazy\" decoding=\"async\" class=\"alignnone wp-image-1032\" src=\"http:\/\/kbinka.vipserv.org\/wp-content\/uploads\/2018\/10\/Zdzis\u0142aw-Bie\u0144ka-i-Celina-Bie\u0144ka.jpg\" alt=\"\" width=\"494\" height=\"309\" srcset=\"https:\/\/k.binka.pl\/wp-content\/uploads\/2018\/10\/Zdzis\u0142aw-Bie\u0144ka-i-Celina-Bie\u0144ka.jpg 1336w, https:\/\/k.binka.pl\/wp-content\/uploads\/2018\/10\/Zdzis\u0142aw-Bie\u0144ka-i-Celina-Bie\u0144ka-300x188.jpg 300w, https:\/\/k.binka.pl\/wp-content\/uploads\/2018\/10\/Zdzis\u0142aw-Bie\u0144ka-i-Celina-Bie\u0144ka-768x481.jpg 768w, https:\/\/k.binka.pl\/wp-content\/uploads\/2018\/10\/Zdzis\u0142aw-Bie\u0144ka-i-Celina-Bie\u0144ka-1024x641.jpg 1024w\" sizes=\"auto, (max-width: 494px) 100vw, 494px\" \/><\/a><\/p>\n<p>Zdzis\u0142aw Bie\u0144ka, syn Stefana, wnuk Stanis\u0142awa i ma\u0142\u017conka Celina Bie\u0144ka<\/p>\n<p><span style=\"font-family: Arial,sans-serif;\"><span style=\"font-weight: normal;\">Syn <strong>Franciszka<\/strong> &#8211; <strong><u>Stanis\u0142aw<\/u><\/strong> &#8211; w-g <strong>Henryka Bi\u0144ki<\/strong> posiada\u0142 przedsi\u0119biorstwo przewozowe i zarz\u0105dza\u0142 spu\u015bcizn\u0105 po <strong>Franciszku 1, <\/strong>prowadz\u0105c gospodarstwo na G\u00f3rcach (i w-g I.W.), na Siodlarskiej (w-g <strong>Zdzis\u0142awa Bi\u0144ka<\/strong>). St\u0105d nie by\u0142 biedny. Jego \u017cona pochodzi\u0142a z <strong>Cera\u0144skich<\/strong> maj\u0105cych gospodarstwo przy Okopowej (<strong>Cera\u0144ski<\/strong> \u2013 ojciec? by\u0142 kolejarzem). <strong><u>Stanis\u0142aw<\/u><\/strong> przepisuje synom po mordze ziemi przy Siodlarskiej. <strong>Stefan<\/strong> (dosta\u0142 1 m) mieszka przy Siodlarskiej 5. Odkupuje morg\u0119 od <strong>Stanis\u0142awa<\/strong> juniora (zm 2018), kt\u00f3ry zajmowa\u0142 si\u0119 po wojnie wyrobem obuwia u <strong>Antoniego Bi\u0144ka<\/strong>. Zst\u0119pni <strong>Stefana<\/strong> przenosz\u0105 si\u0119 po nacjonalizacji do Babic. Kolejny syn <strong>Jan<\/strong> z \u017con\u0105 <strong>Stefani\u0105 Bie\u0144ka<\/strong> ze Szcz\u0119\u015blewic tak\u017ce prowadz\u0105 gospodarstwo ogrodnicze przy Siodlarskiej \u2013 \u017cona we wianie dodatkowo wnios\u0142a 3 morgi, przylegaj\u0105ce do podarowanej przez ojca 1 morgi. Syn <strong>W\u0142adys\u0142aw<\/strong> prowadzi z <strong>Aleksandr\u0105<\/strong> gospodarstwo (przed i po wojnie) na G\u00f3rcach \u2013 Siodlarska 3 \u2013 odkupuje dodatkowo morg\u0119 od brata <strong>Aleksandra, <\/strong>kt\u00f3ry z <strong>Janin\u0105 <\/strong>prowadzi w G\u00f3rcach kawiarni\u0119. W-g I.W. kawiarnia znajdowa\u0142a si\u0119 przy drodze prowadz\u0105cej do pa\u0142acu w G\u00f3rcach Starych, w bocznej ulicy na wprost p\u0119tli autobusowej. Syn <strong><u>Stanis\u0142awa<\/u><\/strong> &#8211;\u00a0 <strong>Stanis\u0142aw Marek<\/strong> by\u0142 mechanikiem w fabryce Windygi, kt\u00f3r\u0105 w czasie wojny w\u0142\u0105czono do getta. <strong>Stanis\u0142aw<\/strong> odsprzeda\u0142 cz\u0119\u015b\u0107 ziemi przy g\u0142\u00f3wnej drodze bratu <strong>Franciszkowi 2<\/strong>. Ziemia ta znajdowa\u0142a si\u0119 przy p\u00f3\u017aniejszej p\u0119tli autobusowej i krzy\u017cu (w-g I. W.). Stamt\u0105d prowadzi\u0142a te\u017c droga polna na Jelonki. G\u00f3rce przedwojenne w-g Ir W\u0142 &#8211; 10 letniej mieszkanki &#8211; by\u0142y wsi\u0105 ogrodnicz\u0105 z kilkoma polskimi sklepami i piekarni\u0105 Kilia\u0144skiego. Inny syn <strong><u>Stanis\u0142awa<\/u><\/strong> \u2013 <strong>Micha\u0142<\/strong> z \u017con\u0105 <strong>Michalin\u0105<\/strong> z domu <strong>Kope\u0107<\/strong> prowadzi sklep spo\u017cywczy w Toruniu przed wojn\u0105. Tu\u017c przed 1939 wyjecha\u0142 do W-wy i po wojnie r\u00f3wnie\u017c prowadzi\u0142 tam sklep. Ich syn \u2013 <strong>Henryk<\/strong> \u2013 bierze udzia\u0142 w Powstaniu Warszawskim (poni\u017cej) i p\u00f3\u017aniej do\u0142\u0105cza do armi Andersa. Ich drugi syn &#8211; <strong>Zbigniew<\/strong> &#8211; tak\u017ce walczy\u0142 w powstaniu, zagin\u0105\u0142. Trzeci syn <strong>Edwin<\/strong> po wojnie wyjecha\u0142 do Torunia. C\u00f3rka <strong>Waleria<\/strong> prowadzi gospodarstwo z m\u0119\u017cem <strong>Kubiakiem<\/strong> jad\u0105c z G\u00f3rc w stron\u0119 Babic. Druga c\u00f3rka <strong>J\u00f3zefa<\/strong> prowadzi z m\u0119\u017cem du\u017ce gospodarstwo ogrodnicze jad\u0105c z G\u00f3rc w stron\u0119 Jelonek.<\/span><\/span><\/p>\n<p class=\"western\" lang=\"pl-PL\" style=\"margin-right: -0.11in; widows: 2; orphans: 2;\" align=\"JUSTIFY\"><span style=\"font-family: Times New Roman,serif;\"><span style=\"font-family: Arial,sans-serif;\"><span style=\"font-weight: normal;\">Nast\u0119pny syn <\/span><\/span><span style=\"font-family: Arial,sans-serif;\"><b>Franciszka 1<\/b><\/span><span style=\"font-family: Arial,sans-serif;\"><span style=\"font-weight: normal;\"> \u2013 <\/span><\/span><span style=\"font-family: Arial,sans-serif;\"><span style=\"text-decoration: underline;\"><b>Aleksander<\/b><\/span><\/span><span style=\"font-family: Arial,sans-serif;\"><span style=\"font-weight: normal;\"> by\u0142 wojskowym. Z powod\u00f3w zdrowotnych (drogi oddechowe) zmar\u0142 wcze\u015bnie. <\/span><\/span><\/span><\/p>\n<p class=\"western\" lang=\"pl-PL\" style=\"margin-right: -0.1in; widows: 2; orphans: 2;\" align=\"JUSTIFY\"><span style=\"font-family: Times New Roman,serif;\"><span style=\"font-family: Arial,sans-serif;\"><span style=\"font-weight: normal;\">Kolejny syn <\/span><\/span><span style=\"font-family: Arial,sans-serif;\"><b>Franciszka 1<\/b><\/span><span style=\"font-family: Arial,sans-serif;\"><span style=\"font-weight: normal;\"> &#8211; <\/span><\/span><span style=\"font-family: Arial,sans-serif;\"><span style=\"text-decoration: underline;\"><b>Wojciech Bie\u0144ka<\/b><\/span><\/span><span style=\"font-family: Arial,sans-serif;\"><span style=\"font-weight: normal;\"> \u2013 w-g <\/span><\/span><span style=\"font-family: Arial,sans-serif;\"><b>Henryka Bi\u0144ka<\/b><\/span><span style=\"font-family: Arial,sans-serif;\"><span style=\"font-weight: normal;\"> posiada\u0142 ziemi\u0119 niedaleko <\/span><\/span><span style=\"font-family: Arial,sans-serif;\"><span style=\"text-decoration: underline;\"><b>Franciszka 2<\/b><\/span><\/span><span style=\"font-family: Arial,sans-serif;\"><span style=\"font-weight: normal;\"> obok przeci\u0119cia G\u00f3rczewskiej przez ulic\u0119, po prawej stronie od strony Woli. Prowadzi\u0142 gospodarstwo warzywne i inspekty. Rodzina troch\u0119 izolowa\u0142a si\u0119 od reszty Bi\u0144k\u00f3w gdy\u017c spotka\u0142a j\u0105 tragedia. Ich c\u00f3rka wysz\u0142a za m\u0105\u017c za pana z problemem alkoholowym, jak si\u0119 p\u00f3\u017aniej okaza\u0142o i w czasie k\u0142\u00f3tni rzuci\u0142a w niego siekier\u0105 zabijaj\u0105c go \u2013 za co trafi\u0142a do wi\u0119zienia. Jednym z jego syn\u00f3w by\u0142 <\/span><\/span><span style=\"font-family: Arial,sans-serif;\"><b>Karol<\/b><\/span><span style=\"font-family: Arial,sans-serif;\"><span style=\"font-weight: normal;\">, kt\u00f3ry uda\u0142 si\u0119 samowolnie do Francji, aby studiowa\u0107 na Sorbonie.<\/span><\/span><span style=\"font-family: Arial,sans-serif;\"><span style=\"font-weight: normal;\"><span style=\"background: transparent;\"> Zapewne z przyczyn materialnych jej nie uko\u0144czy\u0142 i wr\u00f3ci\u0142 do Polski. <\/span><\/span><\/span><span style=\"font-family: Arial,sans-serif;\"><span style=\"font-weight: normal;\">C\u00f3rka <\/span><\/span><span style=\"font-family: Arial,sans-serif;\"><b>Julia<\/b><\/span><span style=\"font-family: Arial,sans-serif;\"><span style=\"font-weight: normal;\"> wychodzi za m\u0105\u017c za <\/span><\/span><span style=\"font-family: Arial,sans-serif;\"><b>Tadeusza <\/b><\/span><span style=\"font-family: Arial,sans-serif;\"><b>Gronkiewicza<\/b><\/span><span style=\"font-family: Arial,sans-serif;\"><span style=\"font-weight: normal;\">. <\/span><\/span><span style=\"font-family: Arial,sans-serif;\"><b>Gronkiewicz<\/b><\/span><span style=\"font-family: Arial,sans-serif;\"><span style=\"font-weight: normal;\"> mia\u0142 naprzeciw ogrod\u00f3w Ulrycha oficyn\u0119 i wynajmowa\u0142 mieszkania. Mieszkanie tam wynajmowa\u0142 te\u017c <\/span><\/span><span style=\"font-family: Arial,sans-serif;\"><b>Roman Bie\u0144ka<\/b><\/span><span style=\"font-family: Arial,sans-serif;\"><span style=\"font-weight: normal;\"> \u2013 ojciec <\/span><\/span><span style=\"font-family: Arial,sans-serif;\"><b>Ireny W\u0142odarczyk<\/b><\/span><span style=\"font-family: Arial,sans-serif;\"><span style=\"font-weight: normal;\">.<\/span><\/span><\/span><\/p>\n<p><a href=\"http:\/\/kbinka.vipserv.org\/wp-content\/uploads\/2025\/10\/Karol-Bi\u0144ka-1905.jpg\"><img loading=\"lazy\" decoding=\"async\" class=\"alignnone wp-image-1640\" src=\"http:\/\/kbinka.vipserv.org\/wp-content\/uploads\/2025\/10\/Karol-Bi\u0144ka-1905.jpg\" alt=\"\" width=\"300\" height=\"401\" srcset=\"https:\/\/k.binka.pl\/wp-content\/uploads\/2025\/10\/Karol-Bi\u0144ka-1905.jpg 2166w, https:\/\/k.binka.pl\/wp-content\/uploads\/2025\/10\/Karol-Bi\u0144ka-1905-225x300.jpg 225w, https:\/\/k.binka.pl\/wp-content\/uploads\/2025\/10\/Karol-Bi\u0144ka-1905-768x1025.jpg 768w, https:\/\/k.binka.pl\/wp-content\/uploads\/2025\/10\/Karol-Bi\u0144ka-1905-767x1024.jpg 767w\" sizes=\"auto, (max-width: 300px) 100vw, 300px\" \/><\/a><br \/>\nKarol Bie\u0144ka, syn Wojciecha i Emilli Kryst 1905-1945<\/p>\n<p class=\"western\" lang=\"pl-PL\" style=\"margin-right: -0.1in; widows: 2; orphans: 2;\" align=\"JUSTIFY\"><span style=\"font-family: Times New Roman,serif;\"><span style=\"font-family: Arial,sans-serif;\"><span style=\"font-weight: normal;\">Syn <\/span><\/span><span style=\"font-family: Arial,sans-serif;\"><b>Franciszka I<\/b><\/span><span style=\"font-family: Arial,sans-serif;\"><span style=\"font-weight: normal;\"> &#8211; <\/span><\/span><span style=\"font-family: Arial,sans-serif;\"><span style=\"text-decoration: underline;\"><b>Wawrzyniec Bie\u0144ka<\/b><\/span><\/span><span style=\"font-family: Arial,sans-serif;\"><span style=\"font-weight: normal;\"> &#8211; posiada\u0142 30 morgowy sad &#8211; za\u0142o\u017cony na ziemi wniesionej w wianie przez ma\u0142\u017conk\u0119 (w cz\u0119\u015bci?). Mieszka\u0142 w jednym z wi\u0119kszych dom\u00f3w na G\u00f3rcach z pod\u0142ogami z mozaik, jak wspomina\u0142 <\/span><\/span><span style=\"font-family: Arial,sans-serif;\"><b>Henryk Bi\u0144ka,<\/b><\/span><span style=\"font-family: Arial,sans-serif;\"><span style=\"font-weight: normal;\"> jego chrze\u015bniak. Obecnie na tym terenie znajduj\u0105 si\u0119 fi\u0144skie domki oraz w cz\u0119\u015bci linia kolejowa. <\/span><\/span><\/span><\/p>\n<p class=\"western\" lang=\"pl-PL\"><span style=\"font-family: Times New Roman,serif;\"><span style=\"font-family: Arial,sans-serif;\"><span style=\"font-weight: normal;\">Syn <\/span><\/span><span style=\"font-family: Arial,sans-serif;\"><b>Wawrzy\u0144ca<\/b><\/span><span style=\"font-family: Arial,sans-serif;\"><span style=\"font-weight: normal;\"> &#8211; <\/span><\/span><span style=\"font-family: Arial,sans-serif;\"><span style=\"text-decoration: underline;\"><b>Wawrzyniec II <\/b><\/span><\/span><span style=\"font-family: Arial,sans-serif;\"><span style=\"font-weight: normal;\">\u2013 \u017cona <strong>Jadwiga<\/strong>. Ucz\u0119szcza\u0142 do gimnazjum G\u00f3rskiego \u2013 kt\u00f3rego nie uko\u0144czy\u0142 . Po 2 wojnie i nacjonalizacji ziemi wybudowa\u0142 dom w Babicach po prawej stronie jad\u0105c do nich, gdzie mia\u0142 szklarnie kwiatowe i typowy dla epoki kwadratowy dom \u2013 przed cmentarzem. Nie przynosi\u0142y one du\u017cego dochodu. Z <\/span><\/span><span style=\"font-family: Arial,sans-serif;\"><span style=\"text-decoration: underline;\"><b>Wawrzy\u0144cem II<\/b><\/span><\/span><span style=\"font-family: Arial,sans-serif;\"><span style=\"font-weight: normal;\"> zamieszkiwa\u0142a c\u00f3rka <\/span><\/span><span style=\"font-family: Arial,sans-serif;\"><b>Otylia<\/b><\/span><span style=\"font-family: Arial,sans-serif;\"><span style=\"font-weight: normal;\">. Po \u015blubie m\u0105\u017c <\/span><\/span><span style=\"font-family: Arial,sans-serif;\"><b>Otyli<\/b><\/span><span style=\"font-family: Arial,sans-serif;\"><span style=\"font-weight: normal;\"> za namow\u0105 lekarzy G\u00f3rnickich zainteresowa\u0142 si\u0119 zio\u0142olecznictwem. Uprawia\u0142 zio\u0142a? W ka\u017cdym razie handlowa\u0142 zio\u0142ami gdzie\u015b na Ulrychowie. <\/span><\/span><span style=\"font-family: Arial,sans-serif;\"><span style=\"font-style: normal;\"><span style=\"text-decoration: underline;\"><b>Wawrzyniec II<\/b><\/span><\/span><\/span><span style=\"font-family: Arial,sans-serif;\"><span style=\"font-weight: normal;\"> obok <\/span><\/span><span style=\"font-family: Arial,sans-serif;\"><b>Otylii<\/b><\/span><span style=\"font-family: Arial,sans-serif;\"><span style=\"font-weight: normal;\"> ma dw\u00f3ch syn\u00f3w. Jeden z nich mieszka w Rado\u015bci. Drugi?<\/span><\/span><\/span><\/p>\n<p class=\"western\" lang=\"pl-PL\" style=\"margin-right: -0.1in; widows: 2; orphans: 2;\" align=\"JUSTIFY\"><span style=\"font-family: Times New Roman,serif;\"><span style=\"font-family: Arial,sans-serif;\"><span style=\"font-weight: normal;\">C\u00f3rka <\/span><\/span><span style=\"font-family: Arial,sans-serif;\"><b>Wawrzy\u0144ca 1 <\/b><\/span><span style=\"font-family: Arial,sans-serif;\"><span style=\"text-decoration: none;\"><span style=\"font-weight: normal;\">&#8211; <\/span><\/span><\/span><span style=\"font-family: Arial,sans-serif;\"><span style=\"text-decoration: underline;\"><b>Felicja <\/b><\/span><\/span><span style=\"font-family: Arial,sans-serif;\"><span style=\"text-decoration: underline;\"><b>Fedorowska<\/b><\/span><\/span><span style=\"font-family: Arial,sans-serif;\"><span style=\"font-weight: normal;\"> \u2013 prowadz\u0105 w G\u00f3rcach bardzo dochodowe i wzorowe gospodarstwo z m\u0119\u017cem ogrodnikiem z Mokotowa. Ma syna <\/span><\/span><span style=\"font-family: Arial,sans-serif;\"><b>Henryka<\/b><\/span><span style=\"font-family: Arial,sans-serif;\"><span style=\"font-weight: normal;\">, kt\u00f3ry zmar\u0142 po wojnie. Drugi syn \u2013 <\/span><\/span><span style=\"font-family: Arial,sans-serif;\"><b>Leon<\/b><\/span><span style=\"font-family: Arial,sans-serif;\"><span style=\"font-weight: normal;\"> \u2013 oddaje gospodarstwo synowi. <\/span><\/span><\/span><\/p>\n<p class=\"western\" lang=\"pl-PL\" style=\"margin-right: -0.12in; widows: 2; orphans: 2;\" align=\"JUSTIFY\"><span style=\"font-family: Times New Roman,serif;\"><span style=\"font-family: Arial,sans-serif;\"><span style=\"font-weight: normal;\">Druga c\u00f3rka <\/span><\/span><span style=\"font-family: Arial,sans-serif;\"><b>Wawrzy\u0144ca 1 \u2013 <\/b><\/span><span style=\"font-family: Arial,sans-serif;\"><span style=\"text-decoration: underline;\"><b>Stefania <\/b><\/span><\/span><span style=\"font-family: Arial,sans-serif;\"><span style=\"text-decoration: none;\"><b>&#8211; <\/b><\/span><\/span><span style=\"font-family: Arial,sans-serif;\"><span style=\"font-weight: normal;\">r\u00f3wnie\u017c prowadzi z m\u0119\u017cem gospodarstwo ogrodnicze.<\/span><\/span><\/span><\/p>\n<p class=\"western\" lang=\"pl-PL\" style=\"margin-right: -0.12in; widows: 2; orphans: 2;\" align=\"JUSTIFY\"><span style=\"font-family: Times New Roman,serif;\"><span style=\"font-family: Arial,sans-serif;\"><span style=\"font-weight: normal;\">Kolejny syn <\/span><\/span><span style=\"font-family: Arial,sans-serif;\"><b>Franciszka 1<\/b><\/span><span style=\"font-family: Arial,sans-serif;\"><span style=\"font-weight: normal;\"> \u2013 <\/span><\/span><span style=\"font-family: Arial,sans-serif;\"><span style=\"text-decoration: underline;\"><b>Ludwik<\/b><\/span><\/span><span style=\"font-family: Arial,sans-serif;\"><span style=\"font-weight: normal;\"> \u2013 s\u0142u\u017cy\u0142 w wojsku carskim. Mieszka\u0142 na ulicy Balickiej. Nie mia\u0142 z ma\u0142\u017conk\u0105 <\/span><\/span><span style=\"font-family: Arial,sans-serif;\"><b>Zofi\u0105 Czaban<\/b><\/span><span style=\"font-family: Arial,sans-serif;\"><span style=\"font-weight: normal;\"> dzieci.<\/span><\/span><\/span><\/p>\n<p class=\"western\" style=\"margin-right: -0.12in; widows: 2; orphans: 2;\" align=\"JUSTIFY\"><span style=\"font-family: Times New Roman,serif;\"><span style=\"font-family: Arial,sans-serif;\"><span style=\"font-weight: normal;\">Syn <\/span><\/span><span style=\"font-family: Arial,sans-serif;\"><b>Franciszka 1<\/b><\/span><span style=\"font-family: Arial,sans-serif;\"><span style=\"font-weight: normal;\"> \u2013 <\/span><\/span><span style=\"font-family: Arial,sans-serif;\"><span style=\"text-decoration: underline;\"><b>W\u0142adys\u0142aw<\/b><\/span><\/span><span style=\"font-family: Arial,sans-serif;\"><span style=\"font-weight: normal;\"> \u2013 posiada\u0142 sklep na Wolskiej, kt\u00f3ry prowadzi\u0142a \u017cona Genowefa (Zdaniem MW przy Karli\u0144skiego, Romualda G\u0142owacka z mam\u0105 Regin\u0105 Bi\u0144ka w czasie wojny pomaga\u0142y w jego prowadzeniu). Znajdowa\u0142 si\u0119 on niedaleko domu <\/span><\/span><span style=\"font-family: Arial,sans-serif;\"><span style=\"text-decoration: underline;\"><b>Wac\u0142awa Bi\u0144ka,<\/b><\/span><\/span><span style=\"font-family: Arial,sans-serif;\"><span style=\"font-weight: normal;\"> w wynajmowanym od Boles\u0142awa Bucholza lokalu, po drugiej stronie ulicy, ok. 250 m od gospodarstwa Wac\u0142awa \u2013 jak wspomina <\/span><\/span><span style=\"font-family: Arial,sans-serif;\"><b>Irena <\/b><\/span><span style=\"font-family: Arial,sans-serif;\"><b>W\u0142odarczyk<\/b><\/span><span style=\"font-family: Arial,sans-serif;\"><span style=\"font-weight: normal;\">. W ksi\u0119dze adresowej z roku 1930 Bucholz to numer policyjny Wolska 150 (hip 8\/58 na mapie). Wzorem \u017byd\u00f3w <\/span><\/span><span style=\"font-family: Arial,sans-serif;\"><span style=\"text-decoration: underline;\"><b>W\u0142adys\u0142aw<\/b><\/span><\/span><span style=\"font-family: Arial,sans-serif;\"><span style=\"font-weight: normal;\"> kupowa\u0142 zbiory b\u0119d\u0105ce jeszcze na drzewach (tak\u017ce od brata <\/span><\/span><span style=\"font-family: Arial,sans-serif;\"><span style=\"text-decoration: underline;\"><b>Wawrzy\u0144ca<\/b><\/span><\/span><span style=\"font-family: Arial,sans-serif;\"><span style=\"font-weight: normal;\">, kt\u00f3ry mia\u0142 du\u017cy sad) i po zebraniu owoc\u00f3w sprzedawa\u0142 je hurtem. Trudni\u0142 si\u0119 r\u00f3wnie\u017c masarstwem \u2013 sprzedaj\u0105c swoj\u0105 wytw\u00f3rczo\u015b\u0107 w w\u0142asnym sklepie. \u017bona <\/span><\/span><span style=\"font-family: Arial,sans-serif;\"><span style=\"text-decoration: underline;\"><b>J\u00f3zefa<\/b><\/span><\/span><span style=\"font-family: Arial,sans-serif;\"><span style=\"font-weight: normal;\"> (ojca <\/span><\/span><span style=\"font-family: Arial,sans-serif;\"><b>Henryka<\/b><\/span><span style=\"font-family: Arial,sans-serif;\"><span style=\"font-weight: normal;\">) nie by\u0142a zadowolona z wizyt m\u0119\u017ca w tym sklepie, gdy\u017c czasem z <\/span><\/span><span style=\"font-family: Arial,sans-serif;\"><span style=\"text-decoration: underline;\"><b>W\u0142adys\u0142awem<\/b><\/span><\/span><span style=\"font-family: Arial,sans-serif;\"><span style=\"font-weight: normal;\"> pod owe wyroby co\u015b wypi\u0142. Ich c\u00f3rka <\/span><\/span><span style=\"font-family: Arial,sans-serif;\"><b>Maria<\/b><\/span><span style=\"font-family: Arial,sans-serif;\"><span style=\"font-weight: normal;\"> prowadzi\u0142a r\u00f3wnie\u017c sklep. Syn <\/span><\/span><span style=\"font-family: Arial,sans-serif;\"><b>J\u00f3zef<\/b><\/span><span style=\"font-family: Arial,sans-serif;\"><span style=\"font-weight: normal;\"> by\u0142 przed wojn\u0105 rze\u017anikiem, jego \u017cona prowadzi\u0142a przedszkole. <\/span><\/span><\/span><span style=\"font-family: Times New Roman,serif;\"><span style=\"font-family: Arial,sans-serif;\"><span style=\"font-weight: normal;\">Syn <\/span><\/span><span style=\"font-family: Arial,sans-serif;\"><b>Ryszard<\/b><\/span><span style=\"font-family: Arial,sans-serif;\"><span style=\"font-weight: normal;\"> \u2013 <\/span><\/span><span style=\"font-family: Arial,sans-serif;\"><b>Ir W\u0142<\/b><\/span><span style=\"font-family: Arial,sans-serif;\"><span style=\"font-weight: normal;\"> wspomina, <\/span><\/span><span style=\"font-family: Arial,sans-serif;\"><span style=\"font-weight: normal;\">zosta\u0142 rozstrzelany w czasie powstania <\/span><\/span><span style=\"font-family: Arial,sans-serif;\"><span style=\"font-weight: normal;\"> &#8211; sta\u0142o si\u0119 to <\/span><\/span><span style=\"font-family: Arial,sans-serif;\"><span style=\"font-weight: normal;\">podobno<\/span><\/span><span style=\"font-family: Arial,sans-serif;\"><span style=\"font-weight: normal;\"> w Babicach. <\/span><\/span><span style=\"font-family: Arial,sans-serif;\"><span style=\"font-weight: normal;\">Syn <\/span><\/span><span style=\"font-family: Arial,sans-serif;\"><b>W\u0142adys\u0142aw<\/b><\/span><span style=\"font-family: Arial,sans-serif;\"><span style=\"font-weight: normal;\"> \u2013 zosta\u0142 zastrzelony (18.9.39) przez Niemc\u00f3w na posesji <\/span><\/span><span style=\"font-family: Arial,sans-serif;\"><b>Wawrzy\u0144c\u00f3w Bi\u0144ka,<\/b><\/span><span style=\"font-family: Arial,sans-serif;\"><span style=\"font-weight: normal;\"> gdzie z \u017con\u0105 (i dzieckiem?) si\u0119 schroni\u0142. Sta\u0142o si\u0119 to na oczach \u017cony, gdy Niemcy kazali opu\u015bci\u0107 dom \u2013 postanowi\u0142 on wr\u00f3ci\u0107 po pieluchy jak wspomina Stefania Bi\u0144ka \u2013 wnuczka <\/span><\/span><span style=\"font-family: Arial,sans-serif;\"><b>Franciszka <\/b><\/span><span style=\"font-family: Arial,sans-serif;\"><span style=\"font-weight: normal;\">I (pocz\u0105tkowo by\u0142 pochowany w ogr\u00f3dku).<\/span><\/span><\/span><\/p>\n<p class=\"western\" lang=\"pl-PL\" style=\"margin-right: -0.1in; widows: 2; orphans: 2;\" align=\"JUSTIFY\"><span style=\"font-family: Times New Roman,serif;\"><span style=\"font-family: Arial,sans-serif;\"><span style=\"font-weight: normal;\">Kolejny syn <\/span><\/span><span style=\"font-family: Arial,sans-serif;\"><b>Franciszka<\/b><\/span><span style=\"font-family: Arial,sans-serif;\"><span style=\"font-weight: normal;\"> \u2013 <\/span><\/span><span style=\"font-family: Arial,sans-serif;\"><span style=\"text-decoration: underline;\"><b>Kazimierz<\/b><\/span><\/span><span style=\"font-family: Arial,sans-serif;\"><span style=\"font-weight: normal;\"> \u2013 pocz\u0105tkowo mieszka\u0142 w Babicach, a potem przeprowadzi\u0142 si\u0119 na Chmieln\u0105 89 i pracowa\u0142 jako tokarz (tak jest notowany w akcie z 1910 roku). <\/span><\/span><span style=\"font-family: Arial,sans-serif;\"><b>Irena W\u0142odarczyk <\/b><\/span><span style=\"font-family: Arial,sans-serif;\"><span style=\"font-weight: normal;\">podaje, \u017ce pracowa\u0142 w tramwajach warszawskich &#8211; by\u0142 kowalem. Potem? Prowadzi\u0142 sklep z \u017con\u0105 naprzeciw ogrod\u00f3w Ulrycha. O sklepie tym w czasach powstania opowiada w swoich wspomnieniach (archiwum m\u00f3wione) <\/span><\/span><span style=\"font-family: Arial,sans-serif;\"><b>Jan Wac\u0142aw Paw\u0142owski<\/b><\/span><span style=\"font-family: Arial,sans-serif;\"><span style=\"font-weight: normal;\"> \u2013 <\/span><\/span><span style=\"font-family: Arial,sans-serif;\"><b>Luba\u0144szczak<\/b><\/span><span style=\"font-family: Arial,sans-serif;\"><span style=\"font-weight: normal;\"> &#8211; powstaniec wsp\u00f3\u0142pracuj\u0105cy z dzie\u0107mi <\/span><\/span><span style=\"font-family: Arial,sans-serif;\"><b>Kazimierza<\/b><\/span><span style=\"font-family: Arial,sans-serif;\"><span style=\"font-weight: normal;\"> \u2013 <\/span><\/span><span style=\"font-family: Arial,sans-serif;\"><b>Wac\u0142awem<\/b><\/span><span style=\"font-family: Arial,sans-serif;\"><span style=\"font-weight: normal;\"> i <\/span><\/span><span style=\"font-family: Arial,sans-serif;\"><b>J\u00f3zefem<\/b><\/span><span style=\"font-family: Arial,sans-serif;\"><span style=\"font-weight: normal;\">. Jak wspomina\u0142 <\/span><\/span><span style=\"font-family: Arial,sans-serif;\"><b>Henryk <\/b><\/span><span style=\"font-family: Arial,sans-serif;\"><b>Bi\u0144ka<\/b><\/span><span style=\"font-family: Arial,sans-serif;\"><span style=\"font-weight: normal;\">, <\/span><\/span><span style=\"font-family: Arial,sans-serif;\"><b>Wac\u0142aw<\/b><\/span><span style=\"font-family: Arial,sans-serif;\"><span style=\"font-weight: normal;\"> w czasie powstania przedar\u0142 si\u0119 do ich domu w Pruszkowie, gdzie przez pewien czas si\u0119 ukrywa\u0142. Jego dzieci <\/span><\/span><span style=\"font-family: Arial,sans-serif;\"><b>Irena<\/b><\/span><span style=\"font-family: Arial,sans-serif;\"><span style=\"font-weight: normal;\"> i <\/span><\/span><span style=\"font-family: Arial,sans-serif;\"><b>Wac\u0142aw<\/b><\/span><span style=\"font-family: Arial,sans-serif;\"><span style=\"font-weight: normal;\"> byli bli\u017aniakami (zdj z <\/span><\/span><span style=\"font-family: Arial,sans-serif;\"><b>Mariann\u0105 <\/b><\/span><span style=\"font-family: Arial,sans-serif;\"><b>Zab\u0142otniak<\/b><\/span><span style=\"font-family: Arial,sans-serif;\"><span style=\"font-weight: normal;\">). Najm\u0142odszym ich dzieckiem by\u0142a <\/span><\/span><span style=\"font-family: Arial,sans-serif;\"><b>Hanna<\/b><\/span><span style=\"font-family: Arial,sans-serif;\"><span style=\"font-weight: normal;\">.<\/span><\/span><\/span><\/p>\n<p lang=\"pl-PL\" align=\"JUSTIFY\"><a href=\"http:\/\/kbinka.vipserv.org\/wp-content\/uploads\/2018\/02\/DSCN0217Kazimierz-Bi\u0144ka-syn-Franciszka-.jpg\"><img loading=\"lazy\" decoding=\"async\" class=\"alignnone wp-image-924\" src=\"http:\/\/kbinka.vipserv.org\/wp-content\/uploads\/2018\/02\/DSCN0217Kazimierz-Bi\u0144ka-syn-Franciszka-.jpg\" alt=\"\" width=\"248\" height=\"321\" srcset=\"https:\/\/k.binka.pl\/wp-content\/uploads\/2018\/02\/DSCN0217Kazimierz-Bi\u0144ka-syn-Franciszka-.jpg 340w, https:\/\/k.binka.pl\/wp-content\/uploads\/2018\/02\/DSCN0217Kazimierz-Bi\u0144ka-syn-Franciszka--232x300.jpg 232w\" sizes=\"auto, (max-width: 248px) 100vw, 248px\" \/><\/a><\/p>\n<p lang=\"pl-PL\" align=\"JUSTIFY\">Kazimierz Binka, syn Franciszka I.<\/p>\n<p><img loading=\"lazy\" decoding=\"async\" src=\"http:\/\/kbinka.vipserv.org\/wp-content\/uploads\/2013\/12\/Untitled.jpg\" alt=\"Marianna Zab\u0142otniak z bli\u017aniakami Iren\u0105 iWac\u0142awem\" width=\"447\" height=\"292\" \/><\/p>\n<p class=\"western\" lang=\"pl-PL\" style=\"margin-right: -0.1in; widows: 2; orphans: 2;\" align=\"JUSTIFY\"><span style=\"font-family: Times New Roman,serif;\"><span style=\"font-family: Arial,sans-serif;\">\u017bona Kazimierza, Marianna Zab\u0142otniak z bli\u017aniakami &#8211; Iren\u0105 i Wac\u0142awem.<br \/>\n<\/span><\/span><\/p>\n<p lang=\"pl-PL\" align=\"JUSTIFY\"><a href=\"http:\/\/kbinka.vipserv.org\/wp-content\/uploads\/2018\/02\/Graphic1-1.jpg\"><img loading=\"lazy\" decoding=\"async\" class=\"alignnone wp-image-925\" src=\"http:\/\/kbinka.vipserv.org\/wp-content\/uploads\/2018\/02\/Graphic1-1.jpg\" alt=\"\" width=\"421\" height=\"270\" srcset=\"https:\/\/k.binka.pl\/wp-content\/uploads\/2018\/02\/Graphic1-1.jpg 711w, https:\/\/k.binka.pl\/wp-content\/uploads\/2018\/02\/Graphic1-1-300x192.jpg 300w\" sizes=\"auto, (max-width: 421px) 100vw, 421px\" \/><\/a><\/p>\n<p lang=\"pl-PL\" align=\"JUSTIFY\">J\u00f3zef Bi\u0144ka, syn Kazimierza i \u017cona Janina Bi\u0144ka.<\/p>\n<p lang=\"pl-PL\" align=\"JUSTIFY\"><a href=\"http:\/\/kbinka.vipserv.org\/wp-content\/uploads\/2018\/02\/Anna-i-Eugienia-c\u00f3rki-Kazimierza.jpg\"><img loading=\"lazy\" decoding=\"async\" class=\"alignnone wp-image-928\" src=\"http:\/\/kbinka.vipserv.org\/wp-content\/uploads\/2018\/02\/Anna-i-Eugienia-c\u00f3rki-Kazimierza.jpg\" alt=\"\" width=\"470\" height=\"339\" srcset=\"https:\/\/k.binka.pl\/wp-content\/uploads\/2018\/02\/Anna-i-Eugienia-c\u00f3rki-Kazimierza.jpg 800w, https:\/\/k.binka.pl\/wp-content\/uploads\/2018\/02\/Anna-i-Eugienia-c\u00f3rki-Kazimierza-300x216.jpg 300w, https:\/\/k.binka.pl\/wp-content\/uploads\/2018\/02\/Anna-i-Eugienia-c\u00f3rki-Kazimierza-768x554.jpg 768w\" sizes=\"auto, (max-width: 470px) 100vw, 470px\" \/><\/a><\/p>\n<p lang=\"pl-PL\" align=\"JUSTIFY\">Anna Bi\u0144ka (Nowak), siostra J\u00f3zefa, c\u00f3rka Kazimierza. Eugenia Bi\u0144ka (z prawej), c\u00f3rka Kazimierza, wnuczka Franciszka I.<\/p>\n<p class=\"western\" lang=\"pl-PL\" style=\"margin-right: -0.1in; widows: 2; orphans: 2;\" align=\"JUSTIFY\"><span style=\"font-family: Times New Roman,serif;\"><span style=\"font-family: Arial,sans-serif;\">Najstarsza c\u00f3rka <\/span><span style=\"font-family: Arial,sans-serif;\"><b>Franciszka Xawerego<\/b><\/span><span style=\"font-family: Arial,sans-serif;\"> i <\/span><span style=\"font-family: Arial,sans-serif;\"><b>Marianny<\/b><\/span><span style=\"font-family: Arial,sans-serif;\"> \u2013 <\/span><span style=\"font-family: Arial,sans-serif;\"><span style=\"text-decoration: underline;\"><b>Agnieszka<\/b><\/span><\/span><span style=\"font-family: Arial,sans-serif;\"> wychodzi za m\u0105\u017c za <\/span><span style=\"font-family: Arial,sans-serif;\"><b>J\u00f3zefa Janczyk<\/b><\/span><span style=\"font-family: Arial,sans-serif;\"> (czasem wersja <\/span><span style=\"font-family: Arial,sans-serif;\"><b>Janczak<\/b><\/span><span style=\"font-family: Arial,sans-serif;\">), mieszka z m\u0119\u017cem na Kole, gdzie maj\u0105 liczne potomstwo. Rodzina <\/span><span style=\"font-family: Arial,sans-serif;\"><b>Janczyk<\/b><\/span><span style=\"font-family: Arial,sans-serif;\"> jest tam zasiedzia\u0142a \u2013 jedyny syn z drugiego ma\u0142\u017ce\u0144stwa <\/span><span style=\"font-family: Arial,sans-serif;\"><b>Karola Bie\u0144ko<\/b><\/span><span style=\"font-family: Arial,sans-serif;\"> \u2013 <\/span><span style=\"font-family: Arial,sans-serif;\"><b>Micha\u0142<\/b><\/span><span style=\"font-family: Arial,sans-serif;\"> \u2013 \u017ceni si\u0119 r\u00f3wnie\u017c te\u017c w 1868 roku z <\/span><span style=\"font-family: Arial,sans-serif;\"><b>Juli\u0105 Janczak<\/b><\/span><span style=\"font-family: Arial,sans-serif;\">. Rodzin\u0119 t\u0105 wros\u0142\u0105 w Ko\u0142o wspomina Jerzy Kasprzycki w ,,Korzeniach miasta,, \u2013 stolarz <\/span><span style=\"font-family: Arial,sans-serif;\"><b>Janczyk<\/b><\/span><span style=\"font-family: Arial,sans-serif;\"> robi\u0142 biednym dzieciom zabawki \u2013 z rozrzutu czasowego jest mo\u017cliwe, \u017ce by\u0142 to jeden z syn\u00f3w <\/span><span style=\"font-family: Arial,sans-serif;\"><b>Agnieszki<\/b><\/span><span style=\"font-family: Arial,sans-serif;\">. W okresie przedwojennym cz\u0119\u015b\u0107 Ko\u0142a by\u0142o zdominowane przez biedn\u0105 drewniano ziemn\u0105 zabudow\u0105 tworz\u0105c\u0105 jeden z biedniejszych fragment\u00f3w miasta (tzw. Ko\u0142o \u2013 Budy). Innych dzieci Franciszka na razie nie omawiam.<\/span><\/span><\/p>\n<p><img loading=\"lazy\" decoding=\"async\" src=\"http:\/\/kbinka.vipserv.org\/wp-content\/uploads\/2013\/12\/Piekarz-Janczyk.jpg\" alt=\"Piekarz Janczyk, G\u00f3rce\" width=\"389\" height=\"628\" \/><\/p>\n<p class=\"western\" lang=\"pl-PL\" style=\"margin-right: -0.1in; widows: 2; orphans: 2;\" align=\"JUSTIFY\"><span style=\"font-family: Times New Roman,serif;\"><span style=\"font-family: Arial,sans-serif;\"><span style=\"font-weight: normal;\">G\u00f3rce. Piekarz Janczyk z \u017con\u0105 i dzie\u0107mi (chyba Marysia i Stanis\u0142awa) &#8211; piekarnia na G\u00f3rczewskiej. W-g Ireny W\u0142odarczyk ma\u0142\u017conka jego pochodzi\u0142a z Bi\u0144k\u00f3w.<br \/>\n<\/span><\/span><\/span><\/p>\n<p class=\"western\" lang=\"pl-PL\" style=\"margin-right: -0.1in; widows: 2; orphans: 2;\" align=\"JUSTIFY\"><span style=\"font-family: Times New Roman,serif;\"><span style=\"font-family: Arial,sans-serif;\"><span style=\"font-weight: normal;\">Wracamy do <\/span><\/span><span style=\"font-family: Arial,sans-serif;\"><b>Andrzeja<\/b><\/span><span style=\"font-family: Arial,sans-serif;\"><span style=\"font-weight: normal;\"> \u2013 ojca <\/span><\/span><span style=\"font-family: Arial,sans-serif;\"><b>Franciszka Xawerego<\/b><\/span><span style=\"font-family: Arial,sans-serif;\"><span style=\"font-weight: normal;\"> i kolejnych jego dzieci.<\/span><\/span><\/span><\/p>\n<p class=\"western\" lang=\"pl-PL\" style=\"margin-right: -0.1in; widows: 2; orphans: 2;\" align=\"JUSTIFY\"><a href=\"http:\/\/kbinka.vipserv.org\/wp-content\/uploads\/2017\/04\/Marianna-Bie\u0144ka-Kuchta-\u017cona-W\u0142adys\u0142awa-Micha\u0142a-.jpg\"><img loading=\"lazy\" decoding=\"async\" class=\"alignnone wp-image-625\" src=\"http:\/\/kbinka.vipserv.org\/wp-content\/uploads\/2017\/04\/Marianna-Bie\u0144ka-Kuchta-\u017cona-W\u0142adys\u0142awa-Micha\u0142a-.jpg\" alt=\"\" width=\"299\" height=\"375\" srcset=\"https:\/\/k.binka.pl\/wp-content\/uploads\/2017\/04\/Marianna-Bie\u0144ka-Kuchta-\u017cona-W\u0142adys\u0142awa-Micha\u0142a-.jpg 894w, https:\/\/k.binka.pl\/wp-content\/uploads\/2017\/04\/Marianna-Bie\u0144ka-Kuchta-\u017cona-W\u0142adys\u0142awa-Micha\u0142a--239x300.jpg 239w, https:\/\/k.binka.pl\/wp-content\/uploads\/2017\/04\/Marianna-Bie\u0144ka-Kuchta-\u017cona-W\u0142adys\u0142awa-Micha\u0142a--768x964.jpg 768w, https:\/\/k.binka.pl\/wp-content\/uploads\/2017\/04\/Marianna-Bie\u0144ka-Kuchta-\u017cona-W\u0142adys\u0142awa-Micha\u0142a--816x1024.jpg 816w\" sizes=\"auto, (max-width: 299px) 100vw, 299px\" \/><\/a><\/p>\n<p class=\"western\" lang=\"pl-PL\" style=\"margin-right: -0.1in; widows: 2; orphans: 2;\" align=\"JUSTIFY\">Marianna Bie\u0144ka (domo Kuchta), \u017cona W\u0142adys\u0142awa, Micha\u0142a (syna Piotra, Mateusza)<\/p>\n<p class=\"western\" lang=\"pl-PL\" style=\"margin-right: -0.1in; widows: 2; orphans: 2;\" align=\"JUSTIFY\"><a href=\"http:\/\/kbinka.vipserv.org\/wp-content\/uploads\/2017\/04\/Zuzanna-Bie\u0144ka-c-W\u0142adys\u0142awa-i-Marianny.jpg\"><img loading=\"lazy\" decoding=\"async\" class=\"alignnone wp-image-626\" src=\"http:\/\/kbinka.vipserv.org\/wp-content\/uploads\/2017\/04\/Zuzanna-Bie\u0144ka-c-W\u0142adys\u0142awa-i-Marianny.jpg\" alt=\"\" width=\"294\" height=\"361\" srcset=\"https:\/\/k.binka.pl\/wp-content\/uploads\/2017\/04\/Zuzanna-Bie\u0144ka-c-W\u0142adys\u0142awa-i-Marianny.jpg 846w, https:\/\/k.binka.pl\/wp-content\/uploads\/2017\/04\/Zuzanna-Bie\u0144ka-c-W\u0142adys\u0142awa-i-Marianny-245x300.jpg 245w, https:\/\/k.binka.pl\/wp-content\/uploads\/2017\/04\/Zuzanna-Bie\u0144ka-c-W\u0142adys\u0142awa-i-Marianny-768x942.jpg 768w, https:\/\/k.binka.pl\/wp-content\/uploads\/2017\/04\/Zuzanna-Bie\u0144ka-c-W\u0142adys\u0142awa-i-Marianny-835x1024.jpg 835w\" sizes=\"auto, (max-width: 294px) 100vw, 294px\" \/><\/a><\/p>\n<p class=\"western\" lang=\"pl-PL\" style=\"margin-right: -0.1in; widows: 2; orphans: 2;\" align=\"JUSTIFY\">Zuzanna Bie\u0144ka (po m\u0119\u017cu Gasi\u0144ska), c\u00f3rka Marianny i W\u0142adys\u0142awa, Micha\u0142a, wnuczka Piotra, Mateusza.<\/p>\n<p class=\"western\" lang=\"pl-PL\" style=\"margin-right: -0.1in; widows: 2; orphans: 2;\" align=\"JUSTIFY\"><a href=\"http:\/\/kbinka.vipserv.org\/wp-content\/uploads\/2017\/04\/Marianna-Bie\u0144ka-domo-Kuchta-z-c\u00f3rk\u0105-Janin\u0105-i-pewnie-Piotra-Mateusz-z-drug\u0105-\u017con\u0105-Jareck\u0105.jpg\"><img loading=\"lazy\" decoding=\"async\" class=\"alignnone wp-image-629\" src=\"http:\/\/kbinka.vipserv.org\/wp-content\/uploads\/2017\/04\/Marianna-Bie\u0144ka-domo-Kuchta-z-c\u00f3rk\u0105-Janin\u0105-i-pewnie-Piotra-Mateusz-z-drug\u0105-\u017con\u0105-Jareck\u0105.jpg\" alt=\"\" width=\"439\" height=\"656\" srcset=\"https:\/\/k.binka.pl\/wp-content\/uploads\/2017\/04\/Marianna-Bie\u0144ka-domo-Kuchta-z-c\u00f3rk\u0105-Janin\u0105-i-pewnie-Piotra-Mateusz-z-drug\u0105-\u017con\u0105-Jareck\u0105.jpg 2016w, https:\/\/k.binka.pl\/wp-content\/uploads\/2017\/04\/Marianna-Bie\u0144ka-domo-Kuchta-z-c\u00f3rk\u0105-Janin\u0105-i-pewnie-Piotra-Mateusz-z-drug\u0105-\u017con\u0105-Jareck\u0105-201x300.jpg 201w, https:\/\/k.binka.pl\/wp-content\/uploads\/2017\/04\/Marianna-Bie\u0144ka-domo-Kuchta-z-c\u00f3rk\u0105-Janin\u0105-i-pewnie-Piotra-Mateusz-z-drug\u0105-\u017con\u0105-Jareck\u0105-768x1149.jpg 768w, https:\/\/k.binka.pl\/wp-content\/uploads\/2017\/04\/Marianna-Bie\u0144ka-domo-Kuchta-z-c\u00f3rk\u0105-Janin\u0105-i-pewnie-Piotra-Mateusz-z-drug\u0105-\u017con\u0105-Jareck\u0105-684x1024.jpg 684w\" sizes=\"auto, (max-width: 439px) 100vw, 439px\" \/><\/a><\/p>\n<p><strong>Zdj\u0119cie zapewne oko\u0142o 1915 roku &#8211; Marianna Bie\u0144ka (domo Kuchta), \u017cona W\u0142adys\u0142awa (syna Piotra, Mateusza) i przed ni\u0105 c\u00f3rka Janina (ur 1912). Obok? Te\u017c seniorzy &#8211; zapewne Binka Piotr, Mateusz (lat ok 68) z drug\u0105 zapewne \u017con\u0105 (jak wynika\u0142o by z wieku Janiny) &#8211; Mariann\u0105 Jareck\u0105 (tu w wieku ok 55 lat) (coll Marcin Klimaszewski).<br \/>\n<\/strong><\/p>\n<p><a href=\"http:\/\/kbinka.vipserv.org\/wp-content\/uploads\/2017\/04\/zapewne-Marianna-Bie\u0144ka-Kuchta-z-m\u0119\u017cem-W\u0142adys\u0142awem-i-trzema-c\u00f3rkami-w-tym-Zuzann\u0105-po-lewej.jpg\"><img loading=\"lazy\" decoding=\"async\" class=\"alignnone wp-image-630\" src=\"http:\/\/kbinka.vipserv.org\/wp-content\/uploads\/2017\/04\/zapewne-Marianna-Bie\u0144ka-Kuchta-z-m\u0119\u017cem-W\u0142adys\u0142awem-i-trzema-c\u00f3rkami-w-tym-Zuzann\u0105-po-lewej.jpg\" alt=\"\" width=\"454\" height=\"702\" srcset=\"https:\/\/k.binka.pl\/wp-content\/uploads\/2017\/04\/zapewne-Marianna-Bie\u0144ka-Kuchta-z-m\u0119\u017cem-W\u0142adys\u0142awem-i-trzema-c\u00f3rkami-w-tym-Zuzann\u0105-po-lewej.jpg 1932w, https:\/\/k.binka.pl\/wp-content\/uploads\/2017\/04\/zapewne-Marianna-Bie\u0144ka-Kuchta-z-m\u0119\u017cem-W\u0142adys\u0142awem-i-trzema-c\u00f3rkami-w-tym-Zuzann\u0105-po-lewej-194x300.jpg 194w, https:\/\/k.binka.pl\/wp-content\/uploads\/2017\/04\/zapewne-Marianna-Bie\u0144ka-Kuchta-z-m\u0119\u017cem-W\u0142adys\u0142awem-i-trzema-c\u00f3rkami-w-tym-Zuzann\u0105-po-lewej-768x1188.jpg 768w, https:\/\/k.binka.pl\/wp-content\/uploads\/2017\/04\/zapewne-Marianna-Bie\u0144ka-Kuchta-z-m\u0119\u017cem-W\u0142adys\u0142awem-i-trzema-c\u00f3rkami-w-tym-Zuzann\u0105-po-lewej-662x1024.jpg 662w\" sizes=\"auto, (max-width: 454px) 100vw, 454px\" \/><\/a><\/p>\n<p><strong>Na zdj\u0119ciu zapewne Marianna Bie\u0144ka (domo Kuchta) z m\u0119\u017cem W\u0142adys\u0142awem i trzema c\u00f3rkami (po lewej zapewne Zuzanna). (coll &#8211; Marcin Klimaszewski)<br \/>\n<\/strong><\/p>\n<p><a href=\"http:\/\/kbinka.vipserv.org\/wp-content\/uploads\/2017\/04\/Kr\u0105g-rodzinny-W\u0142adys\u0142awa-i-Marianny-domo-Kuchta.jpg\"><img loading=\"lazy\" decoding=\"async\" class=\"alignnone wp-image-628\" src=\"http:\/\/kbinka.vipserv.org\/wp-content\/uploads\/2017\/04\/Kr\u0105g-rodzinny-W\u0142adys\u0142awa-i-Marianny-domo-Kuchta.jpg\" alt=\"\" width=\"460\" height=\"293\" srcset=\"https:\/\/k.binka.pl\/wp-content\/uploads\/2017\/04\/Kr\u0105g-rodzinny-W\u0142adys\u0142awa-i-Marianny-domo-Kuchta.jpg 2991w, https:\/\/k.binka.pl\/wp-content\/uploads\/2017\/04\/Kr\u0105g-rodzinny-W\u0142adys\u0142awa-i-Marianny-domo-Kuchta-300x191.jpg 300w, https:\/\/k.binka.pl\/wp-content\/uploads\/2017\/04\/Kr\u0105g-rodzinny-W\u0142adys\u0142awa-i-Marianny-domo-Kuchta-768x490.jpg 768w, https:\/\/k.binka.pl\/wp-content\/uploads\/2017\/04\/Kr\u0105g-rodzinny-W\u0142adys\u0142awa-i-Marianny-domo-Kuchta-1024x653.jpg 1024w\" sizes=\"auto, (max-width: 460px) 100vw, 460px\" \/><\/a><\/p>\n<p><strong>Zdj\u0119cie z kr\u0119gu rodzinnego W\u0142adys\u0142awa Binka i Marianny (domo Kuchta) &#8211; osoby nieznane.<\/strong> <strong>(coll &#8211; Marcin Klimaszewski)<\/strong><\/p>\n<p class=\"western\" lang=\"pl-PL\" style=\"margin-right: -0.1in; widows: 2; orphans: 2;\" align=\"JUSTIFY\"><span style=\"font-family: Times New Roman,serif;\"><span style=\"font-family: Arial,sans-serif;\"><span style=\"font-weight: normal;\">Kolejny syn <\/span><\/span><span style=\"font-family: Arial,sans-serif;\"><b>Andrzeja<\/b><\/span><span style=\"font-family: Arial,sans-serif;\"><span style=\"font-weight: normal;\"> i wnuk <\/span><\/span><span style=\"font-family: Arial,sans-serif;\"><b>Karola<\/b><\/span><span style=\"font-family: Arial,sans-serif;\"><span style=\"font-weight: normal;\"> &#8211;<\/span><\/span><span style=\"font-family: Arial,sans-serif;\"><span style=\"text-decoration: none;\"><b> Piotr Mateusz <\/b><\/span><\/span><span style=\"font-family: Arial,sans-serif;\"><span style=\"font-weight: normal;\">ur w 1843 na Czystem o\u017ceni\u0142 si\u0119 z <\/span><\/span><span style=\"font-family: Arial,sans-serif;\"><b>J\u00f3zef\u0105 Luba\u0144sk\u0105<\/b><\/span><span style=\"font-family: Arial,sans-serif;\"><span style=\"font-weight: normal;\"> (nazwisko obecne na cm Babice i we W\u0142ochach), r\u00f3wnie\u017c jest mi znane z m\u0142odo\u015bci \u2013 wymienia\u0142 je w rozmowach m\u00f3j Dziadek <\/span><\/span><span style=\"font-family: Arial,sans-serif;\"><b>Wac\u0142aw<\/b><\/span><span style=\"font-family: Arial,sans-serif;\"><span style=\"font-weight: normal;\">) w 1866 i mieli oni 14 dzieci w tym 8 ch\u0142opc\u00f3w. Rodzina ta jest znana na tym obszarze &#8211; pisa\u0142 o niej Jerzy Kasprzycki w ,,Gniazdo rodu <\/span><\/span><span style=\"font-family: Arial,sans-serif;\"><b>Luba\u0144skich<\/b><\/span><span style=\"font-family: Arial,sans-serif;\"><span style=\"font-weight: normal;\">\u2019\u2019 &#8211; te\u017c wspomnienie <\/span><\/span><span style=\"font-family: Arial,sans-serif;\"><b>Jana Paw\u0142owskiego<\/b><\/span><span style=\"font-family: Arial,sans-serif;\"><span style=\"font-weight: normal;\"> z okresu Powstania (gdzie przewijaj\u0105 si\u0119 nazwiska Bi\u0144k\u00f3w). Trzech pierwszych urodzonych mi\u0119dzy 1867-1869 zmar\u0142o w tym samym roku po urodzeniu. Kolejno w latach 1870-1872 rodz\u0105 mu si\u0119 3 c\u00f3rki, o kt\u00f3rych dalszym losie nic mi nie wiadomo. Syn <\/span><\/span><span style=\"font-family: Arial,sans-serif;\"><b>Franciszek<\/b><\/span><span style=\"font-family: Arial,sans-serif;\"><span style=\"font-weight: normal;\"> ur w 1879 \u017ceni si\u0119 w 1904 z <\/span><\/span><span style=\"font-family: Arial,sans-serif;\"><b>Helen\u0105 <\/b><\/span><span style=\"font-family: Arial,sans-serif;\"><b>Szczypczy\u0144sk\u0105<\/b><\/span><span style=\"font-family: Arial,sans-serif;\"><span style=\"font-weight: normal;\">. Kolejny syn &#8211; <\/span><\/span><span style=\"font-family: Arial,sans-serif;\"><b>Stanis\u0142aw<\/b><\/span><span style=\"font-family: Arial,sans-serif;\"><span style=\"font-weight: normal;\"> &#8211; umiera w roku swych narodzin &#8211; 1882, p\u00f3\u017aniej rodzi si\u0119 c\u00f3rka (1882) i syn (1884) oraz bli\u017aniaki <\/span><\/span><span style=\"font-family: Arial,sans-serif;\"><b>Teodor<\/b><\/span><span style=\"font-family: Arial,sans-serif;\"><span style=\"font-weight: normal;\"> i <\/span><\/span><span style=\"font-family: Arial,sans-serif;\"><b>Ignacy<\/b><\/span><span style=\"font-family: Arial,sans-serif;\"><span style=\"font-weight: normal;\"> (1886) oraz dwie c\u00f3rki &#8211; <\/span><\/span><span style=\"font-family: Arial,sans-serif;\"><b>Jadwiga<\/b><\/span><span style=\"font-family: Arial,sans-serif;\"><span style=\"font-weight: normal;\"> (1888) i <\/span><\/span><span style=\"font-family: Arial,sans-serif;\"><b>Stanis\u0142awa<\/b><\/span><span style=\"font-family: Arial,sans-serif;\"><span style=\"font-weight: normal;\"> (1891). <\/span><\/span><span style=\"font-family: Arial,sans-serif;\"><b>Piotr<\/b><\/span><span style=\"font-family: Arial,sans-serif;\"><span style=\"font-weight: normal;\">, <\/span><\/span><span style=\"font-family: Arial,sans-serif;\"><b>Mateusz<\/b><\/span><span style=\"font-family: Arial,sans-serif;\"><span style=\"font-weight: normal;\"> pocz\u0105tkowo mieszka z \u017con\u0105 na Woli przez 2 lata a p\u00f3\u017aniejsze \u017cycie wi\u0105\u017ce z Ko\u0142em &#8211; do 1891 roku na pewno. Po \u015bmierci swej \u017cony <\/span><\/span><span style=\"font-family: Arial,sans-serif;\"><b>J\u00f3zefy<\/b><\/span><span style=\"font-family: Arial,sans-serif;\"><span style=\"font-weight: normal;\"> w 1909 przenosi si\u0119 do Babic, ale \u015blub z 49 letni\u0105 wdow\u0105 <\/span><\/span><span style=\"font-family: Arial,sans-serif;\"><b>Mariann\u0105 <\/b><\/span><span style=\"font-family: Arial,sans-serif;\"><b>Jareck\u0105<\/b><\/span><span style=\"font-family: Arial,sans-serif;\"><span style=\"font-weight: normal;\"> z domu Rutkowsk\u0105 z Osuchowa, ur w Klew, w powiecie opoczy\u0144skim bierze w 1910 roku u \u015aw. Stanis\u0142awa.<\/span><\/span><\/span><\/p>\n<p class=\"western\" lang=\"pl-PL\" style=\"margin-right: -0.1in; widows: 2; orphans: 2;\" align=\"JUSTIFY\"><span style=\"font-family: Times New Roman,serif;\"><span style=\"font-family: Arial,sans-serif;\"><span style=\"text-decoration: none;\"><span style=\"font-weight: normal;\">C\u00f3rka <\/span><\/span><\/span><span style=\"font-family: Arial,sans-serif;\"><span style=\"text-decoration: none;\"><b>Andrzeja<\/b><\/span><\/span><span style=\"font-family: Arial,sans-serif;\"><span style=\"text-decoration: none;\"><span style=\"font-weight: normal;\"> &#8211; <\/span><\/span><\/span><span style=\"font-family: Arial,sans-serif;\"><span style=\"text-decoration: none;\"><b>Franciszka Helena<\/b><\/span><\/span><span style=\"font-family: Arial,sans-serif;\"><span style=\"font-weight: normal;\"> rodzi si\u0119 jeszcze na Czystem &#8211; 1840. <\/span><\/span><span style=\"font-family: Arial,sans-serif;\"><b>Piotr<\/b><\/span><span style=\"font-family: Arial,sans-serif;\"><span style=\"font-weight: normal;\"> ju\u017c jest podawany z Wola 7 (1843), 1846 \u2013 Wola 7 (akt ur <\/span><\/span><span style=\"font-family: Arial,sans-serif;\"><b>St. Szcze\u015bniewskiego<\/b><\/span><span style=\"font-family: Arial,sans-serif;\"><span style=\"font-weight: normal;\">), <\/span><\/span><span style=\"font-family: Arial,sans-serif;\"><b>Ma\u0142gorzata<\/b><\/span><span style=\"font-family: Arial,sans-serif;\"><span style=\"font-weight: normal;\"> z Wola 6 (1847), Wola 6 (1849 \u015bwiadek) i <\/span><\/span><span style=\"font-family: Arial,sans-serif;\"><b>Paulina<\/b><\/span><span style=\"font-family: Arial,sans-serif;\"><span style=\"font-weight: normal;\"> (Wola 7) gdzie prawdopodobnie <\/span><\/span><span style=\"font-family: Arial,sans-serif;\"><b>Andrzej<\/b><\/span><span style=\"font-family: Arial,sans-serif;\"><span style=\"font-weight: normal;\"> si\u0119 przeni\u00f3s\u0142.<\/span><\/span><\/span><\/p>\n<p class=\"western\" lang=\"pl-PL\" style=\"margin-right: -0.11in; widows: 2; orphans: 2;\" align=\"JUSTIFY\"><span style=\"font-family: Times New Roman,serif;\"><span style=\"font-family: Arial,sans-serif;\"><span style=\"font-weight: normal;\">W roku 7.3.1846 umiera 56-letnia \u017cona seniora rodu <\/span><\/span><span style=\"font-family: Arial,sans-serif;\"><b>Karola<\/b><\/span><span style=\"font-family: Arial,sans-serif;\"><span style=\"font-weight: normal;\"> &#8211; <\/span><\/span><span style=\"font-family: Arial,sans-serif;\"><b>Antonina <\/b><\/span><span style=\"font-family: Arial,sans-serif;\"><b>Kielak<\/b><\/span><span style=\"font-family: Arial,sans-serif;\"><span style=\"font-weight: normal;\">. 68 letni <\/span><\/span><span style=\"font-family: Arial,sans-serif;\"><b>Karol<\/b><\/span><span style=\"font-family: Arial,sans-serif;\"><span style=\"font-weight: normal;\"> 8.11.1846 szuka pocieszenia w ramionach wdowy <\/span><\/span><span style=\"font-family: Arial,sans-serif;\"><b>Ludwiki <\/b><\/span><span style=\"font-family: Arial,sans-serif;\"><b>Wielgorzewskiej<\/b><\/span><span style=\"font-family: Arial,sans-serif;\"><span style=\"font-weight: normal;\"> (po m\u0119\u017cu &#8211; z domu <\/span><\/span><span style=\"font-family: Arial,sans-serif;\"><b>Kalinowska<\/b><\/span><span style=\"font-family: Arial,sans-serif;\"><span style=\"font-weight: normal;\">), s\u0142u\u017c\u0105cej we dworze w Czystem, lat 32. W tym czasie adres <\/span><\/span><span style=\"font-family: Arial,sans-serif;\"><b>Karola<\/b><\/span><span style=\"font-family: Arial,sans-serif;\"><span style=\"font-weight: normal;\"> to Czyste 16 &#8211; okre\u015blany jest w akcie \u015blubu jako gospodarz. W 1848 rodzi im si\u0119 syn <\/span><\/span><span style=\"font-family: Arial,sans-serif;\"><b>Micha\u0142<\/b><\/span><span style=\"font-family: Arial,sans-serif;\"><span style=\"font-weight: normal;\"> (urodzony na Czyste 8), kt\u00f3ry po ma\u0142\u017ce\u0144stwie z <\/span><\/span><span style=\"font-family: Arial,sans-serif;\"><b>Juli\u0105 <\/b><\/span><span style=\"font-family: Arial,sans-serif;\"><b>Ja\u0144czyk<\/b><\/span><span style=\"font-family: Arial,sans-serif;\"><span style=\"font-weight: normal;\"> pozostawi\u0142 liczne potomstwo. <\/span><\/span><span style=\"font-family: Arial,sans-serif;\"><b>Micha\u0142<\/b><\/span><span style=\"font-family: Arial,sans-serif;\"><span style=\"font-weight: normal;\"> przemieszcza si\u0119 z ma\u0142\u017conk\u0105 cz\u0119sto &#8211; do 1872 podawany adres &#8211; Czyste, mi\u0119dzy 1877 i 1874 Ochota, 1888-1897 ul. \u0141ucka. Zst\u0119pni <\/span><\/span><span style=\"font-family: Arial,sans-serif;\"><span style=\"font-weight: normal;\"><span style=\"background: transparent;\">tej pary te\u017c mieszkaj\u0105 na \u0141uckiej, Miodowej, Czystem czy te\u017c na Pradze.<\/span><\/span><\/span><\/span><\/p>\n<p class=\"western\" lang=\"pl-PL\"><span style=\"font-family: Times New Roman,serif;\"><span style=\"font-family: Arial,sans-serif;\">W Powstaniu Warszawskim jak te\u017c ruchu oporu uczestnicz\u0105 Bie\u0144kowie\/Bi\u0144kowie. Dw\u00f3ch wymienianych jest przez <\/span><span style=\"font-family: Arial,sans-serif;\"><b>Jana Paw\u0142owskiego<\/b><\/span><span style=\"font-family: Arial,sans-serif;\"> w jego wspomnieniu &#8211; <\/span><span style=\"font-family: Arial,sans-serif;\"><b>J\u00f3zef Bi\u0144ka<\/b><\/span><span style=\"font-family: Arial,sans-serif;\"> ,<\/span><span style=\"font-family: Arial,sans-serif;\"><b>,Ziutek\u2019<\/b><\/span><span style=\"font-family: Arial,sans-serif;\">\u2019 i jego brat <\/span><span style=\"font-family: Arial,sans-serif;\"><b>Wac\u0142aw Bi\u0144ka<\/b><\/span><span style=\"font-family: Arial,sans-serif;\"> &#8211; <\/span><span style=\"font-family: Arial,sans-serif;\"><b>,,Lotnik\u2019\u2019<\/b><\/span><span style=\"font-family: Arial,sans-serif;\">. S\u0105 to synowie <\/span><span style=\"font-family: Arial,sans-serif;\"><b>Kazimierza <\/b><\/span><span style=\"font-family: Arial,sans-serif;\"><b>Bi\u0144ka<\/b><\/span><span style=\"font-family: Arial,sans-serif;\"> a wnuki <\/span><span style=\"font-family: Arial,sans-serif;\"><b>Franciszka<\/b><\/span><span style=\"font-family: Arial,sans-serif;\"> i <\/span><span style=\"font-family: Arial,sans-serif;\"><b>Marianny<\/b><\/span><span style=\"font-family: Arial,sans-serif;\">.<\/span><\/span><\/p>\n<p class=\"western\" lang=\"pl-PL\" style=\"margin-right: -0.11in; widows: 2; orphans: 2;\" align=\"JUSTIFY\"><span style=\"font-family: Times New Roman,serif;\"><span style=\"font-family: Arial,sans-serif;\"><b>Bi\u0144ka Wac\u0142aw <\/b><\/span><span style=\"font-family: Arial,sans-serif;\"><b>,,Lotnik\u2019\u2019<\/b><\/span><span style=\"font-family: Arial,sans-serif;\"> \u2013 podporucznik. III Obw\u00f3d &#8222;Walig\u00f3ra&#8221; (Wola) Warszawskiego Okr\u0119gu Armii Krajowej &#8211; 1 Rejon (Czyste &#8211; Babice) &#8211; pluton 301. (numer na murze 10\/47).<\/span><\/span><\/p>\n<p class=\"western\" lang=\"pl-PL\" style=\"margin-right: -0.11in; widows: 2; orphans: 2;\" align=\"JUSTIFY\"><span style=\"font-family: Times New Roman,serif;\"><span style=\"font-family: Arial,sans-serif;\"><b>Bi\u0144ka J\u00f3zef<\/b><\/span><span style=\"font-family: Arial,sans-serif;\"><span style=\"font-weight: normal;\">, ps. <\/span><\/span><span style=\"font-family: Arial,sans-serif;\"><b>,,Ziutek\u2019\u2019.<\/b><\/span><span style=\"font-family: Arial,sans-serif;\"><span style=\"font-weight: normal;\"> Strzelec. III Obw\u00f3d &#8222;Walig\u00f3ra&#8221; (Wola) Warszawskiego Okr\u0119gu Armii Krajowej &#8211; 1 Rejon (Czyste &#8211; Babice) &#8211; pluton 301. <\/span><\/span><span style=\"font-family: Arial,sans-serif;\"><span style=\"font-weight: normal;\"><span style=\"background: transparent;\">Zgin\u0105\u0142 w Powstaniu w 1944.<\/span><\/span><\/span><\/span><\/p>\n<p class=\"western\" lang=\"pl-PL\" style=\"margin-right: -0.11in; widows: 2; orphans: 2;\" align=\"JUSTIFY\"><strong> <span style=\"font-family: Arial,sans-serif;\">Inni uczestnicy<\/span><\/strong><\/p>\n<p class=\"western\" lang=\"pl-PL\" style=\"margin-right: -0.11in; widows: 2; orphans: 2;\" align=\"JUSTIFY\"><span style=\"font-family: Times New Roman,serif;\"><span style=\"font-family: Arial,sans-serif;\"><b>Binka Jan (Bi\u0144ka)<\/b><\/span><span style=\"font-family: Arial,sans-serif;\"> &#8211; <\/span><span style=\"font-family: Arial,sans-serif;\"><b>,,Badylarz\u2019\u2019<\/b><\/span><span style=\"font-family: Arial,sans-serif;\"> &#8211; 5.05.1901. Kapral. Armia Krajowa &#8211; IV zgrupowanie &#8222;Gurt&#8221; &#8211; 33. kompania WSOP &#8211; pluton 331. Gr\u00f3b Babice Stare?<\/span><\/span><\/p>\n<p class=\"western\" lang=\"pl-PL\" style=\"margin-right: -0.1in; widows: 2; orphans: 2;\" align=\"JUSTIFY\"><span style=\"font-family: Times New Roman,serif;\"><span style=\"font-family: Arial,sans-serif;\"><b>Binka Marian ,, Stary\u2019\u2019<\/b><\/span><span style=\"font-family: Arial,sans-serif;\"><span style=\"font-weight: normal;\"> \u2013 12.09.1915. Strzelec. Petersburg, rodzice &#8211; J\u00f3zef, Karolina. VII Obw\u00f3d &#8222;Obro\u017ca&#8221; (powiat warszawski) Warszawskiego Okr\u0119gu Armii Krajowej &#8211; 6 Rejon &#8222;Helen\u00f3w&#8221; (Pruszk\u00f3w) &#8211; pluton WSOP (Wojskowa S\u0142u\u017cba Ochrony Powstania), (wnuk <\/span><\/span><span style=\"font-family: Arial,sans-serif;\"><b>Franciszka<\/b><\/span><span style=\"font-family: Arial,sans-serif;\"><span style=\"font-weight: normal;\"> i <\/span><\/span><span style=\"font-family: Arial,sans-serif;\"><b>Marianny<\/b><\/span><span style=\"font-family: Arial,sans-serif;\"><span style=\"font-weight: normal;\">).<\/span><\/span><\/span><\/p>\n<p class=\"western\" lang=\"pl-PL\" style=\"margin-right: -0.1in; widows: 2; orphans: 2;\" align=\"JUSTIFY\"><span style=\"font-family: Times New Roman,serif;\"><span style=\"font-family: Arial,sans-serif;\"><b>Leopold Bi\u0144ka<\/b><\/span><span style=\"font-family: Arial,sans-serif;\"><b>,,Sok\u00f3\u0142\u2019\u2019<\/b><\/span><span style=\"font-family: Arial,sans-serif;\"><span style=\"font-weight: normal;\">, ur Warszawa 1914-05-04, kapral, rodzice &#8211; <\/span><\/span><span style=\"font-family: Arial,sans-serif;\"><b>Franciszek<\/b><\/span><span style=\"font-family: Arial,sans-serif;\"><span style=\"font-weight: normal;\">, <\/span><\/span><span style=\"font-family: Arial,sans-serif;\"><b>Aniela<\/b><\/span><span style=\"font-family: Arial,sans-serif;\"><span style=\"font-weight: normal;\">, konspiracja 39-44, III Obw\u00f3d &#8222;Walig\u00f3ra&#8221; (Wola) Warszawskiego Okr\u0119gu Armii Krajowej &#8211; 1 Rejon (Czyste &#8211; Babice) &#8211; pluton 302, 1.08.1944 r. Zdemobilizowany. <\/span><\/span><\/span><\/p>\n<p class=\"western\" lang=\"pl-PL\" style=\"margin-right: -0.1in; widows: 2; orphans: 2;\" align=\"JUSTIFY\"><span style=\"font-family: Times New Roman,serif;\"><span style=\"font-family: Arial,sans-serif;\"><b>Henryk Bie\u0144ka <\/b><\/span><span style=\"font-family: Arial,sans-serif;\"><b>,,Szner\u2019\u2019<\/b><\/span><span style=\"font-family: Arial,sans-serif;\"><span style=\"font-weight: normal;\"> 6.1.1925. Starszy strzelec. Numer legitymacji AK 011 \/ S. Miejsce urodzenia \u2013 Toru\u0144. <\/span><\/span><span style=\"font-family: Arial,sans-serif;\"><b>Micha\u0142<\/b><\/span><span style=\"font-family: Arial,sans-serif;\"><span style=\"font-weight: normal;\"> \u2013 <\/span><\/span><span style=\"font-family: Arial,sans-serif;\"><b>Michalina<\/b><\/span><span style=\"font-family: Arial,sans-serif;\"><span style=\"font-weight: normal;\">. Armia Krajowa &#8211; batalion &#8222;Kili\u0144ski&#8221; &#8211; 4. kompania &#8222;Watra&#8221; . Adres przed Powstaniem &#8211; <\/span><\/span><span style=\"font-family: Arial,sans-serif;\"><span style=\"text-decoration: underline;\"><span style=\"font-weight: normal;\">G\u00f3rce Nowe<\/span><\/span><\/span><span style=\"font-family: Arial,sans-serif;\"><span style=\"font-weight: normal;\">. Oddzia\u0142 &#8211; Armia Krajowa &#8211; batalion &#8222;Kili\u0144ski&#8221; &#8211; 4. kompania &#8222;Watra&#8221; &#8211; Obw\u00f3d \u015ar\u00f3dmie\u015bcie &#8211; odcinek bojowy &#8222;Sarna&#8221; &#8211; kompania &#8222;Osa&#8221; . Losy po wojnie &#8211; \u017bo\u0142nierz II Korpusu Polskiego.<\/span><\/span><\/span><\/p>\n<p class=\"western\" lang=\"pl-PL\"><span style=\"font-family: Times New Roman,serif;\"><span style=\"font-family: Arial,sans-serif;\"><b>Bi\u0144ka Henryk<\/b><\/span><span style=\"font-family: Arial,sans-serif;\"> zdj\u0119cie, 19.1.1926, Starszy strzelec, ur Warszawa, <\/span><span style=\"font-family: Arial,sans-serif;\"><b>J\u00f3zef<\/b><\/span><span style=\"font-family: Arial,sans-serif;\"> i <\/span><span style=\"font-family: Arial,sans-serif;\"><b>Stanis\u0142awa<\/b><\/span><span style=\"font-family: Arial,sans-serif;\">, &#8222;Cichy&#8221;, &#8222;7707&#8221;, Narodowa Organizacja Wojskowa \/ Armia Krajowa &#8211; batalion NOW-AK &#8222;Gustaw&#8221; &#8211; 4. kompania &#8222;Harcerska&#8221;, Warszawa ul. Krochmalna 81, Armia Krajowa &#8211; Grupa &#8222;P\u00f3\u0142noc&#8221; &#8211; batalion &#8222;Gustaw&#8221; &#8211; kompania &#8222;Harcerska&#8221; &#8211; III pluton, Stare Miasto &#8211; Wola &#8211; Stare Miasto &#8211; kana\u0142y &#8211; \u015ar\u00f3dmie\u015bcie, Niewola niemiecka &#8211; brak informacji o miejscach pobytu, nr jenie 140275, \u015bmier\u0107 &#8211; Warszawa &#8211; 15.12.1983.<\/span><\/span><\/p>\n<p class=\"western\" lang=\"pl-PL\" style=\"margin-right: -0.09in; widows: 2; orphans: 2;\" align=\"JUSTIFY\"><span style=\"font-family: Times New Roman,serif;\"><span style=\"font-family: Arial,sans-serif;\"><b>Bi\u0144ka Henryk ,,Mechanik,,<\/b><\/span><span style=\"font-family: Arial,sans-serif;\"> &#8211; harcerz, cz\u0142onek Pruszkowskiego Hufca Szarych Szereg\u00f3w ,,Prom \u2013 Zielony D\u0105b,,. Syn <\/span><span style=\"font-family: Arial,sans-serif;\"><b>J\u00f3zefa<\/b><\/span><span style=\"font-family: Arial,sans-serif;\"> i <\/span><span style=\"font-family: Arial,sans-serif;\"><b>Karoliny D\u0105browskiej<\/b><\/span><span style=\"font-family: Arial,sans-serif;\">. Ur \u2013 20.2.1920 \u2013 2013.<\/span><\/span><\/p>\n<p class=\"western\" lang=\"pl-PL\" style=\"margin-right: -0.09in; widows: 2; orphans: 2;\" align=\"JUSTIFY\"><span style=\"font-family: Times New Roman,serif;\"><span style=\"font-family: Arial,sans-serif;\"><b>Aleksandra Bie\u0144ka<\/b><\/span><span style=\"font-family: Arial,sans-serif;\"><span style=\"font-weight: normal;\"> &#8211; <\/span><\/span><span style=\"font-family: Arial,sans-serif;\"><b>&#8222;Ba\u015bka&#8221;<\/b><\/span><span style=\"font-family: Arial,sans-serif;\"><span style=\"font-weight: normal;\">. 1923-01-08. Sanitariuszka. Szeregowy. Miejsce urodzenia \u2013 Warszawa. Udzia\u0142 w konspiracji 1939-1944 &#8211; Armia Krajowa &#8211; XI zgrupowanie &#8222;Chrobry&#8221; &#8211; 1 kompania &#8211; pluton 164. Oddzia\u0142 Armia Krajowa &#8211; batalion &#8222;Chrobry I&#8221; &#8211; 1 kompania &#8211; pluton &#8222;Gro\u017anego&#8221; . Szlak bojowy &#8211; <\/span><\/span><span style=\"font-family: Arial,sans-serif;\"><span style=\"text-decoration: underline;\"><span style=\"font-weight: normal;\">Wola &#8211;<\/span><\/span><\/span><span style=\"font-family: Arial,sans-serif;\"><span style=\"font-weight: normal;\"> \u015ar\u00f3dmie\u015bcie P\u00f3\u0142noc. Odniesione rany &#8211; 25.8.1944 ci\u0119\u017cko ranna w praw\u0105 nog\u0119 podczas nalotu na ul. Siennej. Przebywa\u0142a w szpitalu przy ul. Maria\u0144skiej. Wysz\u0142a z Warszawy z ludno\u015bci\u0105 cywiln\u0105. Wr\u00f3ci\u0142a do Warszawy i pracowa\u0142a jako manikiurzystka, nast\u0119pnie jako sekretarka w s\u0105downictwie. Od 1962 r. &#8211; rencistka. (po Karolu?).<\/span><\/span><\/span><\/p>\n<p class=\"western\" lang=\"pl-PL\" style=\"margin-right: -0.09in; widows: 2; orphans: 2;\" align=\"JUSTIFY\"><span style=\"font-family: Times New Roman,serif;\"><span style=\"font-family: Arial,sans-serif;\"><b>Jan Bie\u0144ka<\/b><\/span><span style=\"font-family: Arial,sans-serif;\">. Oddzia\u0142 &#8211; Uczestnik Powstania Warszawskiego &#8211; brak informacji na temat przydzia\u0142u. Losy po Powstaniu. Niewola niemiecka &#8211; brak informacji o miejscach pobytu. Numer jeniecki &#8211; 221.692. (po Karolu?).<\/span><\/span><\/p>\n<p class=\"western\" lang=\"pl-PL\"><span style=\"font-family: Times New Roman,serif;\"><span style=\"font-family: Arial,sans-serif;\"><b>Wojciech Bie\u0144ko<\/b><\/span><span style=\"font-family: Arial,sans-serif;\"><span style=\"font-weight: normal;\"> &#8211; matematyk i pisarz, uczestnik powstania jako dzieci\u0119cy listonosz (archiwum historii m\u00f3wionej). (po Karolu?). Zm 22.5.2016.<br \/>\n<\/span><\/span><\/span><\/p>\n<p class=\"western\" lang=\"pl-PL\" style=\"margin-right: -0.09in; widows: 2; orphans: 2;\" align=\"JUSTIFY\"><span style=\"font-family: Arial,sans-serif;\">Represjonowani, zaginieni<\/span><\/p>\n<p class=\"western\" lang=\"pl-PL\" style=\"margin-right: -0.09in; widows: 2; orphans: 2;\" align=\"JUSTIFY\"><span style=\"font-family: Times New Roman,serif;\"><span style=\"font-family: Arial,sans-serif;\"><span style=\"text-decoration: underline;\"><b><span style=\"background: transparent;\">Jan Bie\u0144ko<\/span><\/b><\/span><\/span><span style=\"font-family: Arial,sans-serif;\"><span style=\"text-decoration: none;\"><span style=\"font-weight: normal;\"><span style=\"background: transparent;\">. <\/span><\/span><\/span><\/span><span style=\"font-family: Arial,sans-serif;\"><span style=\"font-weight: normal;\"><span style=\"background: transparent;\">W szkole w Iwowem znajduje si\u0119 tablica pami\u0105tkowa z nazwiskami os\u00f3b zamordowanych w akcji represyjnej w 1944 roku. Jest w\u015br\u00f3d nich cz\u0142onek rodziny <\/span><\/span><\/span><span style=\"font-family: Arial,sans-serif;\"><b><span style=\"background: transparent;\">Jan Bie\u0144ko<\/span><\/b><\/span><span style=\"font-family: Arial,sans-serif;\"><span style=\"font-weight: normal;\"><span style=\"background: transparent;\"> mieszkaniec tej wsi, zamordowany prawdopodobnie potem na Pawiaku. Bli\u017csze informacje &#8211; Rocznik Mi\u0144sko &#8211; Mazowiecki &#8211; zeszyt 14\/2006 rok \u2013 pdf w internecie.<\/span><\/span><\/span><\/span><\/p>\n<p class=\"western\" lang=\"pl-PL\" style=\"margin-right: -0.09in; widows: 2; orphans: 2;\" align=\"JUSTIFY\"><span style=\"font-family: Times New Roman,serif;\"><span style=\"font-family: Arial,sans-serif;\"><span style=\"text-decoration: underline;\"><b><span style=\"background: transparent;\">Bi\u0144ka Edmund<\/span><\/b><\/span><\/span><span style=\"font-family: Arial,sans-serif;\"><span style=\"font-weight: normal;\"><span style=\"background: transparent;\"> (17.11.1944 \u2013 22.8.1995) z Warszawy, ob\u00f3z przesiedle\u0144czy Pruszk\u00f3w \u2013 8.1944, dalej Mauthausen, od 1.9.1944 do 1.5.1945. Syn Waleriana i Marianny.<\/span><\/span><\/span><\/span><\/p>\n<p class=\"western\" lang=\"pl-PL\" style=\"margin-right: -0.09in; widows: 2; orphans: 2;\" align=\"JUSTIFY\"><span style=\"font-family: Times New Roman,serif;\"><span style=\"font-family: Arial,sans-serif;\"><span lang=\"de-DE\"><span style=\"text-decoration: underline;\"><b><span style=\"background: transparent;\">Binka Henia <\/span><\/b><\/span><\/span><\/span><span style=\"font-family: Arial,sans-serif;\"><span lang=\"de-DE\"><span style=\"font-weight: normal;\"><span style=\"background: transparent;\">(20.8.1922), Bergen Belsen i Flossenb\u00fcrg\/Mehltheuer od 2.12.1944.<\/span><\/span><\/span><\/span><\/span><\/p>\n<p class=\"western\" lang=\"pl-PL\" style=\"margin-right: -0.09in; widows: 2; orphans: 2;\" align=\"JUSTIFY\"><span style=\"font-family: Times New Roman,serif;\"><span style=\"font-family: Arial,sans-serif;\"><span style=\"text-decoration: underline;\"><b><span style=\"background: transparent;\">Bie\u0144ka Stanis\u0142aw<\/span><\/b><\/span><\/span><span style=\"font-family: Arial,sans-serif;\"><span style=\"font-weight: normal;\"><span style=\"background: transparent;\"> \u2013 uznany przez S\u0105d Grodzki Warszawski za zaginionego w czasie wojny.<\/span><\/span><\/span><\/span><\/p>\n<p class=\"western\" lang=\"pl-PL\" style=\"margin-right: -0.09in; widows: 2; orphans: 2;\" align=\"JUSTIFY\"><span style=\"font-family: Times New Roman,serif;\"><span style=\"font-family: Arial,sans-serif;\"><span style=\"text-decoration: underline;\"><b><span style=\"background: transparent;\">Bie\u0144ka Stanis\u0142aw<\/span><\/b><\/span><\/span><span style=\"font-family: Arial,sans-serif;\"><span style=\"font-weight: normal;\"><span style=\"background: transparent;\"> 30.9.1919 \u2013 20.6.2001, Zawiercie od 1940 do 1945, Dachau, Mauthausen, Dachau. Pdf.<\/span><\/span><\/span><\/span><\/p>\n<p class=\"western\" lang=\"pl-PL\" style=\"margin-right: -0.09in; widows: 2; orphans: 2;\" align=\"JUSTIFY\"><span style=\"font-family: Times New Roman,serif;\"><span style=\"font-family: Arial,sans-serif;\"><span style=\"text-decoration: underline;\"><b><span style=\"background: transparent;\">Bie\u0144ka Eugeniusz<\/span><\/b><\/span><\/span><span style=\"font-family: Arial,sans-serif;\"><span style=\"font-weight: normal;\"><span style=\"background: transparent;\"> (14.12.1909 \u2013 6.12.1945) ob\u00f3z przesiedle\u0144czy Pruszk\u00f3w 8.1944, zgin\u0105\u0142 Mauthausen.<\/span><\/span><\/span><\/span><\/p>\n<p class=\"western\" lang=\"pl-PL\" style=\"margin-right: -0.09in; widows: 2; orphans: 2;\" align=\"JUSTIFY\"><span style=\"font-family: Times New Roman,serif;\"><span style=\"font-family: Arial,sans-serif;\"><span style=\"text-decoration: underline;\"><b><span style=\"background: transparent;\">Bie\u0144ka Danuta<\/span><\/b><\/span><\/span><span style=\"font-family: Arial,sans-serif;\"><span style=\"font-weight: normal;\"><span style=\"background: transparent;\"> (29.11.1927) zatrzymana w Warszawie, osadzona 5.10.1943. Auschwitz ewakuowana do Ravensbruck. <\/span><\/span><\/span><\/span><\/p>\n<p class=\"western\" lang=\"pl-PL\" style=\"margin-right: -0.09in; widows: 2; orphans: 2;\" align=\"JUSTIFY\"><span style=\"font-family: Times New Roman,serif;\"><span style=\"font-family: Arial,sans-serif;\"><span style=\"text-decoration: underline;\"><b><span style=\"background: transparent;\">Bie\u0144ka Aurelia<\/span><\/b><\/span><\/span><span style=\"font-family: Arial,sans-serif;\"><span style=\"font-weight: normal;\"><span style=\"background: transparent;\"> (23.6.1912 \u2013 5.11.1942) Nauczycielka Publicznej Szko\u0142y Powszechnej nr 4 w Zawierciu, woj. kieleckie. W latach okupacji niemieckiej wsp\u00f3\u0142pracowa\u0142a z organizacj\u0105 podziemn\u0105 &#8222;Orze\u0142 Bia\u0142y&#8221;, ps. Lila. Od 1940 r. by\u0142a \u0142\u0105czniczk\u0105 Komendy Obwodu ZWZ Zawiercie. Aresztowana przez policj\u0119 niemieck\u0105 29 VII 1942 r., zosta\u0142a zes\u0142ana do obozu koncentracyjnego w O\u015bwi\u0119cimiu-Brzezince (nr oboz. 17545). Tam zgin\u0119\u0142a zamordowana 5 listopada 1942 r.<\/span><\/span><\/span><\/span><\/p>\n<p class=\"western\" lang=\"pl-PL\" style=\"margin-right: -0.09in; widows: 2; orphans: 2;\" align=\"JUSTIFY\"><span style=\"font-family: Times New Roman,serif;\"><span style=\"font-family: Arial,sans-serif;\"><span style=\"text-decoration: underline;\"><b><span style=\"background: transparent;\">Bienka Wac\u0142awa <\/span><\/b><\/span><\/span><span style=\"font-family: Arial,sans-serif;\"><span style=\"font-weight: normal;\"><span style=\"background: transparent;\">\u2013 (1904 &#8211; ) \u2013 Auschwitz.<\/span><\/span><\/span><\/span><\/p>\n<p class=\"western\" lang=\"pl-PL\" style=\"margin-right: -0.09in; widows: 2; orphans: 2;\" align=\"JUSTIFY\"><span style=\"font-family: Times New Roman,serif;\"><span style=\"font-family: Arial,sans-serif;\"><span style=\"text-decoration: underline;\"><b><span style=\"background: transparent;\">Bienka Wac\u0142aw<\/span><\/b><\/span><\/span><span style=\"font-family: Arial,sans-serif;\"><span style=\"font-weight: normal;\"><span style=\"background: transparent;\"> \u2013 9.9.1913. Akta zespo\u0142u Prezydium Policji w Szczecinie 1939-1945. Czy z Warszawy?<\/span><\/span><\/span><\/span><\/p>\n<p class=\"western\" lang=\"pl-PL\" style=\"margin-right: -0.09in; widows: 2; orphans: 2;\" align=\"JUSTIFY\"><span style=\"font-family: Times New Roman,serif;\"><span style=\"font-family: Arial,sans-serif;\"><span style=\"text-decoration: underline;\"><b><span style=\"background: transparent;\">Bienka Henryk <\/span><\/b><\/span><\/span><span style=\"font-family: Arial,sans-serif;\"><span style=\"font-weight: normal;\"><span style=\"background: transparent;\">(gospodarz z Torunia \u2013 po Michale i Michalinie? Ale ich Henryk bra\u0142 udzia\u0142 w powstaniu) podoficer, jeniec wojenny-Stalag X-B, nr.jenca 221692.<\/span><\/span><\/span><\/span><\/p>\n<p class=\"western\" lang=\"pl-PL\" style=\"margin-right: -0.11in; widows: 2; orphans: 2;\" align=\"JUSTIFY\"><span style=\"font-family: Arial,sans-serif;\"><span style=\"text-decoration: underline;\"><b>Zgin\u0119li Katyniu i Miednoje<\/b><\/span><\/span><\/p>\n<p class=\"western\" lang=\"pl-PL\" style=\"margin-right: -0.11in; widows: 2; orphans: 2;\" align=\"JUSTIFY\"><span style=\"font-family: Arial,sans-serif;\">Por. Kazimierz BIE\u0143KO, ur.1907-08-17, miejsce urodzenia: Kunin w Ostro\u0142\u0119ckiem,<br \/>\nlek. wet., 5 p. u\u0142., zm. 1940, Katy\u0144.<\/span><\/p>\n<p class=\"western\" lang=\"pl-PL\" style=\"margin-right: -0.11in; widows: 2; orphans: 2;\" align=\"JUSTIFY\"><span style=\"font-family: Arial,sans-serif;\">Post. J\u00f3zef BIE\u0143KO, ur.1913-04-26, miejsce urodzenia: Borki, PP, zm. 1940, Miednoje<\/span><\/p>\n<p class=\"western\" lang=\"pl-PL\" style=\"margin-right: -0.11in; widows: 2; orphans: 2;\" align=\"JUSTIFY\"><span style=\"font-family: Arial,sans-serif;\">(Borki zapewne te ko\u0142o Kunina \u2013 ok 3 km).<\/span><\/p>\n<p class=\"western\" lang=\"pl-PL\" style=\"margin-right: -0.11in; widows: 2; orphans: 2;\" align=\"JUSTIFY\"><span style=\"font-family: Arial,sans-serif;\">(Nazwisko o takim brzmieniu jest nietypowe dla tego obszaru).<\/span><\/p>\n<p class=\"western\" lang=\"pl-PL\">\u00a0<span style=\"text-decoration: underline;\"><b><span style=\"background: transparent;\">Zst\u0119pni po Karolu Bie\u0144ko w Warszawie<\/span><\/b><\/span><\/p>\n<p class=\"western\" lang=\"pl-PL\"><span style=\"font-family: Arial,sans-serif;\">W poni\u017cszym zestawieniu litera R oznacza nazwisko tylko po rosyjsku \u2013 w brzmieniu jak napisano, P \u2013 po polsku. P lub R sko \u2013 nazwisko w skorowidzu \u2013 czasami to nadmieniano. H \u2013 w-g <b>Henryka Bi\u0144ka<\/b> (zm 2013). Ir W\u0142o \u2013 wed\u0142ug <b>Ireny W\u0142odarczyk<\/b>, M.D. &#8211; <strong>Ma\u0142gorzata Dawidowska. <\/strong><em>Nastarsze daty przed Jakubem i Zofi\u0105 dotycz\u0105 bardzo prawdopodobnych przodk\u00f3w rodziny Bie\u0144ko z Iwowego<\/em>.<br \/>\n<\/span><\/p>\n<p><em>1611 Franciszek Bie\u0144ko i Ma\u0142gorzata (syn Walenty) Mi\u0119tne (par Garwolin)<\/em><br \/>\n<em>1612 Stanis\u0142aw Bie\u0144ko i Ewa (c\u00f3rka Anna) Wola R\u0119bkowska lub R\u0119bk\u00f3w (par Garwolin)<\/em><br \/>\n<em>?<\/em><br \/>\n<em>?<\/em><br \/>\n<em>\u2193<\/em><br \/>\n<em>Przedstawiele rodzin Bie\u0144ko z okolic Kalonki i Ko\u0142bieli (lat 60-te i p\u00f3\u017aniej) a potem Parysowa (koniec XVII wieku) (par Parys\u00f3w i Ko\u0142biel).<\/em><br \/>\n<em>?<\/em><br \/>\n<em>?<\/em><br \/>\n<em>\u2193<\/em><br \/>\n<strong><span style=\"font-family: Arial,sans-serif;\"><span style=\"text-decoration: underline;\">JAKUB BIE\u0143KO z Iwowego i ZOFIA \u0141UBIAN z Choin (parafia Parys\u00f3w), \u015bl. 1686, Parys\u00f3w<\/span><\/span><\/strong><br \/>\n.<br \/>\n.<br \/>\n<span style=\"font-family: Arial,sans-serif;\"><span style=\"text-decoration: underline;\">ANDRZEJ BIE\u0143KO (1699-1769) (Iwowe), WALENTY BIE\u0143KO (1713-1773) (Iwowe), J\u00d3ZEF BIE\u0143KO(1707-1773) (Iwowe),<\/span><\/span><br \/>\n.<br \/>\n.<br \/>\n<span style=\"font-family: Arial,sans-serif;\">PIOTR BIE\u0143KO (Iwowe) I SALOMEA CYGAN (Transb\u00f3r) \u015bl 1759, Iwowe,Latowicz<\/span><br \/>\n<strong>Karol Bienka<\/strong> (akt ur 3158, 1778 Latowicz, Iwowe; akt zg 315, 1852, W-wa \u2013 Wola, \u015aw. Stanis\u0142aw, Czyste 20) + <strong>Antonina Kielak <\/strong>(ur 1786; akt zg 39, 7.3.1846, W-wa \u2013 Wola, \u015aw. Stanis\u0142aw, Wola 7) akt \u015bl 20, 1809, Babice, G\u00f3rce.<br \/>\nBarbara Bienko (akt ur 166, 1809 Babice, G\u00f3rce; zg 1809).<br \/>\nUrszula Bie\u0144ko (akt ur 251,1810 Babice, G\u00f3rce; akt zg 287, 1855, W-wa \u2013 Wola, \u015aw. Stanis\u0142aw, Czyste) + Jakub Szcze\u015bniewski (ur ok 1798; akt zg 30, 1859, Czyste).<br \/>\n&#8230;..Szcze\u015bniewski Jan (akt ur 51, 1832, \u015aw. Andrzej; akt zg 254, 1854, W-wa, \u015aw Andrzej)<br \/>\n&#8230;..Szcze\u015bniewska Katarzyna (akt ur 22, 1834, W-wa &#8211; Wola, \u015aw. Stan., Czyste; akt zg 88, 1866 Czyste)+ Solik<br \/>\n&#8230;..Szcze\u015bniewski Kazimierz (akt ur 65, 1836, W-wa &#8211; Wola, \u015aw. Stan., Czyste; akt zg 46, 1857, Czyste)<br \/>\n&#8230;..Szcze\u015bniewski J\u00f3zef, Jan (akt ur 36, 1839, W-wa &#8211; Wola, \u015aw. Stan., Czyste)<br \/>\n&#8230;..Szcze\u015bniewski Stanis\u0142aw (akt ur 47, 1846, W-wa &#8211; Wola, \u015aw. Stan., Czyste)<br \/>\n&#8230;..Szcze\u015bniewski Micha\u0142 (akt ur 96, 1849, W-wa &#8211; Wola, \u015aw. Stan., Czyste; akt zg 82, 1849, Czyste)<br \/>\n&#8230;..Szcze\u015bniewska Franciszka (akt ur 97, 1849, W-wa &#8211; Wola, \u015aw. Stan., Czyste; akt zg 192, 1854, Czyste)<br \/>\nJ\u0119drzej Bieka (1813 W-wa, \u015aw Andrzej, akt zg 320, 1852, W-wa \u2013 Wola, \u015aw. Stanis\u0142aw, Wola) + Marianna Szcze\u015bniewska. Rozwini\u0119cie drzewa poni\u017cej.<br \/>\nJan Bie\u0144ko (akt ur 35, 1815 Babice, Groty; akt zg 879, 1886, W \u2013 wa -Wola, \u015aw. Stanis\u0142aw, Ko\u0142o) + (akt \u015bl 2, 1835, W-wa &#8211; Wola, \u015aw. Stan., Czyste 10) Marianna, Julianna Bartosiewicz (akt zg 23, 26.05.1843, W-wa &#8211; Wola, \u015aw. Stan., Czyste, 25 lat), c. J\u00f3zefa i Urszuli Mierchowskiej\/Zwierzchowskiej<br \/>\n&#8230;..Bienka J\u0119drzej, Stan. (akt ur 9, 1836, W-wa &#8211; Wola, \u015aw. Stan., Czyste 10; akt zg 124, 1909, Babice, G\u00f3rce \u2013 Stanis\u0142aw, J\u0119drzej)+(akt \u015bl. 25, 1857, W-wa &#8211; Wola, \u015aw. Stan., on Ko\u0142o) Agnieszka, Karolina Dylewska, c. Tomasza i Marianny Drozdowskiej, 19 l., u rodzic\u00f3w we wsi Ko\u0142o.<br \/>\n&#8230;&#8230;&#8230;.Bie\u0144ka Wilhelm (akt ur 19, 1859, W-wa &#8211; Wola, \u015aw. Stanis\u0142aw, Ko\u0142o 7)+ ( akt \u015bl 32, 1879, W-wa &#8211; Wola, \u015aw. Stanis\u0142aw, Ko\u0142o) Ma\u0142gorzata Skierzy\u0144ska (Kirzy\u0144ska) (Stanis\u0142. i Agn. Stanis\u0142aw \u2013 imi\u0119 ojca podane przy narodzinach pozosta\u0142ego rodze\u0144stwa J\u0119drzeja i w aktach zgonu, a nie Wilhelm)<br \/>\n&#8230;&#8230;&#8230;&#8230;&#8230;.Bie\u0144ka Stanis\u0142aw (akt zg 153, 1880, W-wa Wola, \u015aw. Stanis\u0142aw, Ko\u0142o) 9 m<br \/>\n&#8230;&#8230;&#8230;&#8230;&#8230;.Bie\u0144ka Helena, Agnieszka (akt ur 235, 1881, W-wa Wola, \u015aw. Stanis\u0142aw, Ko\u0142o) + (akt \u015bl 30, 1898, Babice, G\u00f3rce, ona G\u00f3rce, on Ko\u0142o) J\u00f3zef, Wincenty Malinowski, s. Kazimierza i Franciszki Ludwickiej (akt zg cm Babcie, 1926).<br \/>\n&#8230;&#8230;&#8230;&#8230;&#8230;&#8230;&#8230;&#8230;..Malinowska Michalina (akt ur 219, 1901, Babice, G\u00f3rce).<br \/>\n&#8230;&#8230;&#8230;&#8230;&#8230;&#8230;&#8230;&#8230;..Malinowska Feliksa (akt ur 173, 1903, Babice, G\u00f3rce).<br \/>\n&#8230;&#8230;&#8230;&#8230;&#8230;&#8230;&#8230;&#8230;..Malinowska Karolina (akt ur 235, 1905, Babice G\u00f3rce).<br \/>\n&#8230;&#8230;&#8230;&#8230;&#8230;&#8230;&#8230;&#8230;..Malinowska Czes\u0142awa (akt ur 290, 1907, Babice, G\u00f3rce; akt zg 27, 1908, Babice, G\u00f3rce) 2 m.<br \/>\n&#8230;&#8230;&#8230;&#8230;&#8230;&#8230;&#8230;&#8230;..Malinowski Teodor (akt ur 235, 1909, Babice G\u00f3rce).<br \/>\n&#8230;&#8230;&#8230;&#8230;&#8230;&#8230;&#8230;&#8230;..Malinowski Eugeniusz (ur ok 1912, Babice, G\u00f3rce) i \u015bl 1938 Jadwiga Bie\u0144ka (info patrz ni\u017cej)<br \/>\n&#8230;&#8230;&#8230;&#8230;&#8230;.Bie\u0144ka Jan, Pankracy (akt ur 61, 30.4.1883, Babice, G\u00f3rce, zm 23.6.1951, Jelonki, cm wolski, zd) + akt \u015bl 63, 1906 Babice, G\u00f3rce, Bi\u0144ka Lucyna c. Franciszka, Xawerego (patrz ni\u017cej) (1888, G\u00f3rce, zm Rosja 1914-1918, zd)<br \/>\n&#8230;&#8230;&#8230;&#8230;&#8230;&#8230;&#8230;&#8230;..Bi\u0144ka Henryk (zm m\u0142odo, cm Babice, M.W.)<br \/>\n&#8230;&#8230;&#8230;&#8230;&#8230;&#8230;&#8230;&#8230;..Bie\u0144ka Ludwik (akt ur 185, 1907, Babice, G\u00f3rce; cm praw wolski, kwatery katolickie, Wola 1987) i Stanis\u0142awa Tabaka (1913-1975) (cm prawos\u0142awny, kw katolickie) (M. W.)<br \/>\n&#8230;&#8230;&#8230;&#8230;&#8230;&#8230;&#8230;&#8230;&#8230;&#8230;&#8230;&#8230;&#8230;&#8230;&#8230;.Bie\u0144ka Andrzej (M. W.)<br \/>\n&#8230;&#8230;&#8230;&#8230;&#8230;&#8230;&#8230;&#8230;&#8230;&#8230;&#8230;&#8230;&#8230;&#8230;&#8230;.Bie\u0144ka Barbara (M. W.)<br \/>\n&#8230;&#8230;&#8230;&#8230;&#8230;&#8230;&#8230;&#8230;&#8230;&#8230;&#8230;&#8230;&#8230;&#8230;&#8230;.Bie\u0144ka Zofia (M. W.)<br \/>\n&#8230;&#8230;&#8230;&#8230;&#8230;&#8230;&#8230;&#8230;..Bi\u0144ka Regina (akt ur 231, Babice, G\u00f3rce, 10.1908) i Ignacy G\u0142owacki (1906-1939)<br \/>\n&#8230;&#8230;&#8230;&#8230;&#8230;&#8230;&#8230;&#8230;&#8230;&#8230;&#8230;&#8230;&#8230;&#8230;&#8230;.Romualda G\u0142owacka (1931, zm 2016, cm wolski) i Ryszard Stolarski (M.W.)<br \/>\n&#8230;&#8230;&#8230;&#8230;&#8230;&#8230;&#8230;&#8230;..Bie\u0144ka Stefan (akt ur 76,19.3.1911, Babice, G\u00f3rce, cm Raszyn, zd) (zst\u0119pni zamieszkiwali Salome\u0119) i Janina Stolarska (ur 1920 \u2013 2012) (patrz wy\u017cej)<br \/>\n&#8230;&#8230;&#8230;&#8230;&#8230;&#8230;&#8230;&#8230;&#8230;&#8230;&#8230;&#8230;&#8230;&#8230;&#8230;.Bie\u0144ka Tadeusz (M. W.)<br \/>\n&#8230;&#8230;&#8230;&#8230;&#8230;&#8230;&#8230;&#8230;&#8230;&#8230;&#8230;&#8230;&#8230;&#8230;&#8230;.Bie\u0144ka Ryszard (zm 2017 cm Raszyn M. W.)<br \/>\n&#8230;&#8230;&#8230;&#8230;&#8230;&#8230;&#8230;&#8230;&#8230;&#8230;&#8230;&#8230;&#8230;&#8230;&#8230;.Bie\u0144ka Irena (zm niedawno M. W.)<br \/>\n&#8230;&#8230;&#8230;&#8230;&#8230;.Bie\u0144ka Jan (ur 30.4.1883, G\u00f3rce, zm 23.6.1951, Jelonki, cm wolski, zd) + J\u00f3zefa Molenda<br \/>\n\u2026&#8230;&#8230;&#8230;&#8230;&#8230;&#8230;&#8230;&#8230;&#8230;&#8230;..Bi\u0144ka Wanda, Janina (akt ur 2136, 1920, zm ok 2010) i \u015bl 16.1.1947 Antoni Andziak (Jan tokarz z G\u00f3rczewskiej), \u015bw \u2013 W\u0142adys\u0142aw Bi\u0144ka sklepikarz, Wilhelm Bi\u0144ka gospodarz)<br \/>\n&#8230;&#8230;&#8230;&#8230;&#8230;&#8230;&#8230;&#8230;&#8230;&#8230;&#8230;&#8230;&#8230;&#8230;&#8230;.El\u017cbieta Andziak<br \/>\n&#8230;&#8230;&#8230;&#8230;&#8230;&#8230;&#8230;&#8230;&#8230;&#8230;&#8230;&#8230;&#8230;&#8230;&#8230;.Zenon Andziak<br \/>\n&#8230;&#8230;&#8230;&#8230;&#8230;.Bi\u0144ke (Bie\u0144ka) Antoni, Florian (akt ur 59,1885, Babice, G\u00f3rce, akt zg.65, 1888, Babice, G\u00f3rce)<br \/>\n&#8230;&#8230;&#8230;&#8230;&#8230;.Bi\u0144ka Andrzej, Tomasz (akt ur 172,1886, Babice, G\u00f3rce)<br \/>\n&#8230;&#8230;&#8230;&#8230;&#8230;.Bie\u0144ka Genowefa, J\u00f3zefa (akt ur 8,1890, Babice, G\u00f3rce) + akt \u015bl 53, 1908, Babice, G\u00f3rce Bi\u0144ka Adam, W\u0142adys\u0142aw, s. Franciszka i Marianny Tomaszewskiej<br \/>\n&#8230;&#8230;&#8230;&#8230;&#8230;.Bie\u0144ka Cecylia, Stanis\u0142awa (akt ur 185,1891, Babice, G\u00f3rce) + (wg M. W.) Piotr Stolarski (1882 \u2013 1926)<br \/>\n&#8230;&#8230;&#8230;&#8230;&#8230;&#8230;&#8230;&#8230;..Stolarska Janina (1920-2011) + Bie\u0144ka Stefan (1911-1999) (wg M. W.) (patrz Jan Bie\u0144ka poni\u017cej)<br \/>\n&#8230;&#8230;&#8230;&#8230;&#8230;&#8230;&#8230;&#8230;..Stolarski Stefan (1916-1925)<br \/>\n&#8230;&#8230;&#8230;&#8230;&#8230;.Bie\u0144ka Cecylia, Stanis\u0142awa (akt ur 185, 1891, Babice, G\u00f3rce) + W\u0142adys\u0142aw Zimny (1891-1955) (M. W.)<br \/>\n&#8230;&#8230;&#8230;&#8230;&#8230;.Bie\u0144ka Julia, Florentyna (akt ur 178, 1895, Babice, G\u00f3rce)<br \/>\n&#8230;&#8230;&#8230;&#8230;&#8230;.Bie\u0144ka Piotr, Aleksander (akt ur 52,1898 Babice, G\u00f3rce, 1898 Latchorzew)<br \/>\n&#8230;&#8230;&#8230;&#8230;&#8230;.Bie\u0144ka Walerian (akt ur 84,1900, Babice, G\u00f3rce) + akt \u015bl 1923 Marianna Rak<br \/>\n&#8230;&#8230;&#8230;&#8230;&#8230;&#8230;&#8230;&#8230;..Bi\u0144ka Edmund (17.11.1924 &#8211; 22.8.1995)<br \/>\n&#8230;&#8230;&#8230;&#8230;&#8230;.Bie\u0144ka Marianna (akt ur 55,1903, Babice, G\u00f3rce)<br \/>\n&#8230;&#8230;&#8230;&#8230;&#8230;.Leon (H) czy tego Wilhelma ?<br \/>\n&#8230;&#8230;&#8230;&#8230;&#8230;.Stefan (H) czy tego Wilhelma ?<br \/>\n&#8230;&#8230;&#8230;&#8230;&#8230;.Wanda + Nowak (H) czy tego Wilhelma ?<br \/>\n&#8230;&#8230;&#8230;.Bie\u0144ka Piotr, Leonard (akt ur 244, 1860, W \u2013 wa -Wola, \u015aw. Stanis\u0142aw, Wola)<br \/>\n&#8230;&#8230;&#8230;.Bienka Maryanna (akt ur 12,1862, W \u2013 wa -Wola, \u015aw. Stanis\u0142aw, Wola)<br \/>\n&#8230;&#8230;&#8230;.Binka Jan, Ignacy (akt ur 137, 1863, W \u2013 wa -Wola, \u015aw. Stanis\u0142aw, Wola \u2013 akt zg 84,1863, tam\u017ce)<br \/>\n&#8230;&#8230;&#8230;.Binka Felicya, Anna (akt ur 141,1864, W \u2013 wa -Wola, \u015aw. Stanis\u0142aw, Wola)+ (akt \u015bl 98, 1881, W \u2013 wa -Wola, \u015aw. Stanis\u0142aw, ona Ko\u0142o, on Wola) Marcin Mo\u017cd\u017ce\u0144ski<br \/>\n&#8230;&#8230;&#8230;.Bie\u0144ka Wer-ka, Fr-ka (akt ur 8,1866, W \u2013 wa -Wola, \u015aw. Stanis\u0142aw, Wola)+(akt \u015bl 142, 1883, W \u2013 wa -Wola, \u015aw. Stanis\u0142aw, ona Ko\u0142o, on P\u0142ochocin) Micha\u0142 Mo\u017cd\u017cy\u0144ski<br \/>\n&#8230;&#8230;&#8230;.Bie\u0144ka Ma\u0142gorzata (akt ur 205,1867, W \u2013 wa -Wola, \u015aw. Stanis\u0142aw, Wola; akt zg 150, 1868, tam\u017ce, Ko\u0142o)<br \/>\n&#8230;&#8230;&#8230;.Bienka Marianna (akt ur 260,1869,W \u2013 wa -Wola, \u015aw. Stanis\u0142aw, Ko\u0142o; zg 1872 Wola &#8211; akt?)<br \/>\n&#8230;&#8230;&#8230;.Bie\u0144ka J\u00f3zef, Antoni (akt ur 62, 1873, W \u2013 wa -Wola, \u015aw. Stanis\u0142aw, Ko\u0142o) + akt \u015bl 37, 1899, Babice, G\u00f3rce, Emilia Malinowska (c. Walentego i Agnieszki Potrzebowskiej)<br \/>\n&#8230;&#8230;&#8230;&#8230;&#8230;.Bie\u0144ka Filip, Grzegorz (akt ur 121,1900, Babice, G\u00f3rce)<br \/>\n&#8230;&#8230;&#8230;&#8230;&#8230;.Bie\u0144ka Leonard (akt ur 263,1901, Babice, G\u00f3rce)<br \/>\n&#8230;&#8230;&#8230;&#8230;&#8230;.Bie\u0144ka Zofia (akt ur 305,1902, Babice, G\u00f3rce)<br \/>\n&#8230;&#8230;&#8230;.Bie\u0144ka Rozalia (akt ur 46,1876, W \u2013 wa -Wola, \u015aw. Stanis\u0142aw, Ko\u0142o)<br \/>\n&#8230;&#8230;&#8230;.Bi\u0144ka Gerwazy, Marcel (akt ur 358,1879,W \u2013 wa -Wola, \u015aw. Stanis\u0142aw, Ko\u0142o; akt zg 613, 1882; tam\u017ce, Ko\u0142o)<br \/>\n&#8230;..Bi\u0144ka J\u00f3zef (akt ur 25,1839, W \u2013 wa -Wola, \u015aw. Stanis\u0142aw, Czyste 10; akt zg 18,1839, Czyste 10)<br \/>\n&#8230;..Bie\u0144ka Anastazia, Katarzyna (akt ur 26, 1840, W \u2013 wa -Wola, \u015aw. Stanis\u0142aw, W \u2013 wa -Wola, \u015aw. Stanis\u0142aw, Czyste 10; akt zg 36, 1840, Czyste 10)<br \/>\n&#8230;..Bienka Ma\u0142gorzata, Maryanna (akt ur 32,1841, W \u2013 wa -Wola, \u015aw. Stanis\u0142aw, Czyste 10) + akt \u015bl 26, 1865, W \u2013 wa -Wola, \u015aw. Stanis\u0142aw, M. przy bracie St.; L. wdowiec po J\u00f3zefie Zab\u0142otniak), Dylewski Leon<br \/>\n&#8230;&#8230;&#8230;.Dylewski J\u00f3zef (akt ur 165, 1866, W \u2013 wa -Wola, \u015aw. Stanis\u0142aw, Wola; akt zg 116, 1866, tam\u017ce, Czyste 16, b\u0142\u0119dne imi\u0119 ojca &#8211; Jan)<br \/>\n&#8230;..Bie\u0144ka J\u00f3zefa (akt ur 34,1843, W \u2013 wa -Wola, \u015aw. Stanis\u0142aw, Czyste; akt zg 24,1843, tam\u017ce, Czyste)<br \/>\nJan Bie\u0144ko (akt ur 35, 1815 Babice, Groty; akt zg 879, 1886, W \u2013 wa -Wola, \u015aw. Stanis\u0142aw, Ko\u0142o) + (akt \u015bl 29, 14.11.1843, W \u2013 wa -Wola, \u015aw. Stanis\u0142aw, Czyste 16) Drozdakowska Agnieszka, panna, przy siostrze, Wolska 3094, l. 23, z Krakowa, c. Andrzeja i Agnieszki zm. w Krakowie.<br \/>\n&#8230;..Bie\u0144ka Stanis\u0142aw przy \u015blubie podany jako brat Heleny<br \/>\n&#8230;..Bie\u0144ka Helena (akt ur 17, 1845, W \u2013 wa Wola, \u015aw. Stanis\u0142aw, Czyste 16), b\u0142\u0119dnie podano nazwisko matki Dyniewska + (akt \u015bl 174, 1866, W-wa, \u015aw. Andrzej, ona Elektoralna, on Leszno) Edward Rother, b\u0142\u0119dnie podano nazwisko matki Dyniewska<br \/>\n&#8230;&#8230;&#8230;.Rother Marianna, Franciszka akt ur 208, 1872, W \u2013 wa Wola, \u015aw. Stanis\u0142aw, Ko\u0142o.<br \/>\n&#8230;&#8230;&#8230;.Rother Ma\u0142gorzata ur ok 1870; akt zg 222, 1874, W \u2013 wa Wola, \u015aw. Stanis\u0142aw, Ko\u0142o.<br \/>\n&#8230;&#8230;&#8230;.Rother Apolonia ur ok 1868; akt zg 227, 1874, W \u2013 wa Wola, \u015aw. Stanis\u0142aw, Ko\u0142o.<br \/>\n&#8230;&#8230;&#8230;.Rother Stanis\u0142aw ur ok 1876; akt zg 172, 1876, W \u2013 wa Wola, \u015aw. Stanis\u0142aw, Ko\u0142o.<br \/>\n&#8230;..Bie\u0144ka Aniela (akt ur 109, 1846, W \u2013 wa Wola, \u015aw. Stanis\u0142aw, Wola, akt zg 133, 1847, W \u2013 wa Wola, \u015aw. Stanis\u0142aw Czyste 12) b\u0142\u0119dnie pod. nazwisko matki Dylewska, ale w akcie zg jako Drozdakowska<br \/>\n&#8230;..Bie\u0144ka Antonina (akt ur 54, 1848, W \u2013 wa Wola, \u015aw. Stanis\u0142aw, Wola 12, akt zg 39,1848, Wola 25)<br \/>\n&#8230;..Bi\u0144ka Felix, Ludwik (akt ur 103, 1849, W \u2013 wa Wola, \u015aw. Stanis\u0142aw, Wola; akt zg 412, Wola 23, 1852) b\u0142\u0119dnie pod naz matki z Brodakowskich<br \/>\n&#8230;..Bie\u0144ka Antoni (akt ur 8, 1851, W \u2013 wa Wola, \u015aw. Stanis\u0142aw, Wola; akt zg 204, 1852 Wola 16) b\u0142\u0119dnie pod naz matki z Dyakowskich w akcie ur, w zgonu nazwisko prawid\u0142owe<br \/>\n&#8230;..Bie\u0144ka Franciszek (akt ur 99, 1852, W \u2013 wa Wola, \u015aw. Stanis\u0142aw Wola 93; akt zg 220, 1852, Wola)<br \/>\n&#8230;..Bie\u0144ka Maryanna (akt ur 124, 1853, W \u2013 wa Wola, \u015aw. Stanis\u0142aw, Ko\u0142o)+ (akt \u015bl 72, 1872, W-wa, \u015aw. Aleksander) J\u00f3zef \u015awierczewski<br \/>\n&#8230;&#8230;&#8230;.\u015awierczewski Franciszek (akt ur 1043,1887, W \u2013 wa Wola, \u015aw. Stanis\u0142aw, Ko\u0142o)<br \/>\n&#8230;..Bie\u0144ka Paulina (akt ur 1856, Czyste 12)+ (akt \u015bl 280, 1879, W-wa, Leszno, Narodzenia NMP; ona, on Pawia) Ignacy W\u00f3jcicki<br \/>\n&#8230;&#8230;&#8230;.W\u00f3jcicka Zuzanna (akt ur 876,1880, W-wa, Wszystkich \u015awi\u0119tych)<br \/>\n&#8230;&#8230;&#8230;.W\u00f3jcik Franciszek Xawery (akt ur 1046, 1886, W \u2013 wa Wola, \u015aw. Stanis\u0142aw, Ko\u0142o )<br \/>\n&#8230;..Bie\u0144ka Zuzanna Franciszka (akt ur 193,1858, W \u2013 wa, Wola, \u015aw. Stanis\u0142aw, Ko\u0142o 20; akt zg 58,1862, W \u2013 wa Wola, \u015aw. Stanis\u0142aw, Ko\u0142o)<br \/>\nMarianna Bie\u0144k (1817 Groty-) + (akt \u015bl 14, Bienko 1835, W \u2013 wa Wola, \u015aw. Stanis\u0142aw, Czyste) Klimkowski J\u00f3zef.<br \/>\n&#8230;&#8230;&#8230;.Klimkowski Andrzej, Jakub ? Akt? (akt ur x 1836, W \u2013 wa Wola, \u015aw. Stanis\u0142aw, Czyste 1)<br \/>\n&#8230;&#8230;&#8230;.Klimkowska Agnieszka, Katarzyna (akt ur 12,1836, W \u2013 wa Wola, \u015aw. Stanis\u0142aw)<br \/>\n&#8230;&#8230;&#8230;.Klimkowski Micha\u0142, Mateusz (akt ur 68, 1842, W \u2013 wa Wola, \u015aw. Stanis\u0142aw, Czyste)<br \/>\n&#8230;&#8230;&#8230;.Klimkowski Jan (akt ur 45,1845, W \u2013 wa Wola, \u015aw. Stanis\u0142aw, Czyste; akt zg 32, 1845, Czyste)<br \/>\n&#8230;&#8230;&#8230;.Klimkowska Anna (akt ur 63,1846, W \u2013 wa Wola, \u015aw. Stanis\u0142aw, Czyste)<br \/>\n&#8230;&#8230;&#8230;.Klimkowski Stanis\u0142aw (akt ur 60, 1849, W \u2013 wa Wola, \u015aw. Stanis\u0142aw, Czyste; akt zg 90, 1849)<br \/>\n&#8230;&#8230;&#8230;.Klimkowska Katarzyna (akt ur 137,1850, W \u2013 wa Wola, \u015aw. Stanis\u0142aw, Czyste; akt zg 86, 1852, Czyste)<br \/>\n&#8230;&#8230;&#8230;.Klimkowska Julianna (akt ur 29,1854, W \u2013 wa Wola, \u015aw. Stanis\u0142aw, Czyste; zkt zg 109, 1861, Czyste)<br \/>\n&#8230;&#8230;&#8230;.Klimkowska Marcjanna (akt ur 170,1856, W \u2013 wa Wola, \u015aw. Stanis\u0142aw, Czyste)<br \/>\nJ\u00f3zefa Bie\u0144ka (akt ur 19,1820, Babice, Groty -) + akt \u015bl 1, 1841, W \u2013 wa Wola, \u015aw. Stanis\u0142aw, Czyste,J\u00f3zef Ciarka<br \/>\n&#8230;..Ciarka Antoni (akt ur 50,1846, W \u2013 wa Wola, \u015aw. Stanis\u0142aw, Kolonia Jerozolima; akt zg 85 1846, Kolonia Jerozolima)<br \/>\n&#8230;..Ciarka Antoni (akt ur 30,1851, W \u2013 wa Wola, \u015aw. Stanis\u0142aw, Ochota)<br \/>\nJ\u00f3zef Bie\u0144ka (akt ur 55,1823, Babice, Groty; 27.12.1858, W \u2013 wa Wola, \u015aw. Stanis\u0142aw, Czyste) + (akt \u015bl 4, 1843, W \u2013 wa Wola, \u015aw. Stanis\u0142aw, Czyste16) Sobol Tekla. Wdowa wychodzi za m\u0105\u017c w 1868 za Kokot Wojciech.<br \/>\n&#8230;..Bie\u0144ko Franciszka (akt ur 1844, W \u2013 wa Wola, \u015aw. Stanis\u0142aw, Czyste 16, akt zg 36,1844, W \u2013 wa Wola, \u015aw. Stanis\u0142aw,)<br \/>\n&#8230;..Bie\u0144ka Maryanna (akt ur 62, 1845, W \u2013 wa Wola, \u015aw. Stanis\u0142aw, Czyste 16)<br \/>\n&#8230;..Bie\u0144ka Franciszek Xawery (akt ur 1847, W \u2013 wa Wola, \u015aw. Stanis\u0142aw, Czyste 8; akt zg 126, 1852, W \u2013 wa Wola, \u015aw. Stanis\u0142aw, Czyste)<br \/>\n&#8230;..Bie\u0144ka Piotr (akt ur 100, 1850, W \u2013 wa Wola, \u015aw. Stanis\u0142aw, Ochota; akt zg 128, 1856, W \u2013 wa Wola, \u015aw. Stanis\u0142aw, Czyste)<br \/>\n&#8230;..Bie\u0144ka Jan (akt ur 5, 1853, W \u2013 wa Wola, \u015aw. Stanis\u0142aw, Czyste 20) + (akt \u015bl 1884, W \u2013 wa, \u015aw. Barbara) Marianna, Czes\u0142awa Sikorska, c. Aleksandra i Katarzyny B\u0142o\u0144skiej.<br \/>\n&#8230;&#8230;&#8230;.Bi\u0144ka J\u00f3zefa (akt ur 236, 1887, W \u2013 wa Wola, \u015aw. Stanis\u0142aw, Czyste; akt zg 363, 1887, Czyste)<br \/>\n&#8230;&#8230;&#8230;.Bi\u0144ka Jan, Stanis\u0142aw (akt ur 534, 1888, W \u2013 wa Wola, \u015aw. Stanis\u0142aw, Czyste; akt zg 527, 1889, Czyste)<br \/>\n&#8230;&#8230;&#8230;.Bi\u0144ka W\u0142adys\u0142aw (akt ur 685, 1890, W \u2013 wa Wola, \u015aw. Stanis\u0142aw, Czyste)<br \/>\n&#8230;&#8230;&#8230;.Bi\u0144ka Boles\u0142aw (akt ur 534, 1894, W \u2013 wa Wola, \u015aw. Stanis\u0142aw, Czyste; akt zg 1859, 1896, W \u2013 wa Wola, \u015aw. Stanis\u0142aw)<br \/>\n&#8230;&#8230;&#8230;.Bi\u0144ka Janina, Weronika (akt ur 1792,1897, W \u2013 wa Wola, \u015aw. Stanis\u0142aw, Czyste)<br \/>\n&#8230;&#8230;&#8230;.Bie\u0144ka Kazimiera (akt ur 373,1901, W \u2013 wa Wola, \u015aw. Stanis\u0142aw, Czyste; akt zg 1515, 1917, W-wa, \u015aw. Barbara)<br \/>\n&#8230;..Bi\u0144ka Maryanna (akt ur 133, 1855, W \u2013 wa Wola, \u015aw. Stanis\u0142aw, Czyste; akt zg 132, 1858, W \u2013 wa Wola, \u015aw. Stanis\u0142aw, Czyste)<br \/>\n&#8230;..Bie\u0144ka Kazimierz (akt ur 91,12.5.1858, W \u2013 wa Wola, \u015aw. Stanis\u0142aw, Czyste; akt zg 89, 1882, kawaler, \u017co\u0142nierz rezerwy)<br \/>\nFranciszka Bie\u0144ko (akt ur 9,1825, Babice Groty \u2013 akt zg 52, 1829, Babice, Groty)<br \/>\nWawrzyniec Bie\u0144ko (akt ur 56, 1827, Babice Groty &#8211; )<br \/>\nWiktoria Bie\u0144ko (akt ur 16, 1830, Babice Groty) + (akt \u015bl 29, 1850, W \u2013 wa Wola, \u015aw. Stanis\u0142aw, ona Czyste 17, on Ochota 3) Ciarka Wawrzyniec, s. Jana i Heleny Taras<br \/>\n&#8230;..Ciarka Franciszka, J\u00f3zefa (akt ur 162,1851, W \u2013 wa Wola, \u015aw. Stanis\u0142aw, Ochota)<br \/>\n<strong>Karol Bienka<\/strong> (akt ur 3158, 1778 Latowicz, Iwowe &#8211; akt zg 315, 1852, W-wa \u2013 Wola, \u015aw. Stanis\u0142aw, Czyste 20) + (akt \u015bl 1846, W-wa \u2013 Wola, \u015aw. Stanis\u0142aw, Czyste 16) <strong>Wielgorzewska Ludwika<\/strong>, c. Jana i Ludwiki Winnickiej, (lat 32).<br \/>\n&#8211; drugie ma\u0142\u017ce\u0144stwo<br \/>\nBi\u0144ka Micha\u0142 (akt ur 93,1848, W-wa \u2013 Wola, \u015aw. Stanis\u0142aw, Czyste 8) + (akt \u015bl 1868, W-wa \u2013 Wola, \u015aw. Stanis\u0142aw, oboje Czyste) Julia Janczak (Janczyk), c. J\u00f3zefa i Doroty Dudek.<br \/>\n&#8230;..Bie\u0144ka Julianna (1870, W-wa \u2013 Wola, \u015aw. Stanis\u0142aw, Czyste) + (akt \u015bl 17, 1891, W-wa, Wsz. \u015aw., ona \u0141ucka on w Wielgolas? k Mi\u0144ska Maz), Dominik Jedynak vel Smyczka, s. Kazimierza i J\u00f3zefy Raczy\u0144skiej.<br \/>\n&#8230;&#8230;&#8230;.Stefan Jedynak (akt ur 2069, 1899, W-wa, Wsz. \u015aw.) (Bi\u0144ke)<br \/>\n&#8230;&#8230;&#8230;.Teofila Jedynak (akt ur 2507, 1902, W-wa, Wsz. \u015aw.) \u2013 matka Julianna Bi\u0144ke (\u0141ucka 1171)<br \/>\n&#8230;..Bienka Felix (akt ur 234, 1872, W-wa \u2013 Wola, \u015aw. Stanis\u0142aw, Czyste) + (akt \u015bl 159, 1895, W-wa, Wsz. \u015aw. oboje \u0141ucka) Wiktoria, Ewa Czamarska, c. Andrzeja i Walerii Pisak.<br \/>\n&#8230;&#8230;&#8230;.Bie\u0144ka Pawe\u0142 (akt ur 125,1896, W-wa, Wsz. \u015aw. &#8211; 1896 akt zg 118, 1896 W-wa, Wsz. \u015aw. \u0141ucka)<br \/>\n&#8230;&#8230;&#8230;.Bi\u0144ka J\u00f3zef (akt ur 340,1897, W-wa \u2013 Wola, \u015aw. Stanis\u0142aw, Czyste, zg 1965, cm wolski, kw 71\/3\/18) + akt \u015bl 90, 1923, W-wa \u2013 Ochota, \u015aw. Jakub, Bronis\u0142awa Warakomska, c. Karola i Stanis\u0142awy Sztyk, (ur ok 1902, cm wolski, kw 71\/3\/18)<br \/>\n&#8230;&#8230;&#8230;&#8230;&#8230;.Bi\u0144ka Henryk (19.1.1926 \u2013 12.12.1983, W\u00f3lka W\u0119glowa)<br \/>\n&#8230;&#8230;&#8230;&#8230;&#8230;&#8230;&#8230;&#8230;..Bi\u0144ka Witold, Pruszk\u00f3w i c\u00f3rka<br \/>\n&#8230;&#8230;&#8230;&#8230;&#8230;&#8230;&#8230;&#8230;..c\u00f3rka<br \/>\n&#8230;&#8230;&#8230;.Bie\u0144ka Stanis\u0142aw (akt ur 2646, 1899, W-wa, Praga, MB Loreta\u0144ska)<br \/>\n&#8230;&#8230;&#8230;.Bie\u0144ka Marian (akt ur 282, 1906, W-wa, Wsz. \u015aw. \u0141ucka)<br \/>\n&#8230;&#8230;&#8230;.Bi\u0144ka Marianna (akt ur 331, 1912, W-wa \u2013 Wola, \u015aw. Stanis\u0142aw; akt zg 550, 1920, W-wa \u2013 Wola, \u015aw. Stanis\u0142aw)<br \/>\n&#8230;..Bie\u0144ka J\u00f3zefa (ur ok 1874)+ (akt \u015bl 551, 1903, W-wa, Wsz. \u015aw., ona \u0141ucka, on Leszno) J\u00f3zef Zieli\u0144ski, s. Jana i Katarzyny Kozickiej.<br \/>\n&#8230;..Bie\u0144ka J\u00f3zef (akt ur 127,1877, W-wa, Ochota, \u015aw. Jakub) + akt \u015bl 398, 1904, W-wa, Wsz. \u015aw., \u0141ucja, Aniela Jezierska c. Piotra i Katarzyny Kramarczyk.<br \/>\n&#8230;&#8230;&#8230;.Bie\u0144ka Lucjan (akt ur 26,1904, W-wa, Wsz. \u015aw., Miodowa)<br \/>\n&#8230;&#8230;&#8230;.Bie\u0144ka Kazimierz (akt ur 1594, 1905, W-wa, Wsz. \u015aw. \u0141ucka)<br \/>\n&#8230;&#8230;&#8230;.Bie\u0144ka Leon (akt ur 444, 1907, W-wa. Wsz. \u015aw. \u0141ucka)<br \/>\n&#8230;&#8230;&#8230;.Bi\u0144ke W\u0142adys\u0142aw (akt ur 1856, 1915, W-wa, Wola, \u015aw. Stanis\u0142aw; akt zg 747, 1916, W-wa \u2013 Wola, \u015aw. Stanis\u0142aw, G\u00f3rczewska 34) c\u00f3rka J\u00f3zefa Bi\u0144ke i Lucyny z Jezierskich<br \/>\n&#8230;&#8230;&#8230;.Bi\u0144ka Czes\u0142awa (akt ur 387, 1917, W-wa \u2013 Wola, \u015aw. Stanis\u0142aw; akt zg 1110, 1918, W-wa \u2013 Wola, \u015aw. Stanis\u0142aw, P\u0142ocka 26) c\u00f3rka J\u00f3zefa Bi\u0144ka i Lucyny z Jezierskich<br \/>\n&#8230;..Bienka Marianna, Stanis\u0142awa (akt ur 311, 1881, W-wa \u2013 Wola, \u015aw. Stanis\u0142aw, Ochota) (zdj\u0119cie cm Wolski ? )) + (akt \u015bl 350, 1895, W-wa, Wsz. \u015aw., ona \u0141ucka, on Wronia) Henryk, Jan Nordyn, s. Jana i Krystyny Werner.<br \/>\n&#8230;&#8230;&#8230;.Nordyn Jan (akt ur 1583, 1896, W-wa., Wsz. \u015aw.)<br \/>\n&#8230;&#8230;&#8230;.Nordyn Marianna (akt ur 2261,1897, W-wa. Wsz. \u015aw.)<br \/>\n&#8230;&#8230;&#8230;.Nordyn Stefan (akt ur 279, 1900, W-wa. Wsz. \u015aw.; zg 1944)<br \/>\n&#8230;..Bi\u0144ka Stanis\u0142aw (akt ur 137,1883, W-wa, Ochota, \u015aw. Stanis\u0142aw)<br \/>\n&#8230;..Bi\u0144ka Katarzyna, Karolina (akt ur 861, 1884, W-wa, Ochota, \u015aw. Stanis\u0142aw)<br \/>\n&#8230;..Bi\u0144ka Zofia (akt ur 219, 1888, W-wa, Wsz. \u015aw., \u0141ucka) + akt \u015bl 156, 1906, W-wa. Wsz. \u015aw., Piotr Lenart<br \/>\n&#8230;&#8230;&#8230;.Zofia Lenart (akt ur 981, 1907, W-wa, Wsz. \u015aw., Pa\u0144ska 1242)<br \/>\n&#8230;..Bi\u0144ka Stanis\u0142awa (akt ur 847, 1890, W-wa, Wsz. \u015aw., \u0141ucka) + (akt \u015bl 140, 1911, W-wa, Wsz. \u015aw., ona \u0141ucka, on Rybaki) Piotr, Pawe\u0142 Soszy\u0144ski, s. Jana, Julia Kie\u0142czykowska,<br \/>\n&#8230;..Binka Leokadia (akt ur 1456,1892, W-wa. Wsz. \u015aw. \u0141ucka)<br \/>\n&#8230;..Bie\u0144ka Bronis\u0142awa (akt ur 1435, 1897, W-wa, wsz. \u015aw., \u0141ucka) + (akt \u015bl 631, 1919, W-wa, Wsz. \u015aw., ona Pl. Witkowskiego on Okopowa) Leonard, Franciszek Kowalski, s. Franciszka i Franciszki Strzepockiej.<\/p>\n<p><strong>Syn Karola i Antoniny Kielak wspomniany na pocz\u0105tku<\/strong><br \/>\nJ\u0119drzej Bieka (1813, W-wa, \u015aw Andrzej \u2013 akt zg 320, 1852, W-wa \u2013 Wola, \u015aw. Stanis\u0142aw) + (akt \u015bl 7, 1834, W-wa \u2013 Wola, \u015aw. Stanis\u0142aw, Czyste 10, Bieka) Maryanna Szcze\u015bniewska, c. \u0141ukasza i Zofii Tomaszewskiej (akt ur 37, 1814, Babice, G\u00f3rce; akt zg 2067, 1900, W-wa \u2013 Wola, \u015aw. Stanis\u0142aw; gr., cm wolski, pomnik, kw 75) + akt \u015bl 19, 1953 W-wa \u2013 Wola, \u015aw. Stanis\u0142aw, Antoni Luba\u0144ski, s. Stanis\u0142awa i Agnieszki Bie\u0144kowskiej.<br \/>\n&#8230;..Bienka Katarzyna (akt ur 84, 1835, W-wa \u2013 Wola, \u015aw. Stanis\u0142aw, Czyste) + (akt \u015bl 18, 1854, W-wa \u2013 Wola, \u015aw. Stanis\u0142aw, ona Wola, on Ochota 15) Sado Wojciech, s. Mateusza i Magdaleny Sieckiej<br \/>\n&#8230;..Bienka Franciszek, Xawery (akt ur 76,1838, W-wa \u2013 Wola, \u015aw. Stanis\u0142aw,, Czyste &#8211; zg 19.2.1919, cm Babice) + (akt \u015bl. 19, 1864, W-wa \u2013 Wola, \u015aw. Stanis\u0142aw, Wola) Marianna Tomaszewska (akt ur 107, 1847, W-wa \u2013 Wola, \u015aw. Stanis\u0142aw, Wola); akt zg 30, 1903, Babice, G\u00f3rce, cm Babice) c. Stanis\u0142awa i Marianny z Rybiewskiej, \u017cy\u0142a 56 lat (inskr na starym grobie).<br \/>\n&#8230;&#8230;&#8230;.Bi\u0144ka Agnieszka(akt ur 87, 1865, W-wa \u2013 Wola, \u015aw. Stanis\u0142aw, Wola)+ (akt \u015bl 30, 1884, W-wa \u2013 Wola, \u015aw. Stanis\u0142aw, ona G\u00f3rce, on Ko\u0142o) J\u00f3zef Janczyk, s. Adama i Franciszki Kr\u00f3likowskiej<br \/>\n&#8230;&#8230;&#8230;&#8230;&#8230;.Stanis\u0142aw Janczyk (akt ur 383, 1887, W-wa \u2013 Wola, \u015aw. Stanis\u0142aw, Ko\u0142o)<br \/>\n&#8230;&#8230;&#8230;&#8230;&#8230;.Marcjanna Janczyk (akt ur 1032, 1888, W-wa \u2013 Wola, \u015aw. Stanis\u0142aw, Ko\u0142o)<br \/>\n&#8230;&#8230;&#8230;&#8230;&#8230;.J\u00f3zefa (Marianna) Janczyk (akt ur 257, 1890, W-wa \u2013 Wola, \u015aw. Stanis\u0142aw, Ko\u0142o)<br \/>\n&#8230;&#8230;&#8230;&#8230;&#8230;.Karol (Szymon) Ja\u0142owicz vel Janczyk (akt ur 1132, 1892, W-wa \u2013 Wola, \u015aw. Stanis\u0142aw, Ko\u0142o)<br \/>\n&#8230;&#8230;&#8230;&#8230;&#8230;.Aleksander Janczyk (akt ur 656, 1894, W-wa \u2013 Wola, \u015aw. Stanis\u0142aw, Ko\u0142o)<br \/>\n&#8230;&#8230;&#8230;&#8230;&#8230;.Julian Janczyk (Janczak) (akt ur 297, 1896, W-wa \u2013 Wola, \u015aw. Stanis\u0142aw, Ko\u0142o)<br \/>\n&#8230;&#8230;&#8230;&#8230;&#8230;.Maryanna Janczyk (akt ur 1515,1897, W-wa \u2013 Wola, \u015aw. Stanis\u0142aw, Ko\u0142o)<br \/>\n&#8230;&#8230;&#8230;&#8230;&#8230;.Teofil Janczyk (akt ur 2532, 1898, W-wa \u2013 Wola, \u015aw. Stanis\u0142aw, Ko\u0142o)<br \/>\n&#8230;&#8230;&#8230;&#8230;&#8230;.Jan Janczyk (akt ur 1199, 1900, W-wa \u2013 Wola, \u015aw. Stanis\u0142aw, Ko\u0142o)<br \/>\n&#8230;&#8230;&#8230;.Bi\u0144ka Agnieszka (akt ur 1865, W-wa \u2013 Wola, \u015aw. Stanis\u0142aw, Wola)+ (akt \u015bl 22,1903, W-wa \u2013 Wola, \u015aw. Stanis\u0142aw, on, ona Wola) Stanis\u0142aw Iwanicki, s. Franciszka i Marianny Brudzie\u0144<br \/>\n&#8230;&#8230;&#8230;.Bie\u0144ka Stanis\u0142aw (akt ur 296, 1866, W-wa \u2013 Wola, \u015aw. Stanis\u0142aw, Wola, 21.5.1948, cm Babice, zdj\u0119cie) + akt \u015bl 87, 1889, W-wa \u2013 Wola, \u015aw. Stanis\u0142aw, Teofila, Helena Cera\u0144ska, c. Jana i Antoniny Chmielewskiej, 18 l., G\u00f3rce\/Wola (80 lat , 4.9.1949, cm Babice, zdj\u0119cie)<br \/>\n&#8230;&#8230;&#8230;&#8230;&#8230;.Bi\u0144ka Stanis\u0142aw, Marek (akt ur 420, 1890, W-wa \u2013 Wola, \u015aw. Stanis\u0142aw, Wola; zm 1970)i Aleksandra (zm 1986)<br \/>\n&#8230;&#8230;&#8230;&#8230;&#8230;&#8230;&#8230;&#8230;..Bi\u0144ka Stanis\u0142aw (zm 2018) i Janina Ponikowska (ur ok 1936; zm 2025)<br \/>\n&#8230;&#8230;&#8230;&#8230;&#8230;&#8230;&#8230;&#8230;&#8230;&#8230;&#8230;..Bi\u0144ka Barbara<br \/>\n&#8230;&#8230;&#8230;&#8230;&#8230;.Bie\u0144ka J\u00f3zefa, Albina (akt ur 45, 1892, Babice, G\u00f3rce) + akt \u015bl 47, 1909, Babice, G\u00f3rce, J\u00f3zef Dobrzy\u0144ski, s. Szczepana i Marcjanny Przybysz<br \/>\n&#8230;&#8230;&#8230;&#8230;&#8230;.Bie\u0144ka Kazimierz (akt ur 177, 1893, Babice, G\u00f3rce)<br \/>\n&#8230;&#8230;&#8230;&#8230;&#8230;.Bie\u0144ka Helena, Julia, (akt ur 37, 1895, Babice, G\u00f3rce; akt zg 30, 1900, Babice, G\u00f3rce)<br \/>\n&#8230;&#8230;&#8230;&#8230;&#8230;.Bie\u0144ka Waleria (akt ur 203, 1897, Babice, G\u00f3rce; 1981, zdj. cm. Babice Stare) + Kubiak<br \/>\n&#8230;&#8230;&#8230;&#8230;&#8230;.Bie\u0144ka Micha\u0142 (akt ur 172, 1899, Babice, G\u00f3rce) + Michalina Kope\u0107<br \/>\n&#8230;&#8230;&#8230;&#8230;&#8230;&#8230;&#8230;&#8230;..Bie\u0144ka Zbigniew<br \/>\n&#8230;&#8230;&#8230;&#8230;&#8230;&#8230;&#8230;&#8230;..Bie\u0144ka Henryk<br \/>\n&#8230;&#8230;&#8230;&#8230;&#8230;&#8230;&#8230;&#8230;..Bie\u0144ka Edwin<br \/>\n&#8230;&#8230;&#8230;&#8230;&#8230;.Bie\u0144ka Jan (akt ur 117, 1901, Babice, G\u00f3rce) + akt \u015bl. 1, 1924, W-wa, S\u0142u\u017cew, \u015aw. Katarzyna, Stefania Bie\u0144ka, c. J\u00f3zefa i Anieli K\u0142osiewicz ze Szcz\u0119\u015blewic, 18 l.<br \/>\n&#8230;&#8230;&#8230;&#8230;&#8230;.Binkie Marianna (akt ur 2036, 1903, W-wa \u2013 Wola, \u015aw. Stanis\u0142aw, Ko\u0142o; akt zg 122, 1903, Babice, G\u00f3rce)<br \/>\n&#8230;&#8230;&#8230;&#8230;&#8230;.Bie\u0144ka Aleksander (Olek) (akt ur 8, 1906, Babice, G\u00f3rce) + Janina, c. Franciszka (cm Babice, zd)<br \/>\n&#8230;&#8230;&#8230;&#8230;&#8230;&#8230;&#8230;&#8230;..Bie\u0144ka Danuta + Henryk Skonieczny<br \/>\n&#8230;&#8230;&#8230;&#8230;&#8230;.Bie\u0144ka Stefan (akt ur 134, 1908, Babice, G\u00f3rce; zg 1978) + Marianna (ok 1908, 1975)<br \/>\n&#8230;&#8230;&#8230;&#8230;&#8230;&#8230;&#8230;&#8230;..Bie\u0144ka Zdzis\u0142aw + Celina Bie\u0144ka (12.01.1940, cm Babice, 17.4.2004)<br \/>\n&#8230;&#8230;&#8230;&#8230;&#8230;&#8230;&#8230;&#8230;&#8230;&#8230;&#8230;..Bie\u0144ka Krzysztof + Romana El\u017cbieta \u017bochowska<br \/>\n&#8230;&#8230;&#8230;&#8230;&#8230;&#8230;&#8230;&#8230;&#8230;&#8230;&#8230;&#8230;&#8230;&#8230;&#8230;Bie\u0144ka Jaros\u0142aw + Skorupska Anna<br \/>\n&#8230;&#8230;&#8230;&#8230;&#8230;&#8230;&#8230;&#8230;&#8230;&#8230;&#8230;&#8230;&#8230;&#8230;&#8230;&#8230;&#8230;&#8230;.Bie\u0144ka Stanis\u0142aw<br \/>\n&#8230;&#8230;&#8230;&#8230;&#8230;&#8230;&#8230;&#8230;&#8230;&#8230;&#8230;&#8230;&#8230;&#8230;&#8230;&#8230;&#8230;&#8230;.Bie\u0144ka Marcel<br \/>\n&#8230;&#8230;&#8230;&#8230;&#8230;&#8230;&#8230;&#8230;&#8230;&#8230;&#8230;&#8230;&#8230;&#8230;&#8230;Bie\u0144ka Micha\u0142 + Grodzka Marta<br \/>\n&#8230;&#8230;&#8230;&#8230;&#8230;&#8230;&#8230;&#8230;&#8230;&#8230;&#8230;&#8230;&#8230;&#8230;&#8230;&#8230;&#8230;&#8230;.Bie\u0144ka Mi\u0142osz<br \/>\n&#8230;&#8230;&#8230;&#8230;&#8230;&#8230;&#8230;&#8230;&#8230;&#8230;&#8230;&#8230;&#8230;&#8230;&#8230;&#8230;&#8230;&#8230;.Bie\u0144ka Miko\u0142aj<br \/>\n&#8230;&#8230;&#8230;&#8230;&#8230;&#8230;&#8230;&#8230;&#8230;&#8230;&#8230;&#8230;&#8230;&#8230;&#8230;Bie\u0144ka Rafa\u0142<br \/>\n&#8230;&#8230;&#8230;&#8230;&#8230;&#8230;&#8230;&#8230;&#8230;&#8230;&#8230;..Bie\u0144ka Jolanta + Andrzej \u015awi\u0105tkiewicz<br \/>\n&#8230;&#8230;&#8230;&#8230;&#8230;&#8230;&#8230;&#8230;&#8230;&#8230;&#8230;&#8230;&#8230;&#8230;&#8230;\u015awi\u0105tkiewcz Marcin<br \/>\n&#8230;&#8230;&#8230;&#8230;&#8230;&#8230;&#8230;&#8230;&#8230;&#8230;&#8230;&#8230;&#8230;&#8230;&#8230;\u015awi\u0105tkiewicz Piotr + Magdalena Szlaga<br \/>\n&#8230;&#8230;&#8230;&#8230;&#8230;&#8230;&#8230;&#8230;&#8230;&#8230;&#8230;&#8230;&#8230;&#8230;&#8230;&#8230;&#8230;&#8230;.\u015awi\u0105tkiewicz Gracjan<br \/>\n&#8230;&#8230;&#8230;&#8230;&#8230;&#8230;&#8230;&#8230;..Bie\u0144ka Czes\u0142aw (zg 7.2021, Babice Stare) + Wies\u0142awa Bie\u0144ka<br \/>\n&#8230;&#8230;&#8230;&#8230;&#8230;&#8230;&#8230;&#8230;&#8230;&#8230;&#8230;..Bie\u0144ka Gra\u017cyna + Majchrzak<br \/>\n&#8230;&#8230;&#8230;&#8230;&#8230;&#8230;&#8230;&#8230;..Bi\u0144ka Tadeusz + Jadwiga Mich<br \/>\n&#8230;&#8230;&#8230;&#8230;&#8230;&#8230;&#8230;&#8230;&#8230;&#8230;&#8230;..Bi\u0144ka Katarzyna<br \/>\n&#8230;&#8230;&#8230;&#8230;&#8230;&#8230;&#8230;&#8230;&#8230;&#8230;&#8230;..Bi\u0144ka Piotr + Katarzyna<br \/>\n&#8230;&#8230;&#8230;&#8230;&#8230;&#8230;&#8230;&#8230;&#8230;&#8230;&#8230;&#8230;&#8230;&#8230;&#8230;Bi\u0144ka Mateusz<br \/>\n&#8230;&#8230;&#8230;&#8230;&#8230;&#8230;&#8230;&#8230;&#8230;&#8230;&#8230;&#8230;&#8230;&#8230;&#8230;Bi\u0144ka Dominika<br \/>\n&#8230;&#8230;&#8230;&#8230;&#8230;&#8230;&#8230;&#8230;..Bie\u0144ka Mieczys\u0142aw + Czes\u0142awa Bie\u0144ka<br \/>\n&#8230;&#8230;&#8230;&#8230;&#8230;&#8230;&#8230;&#8230;&#8230;&#8230;&#8230;..Bie\u0144ka Mariusz + Beata Zimochowska<br \/>\n&#8230;&#8230;&#8230;&#8230;&#8230;&#8230;&#8230;&#8230;&#8230;&#8230;&#8230;&#8230;&#8230;&#8230;&#8230;Bie\u0144ka Jakub<br \/>\n&#8230;&#8230;&#8230;&#8230;&#8230;&#8230;&#8230;&#8230;&#8230;&#8230;&#8230;&#8230;&#8230;&#8230;&#8230;Bie\u0144ka Wiktoria<br \/>\n&#8230;&#8230;&#8230;&#8230;&#8230;&#8230;&#8230;&#8230;&#8230;&#8230;&#8230;..Bie\u0144ka Monika + Mioduszewski Hadrian<br \/>\n&#8230;&#8230;&#8230;&#8230;&#8230;&#8230;&#8230;&#8230;&#8230;&#8230;&#8230;&#8230;&#8230;&#8230;&#8230;syn<br \/>\n&#8230;&#8230;&#8230;&#8230;&#8230;&#8230;&#8230;&#8230;&#8230;&#8230;&#8230;&#8230;&#8230;&#8230;&#8230;c\u00f3rka<br \/>\n&#8230;&#8230;&#8230;&#8230;&#8230;&#8230;&#8230;&#8230;..Bie\u0144ka Stefania + Leszek Mich + Dom\u017ca\u0142a<br \/>\n&#8230;&#8230;&#8230;&#8230;&#8230;&#8230;&#8230;&#8230;&#8230;&#8230;&#8230;..Mich J\u00f3zef<br \/>\n&#8230;&#8230;&#8230;&#8230;&#8230;&#8230;&#8230;&#8230;&#8230;&#8230;&#8230;&#8230;&#8230;&#8230;&#8230;Mich Tomasz<br \/>\n&#8230;&#8230;&#8230;&#8230;&#8230;&#8230;&#8230;&#8230;&#8230;&#8230;&#8230;&#8230;&#8230;&#8230;&#8230;Mich \u0141ukasz<br \/>\n&#8230;&#8230;&#8230;&#8230;&#8230;&#8230;&#8230;&#8230;&#8230;&#8230;&#8230;..Mich Leszek<br \/>\n&#8230;&#8230;&#8230;&#8230;&#8230;&#8230;&#8230;&#8230;&#8230;&#8230;&#8230;&#8230;&#8230;&#8230;&#8230;Mich Grzegorz<br \/>\n&#8230;&#8230;&#8230;&#8230;&#8230;&#8230;&#8230;&#8230;&#8230;&#8230;&#8230;&#8230;&#8230;&#8230;&#8230;Mich Robert<br \/>\n&#8230;&#8230;&#8230;&#8230;&#8230;&#8230;&#8230;&#8230;&#8230;&#8230;&#8230;&#8230;&#8230;&#8230;&#8230;Mich Dariusz<br \/>\n&#8230;&#8230;&#8230;&#8230;&#8230;.Bie\u0144ka W\u0142adys\u0142aw (akt ur 128, 1910, Babice, G\u00f3rce; cm wolski, kw 5, lat 83, 18.05.1993) i Aleksandra Bie\u0144ka (Olesia) (cm wolski, kw 5, zg l. 79, 3.08.1989)<br \/>\n&#8230;&#8230;&#8230;&#8230;&#8230;&#8230;&#8230;&#8230;..Bie\u0144ka Danusia zm<br \/>\n&#8230;&#8230;&#8230;&#8230;&#8230;&#8230;&#8230;&#8230;..Bie\u0144ka Miros\u0142aw (Czumy 2)<br \/>\n&#8230;&#8230;&#8230;&#8230;&#8230;&#8230;&#8230;&#8230;..Bie\u0144ka Henryka \u017cyje 2013<br \/>\n&#8230;&#8230;&#8230;&#8230;&#8230;&#8230;&#8230;&#8230;..Bie\u0144ka Kazimierz ? (cm wolski, kw 5, lat 62, 14.05.1999)<br \/>\n&#8230;&#8230;&#8230;.Bie\u0144ka Aleksander (akt ur 1868, W-wa \u2013 Wola, \u015aw. Stanis\u0142aw, Wola; akt zg 17, 1893 Babice, G\u00f3rce)<br \/>\n&#8230;&#8230;&#8230;.Bie\u0144ka Wojciech, W\u0142adys\u0142aw (akt ur 112, 1870, W-wa \u2013 Wola, \u015aw. Stanis\u0142aw, Wola; 24.6.1931, Babice, G\u00f3rce, cm Babice) + (akt \u015bl 49,1897, Babice, G\u00f3rce, oboje G\u00f3rce) Emilia Kryst (ok.1877) c. Bernarda i J\u00f3zefy Malinowskiej. Patrz rodzina Kryst.<br \/>\n&#8230;&#8230;&#8230;&#8230;&#8230;Bie\u0144ka Czes\u0142aw (akt ur 258, 1898, Babice, G\u00f3rce)<br \/>\n&#8230;&#8230;&#8230;&#8230;&#8230;Bie\u0144ka Henryk (H)?<br \/>\n&#8230;&#8230;&#8230;&#8230;&#8230;Bie\u0144ka Leon (akt ur 115, 1900, Babice, G\u00f3rce)<br \/>\n&#8230;&#8230;&#8230;&#8230;&#8230;Bie\u0144ka Tomasz (akt ur 300, 1901, Babice, G\u00f3rce; akt zg 94, 1911, Babice, G\u00f3rce)<br \/>\n&#8230;&#8230;&#8230;&#8230;&#8230;Bie\u0144ka Natalia (akt ur 157, 1903 \u2013 zg 8.9.1936 cm Babice) + Korczak (H)<br \/>\n&#8230;&#8230;&#8230;&#8230;&#8230;Bie\u0144ka Karol (akt ur 37, 1905, Babice, G\u00f3rce, cm Babice, zgin\u0105\u0142 \u015bmierci\u0105 tragiczn\u0105, zdj.) 23 ?.VII.1945) + Helena Kajak+ akt \u015bl 65, 1943, W-wa, \u015aw. Wojciech, Halina Zachary (1.01.1911-5.021996)<br \/>\n&#8230;&#8230;&#8230;&#8230;&#8230;&#8230;&#8230;&#8230;..Bernard Bie\u0144ka (9.12.1943 \u2013 12.01.1987)+ Genowefa<br \/>\n&#8230;&#8230;&#8230;&#8230;&#8230;&#8230;&#8230;&#8230;&#8230;&#8230;&#8230;..Bo\u017cena Bie\u0144ka<br \/>\n&#8230;&#8230;&#8230;&#8230;..Bie\u0144ka Stefan (akt ur 291, 1907, Babice, G\u00f3rce: akt zg 89, 1909, Babice, G\u00f3rce)<br \/>\n&#8230;&#8230;&#8230;&#8230;..Bie\u0144ka Wiktor (akt ur 161, 1909, Babice, Gorce; 13.03.1996, cm Babice + akt \u015bl 277, 1930, W-wa, \u015aw. Wojciech, (Be\u0144ka) Karolina Malinowska (Karola) (akt ur 235, 1905, Babice, G\u00f3rce &#8211; 9.9.1979 cm Babice) c. J\u00f3zefa i Heleny Bie\u0144ka<br \/>\n&#8230;&#8230;&#8230;&#8230;..Bie\u0144ka Teodor (ok 1911 &#8211; 10.8.1924 cm Babice) sprawdzi\u0107?<br \/>\n&#8230;&#8230;&#8230;&#8230;..Bie\u0144ka Jadwiga (ur. ok 1914, Babice, G\u00f3rce; cm wolski) + akt \u015bl 186, 1938, W-wa, \u015aw. Augustyn, Eugeniusz Malinowski (ur. Salomea, l. 26, spawacz, zam. W-wa, Spokojna 10), s. J\u00f3zefa i Heleny Bi\u0144ka, Jadwiga l. 24, przy matce, W-wa, Spokojna 9..<br \/>\n&#8230;&#8230;&#8230;&#8230;&#8230;&#8230;&#8230;&#8230;..Kazimierz Malinowski + \u017cona<br \/>\n&#8230;&#8230;&#8230;.Bie\u0144ka Joanna (akt ur 74, 1872, W-wa \u2013 Wola, \u015aw. Stanis\u0142aw, Wola; akt zg &#8230; 1908 cm wolski, kw 35) + akt \u015bl 24, 1892, Babice, Kope\u0107 Marcin (on Ko\u0142o, ona G\u00f3rce) s. Wincentego i Magdaleny Smoszy\u0144skiej.<br \/>\n&#8230;&#8230;&#8230;&#8230;..Kope\u0107 Jan akt zg 796, 1894, W-wa \u2013 Wola, \u015aw. Stanis\u0142aw, Ko\u0142o.<br \/>\n&#8230;&#8230;&#8230;&#8230;..Kope\u0107 Michalina akt ur 218, 1896, Babice, G\u00f3rce.<br \/>\n&#8230;&#8230;&#8230;&#8230;..Kope\u0107 Aleksander akt ur 1686, 1899 W-wa \u2013 Wola, \u015aw. Stanis\u0142aw, Ko\u0142o; akt zg 131, 1905, Babice, G\u00f3rce.<br \/>\n&#8230;&#8230;&#8230;&#8230;..Kope\u0107 Wac\u0142awa akt ur 2299, 1900, W-wa \u2013 Wola, \u015aw. Stanis\u0142aw, Wola + akt \u015bl 83, 1918, W-wa \u2013 Wola, \u015aw. Stanis\u0142aw, Tomasz Kwiatkowski, s. Franciszka i Emilii K\u0119pi\u0144skiej.<br \/>\n&#8230;&#8230;&#8230;&#8230;..Kope\u0107 Helena akt ur 779, 1902, W-wa \u2013 Wola, \u015aw. Stanis\u0142aw, Ko\u0142o. + akt \u015bl 608, 1921, W-wa \u2013 Wola, \u015aw. Stanis\u0142aw, Bronis\u0142aw G\u00f3ralski, s. Zygmunta i Bronis\u0142awy \u0141uczak, kapral WP, zam. Toru\u0144.<br \/>\n&#8230;&#8230;&#8230;&#8230;..Kope\u0107 Edward akt ur 2099, 1903 W-wa \u2013 Wola, \u015aw. Stanis\u0142aw, Ko\u0142o.; akt zg 148, 1905, Babice, G\u00f3rce.<br \/>\n&#8230;&#8230;&#8230;&#8230;..Kope\u0107 Jan akt ur 1663, 1905, W-wa \u2013 Wola, \u015aw. Stanis\u0142aw, Ko\u0142o.<br \/>\n&#8230;&#8230;&#8230;.Bienka Franciszek, Adam (akt ur 368,1873 W-wa \u2013 Wola, \u015aw. Stanis\u0142aw, Wola, 28.10.1934, cm Babice) + (akt \u015bl 55, 1895) Aniela Grzechnik (ur ok 1886, \u0141askarzew, d. G\u00f3rce, c. Aleksandra i Franciszki Pietrzak, (zg 2.5.1955, cm Babice)<br \/>\n&#8230;&#8230;&#8230;&#8230;..Bie\u0144ka Roman (akt ur 37,1895, W-wa \u2013 Wola, \u015aw. Stanis\u0142aw, Ko\u0142o; cm wolski, 6.4.1979 zd) + Stanis\u0142awa \u0106wiek (ok. 1897; cm wolski, 21.12.1967 zd)<br \/>\n&#8230;&#8230;&#8230;&#8230;&#8230;&#8230;&#8230;&#8230;..Bie\u0144ka Irena (6.10.1918 &#8211; 26,2.2020 cm wolski) + akt \u015bl 116, 1937, W-wa \u2013 Wola, \u015aw. Wawrzyniec, Jan, Stanis\u0142aw W\u0142odarczyk, s. Stanis\u0142awa i Heleny Talarowskiej (3.6.1912 \u2013 6.2.1999, cm wolski, zd, 304 Dyw Bomb.)<br \/>\n&#8230;&#8230;&#8230;&#8230;&#8230;&#8230;&#8230;&#8230;&#8230;&#8230;&#8230;..Wojciech W\u0142odarczyk<br \/>\n&#8230;&#8230;&#8230;&#8230;&#8230;&#8230;&#8230;&#8230;&#8230;&#8230;&#8230;..Andrzej W\u0142odarczyk<br \/>\n&#8230;&#8230;&#8230;&#8230;&#8230;&#8230;&#8230;&#8230;..Bie\u0144ka Romualda (cm Wolski) i Ryszard Ratuski (cm Wolski)<br \/>\n&#8230;&#8230;&#8230;&#8230;&#8230;&#8230;&#8230;&#8230;&#8230;&#8230;&#8230;..Tomasz Ratuski<br \/>\n&#8230;&#8230;&#8230;&#8230;&#8230;&#8230;&#8230;&#8230;..Bie\u0144ka Zdzis\u0142aw (1921-1997, cm wolski, kw 10\/5\/7) + W\u0142adys\u0142awa Brejnakowska (1922-2009 cm wolski, kw 10\/5\/7)<br \/>\n&#8230;&#8230;&#8230;&#8230;&#8230;&#8230;&#8230;&#8230;&#8230;&#8230;&#8230;..Bie\u0144ka Maria<br \/>\n&#8230;&#8230;&#8230;&#8230;&#8230;&#8230;&#8230;&#8230;&#8230;&#8230;&#8230;..Bie\u0144ka Jerzy &#8211; nie \u017cyje, cm prawos\u0142awny<br \/>\n&#8230;&#8230;&#8230;&#8230;&#8230;&#8230;&#8230;&#8230;&#8230;&#8230;&#8230;&#8230;&#8230;&#8230;&#8230;Bie\u0144ka Stanis\u0142aw \u2013 1951, cm wolski, kw 10,5,7)<br \/>\n&#8230;&#8230;&#8230;&#8230;&#8230;&#8230;&#8230;&#8230;&#8230;&#8230;&#8230;&#8230;&#8230;&#8230;&#8230;Bie\u0144ka Micha\u0142 \u2013 1964, cm wolski, kw 10,5,7i)<br \/>\n&#8230;&#8230;&#8230;&#8230;&#8230;&#8230;&#8230;&#8230;&#8230;&#8230;&#8230;&#8230;&#8230;&#8230;&#8230;syn<br \/>\n&#8230;&#8230;&#8230;&#8230;..Bie\u0144ka Henryka (akt ur 157,1897, W-wa \u2013 Wola, \u015aw. Stanis\u0142aw, Ko\u0142o) + Krysiak (H)<br \/>\n&#8230;&#8230;&#8230;&#8230;&#8230;&#8230;&#8230;&#8230;.Ryszard Krysiak<br \/>\n&#8230;&#8230;&#8230;&#8230;..Bi\u0144ka Leokadia (akt ur 2505, 1898, W-wa \u2013 Wola, \u015aw. Stanis\u0142aw, Ko\u0142o) + Stefan Szelenbaum (1896 \u2013 1961) (H i M.D.)<br \/>\n&#8230;&#8230;&#8230;&#8230;..Bie\u0144ka Antoni (akt ur 184, 17.1.1901, W-wa \u2013 Wola, \u015aw. Stanis\u0142aw, Ko\u0142o; cm wolski, kw 5, zd, 11.2.1972) + (\u015bl 1927 Babice) Skowro\u0144ska Maryanna (9.07.1909, cm wolski, kw 5, zd, 21.04.1980)<br \/>\n&#8230;&#8230;&#8230;&#8230;&#8230;&#8230;&#8230;&#8230;.Bie\u0144ka Mieczys\u0142awa<br \/>\n&#8230;&#8230;&#8230;&#8230;..Bie\u0144ka Karol (akt ur 2947, 1902, W-wa \u2013 Wola, \u015aw. Stanis\u0142aw, Ko\u0142o; cm Pruszk\u00f3w &#8211; H) + W\u0142adys\u0142awa Caban (H)<br \/>\n&#8230;&#8230;&#8230;&#8230;..Bie\u0144ka Waleria (akt ur 3225, 1904, W-wa \u2013 Wola, \u015aw. Stanis\u0142aw, Ko\u0142o)<br \/>\n&#8230;&#8230;&#8230;&#8230;..Bi\u0144ka Franciszek (akt ur 90, 1905, W-wa \u2013 Wola, \u015aw. Stanis\u0142aw, Ko\u0142o) ?<br \/>\n&#8230;&#8230;&#8230;&#8230;..Bie\u0144ka Eugeniusz (Gienek) (akt ur 2349,1906, W-wa \u2013 Wola, \u015aw. Stanis\u0142aw, Ko\u0142o) +Janina Skowron (H) \u2013 o\u0144ska?<br \/>\n&#8230;&#8230;&#8230;&#8230;..Bie\u0144ka Janina (akt ur 149, 1908, Babice, G\u00f3rce) + Aleksander Bie\u0144ka (akt ur 8, 1906, Babice, G\u00f3rce), s. Stanis\u0142awa i Heleny Cera\u0144skiej<br \/>\n&#8230;&#8230;&#8230;&#8230;..Bie\u0144ka Regina (akt ur 2127, 1909, W-wa \u2013 Wola, \u015aw. Stanis\u0142aw, Wola; zg 17.12.1934 cm Babice) + W\u0142adys\u0142aw Dobrzy\u0144ski (H)<br \/>\n&#8230;&#8230;&#8230;&#8230;..Bie\u0144ka Aleksandra (Olesia) (akt ur 277, 1910, Babice, G\u00f3rce; cm wolski, kw 5, zd, lat 79, 3.08.1989) + W\u0142adys\u0142aw Bie\u0144ka s. Stanis\u0142awa (cm wolski, kw 5, lat 83, 18.05.1993)<br \/>\n&#8230;&#8230;&#8230;&#8230;&#8230;&#8230;&#8230;&#8230;..Bie\u0144ka Danusia zm<br \/>\n&#8230;&#8230;&#8230;&#8230;&#8230;&#8230;&#8230;&#8230;..Bie\u0144ka Henryka \u017cyje 2013<br \/>\n&#8230;&#8230;&#8230;&#8230;&#8230;&#8230;&#8230;&#8230;..Bie\u0144ka Kazimierz ? (cm wolski, kw 5, lat 62, 14.05.1999)<br \/>\n&#8230;&#8230;&#8230;&#8230;..Bie\u0144ka Edward (H) po Feliksie?<br \/>\n&#8230;&#8230;&#8230;&#8230;..Bie\u0144ka Marian (akt ur 252, 1913, W-wa \u2013 Wola, \u015aw. Stanis\u0142aw, Wola)<br \/>\n&#8230;&#8230;&#8230;&#8230;..Bie\u0144ka Leopold (akt ur 1597,1914, W-wa \u2013 Wola, \u015aw. Stanis\u0142aw, Ko\u0142o; 21.9.1983 cm Babice, zdj)+ W\u0142adys\u0142awa, 84 lata, 3.6.1999?, cm Babice, zdj\u0119cie<br \/>\n&#8230;&#8230;&#8230;&#8230;&#8230;&#8230;&#8230;&#8230;..Bie\u0144ka Waldemar<br \/>\n&#8230;&#8230;&#8230;&#8230;&#8230;&#8230;&#8230;&#8230;&#8230;&#8230;&#8230;..Bie\u0144ka Zbigniew<br \/>\n&#8230;&#8230;&#8230;&#8230;&#8230;&#8230;&#8230;&#8230;..Bie\u0144ka Mieczys\u0142aw (zg 9.07.2023, cm Babice, 78 lat)<br \/>\n&#8230;&#8230;&#8230;&#8230;&#8230;&#8230;&#8230;&#8230;&#8230;&#8230;&#8230;..Agnieszka Bi\u0144ka &#8211; Wyrwa<br \/>\n&#8230;&#8230;&#8230;&#8230;&#8230;&#8230;&#8230;&#8230;..Bie\u0144ka Henryk (ok. 1937, 20.6.1999, cm Babice)<br \/>\n&#8230;&#8230;&#8230;&#8230;&#8230;&#8230;&#8230;&#8230;&#8230;&#8230;&#8230;..Bie\u0144ka Magdalena<br \/>\n&#8230;&#8230;&#8230;&#8230;&#8230;&#8230;&#8230;&#8230;&#8230;&#8230;&#8230;&#8230;&#8230;&#8230;&#8230;syn<br \/>\n&#8230;&#8230;&#8230;&#8230;&#8230;&#8230;&#8230;&#8230;..Bie\u0144ka Zbigniew (ok 1941, zm 28.04.2007, cm Babice, zdj)<br \/>\n&#8230;&#8230;&#8230;&#8230;..Bie\u0144ka Cecylia (akt ur 3077, 1915, W-wa \u2013 Wola, \u015aw. Stanis\u0142aw, Ko\u0142o) + Zieli\u0144skich (H)<br \/>\n&#8230;&#8230;&#8230;&#8230;&#8230;&#8230;&#8230;&#8230;..syn<br \/>\n&#8230;&#8230;&#8230;&#8230;&#8230;&#8230;&#8230;&#8230;..Halina + Matuszewski (H)<br \/>\n&#8230;&#8230;&#8230;.Bi\u0144ka Wac\u0142aw (akt ur \u2026,1875 br aktu ur \u2013 18.12.1936 cm wolski, sek 35) + (akt \u015bl 67, 1897, W-wa Wola, \u015aw. Stanis\u0142aw) Jadwiga, Teresa Zab\u0142otniak (akt ur 578, 1879, W-wa Wola, \u015aw. Stanis\u0142aw, Wola, c. Jana i Marianny Chojeckiej) &#8211; 3.6.1910 cm wolski, sek 35, &#8230; \u015aw. Barbary). Patrz rodzina Zab\u0142otniak.<br \/>\n&#8230;&#8230;&#8230;&#8230;..Bi\u0144ka Leon (akt ur 126, 1898, W-wa Wola, \u015aw. Stanis\u0142aw, Ko\u0142o)<br \/>\n&#8230;&#8230;&#8230;&#8230;..Bi\u0144ka Lucyna (akt ur 89, 5.1.1899, W-wa Wola, \u015aw. Stanis\u0142aw, Wola; 13.5.1976, cm W\u0142ochy)+ Andrzej Fr\u0105czykowski (71 lat, 12.7.1956, cm W\u0142ochy)<br \/>\n&#8230;&#8230;&#8230;&#8230;&#8230;&#8230;&#8230;&#8230;..Stanis\u0142awa Fr\u0105czykowska (3.07.1921-9.11.2007, cm W\u0142ochy) + Zygmunt Paw\u0142owski (25.05.1920-17.07.2010, cm W\u0142ochy)<br \/>\n&#8230;&#8230;&#8230;&#8230;&#8230;&#8230;&#8230;&#8230;..Alfreda Fr\u0105czykowska (47 lat, 11.6.1970 cm W\u0142ochy) + &#8230;&#8230;&#8230;&#8230;&#8230; (&#8230; \u2013 1939-45)<br \/>\n&#8230;&#8230;&#8230;&#8230;&#8230;&#8230;&#8230;&#8230;&#8230;&#8230;&#8230;..c\u00f3rka<br \/>\n&#8230;&#8230;&#8230;&#8230;&#8230;&#8230;&#8230;&#8230;..Alfreda Fr\u0105czykowska (47 lat, 11.6.1970 cm W\u0142ochy) + Stefan Suplewski (62 lata, 6.1.1981 cm W\u0142ochy)<br \/>\n&#8230;&#8230;&#8230;&#8230;&#8230;&#8230;&#8230;&#8230;&#8230;&#8230;&#8230;..Krystyna Suplewska + Wolski<br \/>\n&#8230;&#8230;&#8230;&#8230;&#8230;&#8230;&#8230;&#8230;&#8230;&#8230;&#8230;..Gra\u017cyna Suplewska + Frankowski<br \/>\n&#8230;&#8230;&#8230;&#8230;&#8230;&#8230;&#8230;&#8230;..Roman Fr\u0105czykowski (6.6.1927 \u2013 11.03.1986, cm W\u0142ochy) + Janina<br \/>\n&#8230;&#8230;&#8230;&#8230;&#8230;&#8230;&#8230;&#8230;&#8230;&#8230;&#8230;..Irena Fr\u0105czykowska + Ganske<br \/>\n&#8230;&#8230;&#8230;&#8230;..Bi\u0144ka Feliksa (akt ur 2528, 1900, W-wa Wola, \u015aw. Stanis\u0142aw, Wola, 3.11.1968 cm wolski) + Franciszek Blira (24.1.1948 cm wolski)<br \/>\n&#8230;&#8230;&#8230;&#8230;&#8230;&#8230;&#8230;&#8230;..Kazimierz, Wojciech Blira (1.05.2009 cm W\u0142ochy) i Halina Blir (zm 16.11.2015 cm W\u0142ochy)<br \/>\n&#8230;&#8230;&#8230;&#8230;&#8230;&#8230;&#8230;&#8230;&#8230;&#8230;&#8230;..Anna, Zofia Blira + Buss<br \/>\n&#8230;&#8230;&#8230;&#8230;&#8230;&#8230;&#8230;&#8230;..Jadwiga Blira + Doma\u0144ski<br \/>\n&#8230;&#8230;&#8230;&#8230;&#8230;&#8230;&#8230;&#8230;&#8230;&#8230;&#8230;..Zbigniew Doma\u0144ski<br \/>\n&#8230;&#8230;&#8230;&#8230;&#8230;&#8230;&#8230;&#8230;&#8230;&#8230;&#8230;..Barbara Doma\u0144ska<br \/>\n&#8230;&#8230;&#8230;&#8230;..Bi\u0144ka Wac\u0142aw (akt ur 2749,1905, W-wa Wola, \u015aw. Stanis\u0142aw, Ko\u0142o; W-wa; zg 1979, cm W\u0142ochy) + akt \u015bl. \u2026, 18.11.29 (Radoszyce) Leokadia W\u0119gorska (1901, Pyszna G\u00f3rka, Radoszyce, 1977 Warszawa)<br \/>\n&#8230;&#8230;&#8230;&#8230;&#8230;&#8230;&#8230;&#8230;..Bi\u0144ka Czes\u0142aw (Pyszna G\u00f3rka, W-wa.17.3.1976) + Jadwiga Stefa\u0144ska (1931, Grabina, 21.1.2014, W-wa) Patrz dereszewski.waw.pl<br \/>\n&#8230;&#8230;&#8230;&#8230;&#8230;&#8230;&#8230;&#8230;&#8230;&#8230;&#8230;..Bi\u0144ka Jerzy<br \/>\n&#8230;&#8230;&#8230;&#8230;&#8230;&#8230;&#8230;&#8230;&#8230;&#8230;&#8230;&#8230;&#8230;&#8230;&#8230;Bi\u0144ka Marlena<br \/>\n&#8230;&#8230;&#8230;&#8230;&#8230;&#8230;&#8230;&#8230;&#8230;&#8230;&#8230;..Bi\u0144ka Krzysztof<br \/>\n&#8230;&#8230;&#8230;&#8230;&#8230;&#8230;&#8230;&#8230;&#8230;&#8230;&#8230;&#8230;&#8230;&#8230;&#8230;Bi\u0144ka Piotr<br \/>\n&#8230;&#8230;&#8230;&#8230;&#8230;&#8230;&#8230;&#8230;&#8230;&#8230;&#8230;&#8230;&#8230;&#8230;&#8230;&#8230;&#8230;&#8230;.Bi\u0144ka Wanda<br \/>\n&#8230;&#8230;&#8230;&#8230;&#8230;&#8230;&#8230;&#8230;&#8230;&#8230;&#8230;&#8230;&#8230;&#8230;&#8230;&#8230;&#8230;&#8230;.Bi\u0144ka \u0141ucja<br \/>\n&#8230;&#8230;&#8230;&#8230;&#8230;&#8230;&#8230;&#8230;&#8230;&#8230;&#8230;&#8230;&#8230;&#8230;&#8230;Bi\u0144ka Grzegorz<br \/>\n&#8230;&#8230;&#8230;&#8230;&#8230;&#8230;&#8230;&#8230;&#8230;&#8230;&#8230;&#8230;&#8230;&#8230;&#8230;&#8230;&#8230;&#8230;.Bi\u0144ka Iga<br \/>\n&#8230;&#8230;&#8230;&#8230;&#8230;&#8230;&#8230;&#8230;&#8230;&#8230;&#8230;&#8230;&#8230;&#8230;&#8230;&#8230;&#8230;&#8230;.Bi\u0144ka Nina<br \/>\n&#8230;&#8230;&#8230;&#8230;&#8230;&#8230;&#8230;&#8230;&#8230;&#8230;&#8230;&#8230;&#8230;&#8230;&#8230;Bi\u0144ka Wojciech<br \/>\n&#8230;&#8230;&#8230;&#8230;&#8230;&#8230;&#8230;&#8230;..Bi\u0144ka Henryk<br \/>\n&#8230;&#8230;&#8230;&#8230;&#8230;&#8230;&#8230;&#8230;&#8230;&#8230;&#8230;..Bi\u0144ka Marek<br \/>\n&#8230;&#8230;&#8230;&#8230;&#8230;&#8230;&#8230;&#8230;&#8230;&#8230;&#8230;..Bi\u0144ka Ewa<br \/>\n&#8230;&#8230;&#8230;&#8230;..Bi\u0144ka Czes\u0142awa (akt ur 1907, 1908, W-wa Wola, \u015aw. Stanis\u0142aw, Wola; \u2013 akt zg &#8230; 30.9.1946 cm wolski, kw 35) + akt \u015bl 104, 1938, W-wa, Wola, \u015aw. Wawrzyniec, Wola, Julian Majewski, s. Jana i Franciszki \u017besiewicz, kawal., szofer 37 l.<br \/>\n&#8230;&#8230;&#8230;&#8230;..Bi\u0144ka Celina (zg ok 39-45)<br \/>\n&#8230;&#8230;&#8230;.Bie\u0144ka Wac\u0142aw (akt ur \u2026,1875 br aktu ur \u2013 18.12.1936 cm wolski, sek 35) + (akt \u015bl 466,1910, W-wa Wola, \u015aw. Stanis\u0142aw, Wola) Franciszka G\u0142owacka (- 15.11.1956 cm wolski, kw 35), c. Jana i Anny Koz\u0142owskiej, d. Wola, ur . Leszno<br \/>\n&#8230;&#8230;&#8230;&#8230;..Bie\u0144ka Tomasz (akt ur 2628, 1911, W-wa Wola, \u015aw. Stanis\u0142aw, Wola) + Marianna c. W\u0142adys\u0142awa (z Bi\u0144k\u00f3w) (H)<br \/>\n&#8230;&#8230;&#8230;&#8230;&#8230;&#8230;&#8230;&#8230;..Bi\u0144ka Marek, Tomasz (L)<br \/>\n&#8230;&#8230;&#8230;&#8230;&#8230;&#8230;&#8230;&#8230;..Bi\u0144ka Wanda, Janina 2 zd opis korespond. + Zenon Wodzy\u0144ski (L)<br \/>\n&#8230;&#8230;&#8230;&#8230;&#8230;&#8230;&#8230;&#8230;&#8230;&#8230;&#8230;..Anna Wodzy\u0144ska i Strzy\u017cewski (L)<br \/>\n&#8230;&#8230;&#8230;&#8230;&#8230;&#8230;&#8230;&#8230;&#8230;&#8230;&#8230;..Robert Wodzy\u0144ski (L)<br \/>\n&#8230;&#8230;&#8230;&#8230;..Bie\u0144ka Edward (akt ur 996, 1913, W-wa Wola, \u015aw. Stanis\u0142aw, Wola) + Helena Bi\u0144ka (L)<br \/>\n&#8230;&#8230;&#8230;&#8230;&#8230;&#8230;&#8230;&#8230;..Bi\u0144ka Wac\u0142awa +Nowicki (L)<br \/>\n&#8230;&#8230;&#8230;&#8230;&#8230;&#8230;&#8230;&#8230;&#8230;&#8230;&#8230;..c\u00f3rka+ Marian Wo\u017aniak (L)<br \/>\n&#8230;&#8230;&#8230;&#8230;&#8230;&#8230;&#8230;&#8230;&#8230;&#8230;&#8230;&#8230;&#8230;&#8230;&#8230;Artur Wo\u017aniak (L)<br \/>\n&#8230;&#8230;&#8230;&#8230;..Bie\u0144ka Ryszard (H)<br \/>\n&#8230;&#8230;&#8230;&#8230;..Bie\u0144ka Weronika (akt ur 340, 1915, W-wa Wola, \u015aw. Stanis\u0142aw, Wola) + Paradowski (H)<br \/>\n&#8230;&#8230;&#8230;&#8230;..Bie\u0144ka Marianna (akt ur 581, 1917, W-wa Wola, \u015aw. Stanis\u0142aw, Wola; zm 1983 kw 63 1 15 cm wolski) + Stanis\u0142aw W\u00f3dka (H) ( zm 1996 kw 63 1 15 cm wolski)<br \/>\n&#8230;&#8230;&#8230;&#8230;&#8230;&#8230;&#8230;&#8230;..Ryszard W\u00f3dka (L)<br \/>\n&#8230;&#8230;&#8230;&#8230;..Bie\u0144ka Jadwiga (akt ur 17, 1920, W-wa Wola, \u015aw. Stanis\u0142aw; cm Wolski, kw 35) + W\u0142adys\u0142aw Bi\u0144ka (H) 1939<br \/>\n&#8230;&#8230;&#8230;&#8230;&#8230;&#8230;&#8230;&#8230;..Bie\u0144ka Zbigniew (25 lat, 7.05.1962, cm wolski, zd)<br \/>\n&#8230;&#8230;&#8230;&#8230;&#8230;&#8230;&#8230;&#8230;..Bie\u0144ka Miros\u0142awa (Irmina) + Tadeusz Napieralski (1932-1985, cm wolski, kw 35)<br \/>\n&#8230;&#8230;&#8230;&#8230;&#8230;&#8230;&#8230;&#8230;&#8230;&#8230;&#8230;..Miros\u0142aw Napieralski (ok 1960-1999, cm wolski, kw 23,3,25)<br \/>\n&#8230;&#8230;&#8230;&#8230;..Bie\u0144ka Jadwiga (akt ur 17, 1920, W-wa Wola, \u015aw. Stanis\u0142aw, + Grabski (cm wolski, kw 35)<br \/>\n&#8230;&#8230;&#8230;&#8230;&#8230;&#8230;&#8230;&#8230;..Barbara Grabska<br \/>\n&#8230;&#8230;&#8230;&#8230;&#8230;&#8230;&#8230;&#8230;..Jacek Grabski<br \/>\n&#8230;&#8230;&#8230;.Bie\u0144ka Wawrzyniec (akt ur 314, 1877, W-wa \u2013 Wola, \u015aw. Stanis\u0142aw, Wola 22.8.1938 cm Babice)+ (akt \u015bl 11, 1900, Babice, G\u00f3rce) Teodora, Paulina Dziewicka (4.2.1947, cm Babice) ur .Wola, l. 17, c. J\u00f3zefa i J\u00f3zefy Tymkowskiej<br \/>\n&#8230;&#8230;&#8230;&#8230;..Bi\u0144ka Henryk (akt ur 36, 1901, Babice, G\u00f3rce \u2013 14.6.1915, cm Babice, ucz II kl szko\u0142y handlowej)<br \/>\n&#8230;&#8230;&#8230;&#8230;..Bie\u0144ka Feliksa, Joanna (akt ur 125, 1902, Babice, G\u00f3rce) + akt \u015bl 81, 1923, Wwa, Wola, \u015aw. Stanis\u0142aw Witold Fedorowicz s, Piotra i Mari Tynkowskiej, kaw., ogrodnik, ur w parafii \u015aw. Micha\u0142a, ul. Madali\u0144skiego 74<br \/>\n&#8230;&#8230;&#8230;&#8230;&#8230;&#8230;&#8230;&#8230;..Bie\u0144ka Henryk (zm po wojnie)<br \/>\n&#8230;&#8230;&#8230;&#8230;&#8230;&#8230;&#8230;&#8230;..Bie\u0144ka Leon,<br \/>\n&#8230;&#8230;&#8230;&#8230;..Bie\u0144ka Feliks (akt ur .. 1902, Babice, G\u00f3rce)? Br aktu<br \/>\n&#8230;&#8230;&#8230;&#8230;..Bie\u0144ka Stefania (akt ur 20, 1907, Babice, G\u00f3rce) + Wi\u015bniewski (H)<br \/>\n&#8230;&#8230;&#8230;&#8230;..Bie\u0144ka Teodor (H) ?<br \/>\n&#8230;&#8230;&#8230;&#8230;..Bi\u0144ka Remigiusz (Reniu\u015b) (akt ur &#8230; ok 1914 &#8211; 4.2.1916, cm Babice) ?<br \/>\n&#8230;&#8230;&#8230;&#8230;..Bie\u0144ka Wawrzyniec (akt ur &#8230; ok 1921 &#8211; 4.3.2000, cm Babice) + Jadwiga Zas\u0142ona (H) (zg 2018, 94 l, cm Babice)<br \/>\n&#8230;&#8230;&#8230;&#8230;&#8230;&#8230;&#8230;&#8230;..Bie\u0144ka Otylia<br \/>\n&#8230;&#8230;&#8230;&#8230;&#8230;&#8230;&#8230;&#8230;..Bie\u0144ka Alexander ur ok 1946 &#8211; zg 2010 (cm Babice)<br \/>\n&#8230;&#8230;&#8230;.Bi\u0144ka Waleria (akt ur 1879, W-wa \u2013 Wola, \u015aw. Stanis\u0142aw, Wola \u2013 akt zg 86, Babice, G\u00f3rce, 1887)<br \/>\n&#8230;&#8230;&#8230;.Mo\u017cd\u017ce\u0144ska (H) \u2013 po Stanis\u0142awie c. Jana i Agnieszce (KB) ?<br \/>\n&#8230;&#8230;&#8230;.Bie\u0144ka Ludwik (akt ur 518, 1881, W-wa \u2013 Wola, \u015aw. Stanis\u0142aw, Wola)+ (akt \u015bl 116, 1912, on, ona Ko\u0142o) Zofia Czaban, c. Andrzeja i Marianny Bojanowskiej, l. 30, ur Krysk k. P\u0142o\u0144ska<br \/>\n&#8230;&#8230;&#8230;.Bi\u0144ka Kazimierz (akt ur 131, 1883, Babice, G\u00f3rce; 1943 cm wolski zd)+ (akt \u015bl 364, 1910, W-wa \u2013 Wola, \u015aw. Stanis\u0142aw, Wola) on Babice) Marianna Zab\u0142otniak (zdj) 23 l., ur i \u017cyj\u0105ca na Woli, c. Juliana i Magdaleny Kominek.<br \/>\n&#8230;&#8230;&#8230;&#8230;..Bi\u0144ka Czes\u0142aw (akt ur 963, 1912, W-wa, Wola, \u015aw. Stanis\u0142aw, Wola)<br \/>\n&#8230;&#8230;&#8230;&#8230;..Bi\u0144ka Genowefa, Marianna (akt ur 3445, 1913, W-wa, Wola, \u015aw. Stanis\u0142aw, Wola) zd<br \/>\n&#8230;&#8230;&#8230;&#8230;..Bi\u0144ka Irena (akt ur 1023, 1919, W-wa, Wola, \u015aw. Stanis\u0142aw, Wola), K. tokarz, \u015bw \u2013 Wac\u0142aw Bi\u0144ka, ogrodnik. R. ch. Wac\u0142aw i Helena Bi\u0144ka. zd<br \/>\n&#8230;&#8230;&#8230;&#8230;..Bi\u0144ka Wac\u0142aw (Wacek) (akt ur 1024, 1919, \u2026.. bli\u017aniak, zd<br \/>\n&#8230;&#8230;&#8230;&#8230;..Bi\u0144ka Hanna + Nowak (H)<br \/>\n&#8230;&#8230;&#8230;&#8230;..Bi\u0144ka J\u00f3zef (Ziutek) (18.3.1922- 19.4.1996 zd, cm wolski, kw 15) +Janina Bi\u0144ka (15.2.1929-28.6.2011, cm wolski, kw 15, zd)<br \/>\n&#8230;&#8230;&#8230;&#8230;&#8230;&#8230;&#8230;&#8230;..Bi\u0144ka Krzysztof najstarszy wszyscy po 60 &#8211; tce<br \/>\n&#8230;&#8230;&#8230;&#8230;&#8230;&#8230;&#8230;&#8230;..Bi\u0144ka Zbigniew<br \/>\n&#8230;&#8230;&#8230;&#8230;&#8230;&#8230;&#8230;&#8230;..Bi\u0144ka Zygmunt szpital<br \/>\n&#8230;&#8230;&#8230;&#8230;&#8230;&#8230;&#8230;&#8230;..Bi\u0144ka Wac\u0142aw najm\u0142odszy (przychodzi na pogrzeby na gr\u00f3b Kopci\u00f3w).<br \/>\n&#8230;&#8230;&#8230;.Bi\u0144ka W\u0142adys\u0142aw (akt ur 73, 1885, Babice, G\u00f3rce; 14.6.1949 cm wolski, kw 23,5,25) + Genowefa Bi\u0144ka c. Wilhelma i Ma\u0142gorzaty Skierzy\u0144skiej akt ur 8, 1890, Babice, G\u00f3rce &#8211; 31.10.1955 cm wolski, kw 23,5,25)<br \/>\n&#8230;&#8230;&#8230;&#8230;..Bie\u0144ka Ryszard, Miko\u0142aj (akt ur 199, 1909, Babice, G\u00f3rce; akt zg 108, Babice, G\u00f3rce)<br \/>\n&#8230;&#8230;&#8230;&#8230;..Bie\u0144ka Stefan (akt ur 28, 1911, Babice, G\u00f3rce; akt zg 91, 1911, Babice, G\u00f3rce)<br \/>\n&#8230;&#8230;&#8230;&#8230;..Bie\u0144ka W\u0142adys\u0142aw, Leon (ok. 1912 \u201318.9.1939 zgin\u0105\u0142 pod W-w\u0105, cm wolski, kw 23\/3\/25) rze\u017anik, + akt \u015bl 14, 1936, W-wa, Wola, \u015aw. Wawrzyniec, Jadwiga Bi\u0144ka c. Wac\u0142awa (H), kw 35<br \/>\n&#8230;&#8230;&#8230;&#8230;&#8230;&#8230;&#8230;&#8230;&#8230;Miros\u0142awa (Irmina) Bi\u0144ka + Tadeusz Napieralski (1932-1985, cm wolski, kw 35)<br \/>\n&#8230;&#8230;&#8230;&#8230;&#8230;&#8230;&#8230;&#8230;&#8230;&#8230;&#8230;&#8230;Miros\u0142aw Napieralski (1960 \u2013 1999, cm. Wolski, kw 23\/3\/25)<br \/>\n&#8230;&#8230;&#8230;&#8230;&#8230;&#8230;&#8230;&#8230;&#8230;Zbigniew Bi\u0144ka (25 lat, 7.5.1962, cm wolski)<br \/>\n&#8230;&#8230;&#8230;&#8230;..Bi\u0144ka Marianna (akt ur 3234, 1913, W-wa, Wola, \u015aw. Stanis\u0142aw, Ko\u0142o) +Tomasz Bi\u0144ka s. Wac\u0142awa (H)<br \/>\n&#8230;&#8230;&#8230;&#8230;..Bi\u0144ka Henryk (akt ur 2483, 1915, W-wa, Wola, \u015aw. Stanis\u0142aw, Ko\u0142o)<br \/>\n&#8230;&#8230;&#8230;&#8230;..Bi\u0144ka J\u00f3zef (akt ur 16, 1918, W-wa, Wola, \u015aw. Stanis\u0142aw; 14.8.2001 cm Wolski) + Irena Szostakiewicz (H)<br \/>\n&#8230;&#8230;&#8230;&#8230;..Bi\u0144ka Aleksander (akt ur 369, 1920, W-wa, Wola, \u015aw. Stanis\u0142aw; akt zg 866, 1920, W-wa, Wola, \u015aw. Stanis\u0142aw, Wola)<br \/>\n&#8230;&#8230;&#8230;&#8230;..Bi\u0144ka Tadeusz (akt ur 537, 1921, W-wa, Wola, \u015aw. Stanis\u0142aw)<br \/>\n&#8230;&#8230;&#8230;&#8230;..Bi\u0144ka Halina (ur 1923; akt zg 1087, 1923, W-wa, Wola, \u015aw. Stanis\u0142aw, 4 dni)<br \/>\n&#8230;&#8230;&#8230;.Bie\u0144ka Leon (akt ur 26, 1887, Babice, G\u00f3rce; akt zg 168, 1888, W-wa \u2013 Wola, \u015aw. Stanis\u0142aw, Ko\u0142a)<br \/>\n&#8230;&#8230;&#8230;.Bi\u0144ka Lucyna (akt ur 110, 1888, Babice, G\u00f3rce, zm Rosja 1914-1918 zd) + Jan, Pankracy Bie\u0144ka, s. Wilhelma i Ma\u0142gorzaty (akt ur 61, 30.4.1883, Babice, G\u00f3rce; zm 23.6.1951 cm wolski, zd) patrz wy\u017cej<br \/>\n&#8230;&#8230;&#8230;&#8230;..Bi\u0144ka Henryk (zm m\u0142odo, cm Babice) (M. W.)<br \/>\n&#8230;&#8230;&#8230;&#8230;..Bie\u0144ka Stefan (akt ur 76, 19.3.1911, Babice, G\u00f3rce, cm Raszyn) (zst\u0119pni zamieszkiwali Salome\u0119) i Janina Stolarska (akt ur 292, 1920, Ochota, \u015aw. Jakub; zg 2012) (M. W.), c. Piotra i Cecylii Bie\u0144ka, siostry Jana, s. Wilhelma) patrz wy\u017cej<br \/>\n&#8230;&#8230;&#8230;&#8230;&#8230;&#8230;&#8230;&#8230;..Bie\u0144ka Tadeusz (M. W.)<br \/>\n&#8230;&#8230;&#8230;&#8230;&#8230;&#8230;&#8230;&#8230;..Bie\u0144ka Ryszard (M. W. zg 12.2017, cm Raszyn)<br \/>\n&#8230;&#8230;&#8230;&#8230;..Bie\u0144ka Ludwik (cm ewangelicki, kwatery katolickie, Wola) + Stanis\u0142awa Tabaka (cm prawos\u0142awny), (M.W.)<br \/>\n&#8230;&#8230;&#8230;&#8230;&#8230;&#8230;&#8230;&#8230;..synowie<br \/>\n&#8230;&#8230;&#8230;&#8230;..Bi\u0144ka Regina (ur 10.1908; cm wolski, zd) i akt \u015bl 105, 1930, W-wa, Wola, \u015aw. Wawrzyniec Ignacy G\u0142owacki (akt ur 934,1906 W-wa, Wola, \u015aw. Stanis\u0142aw; zg 1939) s. Jana i Ludwiki Bi\u0144ka,<br \/>\n&#8230;&#8230;&#8230;&#8230;&#8230;&#8230;&#8230;&#8230;..Romualda G\u0142owacka (ur 1931; zm 2016, cm wolski) i Ryszard Stolarski<br \/>\n&#8230;&#8230;&#8230;.Bi\u0144ka Stanis\u0142awa (akt ur 179, 1889, Babice, G\u00f3rce) + Dylewski (H)<br \/>\n&#8230;&#8230;&#8230;.Bie\u0144ka J\u00f3zef (akt ur 57, 1891, Babice, G\u00f3rce; 3.2.1955 (H), cm Pruszk\u00f3w, zd) + (akt \u015bl 305, 1913, W-wa, Wola, \u015aw. Stanis\u0142aw, on,ona Wola) Karolina D\u0105browska, cm Pruszk\u00f3w 16.6.1966, c. Miko\u0142aja i Karoliny Sobkiewicz, (zest. Henryk Bi\u0144ka 2012)<br \/>\n&#8230;&#8230;&#8230;&#8230;..Bie\u0144ka Marian (12.9.1915, Petersburg; 27.12.2004) + Jadwiga Ma\u0144kowska<br \/>\n&#8230;&#8230;&#8230;&#8230;&#8230;&#8230;&#8230;&#8230;..Bie\u0144ka Wojciech + Lidia P\u0142awska<br \/>\n&#8230;&#8230;&#8230;&#8230;&#8230;&#8230;&#8230;&#8230;..Bie\u0144ka Andrzej + Irena Wojdaszewicz<br \/>\n&#8230;&#8230;&#8230;&#8230;&#8230;&#8230;&#8230;&#8230;..Bie\u0144ka Ewa + S\u0142awomir Skrzypkowski<br \/>\n&#8230;&#8230;&#8230;&#8230;..Bie\u0144ka Helena (ur 1918- 10.2.1972 cm Pruszk\u00f3w) + Marian Ma\u0144ko 1909<br \/>\n&#8230;&#8230;&#8230;&#8230;&#8230;&#8230;&#8230;&#8230;..Jerzy Ma\u0144ko<br \/>\n&#8230;&#8230;&#8230;&#8230;&#8230;&#8230;&#8230;&#8230;..Alina Ma\u0144ko<br \/>\n&#8230;&#8230;&#8230;&#8230;&#8230;&#8230;&#8230;&#8230;..El\u017cbieta + Ryszard Chrzanowski<br \/>\n&#8230;&#8230;&#8230;&#8230;&#8230;&#8230;&#8230;&#8230;&#8230;&#8230;&#8230;..Krzysztof<br \/>\n&#8230;&#8230;&#8230;&#8230;..Bie\u0144ka Henryk (akt ur 557, 20.2.1920, W-wa, Wola, \u015aw. Stanis\u0142aw, Sowi\u0144skiego 28\/26; zg 2013, Pruszk\u00f3w)+Halina Hoppe (1923-1996)<br \/>\n&#8230;&#8230;&#8230;&#8230;&#8230;&#8230;&#8230;&#8230;..Bie\u0144ka Krystyna ur1947 + Bogus\u0142aw Wysmu\u0142ek<br \/>\n&#8230;&#8230;&#8230;&#8230;&#8230;&#8230;&#8230;&#8230;&#8230;&#8230;&#8230;..Dorota 1968 +Tomasz Muras<br \/>\n&#8230;&#8230;&#8230;&#8230;&#8230;&#8230;&#8230;&#8230;&#8230;&#8230;&#8230;&#8230;&#8230;&#8230;&#8230;Aleksandra 1993<br \/>\n&#8230;&#8230;&#8230;&#8230;&#8230;&#8230;&#8230;&#8230;..Bie\u0144ka Krystyna ur1947 + Zbigniew Chor\u0105\u017cy<br \/>\n&#8230;&#8230;&#8230;&#8230;&#8230;&#8230;&#8230;&#8230;&#8230;&#8230;&#8230;..Izabella Chor\u0105\u017cy 1978<br \/>\n&#8230;&#8230;&#8230;&#8230;..Bie\u0144ka Henryk (akt ur 557, 20.2.1920, W-wa, Wola, \u015aw. Stanis\u0142aw, Sowi\u0144skiego 28\/26; zg 2013, Pruszk\u00f3w) + Apolonia Turowicz ur 1924<br \/>\n&#8230;&#8230;&#8230;&#8230;..Bie\u0144ka Stefania (ur 1926 Sowi\u0144skiego 28\/6) + Wac\u0142aw Ma\u0144kowski (1924-1988) + Kazimierz<br \/>\n&#8230;&#8230;&#8230;&#8230;&#8230;&#8230;&#8230;&#8230;..Bogus\u0142aw Ma\u0144kowski<br \/>\n&#8230;&#8230;&#8230;&#8230;&#8230;&#8230;&#8230;&#8230;&#8230;&#8230;&#8230;..Joanna Ma\u0144kowska<br \/>\n&#8230;&#8230;&#8230;&#8230;&#8230;&#8230;&#8230;&#8230;..Anna + Janusz Wo\u017aniak<br \/>\n&#8230;&#8230;&#8230;&#8230;&#8230;&#8230;&#8230;&#8230;&#8230;&#8230;&#8230;..Daria Wo\u017aniak<br \/>\n&#8230;&#8230;&#8230;&#8230;&#8230;&#8230;&#8230;&#8230;&#8230;&#8230;&#8230;..Agata Wo\u017aniak<br \/>\n&#8230;&#8230;&#8230;&#8230;&#8230;&#8230;&#8230;&#8230;&#8230;&#8230;&#8230;..Joanna Wo\u017aniak<br \/>\n&#8230;..Bienka Franciszek, Xawery (akt ur 76,1838, W-wa \u2013 Wola, \u015aw. Stanis\u0142aw,, Czyste &#8211; zg 19.2.1919, cm Babice) + akt \u015bl 34, 1907, Babice, G\u00f3rce, Paulina Klimczak, wd. po Stanis\u0142awie, domo Bonkiewicz c. Karola i Karoliny.<br \/>\n(Binke &#8211; akt zg 28, 1934, W-wa, Nawiedzenie NMP; wyrobnica, wdowa, l. 75, c. Karola i Kar-y, ul. Przebieg 3)<br \/>\n&#8230;..Bie\u0144ka Franciszka, Helena (akt ur 103,1840, W-wa, \u015aw. Stanis\u0142aw, Czyste; 20.1.1904, cm wolski, pomnik)+(akt \u015bl 54, 1860 ona, on Wola) S\u0142owik Wojciech, Marek (zg 5.9.1908, cm wolski, pomnik) s. Jana i Franciszki Wodzy\u0144skiej<br \/>\n&#8230;..Binka Piotr, Mateusz (akt ur 65, 1843, W-wa, Wola, \u015aw. Stanis\u0142aw, Wola 7; akt zg 166, 1910, Babice, G\u00f3rce) + (akt \u015bl 7, 1866, W-wa, Wola, \u015aw. Stanis\u0142aw, oboje Wola) J\u00f3zefa Luba\u0144ska (akt ur 61, 1848, W-wa, Wola \u015aw. Stanis\u0142aw, Wola) c. Wawrzy\u0144ca i Marianny Wierzchowskiej,<br \/>\n&#8230;&#8230;&#8230;.Bie\u0144ka Jan, Szczepan (akt ur 1,1867, W-wa, Wola, \u015aw. Stanis\u0142aw, Wola; akt zg 28, 1867, W-wa, Wola, \u015aw. Stanis\u0142aw, Wola)<br \/>\n&#8230;&#8230;&#8230;.Bie\u0144ka W\u0142adys\u0142aw (akt ur 47, 1868, W-wa, Wola, \u015aw. Stanis\u0142aw, Wola; akt zg 57, 1868, W-wa, Wola, \u015aw. Stanis\u0142aw, Wola)<br \/>\n&#8230;&#8230;&#8230;.Bie\u0144ka Teofil, Jan (akt ur &#8230;,1869; akt zg 60,1869,W-wa, Wola, \u015aw. Stanis\u0142aw, Ko\u0142o)<br \/>\n&#8230;&#8230;&#8230;.Bie\u0144ka Aleksandra, Franciszka (akt ur 58, 1870, W-wa, Wola, \u015aw. Stanis\u0142aw, Ko\u0142o)<br \/>\n&#8230;&#8230;&#8230;.Bie\u0144ka Franciszka, Zuzanna (akt ur 226,1872, W-wa, Wola, \u015aw. Stanis\u0142aw, Ko\u0142o)<br \/>\n&#8230;&#8230;&#8230;.Bie\u0144ka W\u0142adys\u0142aw, Micha\u0142 (akt ur 47, 1873, W-wa, Wola, \u015aw. Stanis\u0142aw, Wola)+ akt \u015bl 49, 1899, Babice, G\u00f3rce (on ona G\u00f3rce) Marianna Kuchta (Kuch), c. Marcina i Katarzyny Szkiela (akt ur 152,1883, Babice, G\u00f3rce; zg 1962) cm wolski, zd, kw 75\/30\/1<br \/>\n&#8230;&#8230;&#8230;&#8230;..Bie\u0144ka Wac\u0142aw (akt ur 241, 1900, Babice, G\u00f3rce)<br \/>\n&#8230;&#8230;&#8230;&#8230;..Bie\u0144ka Zofia (akt ur 71, 1902, Babice, G\u00f3rce)<br \/>\n&#8230;&#8230;&#8230;&#8230;&#8230;&#8230;&#8230;&#8230;..Bie\u0144ka Janina (akt ur 1586, 1912, W-wa, Wola, \u015aw. Stanis\u0142aw, Ko\u0142o; 1998, zd, cm wolski) + akt \u015bl &#8230; Feliks Klimaszewski (1918-1998, cm wolski) (wg Marcin Klimaszewski)<br \/>\n&#8230;&#8230;&#8230;&#8230;..Bie\u0144ka J\u00f3zefa (Binke) (akt ur \u2026 1918; akt zg 354, 1918, W-wa, Wola, \u015aw. Stanis\u0142aw, G\u00f3rczewska 34, 2 dni)<br \/>\n&#8230;&#8230;&#8230;&#8230;..Bie\u0144kie Zuzanna, Aleksandra (akt ur 178, 1903, Babice, G\u00f3rce)<br \/>\n&#8230;&#8230;&#8230;&#8230;..Bie\u0144ka Karol (akt ur .. 1905, Babice, G\u00f3rce) cm Babice, zgin\u0105\u0142 \u015bmierci\u0105 tragiczn\u0105 23 ?.VII.1935?) lub po Wojciechu Stanis\u0142awie powy\u017cej<br \/>\n&#8230;&#8230;&#8230;&#8230;..Bie\u0144ka Feliks (akt ur 10, 1907, Babice, G\u00f3rce; zg 23.6.1948) (cm Wolski )<br \/>\n&#8230;&#8230;&#8230;.Bie\u0144ka Kazimierz (akt ur 389, 1876, W-wa, Wola, \u015aw. Stanis\u0142aw, Ko\u0142o)<br \/>\n&#8230;&#8230;&#8230;.Bie\u0144ka Franciszek (akt ur 9, 1879, W-wa, Wola, \u015aw. Stanis\u0142aw, Ko\u0142o) + (akt \u015bl 332,1904, oboje Wola) Helena Szypczy\u0144ska, c. Wawrzy\u0144ca i Marianny Baltowskiej<br \/>\n&#8230;&#8230;&#8230;.Bi\u0144ka Stanis\u0142aw (akt ur &#8230; 1880 W-wa, Wola, \u015aw. Stanis\u0142aw; akt zg 882,1882, W-wa, Wola, \u015aw. Stanis\u0142aw, Ko\u0142o)<br \/>\n&#8230;&#8230;&#8230;.Bi\u0144ka Maryanna (akt ur 709, 1882, W-wa, Wola, \u015aw. Stanis\u0142aw, Ko\u0142o) (zdj\u0119cie cm Wolski ?)<br \/>\n&#8230;&#8230;&#8230;.Bi\u0144ka Adam (akt ur 660, 1884, W-wa, Wola, \u015aw. Stanis\u0142aw, Ko\u0142o)<br \/>\n&#8230;&#8230;&#8230;.Bi\u0144ka Teodor (akt ur 876, 1886, W-wa, Wola, \u015aw. Stanis\u0142aw, Ko\u0142o; akt zg 771, W-wa, Wola, \u015aw. Stanis\u0142aw)<br \/>\n&#8230;&#8230;&#8230;.Bi\u0144ka Ignacy (akt ur 875, 1886, W-wa, Wola, \u015aw. Stanis\u0142aw, Ko\u0142o; akt zg 2152, 1905, W-wa, Wola, \u015aw. Stanis\u0142aw)<br \/>\n&#8230;&#8230;&#8230;.Bi\u0144ka Jadwiga (akt ur 951, 1888, W-wa, Wola, \u015aw. Stanis\u0142aw, Ko\u0142o; akt zg 1037, 1893, W-wa, Wola, \u015aw. Stanis\u0142aw)<br \/>\n&#8230;&#8230;&#8230;.Bi\u0144ka Stanis\u0142awa (akt ur 599, 1891, W-wa, Wola, \u015aw. Stanis\u0142aw, Ko\u0142o; akt zg 1941, 234, W-wa, \u015aw. Andrzej) + Wajss<br \/>\n&#8230;..Bie\u0144ka Piotr (akt ur 1843, Wola 7) + akt \u015bl 193, 1910, W-wa, Wola, \u015aw. Stanis\u0142aw, on G\u00f3rce, Marianna Jarecka, c. Mateusza i Domicelli Gu\u017ali\u0144skiej (Rutkowska po 1 m\u0119\u017cu zmar\u0142ym w Osuchowie k. B\u0142onia)<br \/>\n&#8230;..Bie\u0144ka Ma\u0142gorzata (akt ur 52, 1847, W-wa, Wola, \u015aw. Stanis\u0142aw, Wola 6; akt zg 148, 1852, W-wa, Wola, \u015aw. Stanis\u0142aw, Wola)<\/p>\n<p><strong>Bie\u0144kowie obecni na nagrobkach \u2013 brak w ci\u0105gu<\/strong><br \/>\nKarol Bie\u0144ka, 1905 \u2013 20.7.1935, 1945?. Cm Babice.<br \/>\nHelena Bie\u0144ka, ok. 1905 \u2013 1939, Cm Babice.<br \/>\nHelena Bi\u0144ka, zm 1922, Cm Babice.<br \/>\nMarianna Malinowska, 1923, Cm Babice<br \/>\nJ\u00f3zef Malinowski, 1926, Cm Babice.<br \/>\nJan Bie\u0144ka i Stefania Bie\u0144ka \u2013 ur ok. 1901 zm 8.1.1979 i ona zm 8.8.1979.<br \/>\nI pewnie ich syn W\u0142adys\u0142aw Bi\u0144ka ok. 1930 \u2013 19.10.1975, Cm Babice. Te\u017c w tym grobie \u2013 Jadwiga Bi\u0144ka 12.10.2002.<br \/>\nCelina Bi\u0144ka \u2013 ok. 1940 zm 17.4.2004. Cm Babice.<br \/>\nBi\u0144ka Czes\u0142awa 1935 i Czes\u0142aw Bi\u0144ka, 1931. Cm Babice.<br \/>\nWaldemar Bi\u0144ka \u2013 11.1939 \u2013 28.6.2003. Cm Babice.<br \/>\nJasia Bi\u0144ka, 6.8.1927 \u2013 1.4.1931. Cm Babice.<br \/>\nAgnieszka Bi\u0144ka, ur 14.4.1912? \u2013 27.7.1912. Cm Babice.<br \/>\nHalina Bie\u0144ka, ur ok. 1911 \u2013 6.2.1996, Cm Wolski, 85 lat, kw 61\/2\/5.<br \/>\nBernard Bie\u0144ka, ur 9.12.1943 \u2013 12.1.1987, Cm Wolski, 43 lata, kw 61\/2\/5.<br \/>\nZbigniew Bi\u0144ka ok. 1937 \u2013 7.5.1962, Cm Wolski.<br \/>\nEdward Bie\u0144ka ok. 1902 \u2013 15.1.1956, Cm Wolski.<br \/>\nJanina Bie\u0144ka ok. 1901 \u2013 16.6.1991, Cm Wolski.<br \/>\nBie\u0144ka Maryanna, zm 2.1962 (52?) lat 79, Cm Wolski.<br \/>\nFeliks Bie\u0144ko, zm 23.6.1948, Cm Wolski.<\/p>\n<p><span style=\"font-family: Arial,sans-serif;\"><span style=\"text-decoration: underline;\">Groby w internetowej wyszukiwarce cmentarzy komunalnych<\/span><\/span><br \/>\n<span style=\"font-family: Arial,sans-serif;\">Grzegorz Bi\u0144ka, 12.2.1958 \u2013 12.9.2011, Cm Po\u0142udniowy<\/span><br \/>\n<span style=\"font-family: Arial,sans-serif;\">Krystyna Bi\u0144ka, 26.7.1946 \u2013 2.11.1994, Cm P\u00f3\u0142nocny.<\/span><br \/>\n<span style=\"font-family: Arial,sans-serif;\">Janina Bi\u0144ka, 11.6.1929 \u2013 13.2.1991 i Ryszard Bi\u0144ka, 21.4.1926 \u2013 23.5.2000, Cm P\u00f3\u0142nocny.<\/span><br \/>\n<span style=\"font-family: Arial,sans-serif;\">Danuta Bi\u0144ka, 1.5.1949 \u2013 6.5.1949, Cm Wojskowy.<\/span><br \/>\n<span style=\"font-family: Arial,sans-serif;\">Andrzej Bie\u0144ka, 29.11.1904 \u2013 28.5.1990 i Bronis\u0142awa Bie\u0144ka, 22.5.1912 \u2013 16.12.2000, Cm P\u00f3\u0142nocny.<\/span><br \/>\n<span style=\"font-family: Arial,sans-serif;\">Andrzej Bie\u0144ka, 16.5.1939 \u2013 21.3.2005, Cm P\u00f3\u0142nocny.<\/span><br \/>\n<span style=\"font-family: Arial,sans-serif;\">Tadeusz Bie\u0144ka, 1.6.1935 \u2013 9.6.1991,Cm P\u00f3\u0142nocny.<\/span><br \/>\n<span style=\"font-family: Arial,sans-serif;\">Zofia Bie\u0144ka ,po m\u0119\u017cu Osiecka, 4.12.1924 \u2013 6.10.2003, Cm P\u00f3\u0142nocny.<\/span><br \/>\n<span style=\"font-family: Arial,sans-serif;\">Dane ze skorowidza, jeszcze nie zakotwiczone.<\/span><br \/>\n<span style=\"font-family: Arial,sans-serif;\">Bi\u0144ka J\u00f3zef ,akt zg 17, \u015aw Stanis\u0142aw. Ze skorowidza, 1923.<\/span><br \/>\n<span style=\"font-family: Arial,sans-serif;\">Bi\u0144ka Halina, akt zg 1087, \u015aw Stanis\u0142aw. Ze skorowidza, 1923.<\/span><br \/>\n<span style=\"font-family: Arial,sans-serif;\">Bie\u0144ka Anna, akt zg 476, \u015aw Stanis\u0142aw. Ze skorowidza, 1939.<\/span><br \/>\n<span style=\"font-family: Arial,sans-serif;\">Bie\u0144ko Janina, akt zg 521, \u015aw Stanis\u0142aw. Ze skorowidza, 1940.<\/span><br \/>\n<span style=\"font-family: Arial,sans-serif;\">Bie\u0144 Marianna, akt zg 1007, \u015aw Stanis\u0142aw. Ze skorowidza, 1940.<\/span><br \/>\n<span style=\"font-family: Arial,sans-serif;\">Bienko Franciszek, akt zg 13, \u015aw Stanis\u0142aw. Ze skorowidza, zg. 1934.<\/span><br \/>\n<span style=\"font-family: Arial,sans-serif;\">W akcie urodzenia Ba\u0144ka Franciszka Teresa, 1840 akt ur. 83, \u015aw. Stan. Pojawiaj\u0105 si\u0119 rodzice chrzestni &#8211; J\u00f3zef Klimczak, Joanna Bie\u0144kowa, Jan Bie\u0144ka (P), Maryanna Bie\u0144ka (P). O ile Jan i Marianna to z pewno\u015bci\u0105 Jan Bie\u0144ko i Marianna Bartosiewicz to Joanna nie jest osadzona w powy\u017cszym zestawieniu.<\/span><\/p>\n<p><span style=\"font-family: Arial,sans-serif;\"><span style=\"text-decoration: underline;\">Akty p\u0142ywaj\u0105ce i nie zakotwiczone<\/span><\/span><\/p>\n<p><span style=\"font-family: Arial,sans-serif;\"><span style=\"text-decoration: underline;\">Piotr Lenart, tokarz i Zofia Binka (P,R) 19 lat, ur ok. 1888<\/span><\/span><br \/>\n<span style=\"font-family: Arial,sans-serif;\">&#8230;..Zofia Lenart, akt ur 981, 1907 Wsz. \u015awi\u0119tych<\/span><\/p>\n<p><span style=\"font-family: Arial,sans-serif;\"><span style=\"text-decoration: underline;\">Jakub Wolski i Franciszka Bi\u0144ka <\/span><\/span><br \/>\n<span style=\"font-family: Arial,sans-serif;\">&#8230;..Wolski Leopold, akt ur 584, 1879. Ojciec Jakub Wolski, 32 lata, stolarz, z Warszawy z ulicy \u017belaznej 1090 w towarzystwie Jana D\u0105browskiego, robotnika dni\u00f3wkowego i Jana ? G\u00f3rskiego storo&#8230; Z Franciszki z Bi\u0144k\u00f3w P, Binka R, 28 lat. Chrzestni \u2013 Jan D\u0105browski i Katarzyna Ja.. Urodzona ok. 1851.<\/span><\/p>\n<p><span style=\"font-family: Arial,sans-serif;\"><span style=\"text-decoration: underline;\">Bi\u0144ka Maryanna<\/span><\/span><span style=\"font-family: Arial,sans-serif;\"> (P), Akt ur. 119 \u015aw. Stan., 1856. Stawi\u0142a si\u0119 Ludwika Bi\u0144ka, akuszerka, Czyste 20 zamieszka\u0142a, lat 42, Andrzeja &#8230;kiego, wyrobnika, Czyste i Jana Affekta, gospodarza z Ochoty, lat 40. Urodzone na Ochocie, z Franciszki Modrzejewskiej?, niezam\u0119\u017cnej wyrobnicy, lat 25. <\/span><\/p>\n<p><span style=\"font-family: Arial,sans-serif;\"><span style=\"text-decoration: underline;\">Bie\u0144ka J\u00f3zef<\/span><\/span><span style=\"font-family: Arial,sans-serif;\"> (P sko) akt ur 91, 1877, \u015aw. Stan. Czyste, Ludwika Bie\u0144ka (R), bywsza przy rodach robotnica dni\u00f3wkowa, z Czystego, 68 lat, Franciszek Solecki, robotnik dni\u00f3wkowy, 27 lat, Feliks Grudzi\u0144ski, kolonista, 50 lat obaj z Czystego. Z niezam\u0119\u017cnej Marianny Gumi\u0144skiej, robotnicy dni\u00f3wkowej z Czystego, 30 lat i ojca nieznanego. Ch- Franciszek Solecki i Agnieszka &#8230;.. <\/span><\/p>\n<p><span style=\"font-family: Arial,sans-serif;\"><span style=\"text-decoration: underline;\">Maryanna, Ludwika Binka<\/span><\/span><span style=\"font-family: Arial,sans-serif;\"> (sko?) akt ur 433, 1856, &#8230;&#8230; Stawi\u0142a si\u0119 Joanna Witwicka, akuszerka, i Ludwik Sander zawiadowca fabryk\u0105, i Adam Huber, czeladnik siodlarski. Maryanna Ludwika Binka (P) urodzona na Piekarskiej 128. Z matki El\u017cbiety Binka, niezam\u0119\u017cnej s\u0142u\u017c\u0105cej, lat 25 mieszkaj\u0105cej tam\u017ce. Ch \u2013 Ludwik Sander i Maryanna Koralewicz.<\/span><\/p>\n<p><span style=\"font-family: Arial,sans-serif;\"><span style=\"text-decoration: underline;\">Emilian Kacprzak i Marcjanna Bi\u0144ka (R, P)<\/span><\/span><br \/>\n<span style=\"font-family: Arial,sans-serif;\">&#8230;..Lucjan Kacprzak (sko?) akt ur 1, 1907 (1906), Wszystkich \u015awi\u0119tych. Emilian Kacprzak, \u015blusarz 26 lat, Wronia 1172. \u015awiadkowie &#8211; Jan Pietrak? Robotnik dni\u00f3wkowy i J\u00f3zef Bi\u0144ka (R), trzewikarz. <span style=\"text-decoration: underline;\">Z Marcjanny z domu Bi\u0144ka<\/span>, 25 lat. Ch &#8211; Jan Pietrak i Helena Chwalewska?. Podpis pod J. Bi\u0144ka. Taki sam jak pod aktem 444, urodzin Leona.<\/span><br \/>\n<span style=\"font-family: Arial,sans-serif;\">&#8230;..Janina Kacprzak, akt ur 1753, 1908, Wszystkich \u015awi\u0119tych. Emilian i Marcjanna Bie\u0144ka, 28 lat. Ona z Wroniej 1172 w towarzystwie J\u00f3zefa Bi\u0144ka, baszmacznika i Piotra Lenarta, tokarza. Chrzestni \u2013 J\u00f3zef Bi\u0144ka i Stanis\u0142awa Bi\u0144ka.<\/span><\/p>\n<p><span style=\"font-family: Arial,sans-serif;\"><span style=\"text-decoration: underline;\">Krystyan Binka (P) (pewnie ur ok 1832) i Justyna Rolle<\/span><\/span><br \/>\n<span style=\"font-family: Arial,sans-serif;\">&#8230;..Jan Stanis\u0142aw Binka (sko?) akt zg 730, 1852, \u015aw. Aleksander. Krystyan Binka (P), wyrobnik w Warszawie, lat 21, ul Ho\u017ca 1681 i Jakub Rolle, wuj zmar\u0142ego z \u017burawiej 1620. Z Justyny z Roll\u00f3w &#8211; Jan Stanis\u0142aw Binka (P), dni trzy.<\/span><\/p>\n<p><span style=\"font-family: Arial,sans-serif;\"><span style=\"text-decoration: underline;\">Karolina Binka (R, P)<\/span><\/span><br \/>\n<span style=\"font-family: Arial,sans-serif;\">&#8230;..Stanis\u0142aw Binka akt ur 2720, 1908, \u015aw Stanis\u0142aw. Czyste. Zjawi\u0142a si\u0119 Eleonora Kawni&#8230;&#8230; bywasza pri rodach z Czystego, w towarzystwie Ksawerego Gli\u0144skiego? oberkonduktora i Stanis\u0142awa Gli\u0144skiego czichownika. Matka \u2013 Karolina Binka lat 19, niezam\u0119\u017cna.<\/span><\/p>\n<p><span style=\"font-family: Arial,sans-serif;\">Bi\u0144ka Jan (R), akt ur 60, parafia Babice. G\u00f3rce, stawi\u0142 si\u0119 J\u00f3zef Bi\u0144ka, ziemijedielec z G\u00f3rc, lat 24, w towarzystwie J\u00f3zefa W\u0142odkowskiego, ziemiedjelca z G\u00f3rc, i Ludwika Kominek, ziemiedjelca z Odolan. Z J\u00f3zefy Killia\u0144skiej ?. Imi\u0119 Jan i &#8230;. \u015awiadkowie \u2013 J\u00f3zefa i Marianna W\u0142odkowska, Ludwik Kominek i Waleria Kami\u0144ska ?. W akcie jest te\u017c drugie imi\u0119, jak te\u017c jaki\u015b dopisek w skorowidzu. Nazwisko w skorowidzu jest niew\u0105tpliwie Bi\u0144ka, w akcie jako\u015b dziwnie jest pisane \u2013 pisz\u0105cy zreszt\u0105 czasem r\u00f3\u017cnie zapisuje te same numery \u2013 np. ur 1883 skorowidz \u2013 wykaz na B. <\/span><\/p>\n<p><span style=\"font-family: Arial,sans-serif;\"><span style=\"text-decoration: underline;\">Franciszek Ostro\u0142\u0119cki i Marianna Bie\u0144ka<\/span><\/span><br \/>\n<span style=\"font-family: Arial,sans-serif;\">&#8230;..Ostro\u0142\u0119cki Stanis\u0142aw, Kazimierz akt ur 262, (raptularz), Babice, G\u00f3rce. Stawili si\u0119: Franciszek Ostro\u0142\u0119cki, szlifierz, lat 22 w towarzystwie J\u00f3zefa Malinowskiego (46) i Kazimierza Bie\u0144ka (26) z G\u00f3rc. Z Marianny z Bie\u0144k\u00f3w, lat 21. Ch \u2013 J\u00f3zef Malinowski i Antonina Szczepa\u0144ska, Kazimierz Bie\u0144ka i Felika Mo\u017cd\u017ce\u0144ska?<\/span><br \/>\n<span style=\"font-family: Arial,sans-serif;\">&#8230;..Ostro\u0142\u0119cki Franciszek, Jan, akt ur 247, (raptularz), Babice, G\u00f3rce. Stawili si\u0119 Franciszek Ostro\u0142\u0119cki, polorownik lat 23, w towarzystwie Jana Niedzia\u0142ek (27) gospodarza z Woli i Piotra Bie\u0144ka (P), lat 62, gospodarza z G\u00f3rc. Z Marjanny Bie\u0144ko (P). Ch \u2013 Antonina Szczepa\u0144ska.<\/span><\/p>\n<p><span style=\"font-family: Arial,sans-serif;\">Malinowska Feliksa, akt ur 182, (raptularz), Babice, G\u00f3rce. Stawili si\u0119 J\u00f3zef Malinowski, gospodarz z G\u00f3rc, lat 26 w towarzystwie Stanis\u0142aw Cera\u0144ski, lat 29, szewc z Woli i <span style=\"text-decoration: underline;\">Stanis\u0142aw Bie\u0144ka<\/span>, lat 40 gospodarz z G\u00f3rc. Z Heleny z Bie\u0144k\u00f3w, lat 22. Ch \u2013 Feliksa Mo\u017cd\u017cy\u0144ska.<\/span><\/p>\n<p><span style=\"font-family: Arial,sans-serif;\">Micha\u0142 Augustyn Dylewski i J\u00f3zefa Witkowska, akt \u015bl. 2, 1898. Stawi\u0142 si\u0119 <span style=\"text-decoration: underline;\">Stanis\u0142aw Bie\u0144ka<\/span> (R), lat 63 i J\u00f3zef Kominek, lat 50, obydwaj gospodarze z G\u00f3rc. On &#8211; kawaler przyrodzicach w G\u00f3rcach, urodzony w Woli, syn <span style=\"text-decoration: underline;\">Jana i Marianny Bie\u0144ka<\/span> rolnik\u00f3w, lat 30. Ona \u2013 panna s\u0142u\u017c\u0105ca? w G\u00f3rcach, c\u00f3rka Piotra i Katarzyny Flis, rolnik\u00f3w, urodzona w Starej Wsi w parafii Nadarzyn, lat 22. Czyli on ur ok. 1868, matka pewnie ok. 1848 a Stanis\u0142aw ok 1835.<\/span><\/p>\n<p><span style=\"font-family: Arial,sans-serif;\"><span style=\"text-decoration: underline;\">Emeryk Bie\u0144ka (R, P)<\/span><\/span><span style=\"font-family: Arial,sans-serif;\"> i <\/span><span style=\"font-family: Arial,sans-serif;\"><span style=\"text-decoration: underline;\">Stanis\u0142awa Walasi\u0144ska<\/span><\/span><br \/>\n<span style=\"font-family: Arial,sans-serif;\">Akt \u015bl 383, Wszystkich \u015awi\u0119tych 1902. On 23 lata, felczer, urodzony w Mieczys\u0142awowie powiatu opatowskiego, rodzice na Miodowej. Imi\u0119 ojca Joonna (Johan? Jan) i Ewwy (?) z domu Konsel. Jej ojciec te\u017c Joonn z parafii \u015aw Stanis\u0142awa i Adela z S\u0105deckich. Podpis pod aktem Bie\u0144ka, \u0142adnym pismem. Emeryk Bienko jest wymieniany w urz\u0119dowym wykazie felczer\u00f3w \u2013 chyba z lat 20 \u2013 z datami 1878 i 1909, Zawiercie. Pierwsza data jest chyba dat\u0105 urodzenia.Emeryk Bie\u0144ka jest by\u0107 mo\u017ce potomkiem migrant\u00f3w z Niska sk\u0105d do okolic Opatowa jest najbli\u017cej. Mo\u017ce te\u017c na to wskazywa\u0107 u\u017cycie s\u0142owa Bienko.<\/span><br \/>\n<span style=\"font-family: Arial,sans-serif;\">&#8230;..Bie\u0144ka Euralia El\u017cbieta 1903 akt 1510, Wsz. \u015awietych. Ojciec Emeryk Bie\u0144ka (R, P), felczer, 24 lata, Warszawa, Miodowa 1147D6, Antoni Wr\u00f3blewski odlewnik, Aleksander Jasi\u0144ski, stolarz. Stanis\u0142awa z Balasi\u0144skich, 18 lat. Ch \u2013 Antoni Wr\u00f3blewski i Adela Fusik. Podpis \u0142adny Emeryk Bi\u0144ka. 16.7.1927 zawar\u0142a zwi\u0105zek w parafii Piotra i Paw\u0142a w Zawierciu z Jerzym Kosteckim. <\/span><br \/>\n<span style=\"font-family: Arial,sans-serif;\">&#8230;..Bie\u0144ka Halina 1906 akt 2032, Wsz \u015awi\u0119tych. \u015awiadkowie \u2013 Emeryk Bie\u0144ka (RP), felczer, 27 lat, \u017cyj\u0105cy w Warszawie na Miodowej 1147D6, Jan Bie\u0144ka, odlewnik, Aleksander Z\u0142otowski, stolarz . Z Stanis\u0142awy z Walasi\u0144skich. Ch &#8211; Jan Bie\u0144ka i Renia Fusik. Podpisy \u0142adne &#8211; Emeryk Bie\u0144ka (P) i Jan Bienka (P). 5.3.1935 zawar\u0142a zwi\u0105zek w parafii Zawiercie z Stefanem Jaworskim.<\/span><br \/>\n<span style=\"font-family: Arial,sans-serif;\">&#8230;..Bie\u0144ka Stanis\u0142aw \u2013 (30.9.1919 \u2013 20.6.2001). Pdf<\/span><br \/>\n<span style=\"font-family: Arial,sans-serif;\">&#8230;..Bie\u0144ka Aurelia zapewne te\u017c (23.6.1912 \u2013 5.11.1942). Patrz wy\u017cej.<\/span><\/p>\n<p><span style=\"font-family: Arial,sans-serif;\"><span style=\"text-decoration: underline;\">Lipi\u0144ski Jan i Paulina Bie\u0144ka<\/span><\/span><br \/>\n<span style=\"font-family: Arial,sans-serif;\">&#8230;..Lipi\u0144ski Wiktor, \u015aw. Stan. Ko\u0142o, akt ur 1896. Jan Lipi\u0144ski, wyrobnik z Ko\u0142a, 52 lata, Kazimierz Radwa\u0144ski, Leon Dylewski. Z Pauliny z Bi\u0144k\u00f3w, 36 lat.<\/span><br \/>\n<span style=\"font-family: Arial,sans-serif;\">&#8230;..Lipi\u0144ski Henryk. \u015aw. Stan. Ko\u0142o, akt ur 1899. Jan Lipi\u0144ski, p\u0142otnik z Ko\u0142a, 35 lat, Ignac Rother? I Leon Dylewski, wyrobnicy z Ko\u0142a. Z Pauliny z Bi\u0144k\u00f3w, 48 lat. Pomylony wiek.<\/span><\/p>\n<p><span style=\"font-family: Arial,sans-serif;\"><strong>Przypis A<\/strong><br \/>\n<\/span><\/p>\n<p><strong>Jan Benka<\/strong>, 1790, akt zg,\u00a0 Babice, 4 m., G\u00f3rce, karta 20.<br \/>\n<strong>Micha\u0142 Benka <\/strong>+ <strong>Marianna Miller<\/strong> , 1766, akt \u015bl,Babice, G\u00f3rce.<br \/>\n&#8230;..Micha\u0142 Benka,1766, akt zg, Babice, G\u00f3rce, ojciec lat 30, karta 63. Pewnie od razu zmar\u0142.<br \/>\nOna za m\u0105\u017c za <strong>Jan Tomaszewski<\/strong> w Babicach w 1769 \u2013 zapisana jest w akcie jako <strong>Bankowa<\/strong>. Umiera w 1772, Babice G\u00f3rce, jako <strong>Miler\/Tomaszewska<\/strong>, w wieku 40 lat.<br \/>\nWspomniany poni\u017cej <strong>Mathias Benka<\/strong>, podawany jest jako \u015bwiadek na \u015blubie w 1773 roku w G\u00f3rcach.<br \/>\n<strong>Mateusz Benka<\/strong> + <strong>Marianna Sienkiewicz<\/strong>, 1784, akt \u015bl, Babice G\u00f3rce. Ciekawi \u015bwiadkowie, szczeg\u00f3lnie pierwszy &#8211; Hyacintho Kepka, Petro Kielak, Joanna Tomaszewska.<br \/>\n<strong>Mateusz Benka<\/strong> + <strong>Franciszka Sienkiewicz<\/strong>, raczej te\u017c Maryanna<br \/>\n&#8230;..Tadeusz Benka, 1785, akt ur 65, Babice, G\u00f3rce, Mateusz i Franciszka Sienkiewicz.<br \/>\n&#8230;..Marianna Benka,1793, akt ur 33, Babice, G\u00f3rce, Mateusz i Franciszka.<br \/>\n&#8230;..Teresa Benek, 1795, akt ur 36, Babice, G\u00f3rce, Mateusz i Franciszka.<br \/>\n&#8230;..Marianna, Franciszka Benkowa, 1795, akt zg., Babice, lat 40, karta 34v.<br \/>\nPewnie druga \u017cona<br \/>\n<strong>Mateusz Benka<\/strong> + <strong>Kunegunda Siedlecka<\/strong>, 1796, akt \u015bl., Babice, G\u00f3rce (lab. Mathiam Benka, vidum \u2013 wdowiec, Kunegunda dziewica, \u015bwiadkowie Petro Kielak i Joanna Szcze\u015bniak). W 1795 wymieniany jako \u015bwiadek na jakim\u015b \u015blubie Mathia Benka lub Be\u0144ka.<br \/>\n<span class=\"gt-normal\"> G\u00f3rce, Mateusz i Kunegunda?<\/span><br \/>\n&#8230;..Jan B\u0119ka, 1804, akt ur 17, Babice, G\u00f3rce, Mateusz Kunegunda Siedlecka. (Jan zapewne zmar\u0142 z nazwiskiem Binke &#8211; wspomniany akt zg 572, rok 1848, W-wa, \u015aw. Andrzej, l. 44, syn Marcina i Kunegudny. Pos\u0142ugacze ze szpitala ewangelickiego (sic!!) \u2013 Wilhelm Kitzman i J\u00f3zef Markowski. Zmar\u0142y, robotnik z fabryki dywan\u00f3w, zamieszka\u0142y na Karmelicka 2484. Urodzony &#8211; G\u00f3rce. Zapewne pos\u0142ugacze pomylili imi\u0119 Marcin \u2013 inne dane s\u0105 zgodne).<br \/>\n&#8230;..NN B\u0119ka, 1804, akt ur 18, Babice, G\u00f3rce, Mateusz. Zapewne brat bli\u017aniak.<br \/>\nDrugi m\u0105\u017c Kunegundy Abrahamski.<br \/>\n<strong>Maciej Abrahamski<\/strong>, 1808, akt \u015bl, Babice, G\u00f3rce, (ojciec z Makowa) i <strong>Kunegunda Bankowa<\/strong>, wdowa, Siedlecka z domu, lat 34.<br \/>\n&#8230;..Edward, Jakub Abrahamski, 1809, akt ur 140, G\u00f3rce, Babice, Maciej, matka Kunegunda Siedlecki.<br \/>\n&#8230;..Agnieszka Abrahamski, 1812, akt ur 33, G\u00f3rce, Babice, Maciej, matka Kunegunda Siedlecki.<br \/>\n&#8230;..Augustyn Banka, 1816, akt zg, Babice, G\u00f3rce, Maciej, Kunegunda Siedlecka (m\u00f3g\u0142 by\u0107 po Mateuszu).<br \/>\n&#8230;..Stefan Abramski, 1817, akt ur 71, G\u00f3rce, Babice, Maciej, matka Kunegunda Siedlecki.<br \/>\n<strong>Tadeusz Banka<\/strong> i <strong>Wiktoria Czera\u0144ska<\/strong><br \/>\n&#8230;..Ignacy Banka, 1816, akt ur 31, Babice G\u00f3rce, Tadeusz i Wiktoria Czera\u0144ska.<br \/>\n&#8230;..Marianna Banka, 1821, akt ur 98, Babice, G\u00f3rce, Tadeusz i Wiktoria Czera\u0144ska.<br \/>\n&#8230;..Wawrzyniec Banka, 1818, akt ur 67, Babice, G\u00f3rce, Tadeusz i Wiktoria Czera\u0144ska.<br \/>\n&#8230;..Pawe\u0142 Ba\u0144ka, 1824, akt ur 65, Babice, G\u00f3rce, Tadeusz i Wiktoria Czera\u0144ska.<br \/>\n&#8230;..Tekla Ba\u0144ka, 1825, akt ur 103, Babice, G\u00f3rce, Tadeusz i Wiktoria Czera\u0144ska.<br \/>\n<strong>Maciej Ba\u0144kowski<\/strong> w polskim akcie i <strong>Marianna z Kuczkowskich <\/strong><br \/>\n&#8230;..Bonifacy Ba\u0144ke (lat 29?, parobek G\u00f3rce, ur w parafii Babice) + Marianna Kielak Babice, G\u00f3rce. \u015alub 1817, akt 23.<br \/>\n&#8230;&#8230;..<em>Ba\u0144ka Wojciech<\/em>, 1819, akt ur 7, Babice, G\u00f3rce, Bonifacy i Marianna Kielak. Wojciech Ba\u0144ka, 1819, akt zg 3, Babice, G\u00f3rce.<br \/>\n&#8230;&#8230;..<em>Banka Antoni<\/em>, 1821, akt ur. 16, Babice G\u00f3rce, Bonifacy i Marianna Kielak.<br \/>\n&#8230;&#8230;..<em>Ba\u0144ka Antoni<\/em> (Psko) i Bartosiewicz\u00f3wna Teresa. Akt \u015bl. B 10, 1839. \u015awiadkowie J\u00f3zef Klimczak wyrobnik Przyokopowa 3107 D? 38 lat, Jan Sopach?, mlicarz, Przyokopowa 3110, lat 36. Antoni Banka (P), czynszownik w Woli, pod liczb\u0105 21 zamieszka\u0142y, urodzony we wsi G\u00f3rce z Bonifacego i Maryanny z Kielak\u00f3w, czy-k\u00f3w w Woli 21 zamieszka\u0142ych, lat 18 i Teres\u0105 Bartosiewicz, c\u00f3rk\u0105 J\u00f3zefa i Urszuli z Wierchowskich?, kopiarza, przy Przyokopowej 3107B zamieszka\u0142ych. C\u00f3rka rodem z Czystego, mieszka u rodzic\u00f3w, lat 16.<br \/>\nIch dzieci:<br \/>\n&#8230;&#8230;&#8230;&#8230;&#8230;<em>Ba\u0144ka Franciszka, Teresa<\/em> (P sko), 1840, akt ur. 83, \u015aw. Stan. Stawili si\u0119 \u2013 Antoni Ba\u0144ka (P), przy ojcu, Przyokopowa 3107B, lat 18 i J\u00f3zef Klimczak, rolnik, Czyste, lat 48, J\u00f3zef Bartosiewicz, kopiarz, Przyokopowa 317B, lat 50. Z ma\u0142\u017conki Teresy z Bartosiewicz\u00f3w, lat 17. Rodzice chrz. \u2013 J\u00f3zef Klimczak, Joanna Bie\u0144kowa (P), Jan Bie\u0144ka (P), Maryanna Bie\u0144ka (P).<br \/>\n&#8230;&#8230;&#8230;&#8230;&#8230;<em>Barbara Ba\u0144ka<\/em>, 1823, akt ur 101, Babice, G\u00f3rce, Bonifacy i Marianna Kielak.<br \/>\n&#8230;&#8230;&#8230;&#8230;&#8230;<em>Marcin, Franciszek Ba\u0144ka<\/em>, 1825, akt ur. 113, Babice, G\u00f3rce, Bonifacy i Marianna Kielak.<br \/>\n&#8230;&#8230;&#8230;&#8230;&#8230;<em>Banke J\u00f3zefa<\/em> (P sko), 1835 akt zg 12, \u015aw. Stan. Stawi\u0142 si\u0119 Bonifacy Banke (P), wyrobnik z ulicy Przyokopowej 3107, lat 46, i J\u00f3zef Klimczak, wyrobnik z ulicy Przyokopowej\u00a0 3107, lat 32. Umar\u0142a J\u00f3zefa rodem z Warszawy, zmar\u0142a na ulicy Przyokopowej 3107, c\u00f3rka Bonifacego i Maryanny z Kielak\u00f3w, ma\u0142\u017conk\u00f3w Banke, lat cztery. Pewnie urodzona w 1831.<br \/>\n&#8230;&#8230;&#8230;&#8230;&#8230;<em>Ba\u0144kowski Jan, Wojciech<\/em> (P sko), 1836 akt 26, \u015aw. Stan. Stawi\u0142 si\u0119 Bonifacy Bankowski (P akt), wyrobnik Przyokopowa 3107, lat 47, i Tadeusz Bankowski, brat wyrobnika zamieszka\u0142ego przy Ogrodowej 845, lat 53 i Micha\u0142 W\u00f3jcicki z Przyokopowej 3110. Urodzony pod numerem 3107, 19 maja, z matki Maryanny z Kielak\u00f3w, lat 43. Chrzestni &#8211; Tadeusz Bankowski i Katarzyna Lawendowska.<\/p>\n<p><strong>Przypis B<\/strong><\/p>\n<p><strong>Kunegunda Biank,<\/strong> 1723, akt ur 141, W-wa MB Loreta\u0144ska (Praga), rodzice &#8211; <strong>Walenty<\/strong> i <strong>Marianna.<\/strong><br \/>\n<strong>Wincenty Bienka<\/strong>, 1783, akt ur 467 , W-wa MB Loreta\u0144ska (Praga), rodzice \u2013 <strong>Mateusz<\/strong> i <strong>Agnieszka<\/strong> \u2013 brak aktu dost\u0119pnego.<br \/>\n1827, akt zg 204, dziecka <strong>Grzegorza<\/strong> (ur ok 1771) i <strong>Agaty,<\/strong> parafia Loreta\u0144ska, Praga. Sk\u0105d pochodz\u0105cego?<br \/>\n<strong>Jakub Bie\u0144ko<\/strong> &#8211; s. <strong>Jacentego <\/strong>i <strong>Marianny,<\/strong> w Wycz\u00f3\u0142kach (k. Ursynowa), ur w Miastkowie k. Garwolina. \u015al 1841.<br \/>\n<strong>Agnieszka Bie\u0144ko<\/strong> \u2013 c. <strong>Joachima <\/strong>i <strong>Zofii,<\/strong> Rynek St. Miasta, ur w Starogrodziej Woli. \u015al 1853.<br \/>\n<strong>Ma\u0142gorzata Bie\u0144ko<\/strong> \u2013 c. <strong>Franciszka <\/strong>i <strong>Franciszki<\/strong>, na Chmielnej, ur G\u00f3rki k. Garwolina. \u015al 1890.<br \/>\n<strong>Pawe\u0142 Bie\u0144ko<\/strong> \u2013 s. <strong>Rocha <\/strong>i <strong>Marcjanny<\/strong>, na Solcu, z Osiecka k Garwolina. \u015al 1893.<br \/>\n<strong>Agnieszka Bie\u0144ko<\/strong> \u2013 c. <strong>Tomasza<\/strong> i <strong>J\u00f3zefy,<\/strong> na Nowym Br\u00f3dnie, ur Zadybie k. \u017belechowa. \u015al 1900.<br \/>\n<strong>J\u00f3zef Bie\u0144ko<\/strong> \u2013 s. niezam\u0119\u017cnej <strong>Katarzyny,<\/strong> na Piwnej, ur w Sobolewie k. Garwolina. \u015al 1900.<br \/>\n<strong>?Marcin Bie\u0144ko<\/strong> \u2013 s. <strong>Andrzeja<\/strong> i <strong>Marianny,<\/strong> na Lesznie, ur Kamionka, gubernia warsz. \u015al 1882. Pewnie te\u017c brat? Jan \u2013 \u015bl 1911.<br \/>\n<strong>Micha\u0142 Bieniek\/Bie\u0144ko<\/strong> \u2013 s. <strong>Antoniego <\/strong>i <strong>J\u00f3zefy,<\/strong> na Twardej, ur Kownacica k. \u0141askarzewa. \u015al 1899. I potomstwo.<br \/>\n<strong>Helena Bie\u0144ka<\/strong> \u2013 c. <strong>Jana <\/strong>i <strong>Marianny,<\/strong> na Pradze, ur w Poby\u0142kowie k. Pu\u0142tuska. \u015al 1900.<br \/>\n<strong>Jadwiga Bie\u0144ko <\/strong>\u2013 c. i <strong>Ma\u0142gorzaty,<\/strong> na Miodowej, ur w D\u0105br\u00f3wce (s\u0105 dwie) na Mazowszu. \u015al 1833.By\u0107 mo\u017ce D\u0105br\u00f3wka k. T\u0142uszcza.<br \/>\n<strong>Karolina Bie\u0144ko <\/strong>\u2013 c. <strong>Piotra <\/strong>i <strong>Katarzyny,<\/strong> Wsz. \u015awi\u0119tych, ur w pow che\u0142mskim w &#8230; \u015al 1911.<br \/>\n<strong>Kazimierz Bie\u0144ko<\/strong> \u2013 s. <strong>Micha\u0142a <\/strong>i <strong>El\u017cbiety,<\/strong> na Bednarskiej, ur w Janowie Lubelskim. \u015al 1832.<br \/>\n<strong>\u0141ukasz Bie\u0144ko<\/strong> \u2013 s. <strong>Antoniego <\/strong>i <strong>Apolonii<\/strong>, ul. Bednarska, ur w Sokale, gubernia lubelska, (k.Niska). \u015al 1849.<br \/>\n<strong>Stanis\u0142aw Bienka<\/strong> \u2013 s. <strong>Franciszka<\/strong> i <strong>Zofii,<\/strong> na Chmielnej, ur we wsi Pra\u017cki powiatu brzezi\u0144skiego, guberni piotrkowskiej. \u015al 1898.<br \/>\nLeopold Ziemnicki, akt ur 857, 1865, W-wa, \u015aw. Jan. Jan Ziemnicki, muzykus, l. 28, Brzozowa 201, \u015bwiadkowie &#8211; wyrobnik i kapelusznik. <strong>Franciszka <\/strong>z <strong>Bie\u0144k\u00f3w<\/strong>, lat 30.<br \/>\nG\u0142\u0119bicki Micha\u0142 i Bronis\u0142awa Panecka, akt \u015bl 80, rok 1926, W-wa, Wszystkich \u015awi\u0119tych. On ku\u015bnierz. Jego matka Anna z <strong>Bie\u0144k\u00f3w <\/strong>(pewnie <strong>Bie\u0144ko<\/strong>) z Kurowa k. Pu\u0142aw, jej matka <strong>Salomea z Bie\u0144k\u00f3w<\/strong> (pewnie te\u017c <strong>Bie\u0144ko<\/strong>) z Kurowa.<\/p>\n<p><strong>Jan <\/strong>i <strong>Joanna Stachewicz<\/strong><br \/>\n&#8230;B\u0142a\u017cej, Pawe\u0142 Bienkie, 1844, akt ur 53, W-wa \u015aw. Aleksander . Ojciec &#8211; Jan Bienkie, wyrobnik, lat 45, matka &#8211; Joanna z Stachewicz\u00f3w. Czerniakowska 2977.<br \/>\n<strong>Wincenty Bienka<\/strong>, akt ur 467, 1783, W-wa, MB Loreta\u0144ska (Praga), syn Mateusza i Agnieszki.<br \/>\n<strong>Stanis\u0142aw Bienka<\/strong> + <strong>Michalina Szyd\u0142owska<\/strong>, akt \u015bl 326, 1898, W-wa Wszystkich \u015awi\u0119tych. \u015awiadkowie \u2013Jan Ceran, szewc, Franciszek Bie\u0144ka, ziemiedielec (rolnik \u2013 KB) \u2013 z Zamo\u015b\u0107? powiatu brzezi\u0144skiego (gubernia piotrkowska \u2013 KB).<br \/>\nStanis\u0142aw Bienka (R, P) 29 lat, kawaler, szewc, &#8230;&#8230;.. so\u0142datom, syn Franciszka i Zofii z Demantowicz\u00f3w, ur we wsi Pra\u017cki powiatu brzezi\u0144skiego, \u017cyj\u0105cych na Chmielnej nr ..<br \/>\n<strong>Grzegorz i Agata<\/strong><br \/>\n&#8230;.brak Bie\u0144ko,1827, akt zg 204, W-wa MB Loreta\u0144ska (Praga).Grzegorz Bie\u0144ko, wyrobnik, lat 57, Jan Maciewski, dziad ko\u015bcielny. Urodzi\u0142 si\u0119 nie \u017cywy na Targowej 241, z Agnieszki Bie\u0144ko, panny s\u0142u\u017c\u0105cej. Agaty??<br \/>\n&#8230;.Anna Bie\u0144ko, akt ur 155, 1828, W-wa MB Loreta\u0144ska (Praga). Grzegorz Bie\u0144ko, wyrobnik z Pragi, lat 50, Micha\u0142 \u015awi\u0105tkowski, pakciarz ze Szmulowizny, lat 53, Jan Macieski, dziad ko\u015bcielny z Pragi, lat 72. Anna, urodzona &#8211; Praga 223, z ma\u0142\u017conki Agaty, lat 30.<br \/>\n<strong>Grzegorz Bie\u0144ko<\/strong>, 1831 (ur ok 1771), akt zgonu 25, W-wa MB Loreta\u0144ska (Praga), wyrobnik, lat 60, zamieszka\u0142y w Pradze 246. Pozostawi\u0142 \u017con\u0119 Agat\u0119 z Zarzyckich.<br \/>\n<strong>Walenty<\/strong> i <strong>Zofia<\/strong><br \/>\n&#8230;.Jan Bie\u0144ko, akt ur 481, 1877, W-wa, Wszystkich \u015awi\u0119tych. Stawi\u0142 si\u0119 Walenty Bie\u0144ko, (R.P), ojciec, &#8230;. 32 lata, bywszij oficjalist? Twarda 1147. Z Zofii z Kowalskich 23 lata.<br \/>\n<strong>Antoni Bieniek\/Bie\u0144ko<\/strong> i <strong>J\u00f3zefa<\/strong><br \/>\n&#8230;.Micha\u0142 Bieniek\/Bie\u0144ko + J\u00f3zefa J\u00f3\u017awiak, 1899, akt \u015bl 21, Przemienienia Pa\u0144skiego. \u015awiadkowie &#8211; \u0141awrientij Wojciechowski i Micha\u0142 P.. rnika. On kawaler, robotnik dni\u00f3wkowy, \u017cyj\u0105cy na Twardej, pod nr 1092. Urodzony we wsi Kownacica (k. \u0141askarzewa), 23 lata. Syn Antoniego i J\u00f3zefy Pudr&#8230;. ma\u0142\u017conk\u00f3w Bieniek. Ona panna urodzona w Muchnicy? powiecie Ostro\u0142\u0119ckim, z Jana i Marianny \u0141ukasiak. \u017byj\u0105ca w Warszawie, na ulicy &#8230; pod numerem &#8230; 28 lat.<br \/>\nIch dzieci:<br \/>\n&#8230;&#8230;&#8230;.Anna Bie\u0144ko,1899, akt ur 2221, W-wa Wszystkich \u015awi\u0119tych. Wymieniona w akcie Anna zawar\u0142a zwi\u0105zek w Kocku z Adamem Sowi\u0144skim. Micha\u0142 Bieniek vel Bie\u0144ko (RP), robotnik dni\u00f3wkowy, 25 lat. Chmielna nr &#8230;. \u015awiadek \u0141awrentij Wojciechowski, dozorca\/str\u00f3\u017c i Szczepan Makarski, robotnik dni\u00f3wkowy. Z J\u00f3zefy, z J\u00f3\u017awiak\u00f3w 29 lat.<br \/>\n&#8230;&#8230;&#8230;.Marcelina Bie\u0144ko, 1901, akt ur 2400, W-wa, Wszystkich \u015awi\u0119tych. Stawi\u0142 si\u0119 Micha\u0142 Bieniek vel Bie\u0144ko (R, P), pod numerem 1549, w towarzystwie \u0141awrientija Wojciechowskiego i Hipolita Duszy\u0144skiego, dozorc\u00f3w\/str\u00f3\u017cy. Z J\u00f3zefy z J\u00f3\u017awiak\u00f3w. Lat 28.<br \/>\n&#8230;&#8230;&#8230;.J\u00f3zef Bie\u0144ko,1902, akt ur 2744, W-wa, Wszystkich \u015awi\u0119tych. Micha\u0142 w tym akcie ma 31 lat, \u017cyje na Chmielnej 1549, robotnik dni\u00f3wkowy. W towarzystwie \u015bwiadk\u00f3w &#8211; \u0141uki Lena, robotnika dni\u00f3wkowego i Jana Daleckiego ?, kowala i &#8230;. Ona 31 lat. Dopisek, \u017ce wymieniony w akcie J\u00f3zef w 1923 roku o\u017ceni\u0142 si\u0119 w Skrzeszewie z Felis\u0105 Grabarsk\u0105.<br \/>\n<strong>Stefan Bie\u0144ko<\/strong>, 1877, akt ur 683. W-wa Wszystkich \u015awi\u0119tych. Stawili si\u0119: akuszerka Katarzyna Bie\u0144kowska, akuszerka, z Twardej nr ..i Stanis\u0142aw Lauda\u0144ski ? kowal, i Miko\u0142aj Starowicz?, robotnik dni\u00f3wkowy. Urodzony na \u017belaznej nr 1549. Z niezam\u0119\u017cnej Alexandry Bie\u0144ko, lat 19.<br \/>\n<strong>Julianna Bie\u0144ko<\/strong>, 1861, akt zg 156, Warszawa \u015aw. Jan. Zmar\u0142a w Instytucie Towarzystwa Dobroczynno\u015bci u Krakowskie Przedmie\u015bcie 370. Uboga wdowa, lat 70. Urodzona we wsi Opatowie. Z Piotra i Moniki ma\u0142\u017conk\u00f3w Jadownickich?. Czyli \u017cona jakiego\u015b Bie\u0144ko.<br \/>\n<strong>Antoni<\/strong> i <strong>Apolonia<\/strong><br \/>\n&#8230;.\u0141ukasz Bienko + Eleonora Szultz, 1849, akt \u015bl 175, W-wa, \u015aw. Jan. \u0141ukasz, lat 27, pocztylion, Bednarska 2687, zam. w parafii \u015aw Jana, ur w Sokale, gubernia lubelska, (k.Niska p. KB), z niegdy Antoniego Bie\u0144ki, cie\u015bli, i niegdy Apolonii z Rzezak\u00f3w. Ona \u2013 c\u00f3rka Micha\u0142a, m\u0142ynarza, ze wsi Zach, guberni p\u0142ockiej i niegdy Rozalli z Hoffman\u00f3w, ur w Wyszkowie, lat 23, s\u0142u\u017c\u0105ca przy Bednarskiej.<br \/>\nIch dzieci:<br \/>\n&#8230;&#8230;&#8230;.Piotr, Pawe\u0142 Binko, 1849, akt ur 377, W-wa \u015bw. Jan. \u0141ukasz Binko, pocztylion, lat 27 Bednarska 2687. Z Eleonory Szulc.<br \/>\n&#8230;&#8230;&#8230;.\u0141ukasz Bie\u0144ko, 1851, akt ur 769, W-wa \u015aw. Jan.pocztylion, Krakowskie Przedmie\u015bcie 385, oraz Tomasz .. \u017cewski, pocztylion,Piotra &#8230; rodkiewicz, majster rymarski. Z Eleonory Szulz, lat 25.<br \/>\n&#8230;&#8230;&#8230;.Anna, Magdalena Binko, 1854, akt ur 545, W-wa, \u015aw. Jan. \u0141ukasz Binko, pocztylion, lat 35, Krakowskie Przedmie\u015bcie 385. Z Julianny Szultz. Anna Bie\u0144ko, 1858, akt zg 50, W-wa \u015aw. Jan. \u015awiadkowie &#8211; \u0141ukasz Bienko i Filip Dybowski, pocztylion. Lat 3. C\u00f3rka \u0141ukasza Bienko i Eleonory.<br \/>\n&#8230;&#8230;&#8230;.J\u00f3zefa Binko, 1857, akt ur 161, W-wa, Wsz. \u015aw. + 1878, akt \u015bl 78, Konrad Frydrych Gugler, W-wa, Wsz. \u015aw.<br \/>\n&#8230;&#8230;&#8230;.Aleksandra Binko, 1857, akt ur 162, W-wa, \u015aw. Jan. Akt zg 204, 2 dni.<br \/>\n&#8230;&#8230;&#8230;.Bronis\u0142aw, Jakub Binko, 1859, akt ur 637, W-wa, \u015aw. Jan. \u0141ukasz Binko, pocztylion, lat 30, Krakowskie Przedmie\u015bcie 385. Z Eleonory Szulc.<br \/>\n&#8230;&#8230;&#8230;.Marianna Bienko, 1861, akt zg 596, W-wa, \u015aw. Jan. \u0141ukasz Bie\u0144ko i Walenty Wiktorski, pocztylion, 1 miesi\u0105c. Przy Krakowskie Przedmie\u015bcie 385.<br \/>\n&#8230;&#8230;&#8230;.Kazimierz Binko, 1862, akt zg 530, W-wa, \u015aw. Jan. 1 dzie\u0144. \u0141ukasz Bi\u0144ko, Eleonora Schultz.<br \/>\n&#8230;&#8230;&#8230;.Micha\u0142 Binko, 1863, akt ur 736, W-wa, \u015aw. Jan. \u0141ukasz Binko, pocztylion, lat 43, Krakowskie Przedmie\u015bcie 385. Z Eleonory Szulc. Akt zg 555, W-wa \u015bw. Jan. \u0141ukasz Bi\u0144ko, Eleonora Szulc. 4 dni.<br \/>\n<strong>Wojciech Binko<\/strong>, 1848, akt zg 465, W-wa, \u015aw. Alex. \u017bonaty, wyrobnik, lat 40, z Ciechowa ? w Galicji austriackiej. Syn Bart\u0142omieja i Teresy, tam \u017cyj\u0105cych.<br \/>\n<strong>Jan Bie\u0144ko<\/strong> + <strong>Katarzyna Kulik<\/strong>, 1911, akt \u015bl 47. W-wa, \u015aw. Andrzej. Rodzice m. &#8211; <strong>Andrzej <\/strong>i <strong>Marianna<\/strong>. Rodzice \u017c. \u2013 Jan i Marianna Niedolistek. Akt na razie niedost\u0119pny.<br \/>\n<strong>Marcin Bie\u0144ko<\/strong> + <strong>Kazimiera Jedynak<\/strong>, 1882, akt \u015bl 88, W-wa, Narodzenie NMP (Leszno). W obecno\u015bci \u015bwiadk\u00f3w \u2013 Wac\u0142awa Mi\u0142aczewskiego ?, s\u0142u\u017c\u0105cego ?, 32 lata, zam. na ulicy &#8230;. twietuckoj i Feliksa &#8230;. majstra szewskiego, 32 lata, z ulicy &#8230;. Marcin Bie\u0144ko (RP), kawaler, 22 lata, trzymaj\u0105cy doro\u017ck\u0119, ur we wsi Kamionka (<em>kt\u00f3ra? K Latowicza? KB<\/em>), guberni Warszawskiej, syn zmar\u0142ych Andrzeja i Marianny, urodzonej M- &#8230;.chowoj ? \u017cyj\u0105cy obecnie na ulicy &#8230;. Ona \u2013 panna, przy rodzicach, lat 19, urodzona w guberni siedleckiej, we wsi Goniwilk, c\u00f3rka Kazimierza, stangreta, wo\u017anicy i J\u00f3zefy z Zieli\u0144skich.<br \/>\n<strong>J\u00f3zef Bie\u0144ko<\/strong> + <strong>Filipina Straupe\u017cnicka<\/strong>, 1900, akt \u015bl 231. W-wa, \u015aw. Jan. W obecno\u015bci \u015bwiadk\u00f3w \u2013 Ludomira Szyma\u0144skiego, Antoniego Sobolewskiego, krawc\u00f3w, \u017cyj\u0105cych w Warszawie. J\u00f3zef Bie\u0144ko, kawaler, 32 lata, krawiec, urodzony w Sobolewie, powiecie garwoli\u0144skim, mieszkaj\u0105cy na Piwnej 31, syn niezam\u0119\u017cnej Katarzyny Bie\u0144ko. Ona \u2013 panna, krawcowa, 27 lat, urodzona w Radomiu, przebywaj\u0105ca w tej parafii w jednym domu, co ma\u0142\u017conek?, c\u00f3rka Filipa i Marianny Jaroszewskiej. Podpisy ma\u0142\u017conk\u00f3w i \u015bwiadk\u00f3w.<br \/>\n<strong>Kazimierz Bie\u0144ko<\/strong> + <strong>Anna Drzewieck<\/strong>a, 1832, akt \u015bl. 154 W-wa, \u015aw. Jan. On lat 30, Bednarska 2868, od 5 miesi\u0119cy ze s\u0142u\u017cby si\u0119 utrzymuj\u0105cy, ur w mie\u015bcie Janowie, woj lubelskim, z ojca Micha\u0142a, rolnika i El\u017cbiety z Januszewicz\u00f3w. Ona lat 21, z W-wy, c\u00f3rka wyrobnika, ze s\u0142u\u017cby si\u0119 utrzymuj\u0105ca, Bednarska 2867, c\u00f3rka Szymona i Agnieszki z Wi\u015bniewskich.<br \/>\nIch dzieci:<br \/>\n&#8230;.Wiktora Teofila Bienko,1834, akt ur 63, W-wa, MB Loreta\u0144ska (Praga). Kazimierz, s\u0142u\u017c\u0105cy, lat 33, ona lat 22.<br \/>\n&#8230;.Wiktorya Bie\u0144ko, 1835, akt zg 342, W-wa \u015aw. Jan. 1 rok 3 miesi\u0105ce. Brzozowa 215. C\u00f3rka Kazimierza, wyrobnika i Anny,<br \/>\n&#8230;.Maryanna Bienko, 1840, akt zg 776, W-wa, \u015aw. Krzy\u017c. Ojciec Kazimierz Bie\u0144ko, wyrobnik, Browarna 2745. 3 miesi\u0105ce \u2013 c\u00f3rka Kazimierza i Anny.<br \/>\n<strong>Pawe\u0142 Bie\u0144ko<\/strong> + <strong>Marianna Walas<\/strong>, 1893, akt \u015bl 199. W-wa \u015aw. Andrzej. \u015awiadkowie &#8211;\u00a0 Adam G\u0142uchowski, robotnik dni\u00f3wkowy, Franciszek Tutkowski, kamie\u0144szczik \u2013 kamieniarz, obaj z Warszawy. Pawe\u0142 Bie\u0144ko (P) \u2013 (Bienko -R), kawaler, stolarz, 27 lat, ur w osadzie Osieck, guberni siedleckiej, powiatu garwoli\u0144skiego, syn Rocha i Marcjanny z \u0141ukasik\u00f3w, mieszkaj\u0105cy na Solcu 105. Marianna \u2013 s\u0142u\u017c\u0105ca, panna 22 lata, urodzona w Promnik Strawczy\u0144ski, c\u00f3rka Antoniego i Marianny z Majchrzak\u00f3w, \u017cyj\u0105ca na Solcu 4.<br \/>\n<strong>Wawrzyniec Buli\u0144ski<\/strong> + <strong>Ma\u0142gorzata Bie\u0144ko<\/strong>, 1890, akt \u015bl 84. W-wa, Wsz. \u015aw. W obecno\u015bci \u015bwiadk\u00f3w \u2013 Macieja Chabrysz i Walentego Ambroziak, dozorc\u00f3w\/str\u00f3\u017cy z Warszawy. Wawrzyniec \u2013 kawaler, dozorca, 25 lat, ur w Rokicinach powiatu brzezi\u0144skiego, guberni piotrkowskiej, syn Adama i Marianny Jagie\u0142\u0142o, \u017cyj\u0105cy na ulicy Miedzianej 1147. Ma\u0142gorzata Bie\u0144ko (P, Bienko &#8211; R) panna, s\u0142u\u017c\u0105ca, 23 lata, urodzona we wsi G\u00f3rki (<em>jedna k Osiecka, druga k. Garwolina \u2013 to k. Osiecka to te\u017c ten powiat?<\/em>) w powiecie garwoli\u0144skim, c\u00f3rka Franciszka i Franciszki Rzepeckiej, \u017cyj\u0105ca na Chmielnej 1544.<br \/>\n&#8230;.Stefan Buli\u0144ski, akt ur 1841, rok 1890, W-wa, Wsz. \u015aw.<br \/>\n<strong>Piotr <\/strong>i <strong>Katarzyna Jaros\u0142awska<\/strong><br \/>\n&#8230;.W\u0142adys\u0142aw, Jan Ernik i Karolina Bie\u0144ko, 1911, akt \u015bl 621, W-wa, Wsz. \u015aw. W obecno\u015bci \u015bwiadk\u00f3w \u2013 Karola Sikory i Walentyny Sitarek, robotnik\u00f3w dni\u00f3wkowych z Warszawy. Jan Ernik\/Hernik \u2013 23 lata, kawaler, robotnik dni\u00f3wkowy, ur w Gr\u00f3jcu?, syn \u017cyj\u0105cego J\u00f3zefa i zmar\u0142ej J\u00f3zefy Sikorskiej, \u017cyj\u0105cy na \u015aliskiej 1410. Karolina Bie\u0144ko (RP), panna, s\u0142u\u017c\u0105ca, 23 lata, c\u00f3rka Piotra i Katarzyny Jaros\u0142awskiej, ur w powiecie che\u0142mskim w miejscowo\u015bci Ob&#8230;&#8230;.<br \/>\n<strong>Joachim Bie\u0144ko<\/strong> i <strong>Zofia<\/strong><br \/>\n&#8230;.Pawe\u0142 Kalota + Agnieszka Bie\u0144ko, 1853, akt \u015bl 236, W-wa, \u015aw. Jan. Pawe\u0142 \u2013 wdowiec po Annie z Pilarskich, wyrobnik, Brzozowa 211, \u015aw Jan, lat 29, ur w Czerwoninie guberni warszawskiej. Agnieszka Bie\u0144ko, vel Bie\u0144kowska, panna, c\u00f3rka niegdy Joachima Bie\u0144ko, gorzelanego, i z Zofii z Moreni\u00f3w, ur we wsi Stargrodzkiej Woli, lat 28. S\u0142u\u017c\u0105ca, Rynek Starego Miasta 56.<br \/>\n<strong>Szymon Bie\u0144ko<\/strong> i <strong>Ma\u0142gorzata<\/strong><br \/>\n&#8230;.Dominik Kozubiak + Jadwiga Bie\u0144ko, 1833, akt \u015bl 154, W-wa, \u015aw. Jan. Dominik, s\u0142u\u017c\u0105cy dworski w W-wie, Miodowa 493, od 9 miesi\u0119cy, syn Franciszka karbowego ze wsi Z\u0142oty i Krystyny z Szymczak\u00f3w, lat 34. Jadwiga \u2013 panna, c\u00f3rka rolnika Szymona Bie\u0144ko z D\u0105br\u00f3wki (s\u0105 dwie, p KB), woj mazowieckie, zmar\u0142ego i Ma\u0142gorzaty z Kotowicz\u00f3w, \u017cyj\u0105cej, ur w D\u0105br\u00f3wce, s\u0142u\u017c\u0105ca przy Miodowej 493, lat 25.<br \/>\n<strong>Jan<\/strong> i <strong>Marianna Kota\u0144ska<\/strong><br \/>\n&#8230;.Stanis\u0142aw Perzyk + Helena Bie\u0144ko, 1900, akt \u015bl 296, W-wa, MB Loreta\u0144ska (Praga). Helena Bie\u0144ko (RP), lat 30, panna, robotnica dni\u00f3wkowa, urodzona w Poby\u0142kowie Ma\u0142ym? w powiecie pu\u0142tuskim (k. Serocka). C\u00f3rka zmar\u0142ego Jana i Marianny Kota\u0144skiej?<br \/>\n<strong>J\u00f3zef Rejf<\/strong> + <strong>Zofia Bie\u0144ko<\/strong>, 1886, akt \u015bl 312, W-wa, \u015aw. Aleks. Niedost\u0119pny na razie akt.<br \/>\n<strong>Tomasz Bie\u0144ko<\/strong> i <strong>J\u00f3zefa<\/strong><br \/>\n&#8230;.Szymon Socha + Agnieszka Bie\u0144ko, 1900, akt \u015bl 463, W-wa, MB Loreta\u0144ska (Praga). Szymon 36 lat, urz\u0119dnik kolejowy, urodzony w Ole\u015bnikach? Powiatu Krasnostawskiego, syn Franciszka i Anny Wo\u017aniak, przebywaj\u0105cy w Nowym Brudnie? Ona panna, 19 lat, s\u0142u\u017c\u0105ca?, urodzona w Zadybiu (k. \u017belechowa, p. KB) w powiecie garwoli\u0144skim, c\u00f3rka Tomasza i J\u00f3zefy z Cern\u00f3w?, przebywaj\u0105ca w Nowym Brudnie?<br \/>\n<strong>Leonard Soko\u0142owski<\/strong> + <strong>Marianna, Agnieszka Bie\u0144ko,<\/strong> 1909, akt \u015bl 272, W-wa, MB Loreta\u0144ska (Praga). Akt na razie nie dost\u0119pny.<br \/>\n<strong>Jacenty Bie\u0144ko<\/strong> i <strong>Maryanna<\/strong><br \/>\n&#8230;.Jakub Walendziak + Agnieszka Bie\u0144k\u00f3wna, 1841, akt \u015bl 41 , W-wa, \u015aw. Katarzyna (S\u0142u\u017cew). Wycz\u00f3\u0142ki, \u015bwiadek Wawrzyniec Sli\u0144ski, lat 39, zagrodnik w Grabowie, wuj Agnieszki Bie\u0144k\u00f3wny. Drugi \u015bwiadek \u2013 Andrzej \u0141agowski, gospodarz rolny w Wycz\u00f3\u0142kach. Jakub ze s\u0142u\u017cby si\u0119 utrzymuj\u0105cy, ur w Wycz\u00f3\u0142kach, lat 22 z nie\u017cyj\u0105cego Piotra, wyrobnika, i Katarzyny z Nalewk\u00f3w, wyrobnicy w Wycz\u00f3\u0142kach zamieszka\u0142ej. Ona, panna, lat 20, ze s\u0142u\u017cby si\u0119 utrzymuj\u0105ca, urodzona w Miastkowie (<em>k. Garwolina<\/em>), w Wycz\u00f3\u0142kach zamieszka\u0142a, z Jacentego Bie\u0144ka, niegdy\u015b gospodarza rolnego zamieszka\u0142ego w Miastkowie, nie \u017cyj\u0105cego i Maryanny z Sle\u0144skich, wyrobnicy w Grabowie (<em>s\u0142u\u017cewieckim<\/em>) zamieszka\u0142ej, lat &#8230;<\/p>\n<p><span style=\"font-family: Arial,sans-serif;\">&#8230;&#8230;&#8230;&#8230;&#8230;&#8230;&#8230;&#8230;&#8230;&#8230;&#8230;&#8230;&#8230;&#8230;&#8230;&#8230;&#8230;&#8230;&#8230;&#8230;&#8230;&#8230;&#8230;&#8230;&#8230;&#8230;&#8230;&#8230;&#8230;<\/span><\/p>\n<p><span style=\"font-family: Arial,sans-serif;\">Kontakt \u2013 k.binka@uw.edu.pl<\/span><\/p>\n<p><span style=\"font-family: Arial,sans-serif;\">Szanowni Pa\u0144stwo Je\u015bli Pa\u0144stwo posiadaj\u0105 jakie\u015b stare fotografie i byliby w stanie je udost\u0119pni\u0107 (w formie cyfrowej) by\u0142bym bardzo wdzi\u0119czny. Podobie\u0144stwo niekt\u00f3rych, nieraz bardzo odleg\u0142ych cz\u0142onk\u00f3w rodziny, jest niezwyk\u0142e. Np. mieszkaj\u0105cy do dzi\u015b w Iwowem Bie\u0144ko jest bardzo podobny do mojego ojca \u2013 po prawie 300 latach od rozej\u015bcia si\u0119 linii. Zreszt\u0105 dotyczy to te\u017c innych cech np. barwy g\u0142osu, sposobu wys\u0142awiania si\u0119 itd. <\/span><\/p>\n<p><span style=\"font-family: Arial,sans-serif;\">R\u00f3wnie\u017c &#8211; je\u015bli znane s\u0105 Pa\u0144stwu jakie\u015b fakty z historii rodziny \u2013 prosi\u0142bym o sprostowania lub uzupe\u0142nienia.<\/span><br \/>\n<span style=\"font-family: Arial,sans-serif;\">Z wyrazami szacunku<\/span><\/p>\n<p><span style=\"font-family: Arial,sans-serif;\">Krzysztof Bi\u0144ka<\/span><\/p>\n<p><span style=\"font-family: Arial,sans-serif;\">Te\u017c &#8211; nazwisko DERESZEWSKI\u00a0 i nazwisko\u00a0 STEFA\u0143SKI &#8211; dereszewski.waw.pl<\/span><\/p>\n<p>&nbsp;<\/p>\n","protected":false},"excerpt":{"rendered":"<p>Jak wspomniano, \u017ar\u00f3d\u0142em Bie\u0144k\u00f3w\/Bi\u0144k\u00f3w w Warszawie jest przede wszystkim Iwowe. Potomkowie o nazwisku Bie\u0144ko do dzi\u015b mieszkaj\u0105 w jego okolicy i w nim samym. Syn Piotra Bie\u0144ko i Salomei Cygan\u00f3wny &#8211; Karol urodzony w Iwowem w 1778 roku finalnie migruje w okolice Warszawy i bierze \u015blub w 1809 roku\u00a0 z Antonin\u0105 Kielak w parafii Babice, &hellip; <a href=\"https:\/\/k.binka.pl\/?page_id=108\" class=\"more-link\">Czytaj dalej <span class=\"screen-reader-text\">Bie\u0144ki\/Bi\u0144ki w Warszawie<\/span> <span class=\"meta-nav\">&rarr;<\/span><\/a><\/p>\n","protected":false},"author":1,"featured_media":0,"parent":0,"menu_order":0,"comment_status":"closed","ping_status":"closed","template":"","meta":{"footnotes":""},"class_list":["post-108","page","type-page","status-publish","hentry"],"_links":{"self":[{"href":"https:\/\/k.binka.pl\/index.php?rest_route=\/wp\/v2\/pages\/108","targetHints":{"allow":["GET"]}}],"collection":[{"href":"https:\/\/k.binka.pl\/index.php?rest_route=\/wp\/v2\/pages"}],"about":[{"href":"https:\/\/k.binka.pl\/index.php?rest_route=\/wp\/v2\/types\/page"}],"author":[{"embeddable":true,"href":"https:\/\/k.binka.pl\/index.php?rest_route=\/wp\/v2\/users\/1"}],"replies":[{"embeddable":true,"href":"https:\/\/k.binka.pl\/index.php?rest_route=%2Fwp%2Fv2%2Fcomments&post=108"}],"version-history":[{"count":244,"href":"https:\/\/k.binka.pl\/index.php?rest_route=\/wp\/v2\/pages\/108\/revisions"}],"predecessor-version":[{"id":1673,"href":"https:\/\/k.binka.pl\/index.php?rest_route=\/wp\/v2\/pages\/108\/revisions\/1673"}],"wp:attachment":[{"href":"https:\/\/k.binka.pl\/index.php?rest_route=%2Fwp%2Fv2%2Fmedia&parent=108"}],"curies":[{"name":"wp","href":"https:\/\/api.w.org\/{rel}","templated":true}]}}